  {"id":210103,"date":"1978-11-29T00:00:00","date_gmt":"2019-03-12T19:53:03","guid":{"rendered":"https:\/\/www.un.org\/unispal\/?p=210103"},"modified":"2020-10-05T16:28:09","modified_gmt":"2020-10-05T20:28:09","slug":"auto-insert-210103","status":"publish","type":"document","link":"https:\/\/www.un.org\/unispal\/document\/auto-insert-210103\/","title":{"rendered":"International Day of Solidarity (1978) &#8211; Special bulletin"},"content":{"rendered":"<div>\n<hr \/>\n<\/div>\n<p><a href=\"https:\/\/www.un.org\/unispal\/wp-content\/uploads\/1978\/11\/CEIRRPSOLDAYSPBUL_291178.pdf\">PDF<\/a><\/p>\n<div style=\"color: #000000; text-align: center; font-size: 11pt; font-family: Arial, san-serif;\">\n<p style=\"margin-top: 0px; margin-bottom: 0px;\"><strong>SPECIAL BULLETIN ON THE COMMEMORATION<\/strong><\/p>\n<\/div>\n<p>&nbsp;<\/p>\n<div style=\"color: #000000; text-align: center; font-size: 11pt; font-family: Arial, san-serif;\">\n<p style=\"margin-top: 0px; margin-bottom: 0px;\"><strong>OF THE INTERNATIONAL DAY OF SOLIDARITY<\/strong><\/p>\n<\/div>\n<p>&nbsp;<\/p>\n<div style=\"color: #000000; text-align: center; font-size: 11pt; font-family: Arial, san-serif;\">\n<p style=\"margin-top: 0px; margin-bottom: 0px;\"><strong>WITH THE PALESTINIAN PEOPLE<\/strong><\/p>\n<\/div>\n<p>&nbsp;<\/p>\n<div style=\"color: #000000; text-align: center; font-size: 11pt; font-family: Arial, san-serif;\">\n<p style=\"margin-top: 0px; margin-bottom: 0px;\"><strong>1978<\/strong><\/p>\n<\/div>\n<p>&nbsp;<\/p>\n<div style=\"color: #000000; text-align: center; font-size: 12pt; font-family: Verdana, san-serif;\">\n<p style=\"margin-top: 0px; margin-bottom: 0px;\"><strong>\u00a0<\/strong><\/p>\n<\/div>\n<div style=\"color: #000000; text-align: center; font-size: 12pt; font-family: Verdana, san-serif;\">\n<p style=\"margin-top: 0px; margin-bottom: 0px;\"><strong>\u00a0<\/strong><\/p>\n<\/div>\n<p>&nbsp;<\/p>\n<div style=\"text-align: center;\">\n<p style=\"margin-top: 0px; margin-bottom: 0px;\"><span style=\"color: #000000; font-size: 10pt; font-family: Verdana, san-serif;\">\u00a0<\/span><\/p>\n<hr \/>\n<\/div>\n<div style=\"color: #000000; text-align: center; font-size: 10pt; font-family: Verdana, san-serif;\">\n<p style=\"margin-top: 0px; margin-bottom: 0px;\">CONTENTS<\/p>\n<\/div>\n<p>&nbsp;<\/p>\n<div style=\"color: #000000; text-align: left; font-size: 10pt; font-family: Verdana, san-serif;\">\n<p style=\"margin-top: 0px; margin-bottom: 0px;\">I.\u00a0\u00a0Commemoration of the First International Day of Solidarity with the Palestinian People<\/p>\n<\/div>\n<div style=\"color: #000000; text-align: left; padding-top: 10px; font-size: 10pt; font-family: Verdana, san-serif;\">\n<p style=\"margin-top: 0px; margin-bottom: 0px;\">II. Texts of statements made and messages received on the occasion of the International Day of Solidarity with the Palestinian People:<\/p>\n<\/div>\n<div style=\"color: #000000; text-align: left; padding-top: 10px; font-size: 10pt; font-family: Verdana, san-serif;\">\n<p style=\"margin-top: 0px; margin-bottom: 0px;\">COUNTRY\/ORGANIZATION &#8211; NAME AND TITLE<\/p>\n<\/div>\n<div style=\"text-align: left;\">\n<hr \/>\n<\/div>\n<table style=\"text-align: left; margin-left: initial; margin-right: auto;\" width=\"100%\" cellspacing=\"0\">\n<tbody>\n<tr>\n<td style=\"color: #000000; text-align: left; font-size: 10pt; font-family: Verdana, san-serif; border: 1px solid #000000;\" valign=\"top\" width=\"29%\">\n<p style=\"margin-top: 0px; margin-bottom: 0px;\">Committee on the Exercise of the Inalienable Rights of the Palestinian People<\/p>\n<\/td>\n<td style=\"color: #000000; text-align: left; font-size: 10pt; font-family: Verdana, san-serif; border: 1px solid #000000;\" colspan=\"4\" valign=\"top\">\n<p style=\"margin-top: 0px; margin-bottom: 0px;\">H.E. Mr. M\u00e9doune Fall<\/p>\n<p style=\"margin-top: 0px; margin-bottom: 0px;\">Chairman<\/p>\n<\/td>\n<\/tr>\n<tr>\n<td style=\"color: #000000; text-align: left; font-size: 10pt; font-family: Verdana, san-serif; border: 1px solid #000000;\" valign=\"top\" width=\"29%\">\n<p style=\"margin-top: 0px; margin-bottom: 0px;\">President of the thirty-third session of the General Assembly<\/p>\n<\/td>\n<td style=\"color: #000000; text-align: left; font-size: 10pt; font-family: Verdana, san-serif; border: 1px solid #000000;\" colspan=\"4\" valign=\"top\">\n<p style=\"margin-top: 0px; margin-bottom: 0px;\">H.E. Mr. Indalecio Li\u00e9vano<\/p>\n<\/td>\n<\/tr>\n<tr>\n<td style=\"color: #000000; text-align: left; font-size: 10pt; font-family: Verdana, san-serif; border: 1px solid #000000;\" valign=\"top\" width=\"29%\">\n<p style=\"margin-top: 0px; margin-bottom: 0px;\">Secretary-General<\/p>\n<\/td>\n<td style=\"color: #000000; text-align: left; font-size: 10pt; font-family: Verdana, san-serif; border: 1px solid #000000;\" colspan=\"4\" valign=\"top\">\n<p style=\"margin-top: 0px; margin-bottom: 0px;\">Mr. Kurt Waldheim<\/p>\n<\/td>\n<\/tr>\n<tr>\n<td style=\"color: #000000; text-align: left; font-size: 10pt; font-family: Verdana, san-serif; border: 1px solid #000000;\" valign=\"top\" width=\"29%\">\n<p style=\"margin-top: 0px; margin-bottom: 0px;\">President of the Security Council for the month of November 1978<\/p>\n<\/td>\n<td style=\"color: #000000; text-align: left; font-size: 10pt; font-family: Verdana, san-serif; border: 1px solid #000000;\" colspan=\"4\" valign=\"top\">\n<p style=\"margin-top: 0px; margin-bottom: 0px;\">H.E. Mr. L\u00e9on N&#8217;Dong<\/p>\n<p style=\"margin-top: 0px; margin-bottom: 0px;\">Gabon<\/p>\n<\/td>\n<\/tr>\n<tr>\n<td style=\"color: #000000; text-align: left; font-size: 10pt; font-family: Verdana, san-serif; border: 1px solid #000000;\" colspan=\"5\" valign=\"top\"><\/td>\n<\/tr>\n<tr>\n<td style=\"color: #000000; text-align: left; font-size: 10pt; font-family: Verdana, san-serif; border: 1px solid #000000;\" colspan=\"5\" valign=\"top\">\n<p style=\"margin-top: 0px; margin-bottom: 0px;\"><u>Messages from heads of State<\/u><\/p>\n<\/td>\n<\/tr>\n<tr>\n<td style=\"color: #000000; text-align: left; font-size: 10pt; font-family: Verdana, san-serif; border: 1px solid #000000;\" colspan=\"5\" valign=\"top\"><\/td>\n<\/tr>\n<tr>\n<td style=\"color: #000000; text-align: left; font-size: 10pt; font-family: Verdana, san-serif; border: 1px solid #000000;\" valign=\"top\" width=\"29%\">\n<p style=\"margin-top: 0px; margin-bottom: 0px;\">AFGHANISTAN<\/p>\n<\/td>\n<td style=\"color: #000000; text-align: left; font-size: 10pt; font-family: Verdana, san-serif; border: 1px solid #000000;\" colspan=\"4\" valign=\"top\">\n<p style=\"margin-top: 0px; margin-bottom: 0px;\">H.E. Mr. Noor Mohammad Taraki<\/p>\n<p style=\"margin-top: 0px; margin-bottom: 0px;\">Secretary-General of the Central Committee of the People&#8217;s Democratic Party of Afghanistan, President of the Revolutionary Council and Prime Minister of the Democratic Republic of Afghanistan<\/p>\n<\/td>\n<\/tr>\n<tr>\n<td style=\"color: #000000; text-align: left; font-size: 10pt; font-family: Verdana, san-serif; border: 1px solid #000000;\" valign=\"top\" width=\"29%\">\n<p style=\"margin-top: 0px; margin-bottom: 0px;\">BAHRAIN<\/p>\n<\/td>\n<td style=\"color: #000000; text-align: left; font-size: 10pt; font-family: Verdana, san-serif; border: 1px solid #000000;\" colspan=\"4\" valign=\"top\">\n<p style=\"margin-top: 0px; margin-bottom: 0px;\">His Highness the Amir of the State of Bahrain, Shaikh Isa Bin Salman Al Khalifa<\/p>\n<\/td>\n<\/tr>\n<tr>\n<td style=\"color: #000000; text-align: left; font-size: 10pt; font-family: Verdana, san-serif; border: 1px solid #000000;\" valign=\"top\" width=\"29%\"><\/td>\n<td style=\"color: #000000; text-align: left; font-size: 10pt; font-family: Verdana, san-serif; border: 1px solid #000000;\" colspan=\"4\" valign=\"top\"><\/td>\n<\/tr>\n<tr>\n<td style=\"color: #000000; text-align: left; font-size: 10pt; font-family: Verdana, san-serif; border: 1px solid #000000;\" valign=\"top\" width=\"29%\">\n<p style=\"margin-top: 0px; margin-bottom: 0px;\">BULGARIA<\/p>\n<\/td>\n<td style=\"color: #000000; text-align: left; font-size: 10pt; font-family: Verdana, san-serif; border: 1px solid #000000;\" colspan=\"4\" valign=\"top\">\n<p style=\"margin-top: 0px; margin-bottom: 0px;\">H.E. Mr. Todor Zhivkov<\/p>\n<p style=\"margin-top: 0px; margin-bottom: 0px;\">First Secretary of the Central Committee of the Bulgarian Community Party and President of the State Council of the People&#8217;s Republic of Bulgaria<\/p>\n<\/td>\n<\/tr>\n<tr>\n<td style=\"color: #000000; text-align: left; font-size: 10pt; font-family: Verdana, san-serif; border: 1px solid #000000;\" valign=\"top\" width=\"29%\"><\/td>\n<td style=\"color: #000000; text-align: left; font-size: 10pt; font-family: Verdana, san-serif; border: 1px solid #000000;\" colspan=\"4\" valign=\"top\"><\/td>\n<\/tr>\n<tr>\n<td style=\"color: #000000; text-align: left; font-size: 10pt; font-family: Verdana, san-serif; border: 1px solid #000000;\" valign=\"top\" width=\"29%\">\n<p style=\"margin-top: 0px; margin-bottom: 0px;\">CYPRUS<\/p>\n<\/td>\n<td style=\"color: #000000; text-align: left; font-size: 10pt; font-family: Verdana, san-serif; border: 1px solid #000000;\" colspan=\"4\" valign=\"top\">\n<p style=\"margin-top: 0px; margin-bottom: 0px;\">H.E. Mr. Spyros Kyprianou<\/p>\n<p style=\"margin-top: 0px; margin-bottom: 0px;\">President of the Republic of Cyprus<\/p>\n<\/td>\n<\/tr>\n<tr>\n<td style=\"color: #000000; text-align: left; font-size: 10pt; font-family: Verdana, san-serif; border: 1px solid #000000;\" valign=\"top\" width=\"29%\">\n<p style=\"margin-top: 0px; margin-bottom: 0px;\">CZECHOSLOVAKIA<\/p>\n<\/td>\n<td style=\"color: #000000; text-align: left; font-size: 10pt; font-family: Verdana, san-serif; border: 1px solid #000000;\" colspan=\"4\" valign=\"top\">\n<p style=\"margin-top: 0px; margin-bottom: 0px;\">H.E. Mr. Gustav Husak<\/p>\n<p style=\"margin-top: 0px; margin-bottom: 0px;\">General Secretary of the Central Committee of the Communist Party of Czechoslovakia and President of the Czechoslovak Socialist Republic<\/p>\n<\/td>\n<\/tr>\n<tr>\n<td style=\"color: #000000; text-align: left; font-size: 10pt; font-family: Verdana, san-serif; border: 1px solid #000000;\" valign=\"top\" width=\"29%\">\n<p style=\"margin-top: 0px; margin-bottom: 0px;\">DEMOCRATIC KAMPUCHEA<\/p>\n<\/td>\n<td style=\"color: #000000; text-align: left; font-size: 10pt; font-family: Verdana, san-serif; border: 1px solid #000000;\" colspan=\"4\" valign=\"top\">\n<p style=\"margin-top: 0px; margin-bottom: 0px;\">H.E. Mr. Khieu Samphan<\/p>\n<p style=\"margin-top: 0px; margin-bottom: 0px;\">President of the Presidium of the State of Democratic Kampuchea<\/p>\n<\/td>\n<\/tr>\n<tr>\n<td style=\"color: #000000; text-align: left; font-size: 10pt; font-family: Verdana, san-serif; border: 1px solid #000000;\" valign=\"top\" width=\"29%\"><\/td>\n<td style=\"color: #000000; text-align: left; font-size: 10pt; font-family: Verdana, san-serif; border: 1px solid #000000;\" colspan=\"4\" valign=\"top\"><\/td>\n<\/tr>\n<tr>\n<td style=\"color: #000000; text-align: left; font-size: 10pt; font-family: Verdana, san-serif; border: 1px solid #000000;\" valign=\"top\" width=\"29%\">\n<p style=\"margin-top: 0px; margin-bottom: 0px;\">EGYPT<\/p>\n<\/td>\n<td style=\"color: #000000; text-align: left; font-size: 10pt; font-family: Verdana, san-serif; border: 1px solid #000000;\" colspan=\"4\" valign=\"top\">\n<p style=\"margin-top: 0px; margin-bottom: 0px;\">H.E. Mr. Mohammed Anwar El Sadat<\/p>\n<p style=\"margin-top: 0px; margin-bottom: 0px;\">President of the Arab Republic of Egypt<\/p>\n<\/td>\n<\/tr>\n<tr>\n<td style=\"color: #000000; text-align: left; font-size: 10pt; font-family: Verdana, san-serif; border: 1px solid #000000;\" valign=\"top\" width=\"29%\">\n<p style=\"margin-top: 0px; margin-bottom: 0px;\">GERMAN DEMOCRATIC REPUBLIC<\/p>\n<\/td>\n<td style=\"color: #000000; text-align: left; font-size: 10pt; font-family: Verdana, san-serif; border: 1px solid #000000;\" colspan=\"4\" valign=\"top\">\n<p style=\"margin-top: 0px; margin-bottom: 0px;\">H.E. Mr. Erich Honecker<\/p>\n<p style=\"margin-top: 0px; margin-bottom: 0px;\">General Secretary of the Central Committee of the Socialist Unity Party of Germany and Chairman of the Council of State of the German Democratic Republic<\/p>\n<\/td>\n<\/tr>\n<tr>\n<td style=\"color: #000000; text-align: left; font-size: 10pt; font-family: Verdana, san-serif; border: 1px solid #000000;\" valign=\"top\" width=\"29%\"><\/td>\n<td style=\"color: #000000; text-align: left; font-size: 10pt; font-family: Verdana, san-serif; border: 1px solid #000000;\" colspan=\"4\" valign=\"top\"><\/td>\n<\/tr>\n<tr>\n<td style=\"color: #000000; text-align: left; font-size: 10pt; font-family: Verdana, san-serif; border: 1px solid #000000;\" valign=\"top\" width=\"29%\">\n<p style=\"margin-top: 0px; margin-bottom: 0px;\">HUNGARY<\/p>\n<\/td>\n<td style=\"color: #000000; text-align: left; font-size: 10pt; font-family: Verdana, san-serif; border: 1px solid #000000;\" colspan=\"4\" valign=\"top\">\n<p style=\"margin-top: 0px; margin-bottom: 0px;\">H.E. P\u00e1l Losonczi<\/p>\n<p style=\"margin-top: 0px; margin-bottom: 0px;\">President of the Presidential Council of the Hungarian People&#8217;s Republic<\/p>\n<\/td>\n<\/tr>\n<tr>\n<td style=\"color: #000000; text-align: left; font-size: 10pt; font-family: Verdana, san-serif; border: 1px solid #000000;\" valign=\"top\" width=\"29%\"><\/td>\n<td style=\"color: #000000; text-align: left; font-size: 10pt; font-family: Verdana, san-serif; border: 1px solid #000000;\" colspan=\"4\" valign=\"top\"><\/td>\n<\/tr>\n<tr>\n<td style=\"color: #000000; text-align: left; font-size: 10pt; font-family: Verdana, san-serif; border: 1px solid #000000;\" valign=\"top\" width=\"29%\">\n<p style=\"margin-top: 0px; margin-bottom: 0px;\">IRAQ<\/p>\n<\/td>\n<td style=\"color: #000000; text-align: left; font-size: 10pt; font-family: Verdana, san-serif; border: 1px solid #000000;\" colspan=\"4\" valign=\"top\">\n<p style=\"margin-top: 0px; margin-bottom: 0px;\">H.E. Mr. Ahmed Hassan Al-Bakr<\/p>\n<p style=\"margin-top: 0px; margin-bottom: 0px;\">President of the Republic of Iraq<\/p>\n<\/td>\n<\/tr>\n<tr>\n<td style=\"color: #000000; text-align: left; font-size: 10pt; font-family: Verdana, san-serif; border: 1px solid #000000;\" valign=\"top\" width=\"29%\"><\/td>\n<td style=\"color: #000000; text-align: left; font-size: 10pt; font-family: Verdana, san-serif; border: 1px solid #000000;\" colspan=\"4\" valign=\"top\"><\/td>\n<\/tr>\n<tr>\n<td style=\"color: #000000; text-align: left; font-size: 10pt; font-family: Verdana, san-serif; border: 1px solid #000000;\" valign=\"top\" width=\"29%\">\n<p style=\"margin-top: 0px; margin-bottom: 0px;\">JORDAN<\/p>\n<\/td>\n<td style=\"color: #000000; text-align: left; font-size: 10pt; font-family: Verdana, san-serif; border: 1px solid #000000;\" colspan=\"4\" valign=\"top\">\n<p style=\"margin-top: 0px; margin-bottom: 0px;\">His Majesty Hussein ibn Talal<\/p>\n<p style=\"margin-top: 0px; margin-bottom: 0px;\">King of the Hashemite Kingdom of Jordan<\/p>\n<\/td>\n<\/tr>\n<tr>\n<td style=\"color: #000000; text-align: left; font-size: 10pt; font-family: Verdana, san-serif; border: 1px solid #000000;\" valign=\"top\" width=\"29%\">\n<p style=\"margin-top: 0px; margin-bottom: 0px;\">KUWAIT<\/p>\n<\/td>\n<td style=\"color: #000000; text-align: left; font-size: 10pt; font-family: Verdana, san-serif; border: 1px solid #000000;\" colspan=\"4\" valign=\"top\">\n<p style=\"margin-top: 0px; margin-bottom: 0px;\">His Highness Sheikh Jaber Al-Ahmed Al-Sabah<\/p>\n<p style=\"margin-top: 0px; margin-bottom: 0px;\">the Emir of Kuwait<\/p>\n<\/td>\n<\/tr>\n<tr>\n<td style=\"color: #000000; text-align: left; font-size: 10pt; font-family: Verdana, san-serif; border: 1px solid #000000;\" valign=\"top\" width=\"29%\">\n<p style=\"margin-top: 0px; margin-bottom: 0px;\">LIBYAN ARAB JAMAHIRIYA<\/p>\n<\/td>\n<td style=\"color: #000000; text-align: left; font-size: 10pt; font-family: Verdana, san-serif; border: 1px solid #000000;\" colspan=\"4\" valign=\"top\">\n<p style=\"margin-top: 0px; margin-bottom: 0px;\">H.E. Colonel Mu&#8217;ammar al Qaddafi<\/p>\n<p style=\"margin-top: 0px; margin-bottom: 0px;\">Secretary-General of the General People&#8217;s Congress of the Socialist People&#8217;s Libyan Arab Jamahiriya<\/p>\n<\/td>\n<\/tr>\n<tr>\n<td style=\"color: #000000; text-align: left; font-size: 10pt; font-family: Verdana, san-serif; border: 1px solid #000000;\" valign=\"top\" width=\"29%\">\n<p style=\"margin-top: 0px; margin-bottom: 0px;\">MADAGASCAR<\/p>\n<\/td>\n<td style=\"color: #000000; text-align: left; font-size: 10pt; font-family: Verdana, san-serif; border: 1px solid #000000;\" colspan=\"4\" valign=\"top\">\n<p style=\"margin-top: 0px; margin-bottom: 0px;\">H.E. Mr. Didier Raisiraka<\/p>\n<p style=\"margin-top: 0px; margin-bottom: 0px;\">President of the Democratic Republic of Madagascar<\/p>\n<\/td>\n<\/tr>\n<tr>\n<td style=\"color: #000000; text-align: left; font-size: 10pt; font-family: Verdana, san-serif; border: 1px solid #000000;\" valign=\"top\" width=\"29%\">\n<p style=\"margin-top: 0px; margin-bottom: 0px;\">MALI<\/p>\n<\/td>\n<td style=\"color: #000000; text-align: left; font-size: 10pt; font-family: Verdana, san-serif; border: 1px solid #000000;\" colspan=\"4\" valign=\"top\">\n<p style=\"margin-top: 0px; margin-bottom: 0px;\">H.E. General Moussa Traor\u00e9<\/p>\n<p style=\"margin-top: 0px; margin-bottom: 0px;\">President of the Military Committee of National Liberation and head of State and Government of the Republic of Mali<\/p>\n<\/td>\n<\/tr>\n<tr>\n<td style=\"color: #000000; text-align: left; font-size: 10pt; font-family: Verdana, san-serif; border: 1px solid #000000;\" valign=\"top\" width=\"29%\">\n<p style=\"margin-top: 0px; margin-bottom: 0px;\">MAURITANIA<\/p>\n<\/td>\n<td style=\"color: #000000; text-align: justify; font-size: 10pt; font-family: Verdana, san-serif; border: 1px solid #000000;\" colspan=\"4\" valign=\"top\">\n<p style=\"margin-top: 0px; margin-bottom: 0px;\">H.E. Colonel Al-Mustafa Ould Muhammad Salek<\/p>\n<p style=\"margin-top: 0px; margin-bottom: 0px;\">Chairman of the Military Committee for National Recovery and head of Government of the Islamic Republic of Mauritania<\/p>\n<\/td>\n<\/tr>\n<tr>\n<td style=\"color: #000000; text-align: left; font-size: 10pt; font-family: Verdana, san-serif; border: 1px solid #000000;\" valign=\"top\" width=\"29%\">\n<p style=\"margin-top: 0px; margin-bottom: 0px;\">MOROCCO<\/p>\n<\/td>\n<td style=\"color: #000000; text-align: left; font-size: 10pt; font-family: Verdana, san-serif; border: 1px solid #000000;\" colspan=\"4\" valign=\"top\">\n<p style=\"margin-top: 0px; margin-bottom: 0px;\">His Majesty Hassan II<\/p>\n<p style=\"margin-top: 0px; margin-bottom: 0px;\">King of Morocco<\/p>\n<\/td>\n<\/tr>\n<tr>\n<td style=\"color: #000000; text-align: left; font-size: 10pt; font-family: Verdana, san-serif; border: 1px solid #000000;\" valign=\"top\" width=\"29%\"><\/td>\n<td style=\"color: #000000; text-align: left; font-size: 10pt; font-family: Verdana, san-serif; border: 1px solid #000000;\" colspan=\"4\" valign=\"top\"><\/td>\n<\/tr>\n<tr>\n<td style=\"color: #000000; text-align: left; font-size: 10pt; font-family: Verdana, san-serif; border: 1px solid #000000;\" valign=\"top\" width=\"29%\">\n<p style=\"margin-top: 0px; margin-bottom: 0px;\">PAKISTAN<\/p>\n<\/td>\n<td style=\"color: #000000; text-align: left; font-size: 10pt; font-family: Verdana, san-serif; border: 1px solid #000000;\" colspan=\"4\" valign=\"top\">\n<p style=\"margin-top: 0px; margin-bottom: 0px;\">H.E. General M. Zia Ul Haq<\/p>\n<p style=\"margin-top: 0px; margin-bottom: 0px;\">President of the Islamic Republic of Pakistan<\/p>\n<\/td>\n<\/tr>\n<tr>\n<td style=\"color: #000000; text-align: left; font-size: 10pt; font-family: Verdana, san-serif; border: 1px solid #000000;\" valign=\"top\" width=\"29%\">\n<p style=\"margin-top: 0px; margin-bottom: 0px;\">QATAR<\/p>\n<\/td>\n<td style=\"color: #000000; text-align: left; font-size: 10pt; font-family: Verdana, san-serif; border: 1px solid #000000;\" colspan=\"4\" valign=\"top\">\n<p style=\"margin-top: 0px; margin-bottom: 0px;\">His Highness Shaikh Khalifa bin Hamad Al Thani<\/p>\n<p style=\"margin-top: 0px; margin-bottom: 0px;\">Amir of the State of Qatar<\/p>\n<\/td>\n<\/tr>\n<tr>\n<td style=\"color: #000000; text-align: left; font-size: 10pt; font-family: Verdana, san-serif; border: 1px solid #000000;\" valign=\"top\" width=\"29%\">\n<p style=\"margin-top: 0px; margin-bottom: 0px;\">ROMANIA<\/p>\n<\/td>\n<td style=\"color: #000000; text-align: left; font-size: 10pt; font-family: Verdana, san-serif; border: 1px solid #000000;\" colspan=\"4\" valign=\"top\">\n<p style=\"margin-top: 0px; margin-bottom: 0px;\">H.E. Mr. Nicolas Ceausescu<\/p>\n<p style=\"margin-top: 0px; margin-bottom: 0px;\">President of the Socialist Republic of Romania<\/p>\n<\/td>\n<\/tr>\n<tr>\n<td style=\"color: #000000; text-align: left; font-size: 10pt; font-family: Verdana, san-serif; border: 1px solid #000000;\" valign=\"top\" width=\"29%\">\n<p style=\"margin-top: 0px; margin-bottom: 0px;\">SAN MARINO<\/p>\n<\/td>\n<td style=\"color: #000000; text-align: left; font-size: 10pt; font-family: Verdana, san-serif; border: 1px solid #000000;\" colspan=\"4\" valign=\"top\">\n<p style=\"margin-top: 0px; margin-bottom: 0px;\">Their Excellencies Mr. Ermenegildo Gasperoni and Mr. Adriano Reffi<\/p>\n<p style=\"margin-top: 0px; margin-bottom: 0px;\">Captains Regent of the Republic of San Marino<\/p>\n<\/td>\n<\/tr>\n<tr>\n<td style=\"color: #000000; text-align: left; font-size: 10pt; font-family: Verdana, san-serif; border: 1px solid #000000;\" valign=\"top\" width=\"29%\">\n<p style=\"margin-top: 0px; margin-bottom: 0px;\">SENEGAL<\/p>\n<\/td>\n<td style=\"color: #000000; text-align: left; font-size: 10pt; font-family: Verdana, san-serif; border: 1px solid #000000;\" colspan=\"4\" valign=\"top\">\n<p style=\"margin-top: 0px; margin-bottom: 0px;\">H.E. Mr. Leopold Sedar Senghor<\/p>\n<p style=\"margin-top: 0px; margin-bottom: 0px;\">President of the Republic of Senegal<\/p>\n<\/td>\n<\/tr>\n<tr>\n<td style=\"color: #000000; text-align: left; font-size: 10pt; font-family: Verdana, san-serif; border: 1px solid #000000;\" valign=\"top\" width=\"29%\">\n<p style=\"margin-top: 0px; margin-bottom: 0px;\">SEYCHELLES<\/p>\n<\/td>\n<td style=\"color: #000000; text-align: left; font-size: 10pt; font-family: Verdana, san-serif; border: 1px solid #000000;\" colspan=\"4\" valign=\"top\">\n<p style=\"margin-top: 0px; margin-bottom: 0px;\">H.E. Mr. France Albert Ren\u00e9<\/p>\n<p style=\"margin-top: 0px; margin-bottom: 0px;\">President of the Republic of Seychelles<\/p>\n<\/td>\n<\/tr>\n<tr>\n<td style=\"color: #000000; text-align: left; font-size: 10pt; font-family: Verdana, san-serif; border: 1px solid #000000;\" valign=\"top\" width=\"29%\">\n<p style=\"margin-top: 0px; margin-bottom: 0px;\">SOMALIA<\/p>\n<\/td>\n<td style=\"color: #000000; text-align: left; font-size: 10pt; font-family: Verdana, san-serif; border: 1px solid #000000;\" colspan=\"4\" valign=\"top\">\n<p style=\"margin-top: 0px; margin-bottom: 0px;\">H.E. Mohamed Siyad Barre<\/p>\n<p style=\"margin-top: 0px; margin-bottom: 0px;\">President of the Somali Democratic Republic<\/p>\n<\/td>\n<\/tr>\n<tr>\n<td style=\"color: #000000; text-align: left; font-size: 10pt; font-family: Verdana, san-serif; border: 1px solid #000000;\" valign=\"top\" width=\"29%\"><\/td>\n<td style=\"color: #000000; text-align: left; font-size: 10pt; font-family: Verdana, san-serif; border: 1px solid #000000;\" colspan=\"4\" valign=\"top\"><\/td>\n<\/tr>\n<tr>\n<td style=\"color: #000000; text-align: left; font-size: 10pt; font-family: Verdana, san-serif; border: 1px solid #000000;\" valign=\"top\" width=\"29%\">\n<p style=\"margin-top: 0px; margin-bottom: 0px;\">SYRIA<\/p>\n<\/td>\n<td style=\"color: #000000; text-align: left; font-size: 10pt; font-family: Verdana, san-serif; border: 1px solid #000000;\" colspan=\"4\" valign=\"top\">\n<p style=\"margin-top: 0px; margin-bottom: 0px;\">H.R. Mr. Hafez Al-Assad<\/p>\n<p style=\"margin-top: 0px; margin-bottom: 0px;\">President of the Syrian Arab Republic<\/p>\n<\/td>\n<\/tr>\n<tr>\n<td style=\"color: #000000; text-align: left; font-size: 10pt; font-family: Verdana, san-serif; border: 1px solid #000000;\" valign=\"top\" width=\"29%\">\n<p style=\"margin-top: 0px; margin-bottom: 0px;\">TUNISIA<\/p>\n<\/td>\n<td style=\"color: #000000; text-align: left; font-size: 10pt; font-family: Verdana, san-serif; border: 1px solid #000000;\" colspan=\"4\" valign=\"top\">\n<p style=\"margin-top: 0px; margin-bottom: 0px;\">H.E. Mr. Habib Bourguiba<\/p>\n<p style=\"margin-top: 0px; margin-bottom: 0px;\">President of the Republic of Tunisia<\/p>\n<\/td>\n<\/tr>\n<tr>\n<td style=\"color: #000000; text-align: left; font-size: 10pt; font-family: Verdana, san-serif; border: 1px solid #000000;\" valign=\"top\" width=\"29%\">\n<p style=\"margin-top: 0px; margin-bottom: 0px;\">UGANDA<\/p>\n<\/td>\n<td style=\"color: #000000; text-align: left; font-size: 10pt; font-family: Verdana, san-serif; border: 1px solid #000000;\" colspan=\"4\" valign=\"top\">\n<p style=\"margin-top: 0px; margin-bottom: 0px;\">H.E. Al-Hajji Field Marshal Dr. Idi Amin Dada<\/p>\n<p style=\"margin-top: 0px; margin-bottom: 0px;\">V.C., D.S.O., M.C., C.B.E., Life President of the Republic of Uganda<\/p>\n<\/td>\n<\/tr>\n<tr>\n<td style=\"color: #000000; text-align: left; font-size: 10pt; font-family: Verdana, san-serif; border: 1px solid #000000;\" valign=\"top\" width=\"29%\">\n<p style=\"margin-top: 0px; margin-bottom: 0px;\">UNION OF SOVIET SOCIALIST REPUBLICS<\/p>\n<\/td>\n<td style=\"color: #000000; text-align: left; font-size: 10pt; font-family: Verdana, san-serif; border: 1px solid #000000;\" colspan=\"4\" valign=\"top\">\n<p style=\"margin-top: 0px; margin-bottom: 0px;\">H.E. Mr. L. I. Brezhnev<\/p>\n<p style=\"margin-top: 0px; margin-bottom: 0px;\">Chairman of the Presidium of the Supreme Soviet of the USSR and General Secretary of the Communist Party of the Soviet Union<\/p>\n<\/td>\n<\/tr>\n<tr>\n<td style=\"color: #000000; text-align: left; font-size: 10pt; font-family: Verdana, san-serif; border: 1px solid #000000;\" valign=\"top\" width=\"29%\">\n<p style=\"margin-top: 0px; margin-bottom: 0px;\">UNITED ARAB EMIRATES<\/p>\n<\/td>\n<td style=\"color: #000000; text-align: left; font-size: 10pt; font-family: Verdana, san-serif; border: 1px solid #000000;\" colspan=\"4\" valign=\"top\">\n<p style=\"margin-top: 0px; margin-bottom: 0px;\">His Highness Shaikh Zaid Ben Sultan Al Nahian<\/p>\n<p style=\"margin-top: 0px; margin-bottom: 0px;\">President of the United Arab Emirates<\/p>\n<\/td>\n<\/tr>\n<tr>\n<td style=\"color: #000000; text-align: left; font-size: 10pt; font-family: Verdana, san-serif; border: 1px solid #000000;\" valign=\"top\" width=\"29%\">\n<p style=\"margin-top: 0px; margin-bottom: 0px;\">YEMEN ARAB REPUBLIC<\/p>\n<\/td>\n<td style=\"color: #000000; text-align: left; font-size: 10pt; font-family: Verdana, san-serif; border: 1px solid #000000;\" colspan=\"4\" valign=\"top\">\n<p style=\"margin-top: 0px; margin-bottom: 0px;\">H.E. Mr. Ali Abdallah Salih<\/p>\n<p style=\"margin-top: 0px; margin-bottom: 0px;\">President of the Yemen Arab Republic and Commander-General of the Armed Forces<\/p>\n<\/td>\n<\/tr>\n<tr>\n<td style=\"color: #000000; text-align: left; font-size: 10pt; font-family: Verdana, san-serif; border: 1px solid #000000;\" valign=\"top\" width=\"29%\">\n<p style=\"margin-top: 0px; margin-bottom: 0px;\">YUGOSLAVIA<\/p>\n<\/td>\n<td style=\"color: #000000; text-align: left; font-size: 10pt; font-family: Verdana, san-serif; border: 1px solid #000000;\" colspan=\"4\" valign=\"top\">\n<p style=\"margin-top: 0px; margin-bottom: 0px;\">H.E. Mr. Josip Broz Tito<\/p>\n<p style=\"margin-top: 0px; margin-bottom: 0px;\">President of the Socialist Federal Republic of Yugoslavia<\/p>\n<\/td>\n<\/tr>\n<tr>\n<td style=\"color: #000000; text-align: left; font-size: 10pt; font-family: Verdana, san-serif; border: 1px solid #000000;\" colspan=\"5\" valign=\"top\"><\/td>\n<\/tr>\n<tr>\n<td style=\"color: #000000; text-align: left; font-size: 10pt; font-family: Verdana, san-serif; border: 1px solid #000000;\" colspan=\"5\" valign=\"top\"><\/td>\n<\/tr>\n<tr>\n<td style=\"color: #000000; text-align: left; font-size: 10pt; font-family: Verdana, san-serif; border: 1px solid #000000;\" colspan=\"5\" valign=\"top\">\n<p style=\"margin-top: 0px; margin-bottom: 0px;\"><u>Messages from heads of Government and a Deputy Prime Minister<\/u><\/p>\n<\/td>\n<\/tr>\n<tr>\n<td style=\"color: #000000; text-align: left; font-size: 10pt; font-family: Verdana, san-serif; border: 1px solid #000000;\" colspan=\"5\" valign=\"top\"><\/td>\n<\/tr>\n<tr>\n<td style=\"color: #000000; text-align: left; font-size: 10pt; font-family: Verdana, san-serif; border: 1px solid #000000;\" valign=\"top\" width=\"29%\">\n<p style=\"margin-top: 0px; margin-bottom: 0px;\">DEMOCRATIC YEMEN<\/p>\n<\/td>\n<td style=\"color: #000000; text-align: left; font-size: 10pt; font-family: Verdana, san-serif; border: 1px solid #000000;\" colspan=\"4\" valign=\"top\">\n<p style=\"margin-top: 0px; margin-bottom: 0px;\">Mr. Ali Nasser Muhammad<\/p>\n<p style=\"margin-top: 0px; margin-bottom: 0px;\">member of the Politburo of the Yemen Socialist Party and Chairman of the Presidential and Ministerial Council of the People&#8217;s Democratic Republic of Yemen<\/p>\n<\/td>\n<\/tr>\n<tr>\n<td style=\"color: #000000; text-align: left; font-size: 10pt; font-family: Verdana, san-serif; border: 1px solid #000000;\" valign=\"top\" width=\"29%\">\n<p style=\"margin-top: 0px; margin-bottom: 0px;\">INDIA<\/p>\n<\/td>\n<td style=\"color: #000000; text-align: left; font-size: 10pt; font-family: Verdana, san-serif; border: 1px solid #000000;\" colspan=\"4\" valign=\"top\">\n<p style=\"margin-top: 0px; margin-bottom: 0px;\">H.E. Mr. Narangi Desai<\/p>\n<p style=\"margin-top: 0px; margin-bottom: 0px;\">Prime Minister of the Republic of India<\/p>\n<\/td>\n<\/tr>\n<tr>\n<td style=\"color: #000000; text-align: left; font-size: 10pt; font-family: Verdana, san-serif; border: 1px solid #000000;\" valign=\"top\" width=\"29%\">\n<p style=\"margin-top: 0px; margin-bottom: 0px;\">MALTA<\/p>\n<\/td>\n<td style=\"color: #000000; text-align: left; font-size: 10pt; font-family: Verdana, san-serif; border: 1px solid #000000;\" colspan=\"4\" valign=\"top\">\n<p style=\"margin-top: 0px; margin-bottom: 0px;\">H.E. the Hon. Dom Mintoff<\/p>\n<p style=\"margin-top: 0px; margin-bottom: 0px;\">Prime Minister and Minister of Foreign Affairs of the Republic of Malta<\/p>\n<\/td>\n<\/tr>\n<tr>\n<td style=\"color: #000000; text-align: left; font-size: 10pt; font-family: Verdana, san-serif; border: 1px solid #000000;\" valign=\"top\" width=\"29%\">\n<p style=\"margin-top: 0px; margin-bottom: 0px;\">SAUDI ARABIA<\/p>\n<\/td>\n<td style=\"color: #000000; text-align: left; font-size: 10pt; font-family: Verdana, san-serif; border: 1px solid #000000;\" colspan=\"4\" valign=\"top\">\n<p style=\"margin-top: 0px; margin-bottom: 0px;\">His Royal Highness Fahd Ibn Abdul Aziz<\/p>\n<p style=\"margin-top: 0px; margin-bottom: 0px;\">Crown Prince and Deputy Prime Minister of the Kingdom of Saudi Arabic<\/p>\n<\/td>\n<\/tr>\n<tr>\n<td style=\"color: #000000; text-align: left; font-size: 10pt; font-family: Verdana, san-serif; border: 1px solid #000000;\" valign=\"top\" width=\"29%\"><\/td>\n<td style=\"color: #000000; text-align: left; font-size: 10pt; font-family: Verdana, san-serif; border: 1px solid #000000;\" colspan=\"4\" valign=\"top\"><\/td>\n<\/tr>\n<tr>\n<td style=\"color: #000000; text-align: left; font-size: 10pt; font-family: Verdana, san-serif; border: 1px solid #000000;\" colspan=\"5\" valign=\"top\"><\/td>\n<\/tr>\n<tr>\n<td style=\"color: #000000; text-align: left; font-size: 10pt; font-family: Verdana, san-serif; border: 1px solid #000000;\" colspan=\"5\" valign=\"top\">\n<p style=\"margin-top: 0px; margin-bottom: 0px;\"><u>Messages from Ministers for Foreign Affairs<\/u><\/p>\n<\/td>\n<\/tr>\n<tr>\n<td style=\"color: #000000; text-align: left; font-size: 10pt; font-family: Verdana, san-serif; border: 1px solid #000000;\" colspan=\"5\" valign=\"top\"><\/td>\n<\/tr>\n<tr>\n<td style=\"color: #000000; text-align: left; font-size: 10pt; font-family: Verdana, san-serif; border: 1px solid #000000;\" valign=\"top\" width=\"29%\">\n<p style=\"margin-top: 0px; margin-bottom: 0px;\">CUBA<\/p>\n<\/td>\n<td style=\"color: #000000; text-align: left; font-size: 10pt; font-family: Verdana, san-serif; border: 1px solid #000000;\" colspan=\"4\" valign=\"top\">\n<p style=\"margin-top: 0px; margin-bottom: 0px;\">H.E. Mr. Isidoro Malmierca<\/p>\n<p style=\"margin-top: 0px; margin-bottom: 0px;\">Minister for Foreign Affairs of the Republic of Cuba<\/p>\n<\/td>\n<\/tr>\n<tr>\n<td style=\"color: #000000; text-align: left; font-size: 10pt; font-family: Verdana, san-serif; border: 1px solid #000000;\" valign=\"top\" width=\"29%\">\n<p style=\"margin-top: 0px; margin-bottom: 0px;\">GUYANA<\/p>\n<\/td>\n<td style=\"color: #000000; text-align: left; font-size: 10pt; font-family: Verdana, san-serif; border: 1px solid #000000;\" colspan=\"4\" valign=\"top\">\n<p style=\"margin-top: 0px; margin-bottom: 0px;\">H.E. the Hon. Rashleigh Esmond Jackson<\/p>\n<p style=\"margin-top: 0px; margin-bottom: 0px;\">Minister for Foreign Affairs of the Republic of Guyana<\/p>\n<\/td>\n<\/tr>\n<tr>\n<td style=\"color: #000000; text-align: left; font-size: 10pt; font-family: Verdana, san-serif; border: 1px solid #000000;\" valign=\"top\" width=\"29%\">\n<p style=\"margin-top: 0px; margin-bottom: 0px;\">INDONESIA<\/p>\n<\/td>\n<td style=\"color: #000000; text-align: left; font-size: 10pt; font-family: Verdana, san-serif; border: 1px solid #000000;\" colspan=\"4\" valign=\"top\">\n<p style=\"margin-top: 0px; margin-bottom: 0px;\">H.E. Dr. Mochtar Kusumaatmadja<\/p>\n<p style=\"margin-top: 0px; margin-bottom: 0px;\">Minister of Foreign Affairs of the Republic of Indonesia<\/p>\n<\/td>\n<\/tr>\n<tr>\n<td style=\"color: #000000; text-align: left; font-size: 10pt; font-family: Verdana, san-serif; border: 1px solid #000000;\" valign=\"top\" width=\"29%\">\n<p style=\"margin-top: 0px; margin-bottom: 0px;\">MALAYSIA<\/p>\n<\/td>\n<td style=\"color: #000000; text-align: left; font-size: 10pt; font-family: Verdana, san-serif; border: 1px solid #000000;\" colspan=\"4\" valign=\"top\">\n<p style=\"margin-top: 0px; margin-bottom: 0px;\">H.E. Mr. Tengku Ahmad Rithauddeen<\/p>\n<p style=\"margin-top: 0px; margin-bottom: 0px;\">Minister of Foreign Affairs of Malaysia<\/p>\n<\/td>\n<\/tr>\n<tr>\n<td style=\"color: #000000; text-align: left; font-size: 10pt; font-family: Verdana, san-serif; border: 1px solid #000000;\" valign=\"top\" width=\"29%\">\n<p style=\"margin-top: 0px; margin-bottom: 0px;\">OMAN<\/p>\n<\/td>\n<td style=\"color: #000000; text-align: left; font-size: 10pt; font-family: Verdana, san-serif; border: 1px solid #000000;\" colspan=\"4\" valign=\"top\">\n<p style=\"margin-top: 0px; margin-bottom: 0px;\">H.E. Mr. Qais Abdul Muneim Al-Zawawi<br \/>\nMinister of State for Foreign Affairs of the Sultanate of Oman<\/p>\n<\/td>\n<\/tr>\n<tr>\n<td style=\"color: #000000; text-align: left; font-size: 10pt; font-family: Verdana, san-serif; border: 1px solid #000000;\" valign=\"top\" width=\"29%\">\n<p style=\"margin-top: 0px; margin-bottom: 0px;\">SUDAN<\/p>\n<\/td>\n<td style=\"color: #000000; text-align: left; font-size: 10pt; font-family: Verdana, san-serif; border: 1px solid #000000;\" colspan=\"4\" valign=\"top\">\n<p style=\"margin-top: 0px; margin-bottom: 0px;\">H.E. Mr. Rashid Al-Tahir Bakr<\/p>\n<p style=\"margin-top: 0px; margin-bottom: 0px;\">Vice-President and Minister for Foreign Affairs<\/p>\n<\/td>\n<\/tr>\n<tr>\n<td style=\"color: #000000; text-align: left; font-size: 10pt; font-family: Verdana, san-serif; border: 1px solid #000000;\" valign=\"top\" width=\"29%\">\n<p style=\"margin-top: 0px; margin-bottom: 0px;\">TURKEY<\/p>\n<\/td>\n<td style=\"color: #000000; text-align: left; font-size: 10pt; font-family: Verdana, san-serif; border: 1px solid #000000;\" colspan=\"4\" valign=\"top\">\n<p style=\"margin-top: 0px; margin-bottom: 0px;\">H.F. Mr. G\u00fcnd\u00fcz \u00d6k\u00e7\u00fcn<br \/>\nMinister of Foreign Affairs of the Republic of Turkey<\/p>\n<\/td>\n<\/tr>\n<tr>\n<td style=\"color: #000000; text-align: left; font-size: 10pt; font-family: Verdana, san-serif; border: 1px solid #000000;\" valign=\"top\" width=\"29%\">\n<p style=\"margin-top: 0px; margin-bottom: 0px;\">VIET NAM<\/p>\n<\/td>\n<td style=\"color: #000000; text-align: left; font-size: 10pt; font-family: Verdana, san-serif; border: 1px solid #000000;\" colspan=\"4\" valign=\"top\">\n<p style=\"margin-top: 0px; margin-bottom: 0px;\">H.E. Mr. Nguyen Duy Trinh<\/p>\n<p style=\"margin-top: 0px; margin-bottom: 0px;\">Minister for Foreign Affairs of the Socialist Republic of Viet Nam<\/p>\n<\/td>\n<\/tr>\n<\/tbody>\n<\/table>\n<p>&nbsp;<\/p>\n<table style=\"text-align: left; margin-left: initial; margin-right: auto;\" width=\"100%\" cellspacing=\"0\">\n<tbody>\n<tr>\n<td style=\"color: #000000; text-align: left; font-size: 10pt; font-family: Verdana, san-serif; border: 1px solid #000000;\" colspan=\"2\" valign=\"top\">\n<p style=\"margin-top: 0px; margin-bottom: 0px;\"><u>Messages from Governments<\/u><\/p>\n<\/td>\n<\/tr>\n<tr>\n<td style=\"color: #000000; text-align: left; font-size: 10pt; font-family: Verdana, san-serif; border: 1px solid #000000;\" valign=\"top\" width=\"29%\"><\/td>\n<td style=\"color: #000000; text-align: left; font-size: 10pt; font-family: Verdana, san-serif; border: 1px solid #000000;\" valign=\"top\" width=\"70%\"><\/td>\n<\/tr>\n<tr>\n<td style=\"color: #000000; text-align: left; font-size: 10pt; font-family: Verdana, san-serif; border: 1px solid #000000;\" valign=\"top\" width=\"29%\">\n<p style=\"margin-top: 0px; margin-bottom: 0px;\">ANGOLA<\/p>\n<\/td>\n<td style=\"color: #000000; text-align: left; font-size: 10pt; font-family: Verdana, san-serif; border: 1px solid #000000;\" valign=\"top\" width=\"70%\">\n<p style=\"margin-top: 0px; margin-bottom: 0px;\">H.E. Mr. Elisio Figueiredo<br \/>\non behalf of the Government, people and Central Committee of the MPLA-Workers&#8217; Party of the People&#8217;s Republic of Angola<\/p>\n<\/td>\n<\/tr>\n<tr>\n<td style=\"color: #000000; text-align: left; font-size: 10pt; font-family: Verdana, san-serif; border: 1px solid #000000;\" valign=\"top\" width=\"29%\">\n<p style=\"margin-top: 0px; margin-bottom: 0px;\">THE PALESTINE LIBERATION ORGANIZATION<\/p>\n<\/td>\n<td style=\"color: #000000; text-align: left; font-size: 10pt; font-family: Verdana, san-serif; border: 1px solid #000000;\" valign=\"top\" width=\"70%\">\n<p style=\"margin-top: 0px; margin-bottom: 0px;\">Mr. Yasser Arafat<br \/>\nChairman of the Executive Committee and Commander-in-Chief of the Palestine Revolutionary Forces<\/p>\n<\/td>\n<\/tr>\n<tr>\n<td style=\"color: #000000; text-align: left; font-size: 10pt; font-family: Verdana, san-serif; border: 1px solid #000000;\" valign=\"top\" width=\"29%\"><\/td>\n<td style=\"color: #000000; text-align: left; font-size: 10pt; font-family: Verdana, san-serif; border: 1px solid #000000;\" valign=\"top\" width=\"70%\"><\/td>\n<\/tr>\n<tr>\n<td style=\"color: #000000; text-align: left; font-size: 10pt; font-family: Verdana, san-serif; border: 1px solid #000000;\" colspan=\"2\" valign=\"top\">\n<p style=\"margin-top: 0px; margin-bottom: 0px;\"><u>Statements by a Committee of the General Assembly of the United Nations<\/u><\/p>\n<\/td>\n<\/tr>\n<tr>\n<td style=\"color: #000000; text-align: left; font-size: 10pt; font-family: Verdana, san-serif; border: 1px solid #000000;\" valign=\"top\" width=\"29%\"><\/td>\n<td style=\"color: #000000; text-align: left; font-size: 10pt; font-family: Verdana, san-serif; border: 1px solid #000000;\" valign=\"top\" width=\"70%\"><\/td>\n<\/tr>\n<tr>\n<td style=\"color: #000000; text-align: left; font-size: 10pt; font-family: Verdana, san-serif; border: 1px solid #000000;\" valign=\"top\" width=\"29%\"><\/td>\n<td style=\"color: #000000; text-align: left; font-size: 10pt; font-family: Verdana, san-serif; border: 1px solid #000000;\" valign=\"top\" width=\"70%\"><\/td>\n<\/tr>\n<tr>\n<td style=\"color: #000000; text-align: left; font-size: 10pt; font-family: Verdana, san-serif; border: 1px solid #000000;\" valign=\"top\" width=\"29%\">\n<p style=\"margin-top: 0px; margin-bottom: 0px;\">Special Committee Against <u>Apartheid<\/u><\/p>\n<\/td>\n<td style=\"color: #000000; text-align: left; font-size: 10pt; font-family: Verdana, san-serif; border: 1px solid #000000;\" valign=\"top\" width=\"70%\">\n<p style=\"margin-top: 0px; margin-bottom: 0px;\">H.E. Mr. Leslie O. Harriman<\/p>\n<p style=\"margin-top: 0px; margin-bottom: 0px;\">Chairman<\/p>\n<\/td>\n<\/tr>\n<tr>\n<td style=\"color: #000000; text-align: left; font-size: 10pt; font-family: Verdana, san-serif; border: 1px solid #000000;\" valign=\"top\" width=\"29%\"><\/td>\n<td style=\"color: #000000; text-align: left; font-size: 10pt; font-family: Verdana, san-serif; border: 1px solid #000000;\" valign=\"top\" width=\"70%\"><\/td>\n<\/tr>\n<tr>\n<td style=\"color: #000000; text-align: left; font-size: 10pt; font-family: Verdana, san-serif; border: 1px solid #000000;\" colspan=\"2\" valign=\"top\">\n<p style=\"margin-top: 0px; margin-bottom: 0px;\"><u>Statements by regional groups of States at the United Nations<\/u><\/p>\n<\/td>\n<\/tr>\n<tr>\n<td style=\"color: #000000; text-align: left; font-size: 10pt; font-family: Verdana, san-serif; border: 1px solid #000000;\" valign=\"top\" width=\"29%\"><\/td>\n<td style=\"color: #000000; text-align: left; font-size: 10pt; font-family: Verdana, san-serif; border: 1px solid #000000;\" valign=\"top\" width=\"70%\"><\/td>\n<\/tr>\n<tr>\n<td style=\"color: #000000; text-align: left; font-size: 10pt; font-family: Verdana, san-serif; border: 1px solid #000000;\" valign=\"top\" width=\"29%\">\n<p style=\"margin-top: 0px; margin-bottom: 0px;\">GROUPS OF AFRICAN STATES<\/p>\n<\/td>\n<td style=\"color: #000000; text-align: left; font-size: 10pt; font-family: Verdana, san-serif; border: 1px solid #000000;\" valign=\"top\" width=\"70%\">\n<p style=\"margin-top: 0px; margin-bottom: 0px;\">H.E. Mr. Beadengar Dessande, Chad<\/p>\n<p style=\"margin-top: 0px; margin-bottom: 0px;\">Permanent Representative to the United Nations<\/p>\n<\/td>\n<\/tr>\n<tr>\n<td style=\"color: #000000; text-align: left; font-size: 10pt; font-family: Verdana, san-serif; border: 1px solid #000000;\" valign=\"top\" width=\"29%\">\n<p style=\"margin-top: 0px; margin-bottom: 0px;\">GROUPS OF ARAB STATES<\/p>\n<\/td>\n<td style=\"color: #000000; text-align: left; font-size: 10pt; font-family: Verdana, san-serif; border: 1px solid #000000;\" valign=\"top\" width=\"70%\">\n<p style=\"margin-top: 0px; margin-bottom: 0px;\">H.E. Mr. Mansur Rashid Kikhia,<br \/>\nPermanent Representative to the United Nations<\/p>\n<p style=\"margin-top: 0px; margin-bottom: 0px;\">Libyan Arab Jamahiriya<\/p>\n<\/td>\n<\/tr>\n<tr>\n<td style=\"color: #000000; text-align: left; font-size: 10pt; font-family: Verdana, san-serif; border: 1px solid #000000;\" valign=\"top\" width=\"29%\">\n<p style=\"margin-top: 0px; margin-bottom: 0px;\">GROUP OF ASIAN STATES<\/p>\n<\/td>\n<td style=\"color: #000000; text-align: left; font-size: 10pt; font-family: Verdana, san-serif; border: 1px solid #000000;\" valign=\"top\" width=\"70%\">\n<p style=\"margin-top: 0px; margin-bottom: 0px;\">H.E. Mr. Fereydoun Hoveyda<br \/>\nPermanent Representative to the United Nations<\/p>\n<p style=\"margin-top: 0px; margin-bottom: 0px;\">Iran<\/p>\n<\/td>\n<\/tr>\n<tr>\n<td style=\"color: #000000; text-align: left; font-size: 10pt; font-family: Verdana, san-serif; border: 1px solid #000000;\" valign=\"top\" width=\"29%\">\n<p style=\"margin-top: 0px; margin-bottom: 0px;\">GROUP OF EASTERN EUROPEAN STATES<\/p>\n<\/td>\n<td style=\"color: #000000; text-align: left; font-size: 10pt; font-family: Verdana, san-serif; border: 1px solid #000000;\" valign=\"top\" width=\"70%\">\n<p style=\"margin-top: 0px; margin-bottom: 0px;\">H.E. Mr. Henryk Jaroszek<\/p>\n<p style=\"margin-top: 0px; margin-bottom: 0px;\">Permanent Representative to the United Nations<\/p>\n<p style=\"margin-top: 0px; margin-bottom: 0px;\">Poland<\/p>\n<\/td>\n<\/tr>\n<tr>\n<td style=\"color: #000000; text-align: left; font-size: 10pt; font-family: Verdana, san-serif; border: 1px solid #000000;\" valign=\"top\" width=\"29%\">\n<p style=\"margin-top: 0px; margin-bottom: 0px;\">GROUP OF LATIN AMERICAN STATES<\/p>\n<\/td>\n<td style=\"color: #000000; text-align: left; font-size: 10pt; font-family: Verdana, san-serif; border: 1px solid #000000;\" valign=\"top\" width=\"70%\">\n<p style=\"margin-top: 0px; margin-bottom: 0px;\">H.E. Dr. Miguel A. Albornoz<\/p>\n<p style=\"margin-top: 0px; margin-bottom: 0px;\">Permanent Representative to the United Nations<\/p>\n<p style=\"margin-top: 0px; margin-bottom: 0px;\">Ecuador<\/p>\n<\/td>\n<\/tr>\n<tr>\n<td style=\"color: #000000; text-align: left; font-size: 10pt; font-family: Verdana, san-serif; border: 1px solid #000000;\" valign=\"top\" width=\"29%\"><\/td>\n<td style=\"color: #000000; text-align: left; font-size: 10pt; font-family: Verdana, san-serif; border: 1px solid #000000;\" valign=\"top\" width=\"70%\"><\/td>\n<\/tr>\n<tr>\n<td style=\"color: #000000; text-align: left; font-size: 10pt; font-family: Verdana, san-serif; border: 1px solid #000000;\" colspan=\"2\" valign=\"top\">\n<p style=\"margin-top: 0px; margin-bottom: 0px;\"><u>Statements by intergovernmental organizations<\/u><\/p>\n<p style=\"margin-top: 0px; margin-bottom: 0px;\"><u>with observer status at the United Nations<\/u><\/p>\n<\/td>\n<\/tr>\n<tr>\n<td style=\"color: #000000; text-align: left; font-size: 10pt; font-family: Verdana, san-serif; border: 1px solid #000000;\" valign=\"top\" width=\"29%\"><\/td>\n<td style=\"color: #000000; text-align: left; font-size: 10pt; font-family: Verdana, san-serif; border: 1px solid #000000;\" valign=\"top\" width=\"70%\"><\/td>\n<\/tr>\n<tr>\n<td style=\"color: #000000; text-align: left; font-size: 10pt; font-family: Verdana, san-serif; border: 1px solid #000000;\" valign=\"top\" width=\"29%\">\n<p style=\"margin-top: 0px; margin-bottom: 0px;\">ORGANIZATION OF AFRICAN UNITY<\/p>\n<\/td>\n<td style=\"color: #000000; text-align: left; font-size: 10pt; font-family: Verdana, san-serif; border: 1px solid #000000;\" valign=\"top\" width=\"70%\">\n<p style=\"margin-top: 0px; margin-bottom: 0px;\">H.E. Mr. Dramane Outtara<\/p>\n<p style=\"margin-top: 0px; margin-bottom: 0px;\">Executive Secretary<\/p>\n<\/td>\n<\/tr>\n<tr>\n<td style=\"color: #000000; text-align: left; font-size: 10pt; font-family: Verdana, san-serif; border: 1px solid #000000;\" valign=\"top\" width=\"29%\">\n<p style=\"margin-top: 0px; margin-bottom: 0px;\">ISLAMIC CONFERENCE<\/p>\n<\/td>\n<td style=\"color: #000000; text-align: left; font-size: 10pt; font-family: Verdana, san-serif; border: 1px solid #000000;\" valign=\"top\" width=\"70%\">\n<p style=\"margin-top: 0px; margin-bottom: 0px;\">H.E. Dr. Amadou Karim Gaye<\/p>\n<p style=\"margin-top: 0px; margin-bottom: 0px;\">Secretary-General<\/p>\n<\/td>\n<\/tr>\n<tr>\n<td style=\"color: #000000; text-align: left; font-size: 10pt; font-family: Verdana, san-serif; border: 1px solid #000000;\" valign=\"top\" width=\"29%\">\n<p style=\"margin-top: 0px; margin-bottom: 0px;\">LEAGUE OF ARAB STATES<\/p>\n<\/td>\n<td style=\"color: #000000; text-align: left; font-size: 10pt; font-family: Verdana, san-serif; border: 1px solid #000000;\" valign=\"top\" width=\"70%\">\n<p style=\"margin-top: 0px; margin-bottom: 0px;\">H.E. Mr. Amin Helmy II<\/p>\n<p style=\"margin-top: 0px; margin-bottom: 0px;\">Permanent Observer to the United Nations<\/p>\n<\/td>\n<\/tr>\n<tr>\n<td style=\"color: #000000; text-align: left; font-size: 10pt; font-family: Verdana, san-serif; border: 1px solid #000000;\" valign=\"top\" width=\"29%\"><\/td>\n<td style=\"color: #000000; text-align: left; font-size: 10pt; font-family: Verdana, san-serif; border: 1px solid #000000;\" valign=\"top\" width=\"70%\"><\/td>\n<\/tr>\n<tr>\n<td style=\"color: #000000; text-align: left; font-size: 10pt; font-family: Verdana, san-serif; border: 1px solid #000000;\" colspan=\"2\" valign=\"top\">\n<p style=\"margin-top: 0px; margin-bottom: 0px;\"><u>Statement by other intergovernmental organization<\/u><\/p>\n<\/td>\n<\/tr>\n<tr>\n<td style=\"color: #000000; text-align: left; font-size: 10pt; font-family: Verdana, san-serif; border: 1px solid #000000;\" valign=\"top\" width=\"29%\"><\/td>\n<td style=\"color: #000000; text-align: left; font-size: 10pt; font-family: Verdana, san-serif; border: 1px solid #000000;\" valign=\"top\" width=\"70%\"><\/td>\n<\/tr>\n<tr>\n<td style=\"color: #000000; text-align: left; font-size: 10pt; font-family: Verdana, san-serif; border: 1px solid #000000;\" valign=\"top\" width=\"29%\">\n<p style=\"margin-top: 0px; margin-bottom: 0px;\">CO-ORDINATING BUREAU OF THE NON-ALIGNED COUNTRIES<\/p>\n<\/td>\n<td style=\"color: #000000; text-align: left; font-size: 10pt; font-family: Verdana, san-serif; border: 1px solid #000000;\" valign=\"top\" width=\"70%\">\n<p style=\"margin-top: 0px; margin-bottom: 0px;\">H.E. Mr. B. J. Fernando<\/p>\n<p style=\"margin-top: 0px; margin-bottom: 0px;\">Permanent Representative of Sri Lanka to the United Nations<\/p>\n<\/td>\n<\/tr>\n<tr>\n<td style=\"color: #000000; text-align: left; font-size: 10pt; font-family: Verdana, san-serif; border: 1px solid #000000;\" valign=\"top\" width=\"29%\"><\/td>\n<td style=\"color: #000000; text-align: left; font-size: 10pt; font-family: Verdana, san-serif; border: 1px solid #000000;\" valign=\"top\" width=\"70%\"><\/td>\n<\/tr>\n<tr>\n<td style=\"color: #000000; text-align: left; font-size: 10pt; font-family: Verdana, san-serif; border: 1px solid #000000;\" colspan=\"2\" valign=\"top\">\n<p style=\"margin-top: 0px; margin-bottom: 0px;\"><u>Messages and Statements from non-governmental organizations<\/u><\/p>\n<p style=\"margin-top: 0px; margin-bottom: 0px;\"><u>with observer status at the United Nations<\/u><\/p>\n<\/td>\n<\/tr>\n<tr>\n<td style=\"color: #000000; text-align: left; font-size: 10pt; font-family: Verdana, san-serif; border: 1px solid #000000;\" valign=\"top\" width=\"29%\"><\/td>\n<td style=\"color: #000000; text-align: left; font-size: 10pt; font-family: Verdana, san-serif; border: 1px solid #000000;\" valign=\"top\" width=\"70%\"><\/td>\n<\/tr>\n<tr>\n<td style=\"color: #000000; text-align: left; font-size: 10pt; font-family: Verdana, san-serif; border: 1px solid #000000;\" valign=\"top\" width=\"29%\">\n<p style=\"margin-top: 0px; margin-bottom: 0px;\">AFRO-ASIAN PEOPLES SOLIDARITY ORGANIZATION<\/p>\n<\/td>\n<td style=\"color: #000000; text-align: left; font-size: 10pt; font-family: Verdana, san-serif; border: 1px solid #000000;\" valign=\"top\" width=\"70%\">\n<p style=\"margin-top: 0px; margin-bottom: 0px;\">Mr. Abdel Rahman El Sharkawi<\/p>\n<p style=\"margin-top: 0px; margin-bottom: 0px;\">Secretary-General<\/p>\n<\/td>\n<\/tr>\n<tr>\n<td style=\"color: #000000; text-align: left; font-size: 10pt; font-family: Verdana, san-serif; border: 1px solid #000000;\" valign=\"top\" width=\"29%\">\n<p style=\"margin-top: 0px; margin-bottom: 0px;\">WORLD PEACE COUNCIL<\/p>\n<\/td>\n<td style=\"color: #000000; text-align: left; font-size: 10pt; font-family: Verdana, san-serif; border: 1px solid #000000;\" valign=\"top\" width=\"70%\"><\/td>\n<\/tr>\n<tr>\n<td style=\"color: #000000; text-align: left; font-size: 10pt; font-family: Verdana, san-serif; border: 1px solid #000000;\" valign=\"top\" width=\"29%\"><\/td>\n<td style=\"color: #000000; text-align: left; font-size: 10pt; font-family: Verdana, san-serif; border: 1px solid #000000;\" valign=\"top\" width=\"70%\"><\/td>\n<\/tr>\n<tr>\n<td style=\"color: #000000; text-align: left; font-size: 10pt; font-family: Verdana, san-serif; border: 1px solid #000000;\" colspan=\"2\" valign=\"top\">\n<p style=\"margin-top: 0px; margin-bottom: 0px;\"><u>Statements by other invited speakers<\/u><\/p>\n<\/td>\n<\/tr>\n<tr>\n<td style=\"color: #000000; text-align: left; font-size: 10pt; font-family: Verdana, san-serif; border: 1px solid #000000;\" valign=\"top\" width=\"29%\"><\/td>\n<td style=\"color: #000000; text-align: left; font-size: 10pt; font-family: Verdana, san-serif; border: 1px solid #000000;\" valign=\"top\" width=\"70%\"><\/td>\n<\/tr>\n<tr>\n<td style=\"color: #000000; text-align: left; font-size: 10pt; font-family: Verdana, san-serif; border: 1px solid #000000;\" valign=\"top\" width=\"29%\">\n<p style=\"margin-top: 0px; margin-bottom: 0px;\">ARAB-AMERICAN UNIVERSITY GRADUATES<\/p>\n<p style=\"margin-top: 0px; margin-bottom: 0px;\">(Palestine Human Rights Campaign)<\/p>\n<\/td>\n<td style=\"color: #000000; text-align: left; font-size: 10pt; font-family: Verdana, san-serif; border: 1px solid #000000;\" valign=\"top\" width=\"70%\">\n<p style=\"margin-top: 0px; margin-bottom: 0px;\">Dr. James Zogby<\/p>\n<p>&nbsp;<\/td>\n<\/tr>\n<tr>\n<td style=\"color: #000000; text-align: left; font-size: 10pt; font-family: Verdana, san-serif; border: 1px solid #000000;\" valign=\"top\" width=\"29%\"><\/td>\n<td style=\"color: #000000; text-align: left; font-size: 10pt; font-family: Verdana, san-serif; border: 1px solid #000000;\" valign=\"top\" width=\"70%\"><\/td>\n<\/tr>\n<tr>\n<td style=\"color: #000000; text-align: left; font-size: 10pt; font-family: Verdana, san-serif; border: 1px solid #000000;\" valign=\"top\" width=\"29%\">\n<p style=\"margin-top: 0px; margin-bottom: 0px;\"><u>Other messages received<\/u><\/p>\n<\/td>\n<td style=\"color: #000000; text-align: left; font-size: 10pt; font-family: Verdana, san-serif; border: 1px solid #000000;\" valign=\"top\" width=\"70%\"><\/td>\n<\/tr>\n<tr>\n<td style=\"color: #000000; text-align: left; font-size: 10pt; font-family: Verdana, san-serif; border: 1px solid #000000;\" valign=\"top\" width=\"29%\"><\/td>\n<td style=\"color: #000000; text-align: left; font-size: 10pt; font-family: Verdana, san-serif; border: 1px solid #000000;\" valign=\"top\" width=\"70%\"><\/td>\n<\/tr>\n<tr>\n<td style=\"color: #000000; text-align: left; font-size: 10pt; font-family: Verdana, san-serif; border: 1px solid #000000;\" valign=\"top\" width=\"29%\">\n<p style=\"margin-top: 0px; margin-bottom: 0px;\">HUNGARY<\/p>\n<\/td>\n<td style=\"color: #000000; text-align: left; font-size: 10pt; font-family: Verdana, san-serif; border: 1px solid #000000;\" valign=\"top\" width=\"70%\">\n<p style=\"margin-top: 0px; margin-bottom: 0px;\">World Federation of Democratic Youth<\/p>\n<\/td>\n<\/tr>\n<tr>\n<td style=\"color: #000000; text-align: left; font-size: 10pt; font-family: Verdana, san-serif; border: 1px solid #000000;\" valign=\"top\" width=\"29%\">\n<p style=\"margin-top: 0px; margin-bottom: 0px;\">POLAND<\/p>\n<\/td>\n<td style=\"color: #000000; text-align: left; font-size: 10pt; font-family: Verdana, san-serif; border: 1px solid #000000;\" valign=\"top\" width=\"70%\">\n<p style=\"margin-top: 0px; margin-bottom: 0px;\">All-Poland Committee for the National Unity Front<\/p>\n<p style=\"margin-top: 0px; margin-bottom: 0px;\">Mr. Wit Drapich, Vice-President<\/p>\n<\/td>\n<\/tr>\n<tr>\n<td style=\"color: #000000; text-align: left; font-size: 10pt; font-family: Verdana, san-serif; border: 1px solid #000000;\" valign=\"top\" width=\"29%\">\n<p style=\"margin-top: 0px; margin-bottom: 0px;\">ASSOCIATION OF MOROCCAN FRIENDS OF THE UNITED NATIONS AND THE STUDENTS&#8217; MISSION ASSOCIATION<\/p>\n<\/td>\n<td style=\"color: #000000; text-align: left; font-size: 10pt; font-family: Verdana, san-serif; border: 1px solid #000000;\" valign=\"top\" width=\"70%\">\n<p style=\"margin-top: 0px; margin-bottom: 0px;\">Mr. Mustafa Ibn Mas&#8217;ud<\/p>\n<p style=\"margin-top: 0px; margin-bottom: 0px;\">Chairman<\/p>\n<\/td>\n<\/tr>\n<tr>\n<td style=\"color: #000000; text-align: left; font-size: 10pt; font-family: Verdana, san-serif; border: 1px solid #000000;\" valign=\"top\" width=\"29%\">\n<p style=\"margin-top: 0px; margin-bottom: 0px;\">PALESTINE LIBERATION ORGANIZATION<\/p>\n<\/td>\n<td style=\"color: #000000; text-align: left; font-size: 10pt; font-family: Verdana, san-serif; border: 1px solid #000000;\" valign=\"top\" width=\"70%\">\n<p style=\"margin-top: 0px; margin-bottom: 0px;\">Mr. F. Qaddoumi<\/p>\n<p style=\"margin-top: 0px; margin-bottom: 0px;\">Head of the Political Department of the Palestine Liberation Organization<\/p>\n<\/td>\n<\/tr>\n<\/tbody>\n<\/table>\n<div style=\"text-align: left; padding-top: 10px;\">\n<p style=\"margin-top: 0px; margin-bottom: 0px;\"><span style=\"color: #000000; font-size: 10pt; font-family: Verdana, san-serif;\">\u00a0<\/span><\/p>\n<hr \/>\n<p><span style=\"color: #000000; font-size: 10pt; font-family: Verdana, san-serif;\">III. Observance of the First International Day of Solidarity with the Palestinian People by States Members of the United Nations <\/span><span style=\"color: #000000; font-size: 10pt; font-family: Verdana, san-serif;\"><strong>\u00a0<\/strong><\/span><\/p>\n<hr \/>\n<\/div>\n<p>&nbsp;<\/p>\n<div style=\"color: #000000; text-align: center; font-size: 10pt; font-family: Verdana, san-serif;\">\n<p style=\"margin-top: 0px; margin-bottom: 0px;\">I.\u00a0\u00a0COMMEMORATION OF THE FIRST INTERNATIONAL DAY OF SOLIDARITY<\/p>\n<\/div>\n<div style=\"color: #000000; text-align: center; font-size: 10pt; font-family: Verdana, san-serif;\">\n<p style=\"margin-top: 0px; margin-bottom: 0px;\">WITH THE PALESTINIAN PEOPLE<\/p>\n<\/div>\n<p>&nbsp;<\/p>\n<div style=\"color: #000000; text-align: left; padding-top: 9px; font-size: 9pt; font-family: Verdana, san-serif;\">\n<p style=\"margin-top: 0px; margin-bottom: 0px;\">In accordance with operative paragraph 1 (C) of General Assembly resolution 32\/40 B, the International Day of Solidarity with the Palestinian People was observed in New York and Geneva, as well as in several capitals, on 29 November 1978.<\/p>\n<\/div>\n<div style=\"color: #000000; text-align: left; padding-top: 9px; font-size: 9pt; font-family: Verdana, san-serif;\">\n<p style=\"margin-top: 0px; margin-bottom: 0px;\">In New York the programme for observance of the Day included a photographic exhibit on Palestinian Rights set up by the Office of Public Information, from Monday, 27 November to Sunday, 3 December and an exhibition of Palestinian works of art from Wednesday, 29 November to Sunday, 3 December. These exhibits were formally opened by the Chairman of the Committee on the Exercise of the Inalienable Rights of the Palestinian People on Wednesday, 29 November.<\/p>\n<\/div>\n<p>&nbsp;<\/p>\n<div style=\"color: #000000; text-align: left; font-size: 9pt; font-family: Verdana, san-serif;\">\n<p style=\"margin-top: 0px; margin-bottom: 0px;\">From Monday, 27 November through Wednesday, 29 November, a Palestinian film, <u>The Key<\/u>,\u00a0was screened at the Dag Hammarskj\u00f6ld Auditorium.<\/p>\n<\/div>\n<div style=\"color: #000000; text-align: left; padding-top: 9px; font-size: 9pt; font-family: Verdana, san-serif;\">\n<p style=\"margin-top: 0px; margin-bottom: 0px;\">The photographic exhibit designed by the Office of Public Information was also displayed at the Palais des Nations at Geneva, where a special meeting was held to commemorate the Day.<\/p>\n<\/div>\n<div style=\"color: #000000; text-align: justify; padding-top: 9px; font-size: 9pt; font-family: Verdana, san-serif;\">\n<p style=\"margin-top: 0px; margin-bottom: 0px;\">The main event in the programme of observance of the Day in New York was a special meeting of the Committee on the Exercise of the Inalienable Rights of the Palestinian People, held at United Nations Headquarters on Wednesday, 29 November.<\/p>\n<\/div>\n<div style=\"color: #000000; text-align: left; padding-top: 9px; font-size: 9pt; font-family: Verdana, san-serif;\">\n<p style=\"margin-top: 0px; margin-bottom: 0px;\">The Chairman of the Committee, the President of the thirty-third session of the General Assembly, the Secretary-General and the President of the Security Council for the month of November 1978 were among those who addressed the meeting. The texts of their statements and of messages received from heads of State or Government, Foreign Ministers, the Chairman of the Executive Committee of the Palestine Liberation Organization and others are reproduced below.<\/p>\n<\/div>\n<p>&nbsp;<\/p>\n<div style=\"color: #000000; text-align: center; font-size: 9pt; font-family: Verdana, san-serif;\">\n<p style=\"margin-top: 0px; margin-bottom: 0px;\">II. TEXTS OF STATEMENTS MADE AND MESSAGES RECEIVED ON THE OCCASION OF THE<\/p>\n<\/div>\n<div style=\"color: #000000; text-align: center; font-size: 9pt; font-family: Verdana, san-serif;\">\n<p style=\"margin-top: 0px; margin-bottom: 0px;\">INTERNATIONAL DAY OF SOLIDARITY WITH THE PALESTINIAN PEOPLE<\/p>\n<\/div>\n<p>&nbsp;<\/p>\n<div style=\"color: #000000; text-align: center; font-size: 9pt; font-family: Verdana, san-serif;\">\n<p style=\"margin-top: 0px; margin-bottom: 0px;\"><u>Statement by the Chairman of the Committee on the Exercise of the<\/u><\/p>\n<\/div>\n<div style=\"color: #000000; text-align: center; font-size: 9pt; font-family: Verdana, san-serif;\">\n<p style=\"margin-top: 0px; margin-bottom: 0px;\"><u>Inalienable Rights of the Palestinian Peoplea_H.E. Mr. M\u00e9doune Fall<\/u><\/p>\n<\/div>\n<p>&nbsp;<\/p>\n<div style=\"color: #000000; text-align: left; padding-top: 9px; font-size: 9pt; font-family: Verdana, san-serif;\">\n<p style=\"margin-top: 0px; margin-bottom: 0px;\">On 2 December 1977 the General Assembly of the United Nations adopted by a very large majority resolution 32\/40 B, in which it requested the Special Unit on Palestinian Rights to organize, in consultation with the Committee on the Exercise of the Inalienable Rights of the Palestinian People, on 29 November every year, an International Day of Solidarity with the Palestinian People.<\/p>\n<\/div>\n<div style=\"color: #000000; text-align: left; padding-top: 9px; font-size: 9pt; font-family: Verdana, san-serif;\">\n<p style=\"margin-top: 0px; margin-bottom: 0px;\">This decision is a further important step in the General Assembly&#8217;s constant efforts over the past decade to promote the inalienable rights of the Palestinian people.<\/p>\n<\/div>\n<div style=\"color: #000000; text-align: left; padding-top: 9px; font-size: 9pt; font-family: Verdana, san-serif;\">\n<p style=\"margin-top: 0px; margin-bottom: 0px;\">The commemoration of a Day of Solidarity with the Palestinian People also provides an opportunity for peoples everywhere, most of whom have, at one time or another in their history, suffered from colonialism or foreign occupation, to renew their firm resolve to put an end to the unjust conditions in which the Palestinian people have been living for generations.\u00a0\u00a0It should also serve to mobilize world public opinion concerning the need for action by the United Nations to help the Palestinian people to exercise their rights.<\/p>\n<\/div>\n<div style=\"color: #000000; text-align: left; padding-top: 9px; font-size: 9pt; font-family: Verdana, san-serif;\">\n<p style=\"margin-top: 0px; margin-bottom: 0px;\">Exactly 31 years ago today the General Assembly, by its resolution 181 (II), recommended the partition of Palestine. That resolution, which was adopted despite the opposition of the majority of the population of Palestine, triggered a chain of violent acts, which left a whole people entirely dispossessed.<\/p>\n<\/div>\n<div style=\"color: #000000; text-align: left; padding-top: 9px; font-size: 9pt; font-family: Verdana, san-serif;\">\n<p style=\"margin-top: 0px; margin-bottom: 0px;\">The Palestinian people, whose right to self-determination had earlier been recognized by the League of Nations, suddenly found themselves driven from their land, dispossessed of their property and, above all, deprived of a homeland. Scattered throughout the world, strangers to their own country and even forbidden to return to it, the Palestinian people became refugees living on international charity.<\/p>\n<\/div>\n<div style=\"color: #000000; text-align: left; padding-top: 9px; font-size: 9pt; font-family: Verdana, san-serif;\">\n<p style=\"margin-top: 0px; margin-bottom: 0px;\">For more than 20 years the question of Palestine was pushed into the background, and the national rights of the Palestinian people were ignored or regarded only as a humanitarian issue.<\/p>\n<\/div>\n<div style=\"color: #000000; text-align: left; padding-top: 9px; font-size: 9pt; font-family: Verdana, san-serif;\">\n<p style=\"margin-top: 0px; margin-bottom: 0px;\">As time passed, the Palestinians saw their situation worsen and their chances of returning to their homeland diminish day by day. They were left with only one option: to fight resolutely to draw the attention of the international community to their plight in the hope that it would be able to break the deadlock. They grasped this option with determination, since the long years in exile had destroyed neither their national consciousness nor their attachment to Palestine.<\/p>\n<\/div>\n<div style=\"color: #000000; text-align: left; padding-top: 9px; font-size: 9pt; font-family: Verdana, san-serif;\">\n<p style=\"margin-top: 0px; margin-bottom: 0px;\">When questioned about the fact that the Palestinian people, after 20 years of exile, remained conscious of their identity, Mr. Hisham Sharabi, Chief Editor of the <u>Journal of Palestine Studies<\/u>,\u00a0stated: &#8220;To be a Palestinian today, in the Arab countries or elsewhere, means leading a double life. It means being born stripped of one&#8217;s rights, one&#8217;s inheritance and one&#8217;s identity and yet at the same time being aware that all these rights must be restored, regained. It means never for a moment resigning oneself to this loss; and each must act, as his life dictates, by the gun, by words, in his daily activities, or by being the living example of an intolerable injustice.&#8221;<\/p>\n<\/div>\n<div style=\"color: #000000; text-align: left; padding-top: 9px; font-size: 9pt; font-family: Verdana, san-serif;\">\n<p style=\"margin-top: 0px; margin-bottom: 0px;\">This view of the Palestinian situation is today shared by millions of other Palestinians. It expresses the determination of the Palestinian people to recover their rights and also an appeal to the international community to act as swiftly as possible in assisting the Palestinian people to set right the injustice at present afflicting them.<\/p>\n<\/div>\n<div style=\"color: #000000; text-align: left; padding-top: 9px; font-size: 9pt; font-family: Verdana, san-serif;\">\n<p style=\"margin-top: 0px; margin-bottom: 0px;\">The United Nations, which bears a large share of responsibility for the current fate of the Palestinian people, began to pay greater heed to their urgent appeals for justice, and in the late 1960s it embarked on the process of the restoration of their inalienable rights.<\/p>\n<\/div>\n<div style=\"color: #000000; text-align: left; padding-top: 9px; font-size: 9pt; font-family: Verdana, san-serif;\">\n<p style=\"margin-top: 0px; margin-bottom: 0px;\">It became increasingly evident that any solution of the Middle East problem, which was monopolizing attention, had to take account of the central question, namely how to resurrect from a state of oblivion the inalienable rights of the Palestinian people and to make them part of any attempt at a comprehensive settlement of the Middle East question.<\/p>\n<\/div>\n<div style=\"color: #000000; text-align: left; padding-top: 9px; font-size: 9pt; font-family: Verdana, san-serif;\">\n<p style=\"margin-top: 0px; margin-bottom: 0px;\">The General Assembly, in resolution 181 (II), recognized the right of the Arab people of Palestine to have, side by side with the Jewish people, an independent State in Palestine. Unfortunately, only part of this resolution was applied, and only the Jewish State came into being. This does not mean that the resolution is no longer valid; the contrary is true. The conditions in which the Palestinian people found themselves &#8211; conditions which were unfavourable to the exercise of their right to self-determination &#8211; created the major obstacle to its implementation. The dispersal of the Palestinians to neighbouring States, the occupation by Israel since 1967 of the whole of that part of Palestine which, under the terms of General Assembly resolution 181 (II), rightfully belonged to the Palestinians, and the state of war between Israel and the Arab States &#8211; all these conditions were hardly propitious to the exercise of the right to self-determination.<\/p>\n<\/div>\n<div style=\"color: #000000; text-align: left; padding-top: 9px; font-size: 9pt; font-family: Verdana, san-serif;\">\n<p style=\"margin-top: 0px; margin-bottom: 0px;\">In adopting resolution 3236 (XXIX), by which it defined the inalienable rights of the Palestinian people, the General Assembly wanted to remind the world of the need to implement its resolutions 181 (II) and 194 (III), so that the Palestinians would be in a position effectively to exercise their right to self-determination.<\/p>\n<\/div>\n<div style=\"color: #000000; text-align: left; padding-top: 9px; font-size: 9pt; font-family: Verdana, san-serif;\">\n<p style=\"margin-top: 0px; margin-bottom: 0px;\">In resolution 3236 (XXIX) the General Assembly reaffirmed the inalienable rights of the Palestinian people, including:<\/p>\n<\/div>\n<div style=\"color: #000000; text-align: left; padding-top: 9px; font-size: 9pt; font-family: Verdana, san-serif;\">\n<p style=\"margin-top: 0px; margin-bottom: 0px;\">(a) The right to self-determination without external interference;<\/p>\n<\/div>\n<div style=\"color: #000000; text-align: left; padding-top: 9px; font-size: 9pt; font-family: Verdana, san-serif;\">\n<p style=\"margin-top: 0px; margin-bottom: 0px;\">(b) The right to national independence and sovereignty;<\/p>\n<\/div>\n<div style=\"color: #000000; text-align: left; padding-top: 9px; font-size: 9pt; font-family: Verdana, san-serif;\">\n<p style=\"margin-top: 0px; margin-bottom: 0px;\">(c) The inalienable right of the Palestinians to return to their homes and property from which they have been displaced and uprooted.<\/p>\n<\/div>\n<div style=\"color: #000000; text-align: left; padding-top: 9px; font-size: 9pt; font-family: Verdana, san-serif;\">\n<p style=\"margin-top: 0px; margin-bottom: 0px;\">This resolution marked. a turning-point in United Nations efforts to restore the rights of the Palestinian people. It was followed by resolution 3375 (XXX) on the need for the participation of the Palestine Liberation Organization (PLO), on an equal footing with other parties, in peace efforts held under the auspices of the United Nations.<\/p>\n<\/div>\n<div style=\"color: #000000; text-align: left; padding-top: 9px; font-size: 9pt; font-family: Verdana, san-serif;\">\n<p style=\"margin-top: 0px; margin-bottom: 0px;\">Finally, fearing that its recommendations would not be implemented, the General Assembly established in 1975 the Committee on the Exercise of the Inalienable Rights of the Palestinian People. This Committee, in accordance with its mandate, was required to consider and recommend to the General Assembly a programme of implementation, designed to enable the Palestinian people to exercise the rights recognized in paragraphs 1 and 2 of Assembly resolution 3236 (XXIX), and to take into account, in the formulation of its recommenda\u00adtions for the implementation of that programme, all the powers conferred by the Charter upon the principal organs of the United Nations.&#8221;<\/p>\n<\/div>\n<div style=\"color: #000000; text-align: left; padding-top: 9px; font-size: 9pt; font-family: Verdana, san-serif;\">\n<p style=\"margin-top: 0px; margin-bottom: 0px;\">The Committee was guided in its work by the following principles:<\/p>\n<\/div>\n<div style=\"color: #000000; text-align: left; padding-top: 9px; font-size: 9pt; font-family: Verdana, san-serif;\">\n<p style=\"margin-top: 0px; margin-bottom: 0px;\">(a) The question of Palestine is at the heart of the Middle East problem, and, consequently, no solution in the Middle East can be envisaged which does not fully take into account the rights of the Palestinian people;<\/p>\n<\/div>\n<div style=\"color: #000000; text-align: left; padding-top: 9px; font-size: 9pt; font-family: Verdana, san-serif;\">\n<p style=\"margin-top: 0px; margin-bottom: 0px;\">(b) The implementation of the inalienable rights of the Palestinian people to return to their homes and to achieve self-determination, national independence and sovereignty will contribute to a settlement of the Middle East crisis;<\/p>\n<\/div>\n<div style=\"color: #000000; text-align: left; padding-top: 9px; font-size: 9pt; font-family: Verdana, san-serif;\">\n<p style=\"margin-top: 0px; margin-bottom: 0px;\">(c) The participation of the PLO, the representative of the Palestinian people, on an equal footing with other parties, on the basis of General Assembly resolutions 3236 (XXIX) and 3375 (XXX), is indispensable in all efforts, deliberations and conferences on the Middle East which are held under the auspices of the United Nations;<\/p>\n<\/div>\n<div style=\"color: #000000; text-align: left; padding-top: 9px; font-size: 9pt; font-family: Verdana, san-serif;\">\n<p style=\"margin-top: 0px; margin-bottom: 0px;\">(d) The inadmissibility of the acquisition of territory by force and the consequent obligation for Israel to evacuate completely and speedily any territory so occupied.<\/p>\n<\/div>\n<div style=\"color: #000000; text-align: left; padding-top: 9px; font-size: 9pt; font-family: Verdana, san-serif;\">\n<p style=\"margin-top: 0px; margin-bottom: 0px;\">I shall speak only briefly about the Committee&#8217;s activities, since I dealt with them at length in my statement to the General Assembly on 27 November.<\/p>\n<\/div>\n<div style=\"color: #000000; text-align: left; padding-top: 9px; font-size: 9pt; font-family: Verdana, san-serif;\">\n<p style=\"margin-top: 0px; margin-bottom: 0px;\">In November 1976 the Committee submitted a report to which were annexed recommendations on the implementation of the inalienable rights of the Palestinian people. Those recommendations were endorsed by the General Assembly in resolution 31\/20. Unfortunately, the Security Council, which plays a leading role in the implementation of those recommendations, has been unable to take any decision on them because of a veto by one of its permanent members.<\/p>\n<\/div>\n<div style=\"color: #000000; text-align: left; padding-top: 9px; font-size: 9pt; font-family: Verdana, san-serif;\">\n<p style=\"margin-top: 0px; margin-bottom: 0px;\">As a result, the Security Council still has before it the recommendations of the General Assembly.<\/p>\n<\/div>\n<div style=\"color: #000000; text-align: left; padding-top: 9px; font-size: 9pt; font-family: Verdana, san-serif;\">\n<p style=\"margin-top: 0px; margin-bottom: 0px;\">I am bound to deplore the fact that certain States, while recognizing the rights of the Palestinian people, continue to refuse to co-operate with the Committee on the Exercise of the Inalienable Rights of the Palestinian People. I am left in no doubt as to how to interpret the fact that the representatives of some of those States have found it necessary to send a letter stating that they would not participate in the Day of Solidarity, while at the same time reaffirming their recognition of the right of the Palestinians to a homeland.<\/p>\n<\/div>\n<div style=\"color: #000000; text-align: left; padding-top: 9px; font-size: 9pt; font-family: Verdana, san-serif;\">\n<p style=\"margin-top: 0px; margin-bottom: 0px;\">I can only say that selectivism with regard to the decisions of our Organization is hardly a constructive approach; that boycotts and other methods of confrontation are hardly likely to promote the spirit of consultation and dialogue which should prevail in the United Nations; and that it is para\u00addoxical, to say the least, to advocate negotiated solutions on the one hand and, on the other, to refuse any discussion with a body set up by the General Assembly in accordance with the provisions of the United Nations Charter.<\/p>\n<\/div>\n<div style=\"color: #000000; text-align: left; padding-top: 9px; font-size: 9pt; font-family: Verdana, san-serif;\">\n<p style=\"margin-top: 0px; margin-bottom: 0px;\">The Committee has set itself as its main task the promotion of greater knowledge of the Palestine problem among world opinion and the pursuit of efforts to persuade all members of the Security Council to adopt a positive attitude towards the General Assembly&#8217;s recommendations, as a basis for the solution of the question of Palestine. In pursuing those two objectives, the Committee is counting on the open-minded co-operation of all Members of our Organization.<\/p>\n<\/div>\n<div style=\"color: #000000; text-align: left; padding-top: 9px; font-size: 9pt; font-family: Verdana, san-serif;\">\n<p style=\"margin-top: 0px; margin-bottom: 0px;\">Side by side with the efforts of the United Nations, the question of the restoration of the inalienable rights of the Palestinian people has made considerable progress in the international community.<\/p>\n<\/div>\n<div style=\"color: #000000; text-align: justify; padding-top: 9px; font-size: 9pt; font-family: Verdana, san-serif;\">\n<p style=\"margin-top: 0px; margin-bottom: 0px;\">The movement of non-aligned countries, the Organization of African Unity and the Islamic Conference have all recognized the rights of the Palestinian people, as defined in General Assembly resolution 3236 (XXIX).<\/p>\n<\/div>\n<div style=\"color: #000000; text-align: left; padding-top: 9px; font-size: 9pt; font-family: Verdana, san-serif;\">\n<p style=\"margin-top: 0px; margin-bottom: 0px;\">Mention must be made in this context of the statement made by Mr. Leonid Brezhnev, the President of the Supreme Soviet of the Union of Soviet Socialist Republics, who reaffirmed the need for the Palestinians to establish their own national State.<\/p>\n<\/div>\n<div style=\"color: #000000; text-align: left; padding-top: 9px; font-size: 9pt; font-family: Verdana, san-serif;\">\n<p style=\"margin-top: 0px; margin-bottom: 0px;\">On 29 June 1977, the Heads of Government of the European Community, at their meeting in London, recognized the need for a homeland for the Palestinian people.<\/p>\n<\/div>\n<div style=\"color: #000000; text-align: left; padding-top: 9px; font-size: 9pt; font-family: Verdana, san-serif;\">\n<p style=\"margin-top: 0px; margin-bottom: 0px;\">On 16 March 1977, Mr. Jimmy Carter, the President of the United States of America, stated that the Palestinian refugees should be given a homeland.<\/p>\n<\/div>\n<div style=\"color: #000000; text-align: left; padding-top: 9px; font-size: 9pt; font-family: Verdana, san-serif;\">\n<p style=\"margin-top: 0px; margin-bottom: 0px;\">It is plain therefore that only Israel, as well it night, continues to contest the legitimacy of the Palestinian people&#8217;s rights. Yet certain countries, while acknowledging the inalienable rights of the Palestinian people, are keen to restrict them and to attach such conditions to them that they become unrecognizable. Let us not forget that the Palestinian people, despite their dispersal, are a mature people.<\/p>\n<\/div>\n<div style=\"color: #000000; text-align: left; padding-top: 9px; font-size: 9pt; font-family: Verdana, san-serif;\">\n<p style=\"margin-top: 0px; margin-bottom: 0px;\">The results of the elections on 12 April 1976 on the West Bank of the Jordan, which brought victory to the pro-PLO candidates, are proof, if any proof is needed, that the Palestinian people are capable of choosing their own representatives. On that occasion, the choice of the PLO as their legitimate representative was clearly borne out. This being so, and in the light of many other developments, it is a mystery how Israel hopes to achieve a lasting peace in the Middle East without discussions with the PLO.<\/p>\n<\/div>\n<div style=\"color: #000000; text-align: left; padding-top: 9px; font-size: 9pt; font-family: Verdana, san-serif;\">\n<p style=\"margin-top: 0px; margin-bottom: 0px;\">In concluding, I would reiterate my deep-seated conviction that the United Nations has an important role to play in the settlement of the question of Palestine.<\/p>\n<\/div>\n<div style=\"color: #000000; text-align: left; padding-top: 9px; font-size: 9pt; font-family: Verdana, san-serif;\">\n<p style=\"margin-top: 0px; margin-bottom: 0px;\">It must take up the challenge of Israel&#8217;s systematic and deliberate violations of United Nations decisions. It must continue its vigorous support for the restoration of their inalienable rights to the Palestinians. Thirty years of violence, bitterness and tension have shown that the solution of the Palestinian problem can come about only through a dialogue between the main protagonists, namely the Israelis and the Palestinians, the latter being legitimately represented by the PLO.<\/p>\n<\/div>\n<div style=\"color: #000000; text-align: left; padding-top: 9px; font-size: 9pt; font-family: Verdana, san-serif;\">\n<p style=\"margin-top: 0px; margin-bottom: 0px;\">It is not the intention of the Committee on the Exercise of the Inalienable Rights of the Palestinian People to serve as a substitute for such a dialogue. But, in accordance with its mandate, it expects to play a useful role in the search for the elements of a just and lasting settlement of the Palestine question. Accordingly, the Committee will continue to remain open to any suggestions and is willing to commence a dialogue with all the interested parties.<\/p>\n<\/div>\n<p>&nbsp;<\/p>\n<div style=\"color: #000000; text-align: center; font-size: 9pt; font-family: Verdana, san-serif;\">\n<p style=\"margin-top: 0px; margin-bottom: 0px;\"><u>Statement by the President of the thirty-third session of the General Assembly<\/u>,<\/p>\n<\/div>\n<div style=\"color: #000000; text-align: center; font-size: 9pt; font-family: Verdana, san-serif;\">\n<p style=\"margin-top: 0px; margin-bottom: 0px;\"><u>H.E. Mr. Indalecio Li\u00e9vano<\/u><\/p>\n<\/div>\n<p>&nbsp;<\/p>\n<div style=\"color: #000000; text-align: left; padding-top: 9px; font-size: 9pt; font-family: Verdana, san-serif;\">\n<p style=\"margin-top: 0px; margin-bottom: 0px;\">As President of the thirty-third regular session of the General Assembly, and in accordance with resolution 32\/40 B, I am pleased to participate in the meeting which the Committee on the Exercise of the Inalienable Rights of the Palestinian People is holding in observance of the International Day of Solidarity with the Palestinian People. We are thus fulfilling a sovereign mandate from the General Assembly, approved by an overwhelming majority of votes, which demonstrates the will of the Member States to associate themselves with the defence of the Palestinian cause.<\/p>\n<\/div>\n<div style=\"color: #000000; text-align: left; padding-top: 9px; font-size: 9pt; font-family: Verdana, san-serif;\">\n<p style=\"margin-top: 0px; margin-bottom: 0px;\">This association of. the United Nations with the problems of the Middle East began with the birth of the Organization. Since then, the United Nations has acted as a stabilizing factor in a region which for years has been living under ominous portents of war. Many historical factors contributed to the creation of this situation of instability, a major one being the special attraction which this strategic area has had, and continues to have, for peoples and Governments of other regions. There have been constant and continuous migrations &#8212; some peaceful and others belligerent &#8212; and, while they have produced among the Palestinians a radial, cultural and religious intermingling, they have also brought with them violent antagonistic situations.\u00a0\u00a0Yet is should not be forgotten that in that small region &#8212; inhabited since time immemorial by races which have shown particular fervour in the search for fundamental religious truths &#8212; originated the three great monotheistic religions which have so profoundly influenced world history.<\/p>\n<\/div>\n<div style=\"color: #000000; text-align: left; padding-top: 9px; font-size: 9pt; font-family: Verdana, san-serif;\">\n<p style=\"margin-top: 0px; margin-bottom: 0px;\">Today, in this ceremony, we are fulfilling o e of the specific tasks assigned by the Charter to our Organization: recognition of the fundamental rights of one of the peoples that form part of mankind. Our Organization has previously taken similar action along these lines in the same region. It constitutes recognition of a right with which all States ham endowed themselves: the right to live in peace and security, in their ancestral homeland and in full enjoyment of the political, religious and cultural values which they have formed over the centuries. These, in short, are the inalienable rights demanded for the Palestinian people in many United Nations documents.<\/p>\n<\/div>\n<div style=\"color: #000000; text-align: left; padding-top: 9px; font-size: 9pt; font-family: Verdana, san-serif;\">\n<p style=\"margin-top: 0px; margin-bottom: 0px;\">In a century which some have called the &#8220;century of refugees&#8221;, the United Nations cannot be indifferent to the ultimate fate of this people. The Palestinians have experienced invasions, defeats and victorious liberations, but there, in the deserts of the Middle East, they have endured, incorruptible, as an expression of their indomitable will to survive. In our times, they have been thrust into the heart of an international conflict of unthought-of dimensions, which has brought them to the brink of dispersion. It is the duty of the United Nations &#8212; towards them as towards any other people &#8212; to prevent both their dispersion and their constant dependence on foreign Powers. It is therefore only logical that our Organization should use its authority to enable the Palestinians to exercise their rights, including, in particular, the right to return to their homeland and the right to full independence and political self-determination.<\/p>\n<\/div>\n<div style=\"color: #000000; text-align: left; padding-top: 9px; font-size: 9pt; font-family: Verdana, san-serif;\">\n<p style=\"margin-top: 0px; margin-bottom: 0px;\">Only when there are no outcast peoples in the world shall we be able to say that the United Nations has fulfilled the historic duty it assumed at the time of its creation. Preventing the ancient Palestinian people from becoming an outcast is the purpose of this day of solidarity.<\/p>\n<\/div>\n<div style=\"color: #000000; text-align: left; padding-top: 9px; font-size: 9pt; font-family: Verdana, san-serif;\">\n<p style=\"margin-top: 0px; margin-bottom: 0px;\">In closing, I wish to commend the Committee and its distinguished Chairman, Ambassador M\u00e9doune Fall, for their untiring efforts. As a result of this meeting today, the message will go out to the Palestinian people that their rights have not been forgotten.<\/p>\n<\/div>\n<p>&nbsp;<\/p>\n<div style=\"color: #000000; text-align: center; font-size: 9pt; font-family: Verdana, san-serif;\">\n<p style=\"margin-top: 0px; margin-bottom: 0px;\"><u>Statement by the Secretary-General<\/u>,<\/p>\n<\/div>\n<div style=\"color: #000000; text-align: center; font-size: 9pt; font-family: Verdana, san-serif;\">\n<p style=\"margin-top: 0px; margin-bottom: 0px;\"><u>H.E. Mr. Kurt Waldheim<\/u><\/p>\n<\/div>\n<p>&nbsp;<\/p>\n<div style=\"color: #000000; text-align: left; padding-top: 9px; font-size: 9pt; font-family: Verdana, san-serif;\">\n<p style=\"margin-top: 0px; margin-bottom: 0px;\">Today we commemorate for the first time the International Day of Solidarity with the Palestinian People as decided by the General Assembly at its thirty-second session.<\/p>\n<\/div>\n<div style=\"color: #000000; text-align: left; padding-top: 9px; font-size: 9pt; font-family: Verdana, san-serif;\">\n<p style=\"margin-top: 0px; margin-bottom: 0px;\">It is no coincidence that it marks also the thirty-first anniversary of the adoption by the General Assembly at its second session of resolution 181 in 1947 which sought the creation of two states in Palestine as well as the establishment of an international regime for Jerusalem.<\/p>\n<\/div>\n<div style=\"color: #000000; text-align: left; padding-top: 9px; font-size: 9pt; font-family: Verdana, san-serif;\">\n<p style=\"margin-top: 0px; margin-bottom: 0px;\">The General Assembly has persevered to this day in its efforts to find a just solution of the Palestinian problem. For some time the major focus was in the direction,of alleviating the misery of those who became refugees as a result of the fighting in 1948. We should not minimize for a moment the great achievement of the United Nations in this regard. But we now know that grappling with this humanitarian aspect of the problem is not enough. Consequently, taking into account the increasing political awareness of the Palestinian people, the General Assembly in 1974 began tackling the political aspect of the Palestinian question. In that year, the General Assembly adopted resolution 3236, which reaffirmed the inalienable rights of the Palestinian people, including the right to self-determination, the right to national independence and sovereignty, and the right of the Palestinians to return to their homes and property from which they had been displaced and uprooted.<\/p>\n<\/div>\n<div style=\"color: #000000; text-align: left; padding-top: 9px; font-size: 9pt; font-family: Verdana, san-serif;\">\n<p style=\"margin-top: 0px; margin-bottom: 0px;\">With a view to giving coherence to its preoccupation with the Palestinian question, and in order to draw up a programme for the implementation of the Palestinian rights enumerated in Assembly resolution 3236, the General Assembly established the Committee on the Exercise of the Inalienable Rights of the Palestinian People. This Committee has already recommended a programme which has been endorsed by the General Assembly in 1976 and was re-endorsed at the last session of the General Assembly. These recommendations, reflecting the preponderant attitude of the General Assembly, cannot fail to have a significant impart.<\/p>\n<\/div>\n<div style=\"color: #000000; text-align: left; padding-top: 9px; font-size: 9pt; font-family: Verdana, san-serif;\">\n<p style=\"margin-top: 0px; margin-bottom: 0px;\">For some time now, the international community has clearly understood that a just solution of the Palestinian dimension of the Middle East problem is of overriding importance. It is in this context that the General Assembly last year decided on a programme for the observance of an international day of solidarity with the Palestinian people. By doing so, the General Assembly is desirous of focusing the attention of the international community on the inalienable rights of the Palestinian people and giving the widest possible exposure to the facts relating to those rights.<\/p>\n<\/div>\n<div style=\"color: #000000; text-align: left; padding-top: 9px; font-size: 9pt; font-family: Verdana, san-serif;\">\n<p style=\"margin-top: 0px; margin-bottom: 0px;\">For a mixture of compelling reasons, the situation in the Middle East vitally affects not only international peace and security but the interests of the world community as a whole. Probably no other single subject has so consistently and deeply preoccupied our organization. Four times already since the United Nations was founded, the area has been embroiled in war, with all its tragic consequences for the people of the region and its attendant risks to world peace. However formidable the difficulties are, therefore, we cannot afford to relax for a moment the efforts to find a peaceful way forward. I would like to take this opportunity to underline once again the crucial importance of the Palestinian issue in any search for a just and lasting peace in the Middle East.<\/p>\n<\/div>\n<div style=\"color: #000000; text-align: left; padding-top: 9px; font-size: 9pt; font-family: Verdana, san-serif;\">\n<p style=\"margin-top: 0px; margin-bottom: 0px;\">In closing, I wish to command the Committee and its distinguished Chairman, Ambassador M\u00e9doune Fall, for their untiring efforts. As a result of this meeting today, the message will go out to the Palestinian people that their rights have not been forgotten.<\/p>\n<\/div>\n<p>&nbsp;<\/p>\n<div style=\"color: #000000; text-align: center; font-size: 9pt; font-family: Verdana, san-serif;\">\n<p style=\"margin-top: 0px; margin-bottom: 0px;\"><u>Statement by the President of the Security Council for the\u00a0\u00a0Month of November 1978<\/u>,<\/p>\n<\/div>\n<div style=\"color: #000000; text-align: center; font-size: 9pt; font-family: Verdana, san-serif;\">\n<p style=\"margin-top: 0px; margin-bottom: 0px;\"><u>H.E. Mr. L<\/u><u>\u00e9<\/u><u>on N&#8217;Dong<\/u><\/p>\n<\/div>\n<p>&nbsp;<\/p>\n<div style=\"color: #000000; text-align: left; padding-top: 9px; font-size: 9pt; font-family: Verdana, san-serif;\">\n<p style=\"margin-top: 0px; margin-bottom: 0px;\">Having received, in my capacity as President of the Security Council for the current month, an invitation to participate in the commemoration of the International Day of Solidarity with the Palestinian people, I should like to express my personal satisfaction at taking part in this commemoration. However, I must stress the fact that this statement does not commit the Security Council as such.<\/p>\n<\/div>\n<div style=\"color: #000000; text-align: left; padding-top: 9px; font-size: 9pt; font-family: Verdana, san-serif;\">\n<p style=\"margin-top: 0px; margin-bottom: 0px;\">The commemoration of this Day of Solidarity in response to the wishes of the General Assembly demonstrates principally and clearly the concern of the international community to see the Palestinians fully enjoy their inalienable rights, rights recognized and reaffirmed many times by the General Assembly in its resolutions. This day, by its solemn character, should also be an occasion for drawing the attention of world opinion to<\/p>\n<\/div>\n<div style=\"color: #000000; text-align: left; padding-top: 9px; font-size: 9pt; font-family: Verdana, san-serif;\">\n<p style=\"margin-top: 0px; margin-bottom: 0px;\">a question which has too long remained unresolved.<\/p>\n<\/div>\n<div style=\"color: #000000; text-align: left; padding-top: 9px; font-size: 9pt; font-family: Verdana, san-serif;\">\n<p style=\"margin-top: 0px; margin-bottom: 0px;\">For more than 30 years, one of the most important questions that the Security Council has had to debate has been that of Palestine, which since 1947 has never ceased to cause concern among the members of this important body of our Organization. The Security Council now has before it recommenda\u00adtions by your Committee which the General Assembly endorsed in resolution 31\/20; these recommendations constitute, according to resolution 31\/20, the basis for any solution of the question of Palestine.<\/p>\n<\/div>\n<div style=\"color: #000000; text-align: left; padding-top: 9px; font-size: 9pt; font-family: Verdana, san-serif;\">\n<p style=\"margin-top: 0px; margin-bottom: 0px;\">In considering the report of the Committee, on 27 October of last year, all the members of the Council who took part in the discussion reaffirmed that there could be no just and lasting peace in the Middle East as long as a just solution to the problem of Palestine, based on the exercise of the inalienable rights of the Palestinian people, had not been found.<\/p>\n<\/div>\n<div style=\"color: #000000; text-align: left; padding-top: 9px; font-size: 9pt; font-family: Verdana, san-serif;\">\n<p style=\"margin-top: 0px; margin-bottom: 0px;\">Allow me to recall here that the Council received a letter this year in which you outlined the principal elements which guided the Committee in preparing its recommendations. These principal elements are the following:<\/p>\n<\/div>\n<div style=\"color: #000000; text-align: left; padding-top: 9px; font-size: 9pt; font-family: Verdana, san-serif;\">\n<p style=\"margin-top: 0px; margin-bottom: 0px;\">(a) The question of Palestine is at the heart of the problem of the Middle East and consequently no solution can be envisaged without taking into account the interests of the Palestinian people;<\/p>\n<\/div>\n<div style=\"color: #000000; text-align: left; padding-top: 9px; font-size: 9pt; font-family: Verdana, san-serif;\">\n<p style=\"margin-top: 0px; margin-bottom: 0px;\">(b) The realization of the inalienable rights of the Palestinian people to return to their homes and to achieve self-determination, independence and national sovereignty would contribute to a settlement of the Middle East crisis;<\/p>\n<\/div>\n<div style=\"color: #000000; text-align: left; padding-top: 9px; font-size: 9pt; font-family: Verdana, san-serif;\">\n<p style=\"margin-top: 0px; margin-bottom: 0px;\">(c) The participation of the Palestine Liberation Organization, the representative of the Palestinian people, on an equal footing with other parties, is indispensable to all efforts, deliberations and conferences on the Middle East undertaken under the auspices of the United Nations;<\/p>\n<\/div>\n<div style=\"color: #000000; text-align: left; padding-top: 9px; font-size: 9pt; font-family: Verdana, san-serif;\">\n<p style=\"margin-top: 0px; margin-bottom: 0px;\">(d) The inadmissibility of the acquisition of territory by force and the consequent obligation of Israel to evacuate all territory thus occupied.<\/p>\n<\/div>\n<div style=\"color: #000000; text-align: left; padding-top: 9px; font-size: 9pt; font-family: Verdana, san-serif;\">\n<p style=\"margin-top: 0px; margin-bottom: 0px;\">In this regard, I should like to recall that the Security Council, in resolution 242, adopted unanimously on 22 November 1967, has already emphasized &#8220;the inadmissibility of the acquisition of territory by war&#8221; and called for the &#8220;withdrawal of Israel armed forces from territories occupied in the recent conflict&#8221;.<\/p>\n<\/div>\n<div style=\"color: #000000; text-align: left; padding-top: 9px; font-size: 9pt; font-family: Verdana, san-serif;\">\n<p style=\"margin-top: 0px; margin-bottom: 0px;\">The Security Council, as the United Nations organ entrusted with primary responsibility for the maintenance of international peace and security, will continue to draw its inspiration from the principles of the Charter and from the relevant resolutions of our Organization, in particular its own resolutions 242 (1967) and 338 (1973), with a view to promoting a just solution to the question of Palestine.<\/p>\n<\/div>\n<div style=\"color: #000000; text-align: left; padding-top: 9px; font-size: 9pt; font-family: Verdana, san-serif;\">\n<p style=\"margin-top: 0px; margin-bottom: 0px;\">Indeed, only strict respect for those principles and for the implementation of the decisions and recommendations of our Organization will make it possible to ensure that all the people of the Middle East, without exception, are given the possibility to exercise their inalienable rights to self-determination and national independence and to live in peace with their neighbours within secure and recognized boundaries.<\/p>\n<\/div>\n<div style=\"color: #000000; text-align: left; padding-top: 9px; font-size: 9pt; font-family: Verdana, san-serif;\">\n<p style=\"margin-top: 0px; margin-bottom: 0px;\">In that regard, operative paragraph 1 (ii) of Security Council resolution 242 of 22 November 1967 is sufficiently explicit. I quote:<\/p>\n<\/div>\n<div style=\"color: #000000; text-align: left; padding-top: 9px; font-size: 9pt; font-family: Verdana, san-serif; margin-left: 20px;\">&#8220;Termination of all claims or states of belligerently and respect for and acknowledgement of the sovereignty, territorial integrity and political independence of every State in the area and their right to live in peace within secure and recognized boundaries free from threats or acts of force;&#8221;.<\/div>\n<div style=\"color: #000000; text-align: left; padding-top: 9px; font-size: 9pt; font-family: Verdana, san-serif;\">\n<p style=\"margin-top: 0px; margin-bottom: 0px;\">Mr. Chairman, I would like, in conclusion, to add a few words in my capacity as representative of Gabon, a brother country to yours, with which it shares the same ideals of justice and liberty.<\/p>\n<\/div>\n<div style=\"color: #000000; text-align: left; padding-top: 9px; font-size: 9pt; font-family: Verdana, san-serif;\">\n<p style=\"margin-top: 0px; margin-bottom: 0px;\">The Committee under your guidance is fulfilling its duties with remark\u00adable competence and dedication. Thus, we must recognize that the work of the Committee must be taken into account in the search for a just and lasting solution to the Middle East conflict.<\/p>\n<\/div>\n<div style=\"color: #000000; text-align: justify; padding-top: 9px; font-size: 9pt; font-family: Verdana, san-serif;\">\n<p style=\"margin-top: 0px; margin-bottom: 0px;\">Allow me, Mr. Chairman, to congratulate you and all the members of the Committee for your tireless efforts in carrying out your mandate and in the quest for peace.<\/p>\n<\/div>\n<p>&nbsp;<\/p>\n<div style=\"color: #000000; text-align: center; padding-top: 9px; font-size: 9pt; font-family: Verdana, san-serif;\">\n<p style=\"margin-top: 0px; margin-bottom: 0px;\"><u>Messages from heads of State<\/u><\/p>\n<\/div>\n<p>&nbsp;<\/p>\n<div style=\"color: #000000; text-align: center; padding-top: 9px; font-size: 9pt; font-family: Verdana, san-serif;\">\n<p style=\"margin-top: 0px; margin-bottom: 0px;\">AFGHANISTAN<\/p>\n<\/div>\n<p>&nbsp;<\/p>\n<div style=\"color: #000000; text-align: center; font-size: 9pt; font-family: Verdana, san-serif;\">\n<p style=\"margin-top: 0px; margin-bottom: 0px;\"><u>H.E. Mr. Noor Mohammad Taraki, Secretary-General of the Central Committee of the<\/u><\/p>\n<\/div>\n<div style=\"color: #000000; text-align: center; font-size: 9pt; font-family: Verdana, san-serif;\">\n<p style=\"margin-top: 0px; margin-bottom: 0px;\"><u>People&#8217;s Democratic Party of Afghanistan, President of the Revolutionary Council<\/u><\/p>\n<\/div>\n<div style=\"color: #000000; text-align: center; font-size: 9pt; font-family: Verdana, san-serif;\">\n<p style=\"margin-top: 0px; margin-bottom: 0px;\"><u>and Prime Minister of the Democratic Republic of Afghanistan<\/u><\/p>\n<\/div>\n<p>&nbsp;<\/p>\n<div style=\"color: #000000; text-align: left; padding-top: 9px; font-size: 9pt; font-family: Verdana, san-serif;\">\n<p style=\"margin-top: 0px; margin-bottom: 0px;\">On the occasion of the commemoration of 29 November as the International Day of Solidarity with the Palestinian People, I would like to take this pleasant opportunity to reiterate the sincere and firm support of the people and Government of the Democratic Republic of Afghanistan for the heroic and just struggle of the Palestinian people for the restoration of their national inalienable rights usurped by Israel with the backing of imperialism.<\/p>\n<\/div>\n<div style=\"color: #000000; text-align: left; padding-top: 9px; font-size: 9pt; font-family: Verdana, san-serif;\">\n<p style=\"margin-top: 0px; margin-bottom: 0px;\">The Government of the Democratic Republic of Afghanistan supports the continued efforts of the United Nations towards finding a just and comprehensive solution of the Middle East problem, based on the immediate and unconditional withdrawal of Israel from all the occupied Arab territories and the restoration of the inalienable rights of the Palestinian people, truly represented by the Palestine Liberation Organization, including the establishment of an independent national State of their own.<\/p>\n<\/div>\n<div style=\"color: #000000; text-align: left; padding-top: 9px; font-size: 9pt; font-family: Verdana, san-serif;\">\n<p style=\"margin-top: 0px; margin-bottom: 0px;\">Considering the Palestine question as the core of the Middle East problem, the Democratic Republic of Afghanistan believes that collusive understandings or partial agreements will not lead to a just solution of the Middle East problem, particularly the Palestinian question. We believe that the best solution to this question could be found through the full participation of all parties concerned, including that of PLO.<\/p>\n<\/div>\n<div style=\"color: #000000; text-align: left; padding-top: 9px; font-size: 9pt; font-family: Verdana, san-serif;\">\n<p style=\"margin-top: 0px; margin-bottom: 0px;\">It is the moral obligation of all justice and peace-loving countries to stand side by side with the Palestinian people until their final victory.<\/p>\n<\/div>\n<p>&nbsp;<\/p>\n<div style=\"color: #000000; text-align: center; padding-top: 9px; font-size: 9pt; font-family: Verdana, san-serif;\">\n<p style=\"margin-top: 0px; margin-bottom: 0px;\">BAHRAIN<\/p>\n<\/div>\n<div style=\"color: #000000; text-align: center; padding-top: 9px; font-size: 9pt; font-family: Verdana, san-serif;\">\n<p style=\"margin-top: 0px; margin-bottom: 0px;\"><u>His Highness the Amir of the State of Bahrain, Shaikh Isa Ben Salman\u00a0\u00a0Al Khalifa<\/u><\/p>\n<\/div>\n<p>&nbsp;<\/p>\n<div style=\"color: #000000; text-align: left; padding-top: 9px; font-size: 9pt; font-family: Verdana, san-serif;\">\n<p style=\"margin-top: 0px; margin-bottom: 0px;\">Thirty-one years ago precisely, on 29 November 1947, the United Nations General Assembly adopted the resolution on the partition of Palestine, which was the pretext for world zionism to attack the Palestinian people and uproot them from their homeland, using various means of terrorism and oppression, as a result of which the Palestinian people have been living for more than 30 years as a displaced people of refugees and exiles who keep appealing to humanity&#8217;s conscience, waiting for the United Nations to put an end to the blatant injustice inflicted upon them and to restore their legitimate rights to return and to self-determination.<\/p>\n<\/div>\n<div style=\"color: #000000; text-align: left; padding-top: 9px; font-size: 9pt; font-family: Verdana, san-serif;\">\n<p style=\"margin-top: 0px; margin-bottom: 0px;\">During that period, four destructive wars have taken place in the Middle East, because of Israel&#8217;s refusal to recognize this people&#8217;s right to their homeland. Nevertheless, the original problem remains unresolved, in spite of the numerous resolutions adopted by the United Nations, particularly resolution 3236 (XXIX) of 1974, in which the United Nations General Assembly recognized the inalienable rights of the Palestinian people, especially their right to return to self-determination, to national independence and to the establishment of their independent State on their national soil. The General Assembly also expressed its total support of the Palestine Liberation Organization as the sole legitimate representative of the Palestinian people.<\/p>\n<\/div>\n<div style=\"color: #000000; text-align: left; padding-top: 9px; font-size: 9pt; font-family: Verdana, san-serif;\">\n<p style=\"margin-top: 0px; margin-bottom: 0px;\">Today, as the United Nations commemorates the International Day of Solidarity with the Palestinian People, we are absolutely sure that the international community, which has recognized the legitimacy of the Palestinian people&#8217;s rights, will reaffirm and intensify its support of this people so that they may attain their rights and so that just peace may be achieved in the Middle East.<\/p>\n<\/div>\n<div style=\"color: #000000; text-align: left; padding-top: 9px; font-size: 9pt; font-family: Verdana, san-serif;\">\n<p style=\"margin-top: 0px; margin-bottom: 0px;\">The State and the people of Bahrain would like to express, on this humanitarian occasion, their total solidarity with the Palestinian people in their just struggle against world zionism, of which this people has become the first and immediate victim.<\/p>\n<\/div>\n<div style=\"color: #000000; text-align: left; padding-top: 9px; font-size: 9pt; font-family: Verdana, san-serif;\">\n<p style=\"margin-top: 0px; margin-bottom: 0px;\">It is our sincere hope that this occasion will remind us all of the duty of the international community towards this people, who still suffer from injustice and deprivation, so that we may all help them to attain their recognized aspirations to freedom, independence and self-determination.<\/p>\n<\/div>\n<p>&nbsp;<\/p>\n<div style=\"color: #000000; text-align: center; font-size: 9pt; font-family: Verdana, san-serif;\">\n<p style=\"margin-top: 0px; margin-bottom: 0px;\">BULGARIA<\/p>\n<\/div>\n<p>&nbsp;<\/p>\n<div style=\"color: #000000; text-align: center; font-size: 9pt; font-family: Verdana, san-serif;\">\n<p style=\"margin-top: 0px; margin-bottom: 0px;\"><u>H.E. Mr. Todor Zhikov, First Secretary of the Central Committee of<\/u><\/p>\n<\/div>\n<div style=\"color: #000000; text-align: center; font-size: 9pt; font-family: Verdana, san-serif;\">\n<p style=\"margin-top: 0px; margin-bottom: 0px;\"><u>the Bulgarian Community Party and President of the State Council<\/u><\/p>\n<\/div>\n<div style=\"color: #000000; text-align: center; font-size: 9pt; font-family: Verdana, san-serif;\">\n<p style=\"margin-top: 0px; margin-bottom: 0px;\"><u>of the People&#8217;s Republic of Bulgaria<\/u><\/p>\n<\/div>\n<p>&nbsp;<\/p>\n<div style=\"color: #000000; text-align: left; padding-top: 9px; font-size: 9pt; font-family: Verdana, san-serif;\">\n<p style=\"margin-top: 0px; margin-bottom: 0px;\">On behalf of the State Council and the Government or the People&#8217;s Republic of Bulgaria and on my own behalf I congratulate you and the Palestine Liberation Organization most cordially on the occasion of the commemoration of the International Day of Solidarity with the Palestinian People.<\/p>\n<\/div>\n<div style=\"color: #000000; text-align: left; padding-top: 9px; font-size: 9pt; font-family: Verdana, san-serif;\">\n<p style=\"margin-top: 0px; margin-bottom: 0px;\">The People&#8217;s Republic of Bulgaria, faithful to its international duty, considers the solidarity with the peoples fighting against foreign occupation for self-determination and national independence as an irreversible principle of its foreign policy.<\/p>\n<\/div>\n<div style=\"color: #000000; text-align: left; padding-top: 9px; font-size: 9pt; font-family: Verdana, san-serif;\">\n<p style=\"margin-top: 0px; margin-bottom: 0px;\">Our country highly values the United Nations efforts aimed at rendering moral, political and material assistance in the struggle to eliminate colonialism, racism, racial discrimination and <u>apartheid<\/u>,\u00a0an expression of which is the decision adopted by the General Assembly at its thirty-second session (resolution 32\/40B) to proclaim 29 November as the International Day of Solidarity with the Palestinian People.<\/p>\n<\/div>\n<div style=\"color: #000000; text-align: left; padding-top: 9px; font-size: 9pt; font-family: Verdana, san-serif;\">\n<p style=\"margin-top: 0px; margin-bottom: 0px;\">It is a disgrace to our times that the Israeli Government continues its actions in annexing parts of the occupied territories and establishing there Israeli settlements, displacing the local Arab population, expropriating its property, carrying out mass detentions, plundering archaeological and cultu\u00adral treasures. These actions generate gross mass violations of human rights, run counter to the principles and purposes of the Charter of the United Nations and pose a threat to world peace and security.<\/p>\n<\/div>\n<div style=\"color: #000000; text-align: left; padding-top: 9px; font-size: 9pt; font-family: Verdana, san-serif;\">\n<p style=\"margin-top: 0px; margin-bottom: 0px;\">World public opinion has long recognized the fact that the Palestinian issue lies at the core of the Middle East conflict and that a just and lasting peace in that region can only be achieved provided the rights and legitimate demands of the Arab People of Palestine are respected.<\/p>\n<\/div>\n<div style=\"color: #000000; text-align: left; padding-top: 9px; font-size: 9pt; font-family: Verdana, san-serif;\">\n<p style=\"margin-top: 0px; margin-bottom: 0px;\">The People&#8217;s Republic of Bulgaria has repeatedly emphasized that a lasting solution to the crisis in the Middle East can be achieved solely following the path of a complete and unconditional withdrawal of the Israeli troops from all the Arab territories occupied in 1967, the realization of the legitimate national rights of the Arab people of Palestine, including its right to self-determination, creation of its own independent State and return to its homeland in conformity with the relevant United Nations decisions, under guarantees for the independence, the independent existence and the security of all States in the region. The achievement of this end necessi\u00adtates the concerted efforts of all parties concerned, with the participation of the Palestine Liberation Organization on an equal footing as the sole legi\u00adtimate representative of the Arab people of Palestine.<\/p>\n<\/div>\n<div style=\"color: #000000; text-align: left; padding-top: 9px; font-size: 9pt; font-family: Verdana, san-serif;\">\n<p style=\"margin-top: 0px; margin-bottom: 0px;\">The just solution of the Palestinian question is not feasible outside the framework of a comprehensive settlement of the Middle East problem. Any separate negotiations whatsoever, conducted behind the back of the Arab nations and against their interests, will not only render difficult the resolution of the Middle East question but can also lead to new complications of the situation in that region. In this connexion, we welcome the decisions adopted at the Baghdad Conference as a major success of the patriotic forces in the Arab world unanimously condemning the Camp David deal.<\/p>\n<\/div>\n<div style=\"color: #000000; text-align: left; padding-top: 9px; font-size: 9pt; font-family: Verdana, san-serif;\">\n<p style=\"margin-top: 0px; margin-bottom: 0px;\">Permit me, dear Comrade Arafat, to assure you that the People&#8217;s Republic of Bulgaria shall continue in the future as well to lend its active support to the just and valiant struggle of the heroic Arab people of Palestine against imperialism, zionism and reaction, for the realization of its inalie\u00adnable right to live in freedom, independence and peace.<\/p>\n<\/div>\n<p>&nbsp;<\/p>\n<div style=\"color: #000000; text-align: center; padding-top: 9px; font-size: 9pt; font-family: Verdana, san-serif;\">\n<p style=\"margin-top: 0px; margin-bottom: 0px;\">CYPRUS<\/p>\n<\/div>\n<div style=\"color: #000000; text-align: center; padding-top: 9px; font-size: 9pt; font-family: Verdana, san-serif;\">\n<p style=\"margin-top: 0px; margin-bottom: 0px;\"><u>H.E. Mr. Spyros Kiprianou, President of the Republic of Cyprus<\/u><\/p>\n<\/div>\n<p>&nbsp;<\/p>\n<div style=\"color: #000000; text-align: left; padding-top: 9px; font-size: 9pt; font-family: Verdana, san-serif;\">\n<p style=\"margin-top: 0px; margin-bottom: 0px;\">On the occasion of the observance of November 29 as the International Day of Solidarity with the Palestinian people, I wish to underline the necessity for the application of the relevant United Nations resolutions which can ensure peace and stability in this sensitive area of the world.<\/p>\n<\/div>\n<div style=\"color: #000000; text-align: left; padding-top: 9px; font-size: 9pt; font-family: Verdana, san-serif;\">\n<p style=\"margin-top: 0px; margin-bottom: 0px;\">I would like to add that it is imperative that the inalienable rights of the Palestinian people should be thoroughly respected.<\/p>\n<\/div>\n<div style=\"color: #000000; text-align: left; padding-top: 9px; font-size: 9pt; font-family: Verdana, san-serif;\">\n<p style=\"margin-top: 0px; margin-bottom: 0px;\">Cyprus will continue to play its modest role in this question.<\/p>\n<\/div>\n<p>&nbsp;<\/p>\n<div style=\"color: #000000; text-align: center; padding-top: 9px; font-size: 9pt; font-family: Verdana, san-serif;\">\n<p style=\"margin-top: 0px; margin-bottom: 0px;\">DEMOCRATIC KAMPUCHEA<\/p>\n<\/div>\n<div style=\"color: #000000; text-align: center; padding-top: 9px; font-size: 9pt; font-family: Verdana, san-serif;\">\n<p style=\"margin-top: 0px; margin-bottom: 0px;\"><u>H.E. Mr. Khieu Samphan, President of the Presidium of the State of Democratic Kampuchea<\/u><\/p>\n<\/div>\n<p>&nbsp;<\/p>\n<div style=\"color: #000000; text-align: left; padding-top: 9px; font-size: 9pt; font-family: Verdana, san-serif;\">\n<p style=\"margin-top: 0px; margin-bottom: 0px;\">On the occasion of the International Day of Solidarity with the Palestinian People, I wish, on behalf of the people and Government of Democratic Kampuchea, to reiterate the expression of our unfailing support for the just struggle of the Palestinian people.<\/p>\n<\/div>\n<div style=\"color: #000000; text-align: left; padding-top: 9px; font-size: 9pt; font-family: Verdana, san-serif;\">\n<p style=\"margin-top: 0px; margin-bottom: 0px;\">The Palestinian people have been struggling valiantly for decades to exercise their sacred national rights. At the present time, despite the obstacles created by the rivalry between the imperialist and expansionist great Powers in the Middle East, the Palestinian people are stubbornly continuing their struggle. The ideals, the sacrifices and the valuable experience of their struggle will continue to enlighten the Palestinian people in their march towards victory.<\/p>\n<\/div>\n<div style=\"color: #000000; text-align: left; padding-top: 9px; font-size: 9pt; font-family: Verdana, san-serif;\">\n<p style=\"margin-top: 0px; margin-bottom: 0px;\">The people of Kampuchea fully understand the essence of the struggle of the Palestinian people and the other Arab peoples. The people of Kampuchea are currently contending with the barbarous acts of aggression and annexation Perpetrated by the emulator of Israel in South East Asia, supported by the expansionist great Power. Just as the Palestinian people and the Arab peoples are contending with the barbarous acts of aggression and annexation, perpetrated by the Israeli Zionists, the people of Kampuchea are struggling to ensure that Kampuchea does not suffer the same fate as Palestine and that Democratic Kampuchea may be able to live and progress as an independent, neutral and non-aligned country. For that reason the people of Kampuchea understand the full extent of the sacred and legitimate aspirations of the Palestinian people.<\/p>\n<\/div>\n<div style=\"color: #000000; text-align: left; padding-top: 9px; font-size: 9pt; font-family: Verdana, san-serif;\">\n<p style=\"margin-top: 0px; margin-bottom: 0px;\">The Palestinian problem remains the key to the problem of the Middle East. The peoples and countries of that region will be unable to live in peace and their independence cannot be guaranteed so long as the Palestinian people have not exercised their inalienable national rights. The people and Government of Democratic Kampuchea will always firmly support the struggle of the Palestinian people, under the leadership of the Palestine Liberation Organization, to exercise their national rights, in particular their right to return to live in their country, the right to decide their own future and the right to establish an independent Palestinian State on Palestinian land.<\/p>\n<\/div>\n<div style=\"color: #000000; text-align: justify; padding-top: 9px; font-size: 9pt; font-family: Verdana, san-serif;\">\n<p style=\"margin-top: 0px; margin-bottom: 0px;\">We are convinced that by their stubborn struggle, waged in common with the joint struggle of all the Arab peoples and supported by the people of the world, the Palestinian people will surely be victorious.<\/p>\n<\/div>\n<div style=\"color: #000000; text-align: left; padding-top: 9px; font-size: 9pt; font-family: Verdana, san-serif;\">\n<p style=\"margin-top: 0px; margin-bottom: 0px;\">In conclusion, we wish you and the Committee on the Exercise of the Inalienable Rights of the Palestinian People further success in your efforts on behalf of the just Palestinian cause.<\/p>\n<\/div>\n<p>&nbsp;<\/p>\n<div style=\"color: #000000; text-align: center; padding-top: 9px; font-size: 9pt; font-family: Verdana, san-serif;\">\n<p style=\"margin-top: 0px; margin-bottom: 0px;\">EGYPT<\/p>\n<\/div>\n<div style=\"color: #000000; text-align: center; padding-top: 9px; font-size: 9pt; font-family: Verdana, san-serif;\">\n<p style=\"margin-top: 0px; margin-bottom: 0px;\"><u>H.E. Mr. Mohammed Anwar El Sadat, President of the Arab Republic of Egypt<\/u><\/p>\n<\/div>\n<p>&nbsp;<\/p>\n<div style=\"color: #000000; text-align: left; padding-top: 9px; font-size: 9pt; font-family: Verdana, san-serif;\">\n<p style=\"margin-top: 0px; margin-bottom: 0px;\">The United Nations celebration of the International Day of Solidarity with the Palestinian People is a reaffirmation of the commitment by the world community to uphold the noble principles on which the Charter is based and a reflection of the belief in the necessity of establishing an international order of justice, equality and the respect for the rights of peoples.<\/p>\n<\/div>\n<div style=\"color: #000000; text-align: left; padding-top: 9px; font-size: 9pt; font-family: Verdana, san-serif;\">\n<p style=\"margin-top: 0px; margin-bottom: 0px;\">The brotherly Palestinian people has been subjected during its glorious history to attempts to destroy its national identity, sometimes to the extent of denying its very existence and trying to destroy this existence physically and morally. All these attempts, in addition to being alien to the basic elements of legality and justice, were the main reason of the unparalleled human tragedy which our area faced. This also led to a long period of tensions, wars and destruction to the people of the area, where enormous human and material resources were squandered instead of being channelled towards development, welfare and prosperity.<\/p>\n<\/div>\n<div style=\"color: #000000; text-align: left; padding-top: 9px; font-size: 9pt; font-family: Verdana, san-serif;\">\n<p style=\"margin-top: 0px; margin-bottom: 0px;\">During this long period, Egypt, supported by all the Arab countries and peace-loving States and nations inside and outside the United Nations, led the call for the necessity of the restoration to the Palestinian people of their national rights in order to achieve the just and durable peace which could secure for all peoples of the area the right to live in peace in their countries without fearing any threats or aggression.<\/p>\n<\/div>\n<div style=\"color: #000000; text-align: left; padding-top: 9px; font-size: 9pt; font-family: Verdana, san-serif;\">\n<p style=\"margin-top: 0px; margin-bottom: 0px;\">Egypt&#8217;s belief in, and commitment to, these lofty principles led her to face Israel in political and military confrontations, the latest of which was the Ramadan\/October war. This war made it clear beyond any doubt that the achievement of peace in the Middle East must be based on the principles of international legality, on the recognition that the Palestinian question is the core of the problem and that the restoration of the inalienable national rights of the Palestinian People is the basis for the establishment of a just and comprehensive peace.<\/p>\n<\/div>\n<div style=\"color: #000000; text-align: justify; padding-top: 9px; font-size: 9pt; font-family: Verdana, san-serif;\">\n<p style=\"margin-top: 0px; margin-bottom: 0px;\">Egypt&#8217;s peace initiative, which was supported by the entire world, came to emphasize the lessons and results of the October war and to underline the fact that the Egyptian people are determined to shoulder their national responsibilities and to continue steadily on the road of establishing a just, durable and comprehensive settlement.<\/p>\n<\/div>\n<div style=\"color: #000000; text-align: left; padding-top: 9px; font-size: 9pt; font-family: Verdana, san-serif;\">\n<p style=\"margin-top: 0px; margin-bottom: 0px;\">The celebration today comes at a time when Egypt &#8211; as it has always done is undertaking one of the most difficult battles, the battle of establishing peace in the area based on justice, the principles of international law and respect for the right of peoples to self-determination.<\/p>\n<\/div>\n<div style=\"color: #000000; text-align: left; padding-top: 9px; font-size: 9pt; font-family: Verdana, san-serif;\">\n<p style=\"margin-top: 0px; margin-bottom: 0px;\">Egypt succeeded at Camp David in creating the framework which, while leading to Israel&#8217;s withdrawal from Sinai, will open the road to the Palestinian people for the restoration of their rights and the creation of their national authority on their own land. We are also working at the Washington talks to translate this framework into concrete steps in order to realize the hopes of the Arab nation and specially the Palestinian people. This noble battle requires creative efforts, far-sightedness and courage from all the parties. It also requires the world community to continue firmly to support justice and rights as it had always done in different United Nations organs and at the meetings of the Organization of African Unity and Non-Aligned Conferences.<\/p>\n<\/div>\n<div style=\"color: #000000; text-align: left; padding-top: 9px; font-size: 9pt; font-family: Verdana, san-serif;\">\n<p style=\"margin-top: 0px; margin-bottom: 0px;\">I have the pleasure on this occasion to express our appreciation of the positive role Played by the Committee on the Exercise of the Inalienable Rights of the Palestinian People in supporting the Palestinian people inter\u00adnationally, particularly at the United Nations, which has a special respon\u00adsibility to safeguard the rights of peoples.<\/p>\n<\/div>\n<div style=\"color: #000000; text-align: left; padding-top: 9px; font-size: 9pt; font-family: Verdana, san-serif;\">\n<p style=\"margin-top: 0px; margin-bottom: 0px;\">The Egyptian people will continue to be faithful to their role and responsibilities, drawing their strength from their belief in God and in the justice of the Arab cause, determined to work seriously to establish just, durable and comprehensive peace, safeguarding the rights of the peoples of the area and in particular the rights of the Palestinian people. We are looking forward to the day when this people will enjoy freedom in their homeland and contribute by their creative energies to mankind&#8217;s progress towards development and prosperity.<\/p>\n<\/div>\n<p>&nbsp;<\/p>\n<div style=\"color: #000000; text-align: center; font-size: 9pt; font-family: Verdana, san-serif;\">\n<p style=\"margin-top: 0px; margin-bottom: 0px;\">GERMAN DEMOCRATIC REPUBLIC<\/p>\n<\/div>\n<p>&nbsp;<\/p>\n<div style=\"color: #000000; text-align: center; font-size: 9pt; font-family: Verdana, san-serif;\">\n<p style=\"margin-top: 0px; margin-bottom: 0px;\"><u>H.E. Mr. Erich Honecker, General Secretary of the Central Committee of<\/u><\/p>\n<\/div>\n<div style=\"color: #000000; text-align: center; font-size: 9pt; font-family: Verdana, san-serif;\">\n<p style=\"margin-top: 0px; margin-bottom: 0px;\"><u>the Socialist Unity Party of Germany and Chairman of the<\/u><\/p>\n<\/div>\n<div style=\"color: #000000; text-align: center; font-size: 9pt; font-family: Verdana, san-serif;\">\n<p style=\"margin-top: 0px; margin-bottom: 0px;\"><u>Council of State of the German Democratic Republic<\/u><\/p>\n<\/div>\n<p>&nbsp;<\/p>\n<div style=\"color: #000000; text-align: left; font-size: 9pt; font-family: Verdana, san-serif;\">\n<p style=\"margin-top: 0px; margin-bottom: 0px;\">The German Democratic Republic welcomes the recommendation of the thirty-second session of the United Nations General Assembly to observe 29 November as the International Day of Solidarity with the Palestinian People. This date is an occasion for us to reaffirm our strong adherence to the world-wide demand that the inalienable rights of the Arab people of Palestine to self-determination and establishment of a national State of their own be implemented.<\/p>\n<\/div>\n<div style=\"color: #000000; text-align: left; padding-top: 9px; font-size: 9pt; font-family: Verdana, san-serif;\">\n<p style=\"margin-top: 0px; margin-bottom: 0px;\">Solidarity with and aid to the suffering Palestinian people and their only legitimate representative, the Palestine Liberation Organization, have been a concern of all people in the German Democratic Republic for many years.\u00a0\u00a0Also in the future we will offer our solidarity and assistance to the peoples in the Middle East in their struggle for a just and enduring Middle East settlement.<\/p>\n<\/div>\n<div style=\"color: #000000; text-align: left; padding-top: 9px; font-size: 9pt; font-family: Verdana, san-serif;\">\n<p style=\"margin-top: 0px; margin-bottom: 0px;\">I seize this opportunity to affirm again, in the name of the German Democratic Republic and in agreement with United Nations resolutions, that a just and enduring solution to the Middle East conflict requires the complete withdrawal of the Israeli troops from all Arab territories occupied in 1967, safeguards for the inalienable rights of the Palestinian people and guarantees of the security of all States in the Middle East. Those key questions can be settled only by reconvening the Geneva Conference on the Middle East with the equal participation of all interested parties, parti\u00adcularly the Palestine Liberation Organization. The German Democratic Republic, therefore, decidedly opposes the policy of separate arrangements which can solve none of the basic problems of the Middle East conflict but tend to exacerbate the situation in that region of the world.<\/p>\n<\/div>\n<p>&nbsp;<\/p>\n<div style=\"color: #000000; text-align: center; padding-top: 9px; font-size: 9pt; font-family: Verdana, san-serif;\">\n<p style=\"margin-top: 0px; margin-bottom: 0px;\">HUNGARY<\/p>\n<\/div>\n<div style=\"color: #000000; text-align: center; padding-top: 9px; font-size: 9pt; font-family: Verdana, san-serif;\">\n<p style=\"margin-top: 0px; margin-bottom: 0px;\"><u>H.E. Mr. P\u00e1l Losonczi, President of the Presidential Council of the Hungarian People&#8217;s Republic<\/u><\/p>\n<\/div>\n<p>&nbsp;<\/p>\n<div style=\"color: #000000; text-align: left; padding-top: 9px; font-size: 9pt; font-family: Verdana, san-serif;\">\n<p style=\"margin-top: 0px; margin-bottom: 0px;\">On behalf of the Presidential Council and Government of the Hungarian People&#8217;s Republic as well as on my own behalf, I extend my greetings to the special meeting in observance of the International Day of Solidarity with the Palestinian People.<\/p>\n<\/div>\n<div style=\"color: #000000; text-align: left; padding-top: 9px; font-size: 9pt; font-family: Verdana, san-serif;\">\n<p style=\"margin-top: 0px; margin-bottom: 0px;\">The Hungarian People&#8217;s Republic, in complete conformity with the prin\u00adciples of its foreign policy and in full harmony with the purposes and principles of the United Nations, lends its support to the struggle of the long-suffering Arab people of Palestine, which is carried out under the leadership of their sole legitimate representative, the Palestine Liberation Organization, for the assertion of their national rights and for the establishment of their sovereign and independent State.<\/p>\n<\/div>\n<div style=\"color: #000000; text-align: left; padding-top: 9px; font-size: 9pt; font-family: Verdana, san-serif;\">\n<p style=\"margin-top: 0px; margin-bottom: 0px;\">It gives us satisfaction that the United Nations has embraced the just cause of the Arab people of Palestine and makes efforts for its realization. We are convinced that the United Nations can effectively assist in the attainment of this noble goal. The Hungarian People&#8217;s Republic resolutely supports the efforts of the United Nations to this end.<\/p>\n<\/div>\n<div style=\"color: #000000; text-align: left; padding-top: 9px; font-size: 9pt; font-family: Verdana, san-serif;\">\n<p style=\"margin-top: 0px; margin-bottom: 0px;\">We consider the special meeting as an outstanding demonstration of solidarity with the Arab people of Palestine.<\/p>\n<\/div>\n<div style=\"color: #000000; text-align: left; padding-top: 9px; font-size: 9pt; font-family: Verdana, san-serif;\">\n<p style=\"margin-top: 0px; margin-bottom: 0px;\">While welcoming the special meeting, I take the opportunity to reaffirm our support for the just struggle of the Arab people of Palestine and the activities of the United Nations directed at assisting that people.<\/p>\n<\/div>\n<p>&nbsp;<\/p>\n<div style=\"color: #000000; text-align: center; padding-top: 9px; font-size: 9pt; font-family: Verdana, san-serif;\">\n<p style=\"margin-top: 0px; margin-bottom: 0px;\">IRAQ<\/p>\n<\/div>\n<div style=\"color: #000000; text-align: center; padding-top: 9px; font-size: 9pt; font-family: Verdana, san-serif;\">\n<p style=\"margin-top: 0px; margin-bottom: 0px;\"><u>H.E. Mr. Ahmed Hassan Al-Bakr, President of the Republic of Iraq<\/u><\/p>\n<\/div>\n<p>&nbsp;<\/p>\n<div style=\"color: #000000; text-align: left; padding-top: 9px; font-size: 9pt; font-family: Verdana, san-serif;\">\n<p style=\"margin-top: 0px; margin-bottom: 0px;\">It gives me pleasure, on the occasion of the commemoration of the International Day of Solidarity with the Palestinian People, to commend resolution 32\/40 adopted by the United Nations General Assembly on 2 December 1977 on this matter, that resolution which sincerely expresses the feelings of the broad masses throughout the world and their true position on the question of Palestine. I am pleased also to take this opportunity to express the deep appreciation of the Government and people of Iraq for the laudable efforts made by your Committee to achieve the adoption of this resolution and for the large-scale preparations which your Committee has made for the commemoration of this day. Iraq&#8217;s position on the question of Palestine and the Middle East problem has always been clear, explicit and steadfast. Iraq regards it as a central and fateful Arab issue to which the people of Iraq are committed, just as all the members of the Arab nation and their countries are committed to it and concerned about it. Iraq regards the struggle for the restoration of the Palestinian Arab people&#8217;s rights to Palestine and the occupied Arab territories as a national responsibility, and it is incumbent upon all the countries of the Arab nation to provide all forms of backing and support for this struggle, inspired by this deep patriotic feeling. Realizing the gravity of the stage through which the Arab nation is currently passing, Iraq took the initiative of convening the Ninth Arab Summit Conference at Baghdad at the beginning of the current month of November, and the Conference produced historic resolution of far-ranging importance regarding the question of Palestine, which expressed a united Arab position upholding Arab solidarity.<\/p>\n<\/div>\n<div style=\"color: #000000; text-align: left; padding-top: 9px; font-size: 9pt; font-family: Verdana, san-serif;\">\n<p style=\"margin-top: 0px; margin-bottom: 0px;\">We appreciate the efforts which you are making to define the rights of the Palestinian people and their historic issues, in all their humanitarian and tragic dimensions, and to achieve solidarity with the Palestinian Arab people and gain support for them on a broader international scale. We assure you that Iraq, for its part, has made its preparations for the commemoration of this day as fully as possible, employing to this end all available capaci\u00adties, prompted by its steadfast national positions of principle.<\/p>\n<\/div>\n<div style=\"color: #000000; text-align: left; padding-top: 9px; font-size: 9pt; font-family: Verdana, san-serif;\">\n<p style=\"margin-top: 0px; margin-bottom: 0px;\">In conclusion, we wish your meeting all due success and respect.<\/p>\n<\/div>\n<p>&nbsp;<\/p>\n<div style=\"color: #000000; text-align: center; padding-top: 9px; font-size: 9pt; font-family: Verdana, san-serif;\">\n<p style=\"margin-top: 0px; margin-bottom: 0px;\">JORDAN<\/p>\n<\/div>\n<div style=\"color: #000000; text-align: center; padding-top: 9px; font-size: 9pt; font-family: Verdana, san-serif;\">\n<p style=\"margin-top: 0px; margin-bottom: 0px;\"><u>His Majesty Hussein ibn Talal, King of the Hashemite Kingdom of Jordan<\/u><\/p>\n<\/div>\n<p>&nbsp;<\/p>\n<div style=\"color: #000000; text-align: left; padding-top: 9px; font-size: 9pt; font-family: Verdana, san-serif;\">\n<p style=\"margin-top: 0px; margin-bottom: 0px;\">Jordan shares with the whole world this solemn occasion, the Day of Solidarity with the Palestinian People, in their tragedy and their struggle, in their suffering and steadfastness, in their pains and hopes. It is an occasion which arouses our deepest humanitarian feelings, because it represents a battle waged by justice against a foray of injustice. It is a dedication of the meanings of a free and dignified life which inspired the Charter of the United Nations with all the covenants, charters and resolutions that have stemmed from it to ensure for man the security of his homeland, his heritage, dignity, survival and sacred freedom.<\/p>\n<\/div>\n<div style=\"color: #000000; text-align: left; padding-top: 9px; font-size: 9pt; font-family: Verdana, san-serif;\">\n<p style=\"margin-top: 0px; margin-bottom: 0px;\">History, both ancient and recent, has never witnessed a tragedy with the magnitude of the one that has befallen the Palestinian people, who have been uprooted from the land that belonged to their fathers and forefathers since the dawn of history, and arbitrarily condemned to homelessness, suffering, occupation and the loss of identity, of heritage and of glorious history, which has so generously enriched the human civilization from their holy land, the cradle of divine religions and the place to which years the hearts of believers all over the world.<\/p>\n<\/div>\n<div style=\"color: #000000; text-align: left; padding-top: 9px; font-size: 9pt; font-family: Verdana, san-serif;\">\n<p style=\"margin-top: 0px; margin-bottom: 0px;\">Jordan, which has lived and continues to live the tragedy of the Palestinian people in all its dimensions, and has played host to more than 1.5 million Palestinians forced out of their homes by brutal force and recurrent atrocious aggression, takes the opportunity, on this solemn occasion, to express its unswerving and unflagging solidarity with its brethren, the Palestinian people, in their struggle to recover their usurped rights and to live in their holy land in freedom and dignity.<\/p>\n<\/div>\n<div style=\"color: #000000; text-align: left; padding-top: 9px; font-size: 9pt; font-family: Verdana, san-serif;\">\n<p style=\"margin-top: 0px; margin-bottom: 0px;\">Jordan would like also to extend its greetings and,to express its appreciation to the United Nations on its International Day of Solidarity with the Palestinian People. It considers this Day as a sincere and heartfelt expression of the international community&#8217;s upholding of its Charter, its ideals and its dignity by its steadfast stand for right, good and the cherished just peace; by its stand as a strong bulwark against the infringement and encroachment on this right, so that humanity, represented by the United Nations, may continue its march for the good, right, progress and peace based on justice.\u00a0\u00a0Let this day, the International Day of Solidarity with the Palestinian People be a radiant torch that dissipates the darkness of injustice and gloom.<\/p>\n<\/div>\n<div style=\"color: #000000; text-align: left; padding-top: 9px; font-size: 9pt; font-family: Verdana, san-serif;\">\n<p style=\"margin-top: 0px; margin-bottom: 0px;\">Jordan calls upon all States Members of the United Nations to shoulder their responsibility to save the Palestinian people from their present calamity, which poses a danger beyond the boundaries of the Middle East region, threatens world peace and security and imposes on the States of the world the duty to look beyond their narrow national interests in their approach to this tragedy, in order to safeguard the ,Charter of the United Nations and the conscience and values of mankind.<\/p>\n<\/div>\n<p>&nbsp;<\/p>\n<div style=\"color: #000000; text-align: center; padding-top: 9px; font-size: 9pt; font-family: Verdana, san-serif;\">\n<p style=\"margin-top: 0px; margin-bottom: 0px;\">KUWAIT<\/p>\n<\/div>\n<div style=\"color: #000000; text-align: center; padding-top: 9px; font-size: 9pt; font-family: Verdana, san-serif;\">\n<p style=\"margin-top: 0px; margin-bottom: 0px;\"><u>His Highness Sheikh Jaber Al-Ahmed Al-Sabah, the Emir of Kuwait<\/u><\/p>\n<\/div>\n<p>&nbsp;<\/p>\n<div style=\"color: #000000; text-align: left; padding-top: 9px; font-size: 9pt; font-family: Verdana, san-serif;\">\n<p style=\"margin-top: 0px; margin-bottom: 0px;\">It gives me great pleasure to address the Committee on the Exercise of the Inalienable Rights of the Palestinian People.<\/p>\n<\/div>\n<div style=\"color: #000000; text-align: left; padding-top: 9px; font-size: 9pt; font-family: Verdana, san-serif;\">\n<p style=\"margin-top: 0px; margin-bottom: 0px;\">We welcome any initiative of this kind designed to express sentiments of support and solidarity with any people who have been the target of oppression while struggling for a just cause and for the triumph of good over evil.<\/p>\n<\/div>\n<div style=\"color: #000000; text-align: left; padding-top: 9px; font-size: 9pt; font-family: Verdana, san-serif;\">\n<p style=\"margin-top: 0px; margin-bottom: 0px;\">The tragedy of the people of Palestine is a vivid and glaring example of the unprecedented injustice the Palestinian people have endured for the past 30 years, Their homeland was occupied by invaders and they were up\u00adrooted and expelled from their homeland. They remained throughout this Period a homeless people struggling for recognition of their rights and restoration of their homeland.<\/p>\n<\/div>\n<div style=\"color: #000000; text-align: left; padding-top: 9px; font-size: 9pt; font-family: Verdana, san-serif;\">\n<p style=\"margin-top: 0px; margin-bottom: 0px;\">If the tragedy of the Palestinian people, which is frequently called in diplomatic Practice, &#8216;the Middle East problem&#8217;, remains without a solution, and if the right of this people to their homes and homeland is not recognized, the inevitable result will be further aggravation of tension and turmoil in international relations. Hence it is the duty of the international community and every society dedicated to the cause of justice and freedom to accord to the Palestinian people and their sole legitimate representative, the Palestine Liberation Organization, support and assistance to enable them to regain their rights and return to their homeland.<\/p>\n<\/div>\n<div style=\"color: #000000; text-align: left; padding-top: 9px; font-size: 9pt; font-family: Verdana, san-serif;\">\n<p style=\"margin-top: 0px; margin-bottom: 0px;\">It is a cause of great optimism to see such a meeting convened in which the desired solidarity is clearly reflected and which expresses sincerely the support of the free man for his oppressed brother until he regains all his rights. We all believe in right and justice, which must ultimately triumph. Whether we are States or individuals, we strive for a peace based on right, equity and justice. We cannot achieve this noble goal without extending active support to the causes of oppressed peoples, such as the people of Palestine.<\/p>\n<\/div>\n<div style=\"color: #000000; text-align: left; padding-top: 9px; font-size: 9pt; font-family: Verdana, san-serif;\">\n<p style=\"margin-top: 0px; margin-bottom: 0px;\">I am confident that the Palestinian people will receive the support and fair treatment it deserves from the international community.<\/p>\n<\/div>\n<div style=\"color: #000000; text-align: left; padding-top: 9px; font-size: 9pt; font-family: Verdana, san-serif;\">\n<p style=\"margin-top: 0px; margin-bottom: 0px;\">I wish you success in your great efforts.<\/p>\n<\/div>\n<p>&nbsp;<\/p>\n<div style=\"color: #000000; text-align: center; font-size: 9pt; font-family: Verdana, san-serif;\">\n<p style=\"margin-top: 0px; margin-bottom: 0px;\">LIBYAN ARAB JAMAHIRIYA<\/p>\n<\/div>\n<p>&nbsp;<\/p>\n<div style=\"color: #000000; text-align: center; font-size: 9pt; font-family: Verdana, san-serif;\">\n<p style=\"margin-top: 0px; margin-bottom: 0px;\"><u>H.E. Colonel Mu&#8217;ammar Al Qaddafi, Secretary-General of the General<\/u><\/p>\n<\/div>\n<div style=\"color: #000000; text-align: center; font-size: 9pt; font-family: Verdana, san-serif;\">\n<p style=\"margin-top: 0px; margin-bottom: 0px;\"><u>People&#8217;s Congress of the Socialist People&#8217;s Libyan Arab Jamahiriya<\/u><\/p>\n<\/div>\n<p>&nbsp;<\/p>\n<div style=\"color: #000000; text-align: justify; padding-top: 9px; font-size: 9pt; font-family: Verdana, san-serif;\">\n<p style=\"margin-top: 0px; margin-bottom: 0px;\">The designation this year of a day of solidarity with the Palestinian people represents evidence that the international community recognizes the fact that among the peoples of the world exist the Palestinian people who have been expelled from their country, whose land is occupied, and who have the right to return to their homeland. If this was not the case, why would the United Nations designate a day of solidarity with the Palestinian people?<\/p>\n<\/div>\n<div style=\"color: #000000; text-align: left; padding-top: 9px; font-size: 9pt; font-family: Verdana, san-serif;\">\n<p style=\"margin-top: 0px; margin-bottom: 0px;\">Why are the nations of the world expressing their solidarity as they have decided to do? They have decided to as an expression of their solidarity with these people and their tragedy, with their right to return to their occupied homeland, and with their right to establish their State on the entire soil of their homeland.<\/p>\n<\/div>\n<div style=\"color: #000000; text-align: left; padding-top: 9px; font-size: 9pt; font-family: Verdana, san-serif;\">\n<p style=\"margin-top: 0px; margin-bottom: 0px;\">It is indeed unfortunate that, while the United Nations has taken this position towards the Palestinian people, these very same people are ignored outside the community of the United Nations. While on the one hand it is regrettable, on the other it is also only natural since those who are conspiring outside the United Nations are, in actuality, conspiring against the United Nations, against civilization, as well as against their own people whom they rule through their parties, their money and their swords.<\/p>\n<\/div>\n<div style=\"color: #000000; text-align: left; padding-top: 9px; font-size: 9pt; font-family: Verdana, san-serif;\">\n<p style=\"margin-top: 0px; margin-bottom: 0px;\">This day of solidarity, proposed by the United Nations, is an interna\u00adtional act of unmasking the attitudes of those conspirators who disregard the Palestinian people. It is an act of condemnation and denunciation of their vicious schemes.<\/p>\n<\/div>\n<div style=\"color: #000000; text-align: left; padding-top: 9px; font-size: 9pt; font-family: Verdana, san-serif;\">\n<p style=\"margin-top: 0px; margin-bottom: 0px;\">I am addressing you both as an Arab and as an individual whose country is a Member of the United Nations; this gives me the right to speak about my brothers the Palestinians, and as a Member about the United Nations, to empha\u00adsize that this international solidarity is a historical testimony to the justice of tee Palestinian cause. This will be considered as international support for the struggle of the Palestinian people until its victory over Zionist racism, the enemy of humanity and peace.<\/p>\n<\/div>\n<div style=\"color: #000000; text-align: left; padding-top: 9px; font-size: 9pt; font-family: Verdana, san-serif;\">\n<p style=\"margin-top: 0px; margin-bottom: 0px;\">I congratulate you on the political and historical awareness that the United Nations has shown under your leadership.<\/p>\n<\/div>\n<p>&nbsp;<\/p>\n<div style=\"color: #000000; text-align: center; font-size: 9pt; font-family: Verdana, san-serif;\">\n<p style=\"margin-top: 0px; margin-bottom: 0px;\">MADAGASCAR<\/p>\n<\/div>\n<p>&nbsp;<\/p>\n<div style=\"color: #000000; text-align: center; font-size: 9pt; font-family: Verdana, san-serif;\">\n<p style=\"margin-top: 0px; margin-bottom: 0px;\"><u>H.E. Mr. Didier Raisiraka<\/u>,<\/p>\n<\/div>\n<div style=\"color: #000000; text-align: center; font-size: 9pt; font-family: Verdana, san-serif;\">\n<p style=\"margin-top: 0px; margin-bottom: 0px;\"><u>President of the Democratic Republic of Madagascar<\/u><\/p>\n<\/div>\n<p>&nbsp;<\/p>\n<div style=\"color: #000000; text-align: left; padding-top: 9px; font-size: 9pt; font-family: Verdana, san-serif;\">\n<p style=\"margin-top: 0px; margin-bottom: 0px;\">On this International Day of Solidarity with the Palestinian People, I join with the Malagasy people, its Supreme Council of the Revolution and its Government in order to transmit our warmest congratulations on the untiring efforts which you have constantly made with a view to restoring the full rights of the Palestinian people, namely, their rights to self-determination, sovereignty and independence and the right to establish an independent Palestinian State. The active participation of the Democratic Republic of Madagascar in the work of the Committee is simply the expression of the profound conviction of the Malagasy people that no just and lasting peace can be found in the Middle East without the effective participation of the Pales\u00adtinian people under the leadership of the PLO, its authentic representative in all negotiations concerning the Middle East. I wish to express to you on this occasion our high appreciation of the way in which you fulfil the noble and delicate tasks which the entire international community has entrusted to you in this field. May the observance of this day create a new impetus for reco\u00adgnition of all the inalienable rights of the Palestinian people, the sole condition for a just and lasting peace in the Middle East.<\/p>\n<\/div>\n<p>&nbsp;<\/p>\n<div style=\"color: #000000; text-align: center; font-size: 9pt; font-family: Verdana, san-serif;\">\n<p style=\"margin-top: 0px; margin-bottom: 0px;\">MALI<\/p>\n<\/div>\n<p>&nbsp;<\/p>\n<div style=\"color: #000000; text-align: center; font-size: 9pt; font-family: Verdana, san-serif;\">\n<p style=\"margin-top: 0px; margin-bottom: 0px;\"><u>H.E. General Moussa Traore, President of the Military Committee of\u00a0\u00a0National Liberation<\/u><\/p>\n<\/div>\n<div style=\"color: #000000; text-align: center; font-size: 9pt; font-family: Verdana, san-serif;\">\n<p style=\"margin-top: 0px; margin-bottom: 0px;\"><u>and head of State and Government of the Republic of Mali<\/u><\/p>\n<\/div>\n<p>&nbsp;<\/p>\n<div style=\"color: #000000; text-align: left; padding-top: 9px; font-size: 9pt; font-family: Verdana, san-serif;\">\n<p style=\"margin-top: 0px; margin-bottom: 0px;\">As a part of its courageous efforts in patiently searching for just and lasting solutions to the Palestinian tragedy, the international community has decided to observe 29 November as a day of solidarity with the heroic Palestinian people. On behalf of the people of the Republic of Mali, who are constantly mobilized in the defence of just causes, I take this opportunity to renew our militant solidarity with the martyred Palestinian people and to urge the international community to redouble its efforts to restore to the Palestinian people their legitimate and sacred rights.<\/p>\n<\/div>\n<p>&nbsp;<\/p>\n<div style=\"color: #000000; text-align: center; font-size: 9pt; font-family: Verdana, san-serif;\">\n<p style=\"margin-top: 0px; margin-bottom: 0px;\">MAURITANIA<\/p>\n<\/div>\n<div style=\"color: #000000; text-align: center; font-size: 9pt; font-family: Verdana, san-serif;\">\n<p style=\"margin-top: 0px; margin-bottom: 0px;\"><u>H.E. Colonel Al-Mustafa Ould Muhammad Salek, Chairman of the Military<\/u><\/p>\n<\/div>\n<div style=\"color: #000000; text-align: center; font-size: 9pt; font-family: Verdana, san-serif;\">\n<p style=\"margin-top: 0px; margin-bottom: 0px;\"><u>Committee for National Recovery and head of Government of the Islamic Republic of Mauritania<\/u><\/p>\n<\/div>\n<p>&nbsp;<\/p>\n<div style=\"color: #000000; text-align: left; padding-top: 9px; font-size: 9pt; font-family: Verdana, san-serif;\">\n<p style=\"margin-top: 0px; margin-bottom: 0px;\">At a time when your Committee is holding this extraordinary meeting, it is my duty to commend the noble task which you have undertaken and which is in complete conformity with the basic rights of peoples.<\/p>\n<\/div>\n<div style=\"color: #000000; text-align: left; padding-top: 9px; font-size: 9pt; font-family: Verdana, san-serif;\">\n<p style=\"margin-top: 0px; margin-bottom: 0px;\">Yes, you have been working to relieve the sufferings of a people who still live in camps on the charity of others. And it is deeply disturbing that the conditions in which the Palestinian people live should not gain them the sympathy and support of those who claim to be defending human rights all over the world.<\/p>\n<\/div>\n<div style=\"color: #000000; text-align: left; padding-top: 9px; font-size: 9pt; font-family: Verdana, san-serif;\">\n<p style=\"margin-top: 0px; margin-bottom: 0px;\">It is the obligation of the entire international community to put an end to the injustice suffered by the Palestinian people. And I am absolutely sure that the courageous and steadfast struggle waged by the Palestinian people, under the leadership of their legitimate representative, the Palestine Liberation Organization, will inevitably result in final victory. Your own contribution constitutes a strong support in this respect.<\/p>\n<\/div>\n<div style=\"color: #000000; text-align: left; padding-top: 9px; font-size: 9pt; font-family: Verdana, san-serif;\">\n<p style=\"margin-top: 0px; margin-bottom: 0px;\">I would like to assure you that the Mauritanian people, as well as the Military Committee for National Recovery and the Government of Mauritania, will always stand by you in defending the legitimate rights of the Palestinian people.<\/p>\n<\/div>\n<p>&nbsp;<\/p>\n<div style=\"color: #000000; text-align: center; padding-top: 9px; font-size: 9pt; font-family: Verdana, san-serif;\">\n<p style=\"margin-top: 0px; margin-bottom: 0px;\">MOROCCO<\/p>\n<\/div>\n<div style=\"color: #000000; text-align: center; padding-top: 9px; font-size: 9pt; font-family: Verdana, san-serif;\">\n<p style=\"margin-top: 0px; margin-bottom: 0px;\"><u>His Majesty Hassan II. King of Morocco<\/u><\/p>\n<\/div>\n<p>&nbsp;<\/p>\n<div style=\"color: #000000; text-align: left; padding-top: 9px; font-size: 9pt; font-family: Verdana, san-serif;\">\n<p style=\"margin-top: 0px; margin-bottom: 0px;\">Praised be to God.<\/p>\n<\/div>\n<div style=\"color: #000000; text-align: left; padding-top: 9px; font-size: 9pt; font-family: Verdana, san-serif;\">\n<p style=\"margin-top: 0px; margin-bottom: 0px;\">Blessed by His Prophet and may He grant him salvation. Peace be upon you and may God bless you.<\/p>\n<\/div>\n<div style=\"color: #000000; text-align: left; padding-top: 9px; font-size: 9pt; font-family: Verdana, san-serif;\">\n<p style=\"margin-top: 0px; margin-bottom: 0px;\">It is indeed gratifying for us to take this opportunity of the commemo\u00adration of the International Day of Solidarity with the Palestinian People to send you this message and to express to you our full support and utmost backing for the great efforts you are making, so that the struggling Palestinian people may secure their legitimate rights and enjoy, like all other peoples, the exer\u00adcise of the rights set forth in the Universal Declaration of Human Rights and the Charter of the United Nations.<\/p>\n<\/div>\n<div style=\"color: #000000; text-align: left; padding-top: 9px; font-size: 9pt; font-family: Verdana, san-serif;\">\n<p style=\"margin-top: 0px; margin-bottom: 0px;\">The Kingdom Of Morocco, which considers the Palestinian question as sacred and which has provided, and will continue to provide, all means of consolidating, supporting and backing the Palestinian people&#8217;s struggle, so that they may reco\u00adver their legitimate rights and be able to return to their homeland, exercise their right to self-determination and establish their own State on their own land, reaffirms its firm conviction that the Palestinian question is the crux of the Middle East problem and that peace will not be established in this important area until the Palestinian people are enabled to exercise their legitimate national rights and to participate in all Palestinian Liberation Organization, in its capa\u00adcity as the legitimate representative of the Palestinian people.<\/p>\n<\/div>\n<div style=\"color: #000000; text-align: left; padding-top: 9px; font-size: 9pt; font-family: Verdana, san-serif;\">\n<p style=\"margin-top: 0px; margin-bottom: 0px;\">On this occasion, we appeal to all States Members of the United Nations and to all peace- and justice-loving forces to stand by this true Arab people, who have been and still are being subjected to all kinds of displacement and exter\u00admination so that this people may recover their rights and dignity. We call upon these forces to exert all means of pressure on Israel to make it stop building settlements in the occupied Arab territories, and to relinquish its policy of Judaizing historical and archaeological sites and holy places, a policy which aims at obliterating entity and existence of the Palestinian people, despite all the resolutions adopted by the United Nations and the other international organizations within the United Nations system.<\/p>\n<\/div>\n<div style=\"color: #000000; text-align: left; padding-top: 9px; font-size: 9pt; font-family: Verdana, san-serif;\">\n<p style=\"margin-top: 0px; margin-bottom: 0px;\">The Palestinian people, who have declared their dedication to peace based on justice and who are claiming their right to return to their homeland, as well as their right of self-determination to conformity with United Nations resolutions, deserve this commemoration by the peoples and States of the world of this Day of Solidarity, and they deserve to obtain all their rights and to establish an independent State of their own.<\/p>\n<\/div>\n<div style=\"color: #000000; text-align: left; padding-top: 9px; font-size: 9pt; font-family: Verdana, san-serif;\">\n<p style=\"margin-top: 0px; margin-bottom: 0px;\">May God grant you success in your work for the cause of humanity, right and justice.<\/p>\n<\/div>\n<div style=\"color: #000000; text-align: left; padding-top: 9px; font-size: 9pt; font-family: Verdana, san-serif;\">\n<p style=\"margin-top: 0px; margin-bottom: 0px;\">Peace be upon you and may God bless you.<\/p>\n<\/div>\n<p>&nbsp;<\/p>\n<div style=\"color: #000000; text-align: center; padding-top: 9px; font-size: 9pt; font-family: Verdana, san-serif;\">\n<p style=\"margin-top: 0px; margin-bottom: 0px;\">PAKISTAN<\/p>\n<\/div>\n<div style=\"color: #000000; text-align: center; padding-top: 9px; font-size: 9pt; font-family: Verdana, san-serif;\">\n<p style=\"margin-top: 0px; margin-bottom: 0px;\"><u>H.E. General M. Zia Ul Haq, President of the Islamic Republic of Pakistan<\/u><\/p>\n<\/div>\n<p>&nbsp;<\/p>\n<div style=\"color: #000000; text-align: left; padding-top: 9px; font-size: 9pt; font-family: Verdana, san-serif;\">\n<p style=\"margin-top: 0px; margin-bottom: 0px;\">The Government and people of Pakistan have watched with deep concern the persistent denial of the fundamental national and human rights of the Palestinian people. The tragedy of Palestine is further underlined by the fact that the just demands of its people remain unfulfilled despite having received the support of the international community. It is a measure of the courage and determination of the indomitable people of Palestine that, instead of being discouraged by the intransigence of those who aim to obliterate their identity, they have not faltered in their quest for regaining their homeland and full recognition of their national rights under the leadership of the Palestine Liberation Organization.<\/p>\n<\/div>\n<div style=\"color: #000000; text-align: left; padding-top: 9px; font-size: 9pt; font-family: Verdana, san-serif;\">\n<p style=\"margin-top: 0px; margin-bottom: 0px;\">Pakistan has always considered the solution of the Palestinian question the key to peace in the Middle East. The injustice perpetrated against the people of Palestine and the untold sufferings inflicted on them for over three decades are a standing rebuke to the conscience of mankind.<\/p>\n<\/div>\n<div style=\"color: #000000; text-align: left; padding-top: 9px; font-size: 9pt; font-family: Verdana, san-serif;\">\n<p style=\"margin-top: 0px; margin-bottom: 0px;\">The International Day of Solidarity with the Palestinian People, which is being celebrated today under the aegis of the United Nations, symbolizes the recognition by the world community of the inalienable rights of the people of Palestine. The people of Pakistan have indissoluble cultural and religious links with their Palestinian brethren, and will continue as always to extend to them unflinching and steadfast support for the realization of their just aspirations. The heroic struggle of our Palestinian brothers is supported by an overwhelming majority of the nations of the world. The day is not far off when their sacrifices will be crowned with success.<\/p>\n<\/div>\n<p>&nbsp;<\/p>\n<div style=\"color: #000000; text-align: center; padding-top: 9px; font-size: 9pt; font-family: Verdana, san-serif;\">\n<p style=\"margin-top: 0px; margin-bottom: 0px;\">QATAR<\/p>\n<\/div>\n<div style=\"color: #000000; text-align: center; padding-top: 9px; font-size: 9pt; font-family: Verdana, san-serif;\">\n<p style=\"margin-top: 0px; margin-bottom: 0px;\"><u>His Highness Shaikh Khalifa bin Hamad Al Thani, Amir of the State of Qatar<\/u><\/p>\n<\/div>\n<p>&nbsp;<\/p>\n<div style=\"color: #000000; text-align: justify; padding-top: 9px; font-size: 9pt; font-family: Verdana, san-serif;\">\n<p style=\"margin-top: 0px; margin-bottom: 0px;\">The question of Palestine is a comprehensive issue comprising interrelated elements and interconnected components. In the United Nations this question has retained this, its true character, from the time when it arose more than 30 years ago up to the present. Whenever a matter relating to its is brought before the Security Council or the General Assembly, it is included in the respective agendas of these two major organs of the supreme international Organization as coming under the item relating to the over-all issue, the &#8216;Question of Palestine&#8217;.<\/p>\n<\/div>\n<div style=\"color: #000000; text-align: left; padding-top: 9px; font-size: 9pt; font-family: Verdana, san-serif;\">\n<p style=\"margin-top: 0px; margin-bottom: 0px;\">The over-all &#8216;Question of Palestine&#8217; has become a problem of extreme gravity, with multiple interrelated aspects, because it is at once a political, legal, economic, humanitarian, ethical and religious problem. This problem lies at the heart of the international crisis known as the &#8216;Middle East crisis&#8217;, which resulted from the implementation of acts constituting successive links in the chain of Israel&#8217;s policy of aggression and its ex\u00adpansionist ambitions, whereby its aggression extended to Palestine and to other Arab lands in Egypt, Syria and Jordan. It is a problem which is distinguished from all other international problems by the fact that it is unprecedented in history, because never before has an aggressor driven an entire people from their homeland in order to usurp it for itself and take that people&#8217;s place in its homeland on purely religious grounds.<\/p>\n<\/div>\n<div style=\"color: #000000; text-align: left; padding-top: 9px; font-size: 9pt; font-family: Verdana, san-serif;\">\n<p style=\"margin-top: 0px; margin-bottom: 0px;\">The whole world has reached a consensus regarding the necessity of arriving at a comprehensive, just and peaceful settlement of the Middle East crisis. A consensus has likewise been established on the fact that failure to achieve such a settlement presents an imminent threat to peace in the region which may result in the flare-up of a new war there and which could sooner or later lead to the outbreak of a third world war.<\/p>\n<\/div>\n<div style=\"color: #000000; text-align: left; padding-top: 9px; font-size: 9pt; font-family: Verdana, san-serif;\">\n<p style=\"margin-top: 0px; margin-bottom: 0px;\">Since the question of Palestine unquestionably constitutes the root, essence and core of the Middle East crisis, it was natural that a consensus of opinion should be reached on the fact that the settlement of the Middle East crisis makes it imperative to find a just and comprehensive Solution to that question.<\/p>\n<\/div>\n<div style=\"color: #000000; text-align: left; padding-top: 9px; font-size: 9pt; font-family: Verdana, san-serif;\">\n<p style=\"margin-top: 0px; margin-bottom: 0px;\">In performance of its primary duty, namely, the maintenance of interna\u00adtional peace and security, the United Nations has convened, with a view to arriving at such a solution, more than 1,000 meetings in its various compe\u00adtent organs. As a result of these meetings these organs have adopted some 200 resolutions. But all these meetings and resolutions have come to nought, and one half of the Palestinian Arab people have continued living the tragic life of displaced persons, far from the soil of their homeland, while the other half have remained subject to the yoke of Israeli occupation of that land, suffering the bitterness of humiliation and the various forms of degradation and oppression.<\/p>\n<\/div>\n<div style=\"color: #000000; text-align: left; padding-top: 9px; font-size: 9pt; font-family: Verdana, san-serif;\">\n<p style=\"margin-top: 0px; margin-bottom: 0px;\">In the face of this horrendous situation and the enormity of the dangers involved, the General Assembly, on 10 November 1975, adopted resolution 3376 (XXX) establishing the Committee on the Exercise of the Inalienable Rights of the Palestinian People. That historic resolution reaffirmed those rights and, in particular, the right of the Palestinian people to self-determination without external interference, their right to national independence and sovereignty and their right to return to their homes and to restoration of their property there.<\/p>\n<\/div>\n<div style=\"color: #000000; text-align: left; padding-top: 9px; font-size: 9pt; font-family: Verdana, san-serif;\">\n<p style=\"margin-top: 0px; margin-bottom: 0px;\">The aforementioned resolution gave the Committee a basic mandate comprising two major parts :.the first, to prepare a programme of implementation designed to enable, the Palestinian people to exercise the inalienable rights referred to, taking into consideration the action taken by the Security Council in that regard, and secondly, to assumed responsibility for focusing international concern on the achievement of progress towards a just solution to the question of Palestine and for keeping the attention of the international community directed towards the ordeal of that people, in order to strengthen international solidarity with them in their tragedy.<\/p>\n<\/div>\n<div style=\"color: #000000; text-align: left; padding-top: 9px; font-size: 9pt; font-family: Verdana, san-serif;\">\n<p style=\"margin-top: 0px; margin-bottom: 0px;\">In implementation of the second part of the Committee&#8217;s mandate, the General Assembly, on 2 December 1977, adopted resolution 32\/40B establishing within the United Nations Secretariat a Special Unit on Palestinian Rights, entrusted, <u>inter alia<\/u>,\u00a0with the organization, in consultation with the Committee on the Exercise of the Inalienable Rights of the Palestinian People, commencing in this year, 1978, annual observance of 29 November as the International Day of Solidarity with the Palestinian People.<\/p>\n<\/div>\n<div style=\"color: #000000; text-align: left; padding-top: 9px; font-size: 9pt; font-family: Verdana, san-serif;\">\n<p style=\"margin-top: 0px; margin-bottom: 0px;\">I am greatly pleased to be given this opportunity to send greetings, on my behalf and on behalf of the people and Government of the State of Qatar, to this meeting held today in the forum of the United Nations for the purpose of focusing the attention of the whole world on the gravity of the overwhelming danger which threatens international peace and security as a result of the perpetuation of Israel&#8217;s aggression against Palestine, that precious part of the great Arab homeland, and to the unprecedented criminal consequences of that aggression, namely, the dispersion of the Palestinian Arab people from their homes, the occupation of their land, the desecration of the holy places of Islam in this land, extreme coercion and oppression of those of this people who remain there in a way which exceeds in its savagery every conceivable limit with regard to the violation of legal and ethical norms and of religious and humane values, not to mention the flouting of the purposes and principles of the United Nations and the resolutions which the Organization has adopted for the implementation of these purposes and principles.<\/p>\n<\/div>\n<div style=\"color: #000000; text-align: left; padding-top: 9px; font-size: 9pt; font-family: Verdana, san-serif;\">\n<p style=\"margin-top: 0px; margin-bottom: 0px;\">Unquestionably, the convening of this meeting in the forum of the supreme international Organization on the occasion of the International Day of Solidarity with the Palestinian People is an event of profound significance, affirming the conviction of the international community, which is represented in this Organization and whose conscience and will are expressed through the Organization&#8217;s resolutions, of the justness of the Palestinian cause and the necessity of finding for the Palestinian question, on the basis of those resolutions, a solution which is comprehensive and just with regard to all aspects of that question.<\/p>\n<\/div>\n<div style=\"color: #000000; text-align: left; padding-top: 9px; font-size: 9pt; font-family: Verdana, san-serif;\">\n<p style=\"margin-top: 0px; margin-bottom: 0px;\">The purpose of the observance of 29 November of each year as the annual day for the expression of international solidarity with the Palestinian people is to remind the international community that aggression unprecedented in history with regard to the unparalleled injustice which it inflicts on a whole people is still &#8211; contrary to the will of the international community &#8211; oppressing the members of this people, in spite of all the efforts which have been and are being made, within the United Nations and outside, to put an end to it peacefully. Our greatest hope is, therefore, that this reminder will convince the leaders of the world that the time has really come for their duty of solidarity with the Pales\u00adtinian people, which they have been supporting within our supreme international Organization through the adoption of its resolutions on the question, and outside it, through the adoption of its resolutions on the question, and outside it, through the numerous statements which they have made in support of those rights.<\/p>\n<\/div>\n<div style=\"color: #000000; text-align: left; padding-top: 9px; font-size: 9pt; font-family: Verdana, san-serif;\">\n<p style=\"margin-top: 0px; margin-bottom: 0px;\">A consensus has been reached in the international community that there will be no peace in the Middle East without recognition of the aforementioned legitimate rights of the Palestinian people and that the genuine threat to this peace presented by the perpetuation of Israel&#8217;s aggression against the, Arab territories exposes international peace and security to the greatest of dangers. Accordingly, the Arab nation, in calling today upon the leaders of the world and, in particular, the leaders of the big Powers, which bear the greatest share of responsibility for the maintenance of international peace and security, to extend assistance to the Palestinian Arab people for the restoration of their full rights, is only calling upon them to perform the duty imposed upon them by the United Nations Charter, which they are committed to respect, namely, the duty laid down in Article 1 of the Charter to take effective collective measures for the removal of threats to international peace and security and for the suppression of acts of aggression which constitute breaches thereof.<\/p>\n<\/div>\n<div style=\"color: #000000; text-align: justify; padding-top: 9px; font-size: 9pt; font-family: Verdana, san-serif;\">\n<p style=\"margin-top: 0px; margin-bottom: 0px;\">It has become a duty incumbent on the peoples and Governments of the world to organize their efforts to strengthen United Nations endeavours to put an end to Israel&#8217;s defiance of their collective will and to erase the great stigma of Israel&#8217;s total disregard of this will.<\/p>\n<\/div>\n<div style=\"color: #000000; text-align: left; padding-top: 9px; font-size: 9pt; font-family: Verdana, san-serif;\">\n<p style=\"margin-top: 0px; margin-bottom: 0px;\">The Arab State of Qatar, hoping that the International Day of Solidarity with the Palestinian People will help to bring about this solidarity in a positive and effective form that will ensure this fraternal Arab people the full restoration of their rights, expresses the wish that this day may be fully successful in the achievement of its lofty goals and that the Committee on the Exercise of the Inalienable Rights of the Palestinian People will have the utmost success in the discharge of its meritorious functions.<\/p>\n<\/div>\n<p>&nbsp;<\/p>\n<div style=\"color: #000000; text-align: center; padding-top: 9px; font-size: 9pt; font-family: Verdana, san-serif;\">\n<p style=\"margin-top: 0px; margin-bottom: 0px;\">ROMANIA<\/p>\n<\/div>\n<div style=\"color: #000000; text-align: center; padding-top: 9px; font-size: 9pt; font-family: Verdana, san-serif;\">\n<p style=\"margin-top: 0px; margin-bottom: 0px;\"><u>H.E. Mr. Nicolas Ceausescu, President of the Socialist Republic of Romania<\/u><\/p>\n<\/div>\n<p>&nbsp;<\/p>\n<div style=\"color: #000000; text-align: left; padding-top: 9px; font-size: 9pt; font-family: Verdana, san-serif;\">\n<p style=\"margin-top: 0px; margin-bottom: 0px;\">The observance within the United Nations of an International Day of Solidarity with the Palestinian People provides me with the opportunity to reaffirm in this way, too, the solidarity and support of the Romanian people for the just struggle being waged by the Palestinian people for recognition of their legitimate rights to self-determination, including the establishment of their own independent State.<\/p>\n<\/div>\n<div style=\"color: #000000; text-align: left; padding-top: 9px; font-size: 9pt; font-family: Verdana, san-serif;\">\n<p style=\"margin-top: 0px; margin-bottom: 0px;\">Romania has constantly advocated a political settlement, through negotiations, of the problems of the Middle East, with a view to arriving at a lasting and just peace, based on the withdrawal of Israel from Arab territories occupied after the 1967 war, on the solution of the problem of the Palestinian people, in accordance with their right to self-determination, including the establishment of their own independent State, and on the guarantee of independence and territorial integrity of all the States of the region.<\/p>\n<\/div>\n<div style=\"color: #000000; text-align: left; padding-top: 9px; font-size: 9pt; font-family: Verdana, san-serif;\">\n<p style=\"margin-top: 0px; margin-bottom: 0px;\">A just solution of the question of Palestine would provide the corner-stone for the achievement of a just and lasting peace in the region, for the assurance of the territorial integrity, independence, sovereignty, security and tranquillity of all the States in this part of the world and for the creation of a climate of peace. Romania is firmly convinced that this key issue in the building of peace cannot be solved without the direct participation in the negotiations of the Palestinian people, and their representative, the Palestine Liberation Organization, as their legitimate, authentic and acknowledged representative.<\/p>\n<\/div>\n<div style=\"color: #000000; text-align: left; padding-top: 9px; font-size: 9pt; font-family: Verdana, san-serif;\">\n<p style=\"margin-top: 0px; margin-bottom: 0px;\">Romania considers that it is now more necessary than ever to intensify activity aimed at achieving an over-all political settlement of the problems of the Middle East and that there is a need to take action with a view to finding the means of ensuring the participation of all countries and all the interested parties in an over-all settlement of the conflict in order to strengthen co-operation and solidarity among all the Arab countries concerned. In this spirit, we consider that it would be particularly important to hold, under the auspices and with the active participation of the United Nations, an international meeting &#8211; either by reconvening the Geneva Conference or in another form &#8211; with the participation of all of the countries concerned and of the PLO, as the legitimate representative of the Palestinian people.<\/p>\n<\/div>\n<div style=\"color: #000000; text-align: left; padding-top: 9px; font-size: 9pt; font-family: Verdana, san-serif;\">\n<p style=\"margin-top: 0px; margin-bottom: 0px;\">On the basis of the analysis of the current international situation and of the contradictory trends that have appeared in the world, Romania considers that there is an overriding need for all progressive, democratic and anti-imperialist forces and for all peoples waging a determined struggle to achieve their independent development to unite their efforts, strengthen their solidarity and develop their collaboration with a view to achieving a just political settlement, through negotiations, of all the problems of contemporary life in order to eliminate all hotbeds of tension and war, and to initiate new relations among States, based on complete equality, respect for national independence and sovereignty, and non-interference in internal affairs. Within this framework, we believe that it is also necessary to act in order to achieve an over-all settlement of the complex problems of the Middle East, including the realization of the legitimate rights of the Palestinian people, in order to establish a just and lasting peace, corresponding to the interests of the peoples of the region and of, the entire world.<\/p>\n<\/div>\n<div style=\"color: #000000; text-align: left; padding-top: 9px; font-size: 9pt; font-family: Verdana, san-serif;\">\n<p style=\"margin-top: 0px; margin-bottom: 0px;\">In expressing my conviction that the United Nations will continue its efforts to achieve a settlement, at the earliest possible opportunity, of the Middle East conflict and to enable the Palestinian people to attain their legitimate aspirations, I address to you, and through you to the United Nations, heartfelt greetings and best wishes for success in activities devoted to the cause of peace, freedom, national independence and collaboration among peoples, with a view to bringing about a better and more just world.<\/p>\n<\/div>\n<p>&nbsp;<\/p>\n<div style=\"color: #000000; text-align: center; padding-top: 9px; font-size: 9pt; font-family: Verdana, san-serif;\">\n<p style=\"margin-top: 0px; margin-bottom: 0px;\">SAN MARINO<\/p>\n<\/div>\n<p>&nbsp;<\/p>\n<div style=\"color: #000000; text-align: center; font-size: 9pt; font-family: Verdana, san-serif;\">\n<p style=\"margin-top: 0px; margin-bottom: 0px;\"><u>Their Excellencies Mr. Ermenegildo Gasperoni and Mr. Adriano Reffi<\/u>,<\/p>\n<\/div>\n<div style=\"color: #000000; text-align: center; font-size: 9pt; font-family: Verdana, san-serif;\">\n<p style=\"margin-top: 0px; margin-bottom: 0px;\"><u>Captains Regent of the Republic of San Marino<\/u><\/p>\n<\/div>\n<p>&nbsp;<\/p>\n<div style=\"color: #000000; text-align: left; padding-top: 9px; font-size: 9pt; font-family: Verdana, san-serif;\">\n<p style=\"margin-top: 0px; margin-bottom: 0px;\">The celebration of Solidarity Day with the Palestinian people is joined by the people of San Marino who, animated by the moral strength derived from the ancient tradition of peace and liberty, follow with constant attention the Middle East situation and the painful consequences which have caused and continue to cause much suffering to the heroic Palestinian people.<\/p>\n<\/div>\n<div style=\"color: #000000; text-align: left; padding-top: 9px; font-size: 9pt; font-family: Verdana, san-serif;\">\n<p style=\"margin-top: 0px; margin-bottom: 0px;\">The deep Middle East tension has largely proved to all the people that any conflict settlement other than one based on the means of peaceful negotiations is impossible, that territorial occupation provokes irremediable wars which are fought with the dispersion of the people and the annihilation of regional individualities.<\/p>\n<\/div>\n<div style=\"color: #000000; text-align: left; padding-top: 9px; font-size: 9pt; font-family: Verdana, san-serif;\">\n<p style=\"margin-top: 0px; margin-bottom: 0px;\">In this context, the people of San Marino believe that all nations, whether big or small, have the right to a territory on which they can build their own state and make it prosper, safe from any armed aggression, from any political and economic condition, and from any external interference.<\/p>\n<\/div>\n<div style=\"color: #000000; text-align: left; padding-top: 9px; font-size: 9pt; font-family: Verdana, san-serif;\">\n<p style=\"margin-top: 0px; margin-bottom: 0px;\">In the full respect of people&#8217;s life and self determination and in the name of the people and the Government of the Republic of San Marino, we express our full solidarity with the struggle of the Palestinian people to whom we wish a cessation of every suffering and the definitive and stable settlement in the region with equitable and territorial borders universally respected in time.<\/p>\n<\/div>\n<p>&nbsp;<\/p>\n<div style=\"color: #000000; text-align: center; padding-top: 9px; font-size: 9pt; font-family: Verdana, san-serif;\">\n<p style=\"margin-top: 0px; margin-bottom: 0px;\">SENEGAL<\/p>\n<\/div>\n<div style=\"color: #000000; text-align: center; padding-top: 9px; font-size: 9pt; font-family: Verdana, san-serif;\">\n<p style=\"margin-top: 0px; margin-bottom: 0px;\"><u>H.E. Mr. Leopold Sedar Senghor, President of the Republic of Senegal<\/u><\/p>\n<\/div>\n<p>&nbsp;<\/p>\n<div style=\"color: #000000; text-align: justify; padding-top: 9px; font-size: 9pt; font-family: Verdana, san-serif;\">\n<p style=\"margin-top: 0px; margin-bottom: 0px;\">At the time when the United Nations is commemorating for the first time the Day of Solidarity with the Palestinian People, who have been struggling for 30 years for the exercise of their inalienable right to return to their homeland, to self-determination and to the establishment of an independent State in Palestine, I would like, on behalf of the Senegalese people and Government, to convey to you my fervent wishes for the success of this historic Day.<\/p>\n<\/div>\n<div style=\"color: #000000; text-align: left; padding-top: 9px; font-size: 9pt; font-family: Verdana, san-serif;\">\n<p style=\"margin-top: 0px; margin-bottom: 0px;\">This event is all the more significant because it is the United Nations which has taken the initiative, thereby reaffirming its primary responsibility for the restoration of the inalienable rights of the Palestinians and its duty to continue to play an active and constructive role for the attainment of that goal.<\/p>\n<\/div>\n<div style=\"color: #000000; text-align: left; padding-top: 9px; font-size: 9pt; font-family: Verdana, san-serif;\">\n<p style=\"margin-top: 0px; margin-bottom: 0px;\">It is our conviction that a just settlement of the question of Palestine can be achieved only under the auspices of the United Nations, with the participation, on a footing of equality, of all interested parties, including the Palestine Liberation Organization, in its capacity as the legitimate representative of the Palestinian people.<\/p>\n<\/div>\n<div style=\"color: #000000; text-align: left; padding-top: 9px; font-size: 9pt; font-family: Verdana, san-serif;\">\n<p style=\"margin-top: 0px; margin-bottom: 0px;\">In this connexion, it gives me particular pleasure to pay ,a tribute to the Committee on the Exercise of the Inalienable Rights of the Palestinian People for the valuable, serious and outstanding work which it has accomplished since its establishment. Through its perseverance and sustained action, your Committee has helped to present a true picture of the question of Palestine and has contributed towards the formulation of the only programme acceptable to the Palestinians for the implementation of their rights.<\/p>\n<\/div>\n<div style=\"color: #000000; text-align: left; padding-top: 9px; font-size: 9pt; font-family: Verdana, san-serif;\">\n<p style=\"margin-top: 0px; margin-bottom: 0px;\">This is the occasion for reaffirming the support of the Senegalese Government and my own support for the recommendations of your Committee, as a basis for a just settlement of the question of Palestine.<\/p>\n<\/div>\n<div style=\"color: #000000; text-align: left; padding-top: 9px; font-size: 9pt; font-family: Verdana, san-serif;\">\n<p style=\"margin-top: 0px; margin-bottom: 0px;\">The Senegalese Government and I myself encourage you to persevere in your efforts, and we assure you of our full co-operation.<\/p>\n<\/div>\n<div style=\"color: #000000; text-align: left; padding-top: 9px; font-size: 9pt; font-family: Verdana, san-serif;\">\n<p style=\"margin-top: 0px; margin-bottom: 0px;\">By working to promote the rights of the Palestinian people, you are serving the ideals of peace and justice which are the very foundation of the United Nations.<\/p>\n<\/div>\n<p>&nbsp;<\/p>\n<div style=\"color: #000000; text-align: center; padding-top: 9px; font-size: 9pt; font-family: Verdana, san-serif;\">\n<p style=\"margin-top: 0px; margin-bottom: 0px;\">SEYCHELLES<\/p>\n<\/div>\n<div style=\"color: #000000; text-align: center; padding-top: 9px; font-size: 9pt; font-family: Verdana, san-serif;\">\n<p style=\"margin-top: 0px; margin-bottom: 0px;\"><u>H.E. Mr. France Albert Ren\u00e9, President of the Republic of Seychelles<\/u><\/p>\n<\/div>\n<p>&nbsp;<\/p>\n<div style=\"color: #000000; text-align: left; padding-top: 9px; font-size: 9pt; font-family: Verdana, san-serif;\">\n<p style=\"margin-top: 0px; margin-bottom: 0px;\">I was extremely pleased when, by resolution 32\/40B of 2 December last year, the General Assembly established the Special Unit on Palestinian Rights and requested it, in consultation with the Committee on the Exercise of the Inalienable Rights of the Palestinian People to organize the annual observance of 29 November as the International Day of Solidarity with the Palestinian People. For, despite praiseworthy efforts by some, for far too long, the international community as a whole has not paid the attention it should have to the problems of the Palestinian people nor has it lent its full weight and energy to resolving them.<\/p>\n<\/div>\n<div style=\"color: #000000; text-align: left; padding-top: 9px; font-size: 9pt; font-family: Verdana, san-serif;\">\n<p style=\"margin-top: 0px; margin-bottom: 0px;\">My hope if therefore that the solemn observance of this day will not only focus attention on the continuing plight of the Palestinian people but will stir the conscience of all of us to act positively to help them secure their rights, at an early date.<\/p>\n<\/div>\n<p>&nbsp;<\/p>\n<div style=\"color: #000000; text-align: center; padding-top: 9px; font-size: 9pt; font-family: Verdana, san-serif;\">\n<p style=\"margin-top: 0px; margin-bottom: 0px;\">SOMALIA<\/p>\n<\/div>\n<div style=\"color: #000000; text-align: center; padding-top: 9px; font-size: 9pt; font-family: Verdana, san-serif;\">\n<p style=\"margin-top: 0px; margin-bottom: 0px;\"><u>H.E. Mohamed Siyad Barre, President of the Somali Democratic Republic<\/u><\/p>\n<\/div>\n<p>&nbsp;<\/p>\n<div style=\"color: #000000; text-align: left; padding-top: 9px; font-size: 9pt; font-family: Verdana, san-serif;\">\n<p style=\"margin-top: 0px; margin-bottom: 0px;\">On this great occasion when the international community is commemorating the International Day of Solidarity with the Palestinian People, I wish on behalf of the Government and people of the Somali Democratic Republic and in my own name to reaffirm our solidarity with and support for the just cause of Palestinian people.<\/p>\n<\/div>\n<div style=\"color: #000000; text-align: justify; padding-top: 9px; font-size: 9pt; font-family: Verdana, san-serif;\">\n<p style=\"margin-top: 0px; margin-bottom: 0px;\">The Somali Democratic Republic has consistently supported the inalienable rights of the Palestinian people to self-determination, national independence and sovereignty in Palestine, and their right to return to their homes in the land which they and their ancestors inhabited from time immemorial.<\/p>\n<\/div>\n<div style=\"color: #000000; text-align: left; padding-top: 9px; font-size: 9pt; font-family: Verdana, san-serif;\">\n<p style=\"margin-top: 0px; margin-bottom: 0px;\">We are gratified that the international community and particularly the General Assembly has come all out in support of the inalienable rights of the Palestinian people as was expressed in the General Assembly resolution 3236 (XXIX). In this connexion, Israel has been condemned by the international community for her usurpation of the inalienable rights of the Palestinian people and her violation of the international law, and the provisions of United Nations resolutions.<\/p>\n<\/div>\n<div style=\"color: #000000; text-align: left; padding-top: 9px; font-size: 9pt; font-family: Verdana, san-serif;\">\n<p style=\"margin-top: 0px; margin-bottom: 0px;\">We highly commend the Committee on the Exercise of the Inalienable Rights of the Palestinian People under the able chairmanship of Ambassador Fall for its untiring efforts.<\/p>\n<\/div>\n<div style=\"color: #000000; text-align: left; padding-top: 9px; font-size: 9pt; font-family: Verdana, san-serif;\">\n<p style=\"margin-top: 0px; margin-bottom: 0px;\">It is the sincere hope of the Somali Democratic Republic that the United Nations and in particular the Security Council will take decisive action in support of the legitimate aspirations of the Palestinian people, so that the injustices caused by Israeli aggression and expansionism will be redressed without any further delay if peace is to be restored in that past of the world.<\/p>\n<\/div>\n<p>&nbsp;<\/p>\n<div style=\"color: #000000; text-align: center; padding-top: 9px; font-size: 9pt; font-family: Verdana, san-serif;\">\n<p style=\"margin-top: 0px; margin-bottom: 0px;\">SYRIA<\/p>\n<\/div>\n<div style=\"color: #000000; text-align: center; padding-top: 9px; font-size: 9pt; font-family: Verdana, san-serif;\">\n<p style=\"margin-top: 0px; margin-bottom: 0px;\"><u>H.E. Mr. Hafez Al-Assad, President of the Syrian Arab Republic<\/u><\/p>\n<\/div>\n<p>&nbsp;<\/p>\n<div style=\"color: #000000; text-align: left; padding-top: 9px; font-size: 9pt; font-family: Verdana, san-serif;\">\n<p style=\"margin-top: 0px; margin-bottom: 0px;\">It is my pleasure, on this day devoted by the United Nations to the support of the Palestinian Arab people, to commend the selection of this day, 29 November, for the celebration of this occasion &#8211; I feel that this selection is an indication that the injustice that was inflicted on the Palestinian people on 29 November 1947, the day the General Assembly decided to partition Palestine, is about to be terminated forever.<\/p>\n<\/div>\n<div style=\"color: #000000; text-align: left; padding-top: 9px; font-size: 9pt; font-family: Verdana, san-serif;\">\n<p style=\"margin-top: 0px; margin-bottom: 0px;\">The United Nations resolution to devote an international day to the support of the Palestinian Arab people comes today as an expression of the realisation by the international Organization of its great responsibility in respect of the Palestinian question, this question having arisen as a result of the resolution on partition which was adopted in contradiction with the Charter, with international law and with the facts of history and under pressure from the colonialists and the imperialists who were influential in the adoption of the international resolution at a time when most of the world&#8217;s peoples and States were not repre\u00adsented in the United Nations as they are today.<\/p>\n<\/div>\n<div style=\"color: #000000; text-align: left; padding-top: 9px; font-size: 9pt; font-family: Verdana, san-serif;\">\n<p style=\"margin-top: 0px; margin-bottom: 0px;\">Proceeding from the feeling of regret engendered by the fact that the resolution on partition has resulted in the Palestinian People&#8217;s being uprooted and their homeland occupied, the General Assembly has subsequently tried, particularly since 1974, to restore to this people their inalienable national rights. Thus it has recognized the Palestine Liberation Organization as the representative of the Palestinian people, and its resolutions have called for the return of this struggling people to their homeland, for their right to self-determination without foreign interference and for the establishment of their independent national State on their national soil. Israel, however, has refused 51ÁÔÆæ what is right and with the will of the international community and continues to violate the Charter of the United Nations and its resolutions. This state of affairs has resulted in the continuation of the state of war and in the lack of security in the Middle East, the most important zone in the world, and has led to four wars and a great number of armed conflicts and brought the world to the brink of a world war.<\/p>\n<\/div>\n<div style=\"color: #000000; text-align: left; padding-top: 9px; font-size: 9pt; font-family: Verdana, san-serif;\">\n<p style=\"margin-top: 0px; margin-bottom: 0px;\">It is a just peace which we seek and which the international community represented in the United Nations seeks. But this peace cannot be established until Israel has withdrawn from the occupied Arab lands and until the Palestinian people have obtained their rights and, like the rest of the peoples in the world, have established their independent state under the auspices of the United Nations and in conformity with its Charter.<\/p>\n<\/div>\n<p>&nbsp;<\/p>\n<div style=\"color: #000000; text-align: center; padding-top: 9px; font-size: 9pt; font-family: Verdana, san-serif;\">\n<p style=\"margin-top: 0px; margin-bottom: 0px;\">TUNISIA<\/p>\n<\/div>\n<div style=\"color: #000000; text-align: center; padding-top: 9px; font-size: 9pt; font-family: Verdana, san-serif;\">\n<p style=\"margin-top: 0px; margin-bottom: 0px;\"><u>H.E. Mr. Habib Bourguiba, President of the Republic of Tunisia<\/u><\/p>\n<\/div>\n<p>&nbsp;<\/p>\n<div style=\"color: #000000; text-align: left; padding-top: 9px; font-size: 9pt; font-family: Verdana, san-serif;\">\n<p style=\"margin-top: 0px; margin-bottom: 0px;\">By commemorating the first International Day of Solidarity with the Palestinian People, the international community is doing justice to this people and recognizing the necessity of restoring to them their legitimate and inalienable rights.<\/p>\n<\/div>\n<div style=\"color: #000000; text-align: left; padding-top: 9px; font-size: 9pt; font-family: Verdana, san-serif;\">\n<p style=\"margin-top: 0px; margin-bottom: 0px;\">For some years, and in particular since my tour of the Middle East in 1965, I have stated that the situation prevailing in the Middle East derives its origin from the Palestinian problem and that the settlement of the conflict in this region in indissolubly linked with the solution of that problem.<\/p>\n<\/div>\n<div style=\"color: #000000; text-align: left; padding-top: 9px; font-size: 9pt; font-family: Verdana, san-serif;\">\n<p style=\"margin-top: 0px; margin-bottom: 0px;\">We have always maintained that the Palestinian issue is not a dispute between Arabs and Jews but that it is, above all, the cause of a people robbed of its territory by force and defrauded of its most legitimate natural rights.<\/p>\n<\/div>\n<div style=\"color: #000000; text-align: justify; padding-top: 9px; font-size: 9pt; font-family: Verdana, san-serif;\">\n<p style=\"margin-top: 0px; margin-bottom: 0px;\">We still believe that the question of Palestine is essentially no different from other colonial problems; the situation is similar to that prevailing in southern Africa, or even more tragic, because zionism actually aims at the elimination of one people and its replacement by another.<\/p>\n<\/div>\n<div style=\"color: #000000; text-align: justify; padding-top: 9px; font-size: 9pt; font-family: Verdana, san-serif;\">\n<p style=\"margin-top: 0px; margin-bottom: 0px;\">The Palestinian people have therefore been forced to resort to armed struggle to preserve their existence and assert their inalienable national rights.<\/p>\n<\/div>\n<div style=\"color: #000000; text-align: left; padding-top: 9px; font-size: 9pt; font-family: Verdana, san-serif;\">\n<p style=\"margin-top: 0px; margin-bottom: 0px;\">Without any assurance of a peaceful, just and equitable solution, it will be a good while before they can be expected to slacken in the struggle which they are waging under the aegis of the PLO, an organization which has acquired its legitimacy in combat.<\/p>\n<\/div>\n<div style=\"color: #000000; text-align: left; padding-top: 9px; font-size: 9pt; font-family: Verdana, san-serif;\">\n<p style=\"margin-top: 0px; margin-bottom: 0px;\">It is high time for the international community to react effectively to impose peace in that part of the world &#8211; the durable peace which will enable the Palestinian people to recover their dignity, return to their homes and exercise their right to self-determination and national sovereignty.<\/p>\n<\/div>\n<div style=\"color: #000000; text-align: justify; padding-top: 9px; font-size: 9pt; font-family: Verdana, san-serif;\">\n<p style=\"margin-top: 0px; margin-bottom: 0px;\">By deciding on this Day of Solidarity with the Palestinian People, the United Nations is providing additional proof that it is still the guarantor of justice.<\/p>\n<\/div>\n<div style=\"color: #000000; text-align: left; padding-top: 9px; font-size: 9pt; font-family: Verdana, san-serif;\">\n<p style=\"margin-top: 0px; margin-bottom: 0px;\">Tunisia feels it its duty to respond to the appeal of the international Organization and to commemorate this historic Day.<\/p>\n<\/div>\n<div style=\"color: #000000; text-align: left; padding-top: 9px; font-size: 9pt; font-family: Verdana, san-serif;\">\n<p style=\"margin-top: 0px; margin-bottom: 0px;\">In so doing, it expresses its unremitting support for the just cause of the Palestinian people and the steadfast will of the Tunisian people to stand always on the side of justice and right.<\/p>\n<\/div>\n<p>&nbsp;<\/p>\n<div style=\"color: #000000; text-align: center; font-size: 9pt; font-family: Verdana, san-serif;\">\n<p style=\"margin-top: 0px; margin-bottom: 0px;\">UGANDA<\/p>\n<\/div>\n<p>&nbsp;<\/p>\n<div style=\"color: #000000; text-align: center; font-size: 9pt; font-family: Verdana, san-serif;\">\n<p style=\"margin-top: 0px; margin-bottom: 0px;\"><u>H.E. Al-Hajji Field Marshal Dr. Idi Amin Dada, V.C., D.S.O., M.C.,\u00a0\u00a0C.B.E.<\/u>,<\/p>\n<\/div>\n<div style=\"color: #000000; text-align: center; font-size: 9pt; font-family: Verdana, san-serif;\">\n<p style=\"margin-top: 0px; margin-bottom: 0px;\"><u>Life President of the Republic of Uganda<\/u><\/p>\n<\/div>\n<p>&nbsp;<\/p>\n<div style=\"color: #000000; text-align: left; padding-top: 9px; font-size: 9pt; font-family: Verdana, san-serif;\">\n<p style=\"margin-top: 0px; margin-bottom: 0px;\">On this first International Day of. Solidarity with the Palestinian People, I wish on my own behalf, the Government and the entire people of Uganda to salute and commend you personally and through you the Palestinian people for the many sacrifices which have characterised the struggle for justice, peace and dignity against the Zionists and imperialists who dispossessed our brothers and sisters of their homeland.<\/p>\n<\/div>\n<div style=\"color: #000000; text-align: left; padding-top: 9px; font-size: 9pt; font-family: Verdana, san-serif;\">\n<p style=\"margin-top: 0px; margin-bottom: 0px;\">The Palestinian problem is indeed the core of the Middle East problem. There cannot, therefore, be a solution to the Middle East problem unless and until the Palestinian people regain their homeland and exercise their inalienable right to self-determination.<\/p>\n<\/div>\n<div style=\"color: #000000; text-align: left; padding-top: 9px; font-size: 9pt; font-family: Verdana, san-serif;\">\n<p style=\"margin-top: 0px; margin-bottom: 0px;\">I take this opportunity to appeal to all the Palestinian people and indeed all the Arab brothers to unite and forget the differences which the Zionist enemy takes advantage of.<\/p>\n<\/div>\n<div style=\"color: #000000; text-align: left; padding-top: 9px; font-size: 9pt; font-family: Verdana, san-serif;\">\n<p style=\"margin-top: 0px; margin-bottom: 0px;\">I wish to assure you, dear brother, and all the Palestinian people of our total and unflinching commitment to the Palestinian and Arab cause. I am confident that with the increasing awareness of the Palestinian problem, through programmes designed to suit this International Day, all peace-loving forces will rally behind Palestinian People until the final victory is achieved.<\/p>\n<\/div>\n<p>&nbsp;<\/p>\n<div style=\"color: #000000; text-align: center; font-size: 9pt; font-family: Verdana, san-serif;\">\n<p style=\"margin-top: 0px; margin-bottom: 0px;\">UNION OF SOVIET SOCIALIST REPUBLICS<\/p>\n<\/div>\n<p>&nbsp;<\/p>\n<div style=\"color: #000000; text-align: center; font-size: 9pt; font-family: Verdana, san-serif;\">\n<p style=\"margin-top: 0px; margin-bottom: 0px;\"><u>H.E. Mr. L.I. Brezhnev, Chairman of the Presidium of the Supreme Soviet of the USSR<\/u><\/p>\n<\/div>\n<div style=\"color: #000000; text-align: center; font-size: 9pt; font-family: Verdana, san-serif;\">\n<p style=\"margin-top: 0px; margin-bottom: 0px;\"><u>and General Secretary of the Central Committee of the Communist Party of the Soviet Union<\/u><\/p>\n<\/div>\n<p>&nbsp;<\/p>\n<div style=\"color: #000000; text-align: justify; padding-top: 9px; font-size: 9pt; font-family: Verdana, san-serif;\">\n<p style=\"margin-top: 0px; margin-bottom: 0px;\">In connexion with the International Day of Solidarity with the Palestinian People, I send heartfelt comradely congratulations to you and your comrades and to the entire Palestinian Arab people.<\/p>\n<\/div>\n<div style=\"color: #000000; text-align: left; padding-top: 9px; font-size: 9pt; font-family: Verdana, san-serif;\">\n<p style=\"margin-top: 0px; margin-bottom: 0px;\">The celebration of this day throughout the world is a patent manifestation of solidarity with the just struggle that is being waged by the Arab people of Palestine for the realization of their inalienable national rights, including their indisputable right to establish their own State. Thanks to its steadfastness, courage acid firmness of principle in this difficult struggle, the Palestine Liberation Organization has won all-Arab and international recognition as the sole lawful representative of the Palestinian people, and become one of the advance guards of the Arab national liberation movement.<\/p>\n<\/div>\n<div style=\"color: #000000; text-align: left; padding-top: 9px; font-size: 9pt; font-family: Verdana, san-serif;\">\n<p style=\"margin-top: 0px; margin-bottom: 0px;\">The just cause of the Palestinians enjoys the unswerving support of the countries of the socialist community and of the progressive and democratic forces of the whole world. The Soviet Union will continue in future firmly to support the Palestinian people in their struggle for the realization of their legitimate national rights. We shall not swerve from our policy of principle, aimed at the achievement of a comprehensive settlement and the establishment of a just and lasting peace in the Middle East.<\/p>\n<\/div>\n<div style=\"color: #000000; text-align: left; padding-top: 9px; font-size: 9pt; font-family: Verdana, san-serif;\">\n<p style=\"margin-top: 0px; margin-bottom: 0px;\">I wish the friendly Palestinian people and their political vanguard &#8211; the Palestine Liberation Organization &#8211; success in the struggle for the achievement of national independence and statehood.<\/p>\n<\/div>\n<p>&nbsp;<\/p>\n<div style=\"color: #000000; text-align: center; padding-top: 9px; font-size: 9pt; font-family: Verdana, san-serif;\">\n<p style=\"margin-top: 0px; margin-bottom: 0px;\">UNITED ARAB EMIRATES<\/p>\n<\/div>\n<div style=\"color: #000000; text-align: center; padding-top: 9px; font-size: 9pt; font-family: Verdana, san-serif;\">\n<p style=\"margin-top: 0px; margin-bottom: 0px;\"><u>His Highness Shaikh Zaid Ben Sultan Al Nahian<\/u>,<\/p>\n<\/div>\n<div style=\"color: #000000; text-align: center; font-size: 9pt; font-family: Verdana, san-serif;\">\n<p style=\"margin-top: 0px; margin-bottom: 0px;\"><u>President of the United Arab Emirates<\/u><\/p>\n<\/div>\n<p>&nbsp;<\/p>\n<div style=\"color: #000000; text-align: left; padding-top: 9px; font-size: 9pt; font-family: Verdana, san-serif;\">\n<p style=\"margin-top: 0px; margin-bottom: 0px;\">In the name of the people of the United Arab Emirates, I greet you and acknowledge, in all gratitude and pride, your efforts in support of the Palestinian people and for their attainment of their indisputable and inalienable rights.<\/p>\n<\/div>\n<div style=\"color: #000000; text-align: left; padding-top: 9px; font-size: 9pt; font-family: Verdana, san-serif;\">\n<p style=\"margin-top: 0px; margin-bottom: 0px;\">We see in this commemoration and in the choice of this particular day, 29 November, as the Day of Solidarity with the Palestinian People an expression of the United Nations&#8217; recognition of the injustice which it inflicted on that people in 1947 by partitioning their homeland and failing to prevent the aggressor and usurper from forcing that people out of that homeland.\u00a0\u00a0We also see this commemoration as an indication of resolute determination on the part of the international community to eliminate that injustice and to help the Palestinian people in their struggle to regain their rights.<\/p>\n<\/div>\n<div style=\"color: #000000; text-align: justify; padding-top: 9px; font-size: 9pt; font-family: Verdana, san-serif;\">\n<p style=\"margin-top: 0px; margin-bottom: 0px;\">I would like to assure you that we, for our part, will spare no effort to support that struggling people and to give them every assistance so that they may regain their rights.<\/p>\n<\/div>\n<p>&nbsp;<\/p>\n<div style=\"color: #000000; text-align: center; font-size: 9pt; font-family: Verdana, san-serif;\">\n<p style=\"margin-top: 0px; margin-bottom: 0px;\">YEMEN ARAB REPUBLIC<\/p>\n<\/div>\n<p>&nbsp;<\/p>\n<div style=\"color: #000000; text-align: center; font-size: 9pt; font-family: Verdana, san-serif;\">\n<p style=\"margin-top: 0px; margin-bottom: 0px;\"><u>H.E. Colonel Ali Abdullah Salih, President of the Yemen <\/u><u>Arab Republic<\/u><\/p>\n<\/div>\n<div style=\"color: #000000; text-align: center; font-size: 9pt; font-family: Verdana, san-serif;\">\n<p style=\"margin-top: 0px; margin-bottom: 0px;\"><u>and Commander-General of the Armed Forces<\/u><\/p>\n<\/div>\n<p>&nbsp;<\/p>\n<div style=\"color: #000000; text-align: left; padding-top: 9px; font-size: 9pt; font-family: Verdana, san-serif;\">\n<p style=\"margin-top: 0px; margin-bottom: 0px;\">On the occasion of the United Nations commemoration of the International Day of Solidarity with the struggling Palestinian people, I am pleased to transmit to you on behalf of the people and Government of the Yemen Arab Republic and on my own behalf, our heartfelt greetings and to express to you our support, affirming our solidarity with the efforts of the United Nations and the stand which the Organization has taken for Arab rights in order to enable the Pales\u00adtinian people to obtain the restoration of their legitimate national rights to self-determination and to the establishment of their national State on their national Palestinian soil.<\/p>\n<\/div>\n<div style=\"color: #000000; text-align: left; padding-top: 9px; font-size: 9pt; font-family: Verdana, san-serif;\">\n<p style=\"margin-top: 0px; margin-bottom: 0px;\">The Yemen Arab Republic, in its belief in the principles of the United Nations as enshrined in the Charter, calls upon all justice- and freedom-loving States to stand firmly by the rightful Palestinian Arab cause, in support of the principles on which the United Nations is founded and for the establishment of peace based on justice in the Middle East. In so doing, we reaffirm our full support for the struggle of the Palestinian people under the leadership of the Palestine Liberation Organization.<\/p>\n<\/div>\n<div style=\"color: #000000; text-align: left; padding-top: 9px; font-size: 9pt; font-family: Verdana, san-serif;\">\n<p style=\"margin-top: 0px; margin-bottom: 0px;\">We wish you every success in your great task.<\/p>\n<\/div>\n<p>&nbsp;<\/p>\n<div style=\"color: #000000; text-align: center; padding-top: 9px; font-size: 9pt; font-family: Verdana, san-serif;\">\n<p style=\"margin-top: 0px; margin-bottom: 0px;\">YUGOSLAVIA<\/p>\n<\/div>\n<div style=\"color: #000000; text-align: center; padding-top: 9px; font-size: 9pt; font-family: Verdana, san-serif;\">\n<p style=\"margin-top: 0px; margin-bottom: 0px;\"><u>H.E. Mr. Josip Broz Tito, President of the Socialist Federal Republic of Yugoslavia<\/u><\/p>\n<\/div>\n<p>&nbsp;<\/p>\n<div style=\"color: #000000; text-align: left; padding-top: 9px; font-size: 9pt; font-family: Verdana, san-serif;\">\n<p style=\"margin-top: 0px; margin-bottom: 0px;\">The International Day of Solidarity with the Palestinian People, observed by the United Nations for the first time this year, is confronting the consciousness and responsibility of all countries and peoples of the world once again with the extremely disturbing fact that the suffering endured by the Palestinian people for 30 years has neither been removed nor alleviated.<\/p>\n<\/div>\n<div style=\"color: #000000; text-align: left; padding-top: 9px; font-size: 9pt; font-family: Verdana, san-serif;\">\n<p style=\"margin-top: 0px; margin-bottom: 0px;\">In the present-day world, in which the destinies of all people are inter\u00addependent and interrelated, it is inadmissible that one people &#8211; the Palestinian people &#8211; be denied the right to its own territory, integrity, independence and freedom, that is, to the achievements enjoyed today by all the State Members of the United Nations. &#8220;&#8216;This disquieting fact makes it incumbent upon us to pledge ourselves most resolutely, in the interest of peace and international under\u00adstanding, to the reinforcement of all efforts of the international community aimed at the immediate realization of the inalienable national rights of the Palestinian people.<\/p>\n<\/div>\n<div style=\"color: #000000; text-align: left; padding-top: 9px; font-size: 9pt; font-family: Verdana, san-serif;\">\n<p style=\"margin-top: 0px; margin-bottom: 0px;\">I am deeply convinced that, without the realization of these rights, it is not possible to achieve a just, comprehensive and lasting settlement of the Middle East crisis, the core of which is the Palestinian problem, and, consequently, without the solution of this crisis, it is not possible to establish peace security and co-operation among all the countries and peoples in that region.<\/p>\n<\/div>\n<div style=\"color: #000000; text-align: left; padding-top: 9px; font-size: 9pt; font-family: Verdana, san-serif;\">\n<p style=\"margin-top: 0px; margin-bottom: 0px;\">Yugoslavia has from the very outset held the view, and continues to believe, that, in order to achieve these objectives, it is essential for Israel to withdraw from all the territories occupied after 5 June 1967 as well as to enable the Palestinian people to decide its own destiny in peace and freedom and to exercise fully its legitimate rights to self-determination, independence and sovereignty, including the right to establish its own State.\u00a0\u00a0These rights emanate from the Charter of the United Nations and from the numerous resolutions adopted by the United Nations so far and endorsed by the overwhelming majority of Member States. It is also of the utmost importance that the Palestinian people be represented, in all forums and negotiations concerned with and exploring possibilities for the settlement of the Middle East crisis and the question of Palestine, by its sole legitimate representative &#8211; the Palestine Liberation Organization, which is a full-fledged member of the non-aligned movement and a permanent observer to the United Nations.<\/p>\n<\/div>\n<div style=\"color: #000000; text-align: left; padding-top: 9px; font-size: 9pt; font-family: Verdana, san-serif;\">\n<p style=\"margin-top: 0px; margin-bottom: 0px;\">We witness, regrettably, Israel&#8217;s persistent occupation and denial of the rights of Palestinians, as well as attempts at solving the Middle East crisis by disregarding these rights. Such a state of affairs constitutes the main obstacle to the establishment of a just and durable peace in the Middle East.<\/p>\n<\/div>\n<div style=\"color: #000000; text-align: justify; padding-top: 9px; font-size: 9pt; font-family: Verdana, san-serif;\">\n<p style=\"margin-top: 0px; margin-bottom: 0px;\">I should also like to take this opportunity to point out that the non\u00adaligned movement, which comprises the great majority of States Members of the United Nations, and other democratic forces in the world demand that the world Organization use all the means at its disposal in order to intensify pressure on Israel with a view to making it comply with the relevant resolutions of the General Assembly and the Security Council.<\/p>\n<\/div>\n<div style=\"color: #000000; text-align: left; padding-top: 9px; font-size: 9pt; font-family: Verdana, san-serif;\">\n<p style=\"margin-top: 0px; margin-bottom: 0px;\">The International Day of Solidarity with the Palestinian People offers us the opportunity to pledge once again the most resolute support of socialist and non-aligned Yugoslavia to the just struggle of the Palestinian people for freedom, national independence and identity. It is my hope that this Day of Solidarity will encourage the international community to exert additional efforts towards an urgent settlement of the Palestinian question, which is again on the agenda of the current session of the General Assembly. In these efforts, the Committee on the Exercise of the Inalienable Rights of the Palestinian People occupies an important place.<\/p>\n<\/div>\n<div style=\"color: #000000; text-align: justify; padding-top: 9px; font-size: 9pt; font-family: Verdana, san-serif;\">\n<p style=\"margin-top: 0px; margin-bottom: 0px;\">I should like to avail myself of this occasion also to extend, in this way, my best wishes to the friendly Palestinian people whose just struggle Yugoslavia will continue to support fully, as in the past, inspired by the Charter of the United Nations, by the lofty objectives of the non-aligned movement and by humane ideals.<\/p>\n<\/div>\n<p>&nbsp;<\/p>\n<div style=\"color: #000000; text-align: center; padding-top: 9px; font-size: 9pt; font-family: Verdana, san-serif;\">\n<p style=\"margin-top: 0px; margin-bottom: 0px;\"><u>Messages from heads of Government and a Deputy Prime Minister <\/u><\/p>\n<\/div>\n<p>&nbsp;<\/p>\n<div style=\"color: #000000; text-align: center; font-size: 9pt; font-family: Verdana, san-serif;\">\n<p style=\"margin-top: 0px; margin-bottom: 0px;\">DEMOCRATIC YEMEN<\/p>\n<\/div>\n<p>&nbsp;<\/p>\n<div style=\"color: #000000; text-align: center; font-size: 9pt; font-family: Verdana, san-serif;\">\n<p style=\"margin-top: 0px; margin-bottom: 0px;\"><u>Mr. Ali Nasser Muhammad, member of the Politburo of the Yemen Socialist Party<\/u><\/p>\n<\/div>\n<div style=\"color: #000000; text-align: center; font-size: 9pt; font-family: Verdana, san-serif;\">\n<p style=\"margin-top: 0px; margin-bottom: 0px;\"><u>and Chairman of the Presidential and Ministerial Council of the People&#8217;s Democratic Republic of Yemen<\/u><\/p>\n<\/div>\n<p>&nbsp;<\/p>\n<div style=\"color: #000000; text-align: left; padding-top: 9px; font-size: 9pt; font-family: Verdana, san-serif;\">\n<p style=\"margin-top: 0px; margin-bottom: 0px;\">It is my pleasure, on the occasion of the International Day of Solidarity with the Palestinian People, to greet you and to salute the great efforts exerted by the United Nations in support of the causes of the deprived and struggling people, among which the Palestinian people occupy a pre-eminent place.<\/p>\n<\/div>\n<div style=\"color: #000000; text-align: left; padding-top: 9px; font-size: 9pt; font-family: Verdana, san-serif;\">\n<p style=\"margin-top: 0px; margin-bottom: 0px;\">The stand taken by the People&#8217;s Democratic Republic of Yemen, in reaffirming its total and absolute support of the struggle waged by the Palestinian people under the leadership of the Palestinian Liberation Organization, their sole legitimate representative, is essentially based on the justice of the struggle waged by the Palestinian people in order to return to their lands and to regain their legitimate right to establish their independent State.<\/p>\n<\/div>\n<div style=\"color: #000000; text-align: left; padding-top: 9px; font-size: 9pt; font-family: Verdana, san-serif;\">\n<p style=\"margin-top: 0px; margin-bottom: 0px;\">Thus our stand on this cause, as expressed in more than one international forum, has always been precise and clear. This is because we consider the Palestinian question as the core of the Middle East conflict, and this is why we have totally rejected the outcome of the Camp David meeting, which we see as a misrepresentation of our Arab causes, and of the cause of the Palestinian people first and foremost.<\/p>\n<\/div>\n<div style=\"color: #000000; text-align: left; padding-top: 9px; font-size: 9pt; font-family: Verdana, san-serif;\">\n<p style=\"margin-top: 0px; margin-bottom: 0px;\">In conclusion, we wish your commemoration every success.<\/p>\n<\/div>\n<p>&nbsp;<\/p>\n<div style=\"color: #000000; text-align: center; padding-top: 9px; font-size: 9pt; font-family: Verdana, san-serif;\">\n<p style=\"margin-top: 0px; margin-bottom: 0px;\">INDIA<\/p>\n<\/div>\n<div style=\"color: #000000; text-align: center; padding-top: 9px; font-size: 9pt; font-family: Verdana, san-serif;\">\n<p style=\"margin-top: 0px; margin-bottom: 0px;\"><u>H.E. Mr. Narangi Desai, Prime Minister of the Republic of India<\/u><\/p>\n<\/div>\n<p>&nbsp;<\/p>\n<div style=\"color: #000000; text-align: left; padding-top: 9px; font-size: 9pt; font-family: Verdana, san-serif;\">\n<p style=\"margin-top: 0px; margin-bottom: 0px;\">On the occasion of the special meeting being held by the Special Committee on the Exercise of the Inalienable Rights of the Palestinian People to commemorate the International Day of Solidarity with the Palestinian People, I would like to convey the best wishes of the Government and people of India for the welfare and prosperity of the Palestinians. They have been uprooted from their hearths and homes and have undergone great suffering and hardship. They have our full sympathy. I would like to reaffirm the support of the Government of India for their just cause and their inalienable rights to have a homeland of their own.<\/p>\n<\/div>\n<p>&nbsp;<\/p>\n<div style=\"color: #000000; text-align: center; padding-top: 9px; font-size: 9pt; font-family: Verdana, san-serif;\">\n<p style=\"margin-top: 0px; margin-bottom: 0px;\">MALTA<\/p>\n<\/div>\n<div style=\"color: #000000; text-align: center; padding-top: 9px; font-size: 9pt; font-family: Verdana, san-serif;\">\n<p style=\"margin-top: 0px; margin-bottom: 0px;\"><u>H.E. the Hon. Dom Mintoff, Prime Minister and Minister of Foreign Affairs of the Republic of Malta<\/u><\/p>\n<\/div>\n<p>&nbsp;<\/p>\n<div style=\"color: #000000; text-align: left; padding-top: 9px; font-size: 9pt; font-family: Verdana, san-serif;\">\n<p style=\"margin-top: 0px; margin-bottom: 0px;\">The International Day of Solidarity with the Palestinian People coincides with a crucial phase in their heroic and just struggle. The Government of the Republic of Malta has stood solidly by the Palestinian people in the pursuit of their legitimate rights, in particular their right to self-determination, national independence and sovereignty. On this occasion, therefore, the socialist Government of Malta proclaims its solidarity with the Palestinian people, stresses its determination to continue full support of the Palestinian cause and openly states its firm belief that no lasting peace is possible in the Middle East without the full participation of the Palestinians.<\/p>\n<\/div>\n<p>&nbsp;<\/p>\n<div style=\"color: #000000; text-align: center; font-size: 9pt; font-family: Verdana, san-serif;\">\n<p style=\"margin-top: 0px; margin-bottom: 0px;\">SAUDI ARABIA<\/p>\n<\/div>\n<div style=\"color: #000000; text-align: center; font-size: 9pt; font-family: Verdana, san-serif;\">\n<p style=\"margin-top: 0px; margin-bottom: 0px;\"><u>His Royal Highness Fahd <\/u><u>Ibn Abdul <\/u><u>Aziz<\/u>,<\/p>\n<\/div>\n<div style=\"color: #000000; text-align: center; font-size: 9pt; font-family: Verdana, san-serif;\">\n<p style=\"margin-top: 0px; margin-bottom: 0px;\"><u>Crown Prince and Deputy Prime Minister of the Kingdom of Saudi Arabia<\/u><\/p>\n<\/div>\n<p>&nbsp;<\/p>\n<div style=\"color: #000000; text-align: left; padding-top: 9px; font-size: 9pt; font-family: Verdana, san-serif;\">\n<p style=\"margin-top: 0px; margin-bottom: 0px;\">It is my pleasure on the occasion of the Day of Solidarity with the Palestinian People to seize this opportunity to express to Your Excellency our deep appreciation for the excellent efforts exerted by the Committee on the Exercise of the Inalienable Rights of the Palestinian People, under Your Excellency&#8217;s chairmanship, for the purpose of the support of this people&#8217;s just rights.<\/p>\n<\/div>\n<div style=\"color: #000000; text-align: left; padding-top: 9px; font-size: 9pt; font-family: Verdana, san-serif;\">\n<p style=\"margin-top: 0px; margin-bottom: 0px;\">I wish on this occasion to emphasize the Kingdom of Saudi Arabia&#8217;s steadfast position in its full support and continued assistance for the struggle of the Palestinian People to reclaim and exercise their inalienable national rights, including their return to their homeland and their right to self-determination. No doubt, Your Excellency is aware of the intransigence of the Israeli authorities by their complete indifference to these rights, which are in complete harmony with international law and the United Nations Charter. Hence, the Israeli attitude continues to pose a serious threat to international peace and security.<\/p>\n<\/div>\n<div style=\"color: #000000; text-align: justify; padding-top: 9px; font-size: 9pt; font-family: Verdana, san-serif;\">\n<p style=\"margin-top: 0px; margin-bottom: 0px;\">That is why the Kingdom of Saudi Arabia is convinced that a full and just settlement in the Middle East can never be achieved without taking into consideration the complete withdrawal from all the territories occupied by Israel, in the forefront of which is Jerusalem. Furthermore, there will be to self-determination and their right to national independence and sovereignty.<\/p>\n<\/div>\n<div style=\"color: #000000; text-align: left; padding-top: 9px; font-size: 9pt; font-family: Verdana, san-serif;\">\n<p style=\"margin-top: 0px; margin-bottom: 0px;\">Therefore, we do hope that this Day of Solidarity with the Palestinian People will be a good opportunity for peace-loving peoples and countries everywhere to support the right of all peoples subjected to foreign domination and occupation to self-determination, liberty and independence in accordance with the United Nations Charter.<\/p>\n<\/div>\n<p>&nbsp;<\/p>\n<div style=\"color: #000000; text-align: center; padding-top: 9px; font-size: 9pt; font-family: Verdana, san-serif;\">\n<p style=\"margin-top: 0px; margin-bottom: 0px;\"><u>Messages from Ministers for Foreign Affairs<\/u><\/p>\n<\/div>\n<p>&nbsp;<\/p>\n<div style=\"color: #000000; text-align: center; font-size: 9pt; font-family: Verdana, san-serif;\">\n<p style=\"margin-top: 0px; margin-bottom: 0px;\">CUBA<\/p>\n<\/div>\n<p>&nbsp;<\/p>\n<div style=\"color: #000000; text-align: center; font-size: 9pt; font-family: Verdana, san-serif;\">\n<p style=\"margin-top: 0px; margin-bottom: 0px;\"><u>H.E. Mr. Isidoro Malmierca, Minister for Foreign Affairs of the Republic of Cuba<\/u><\/p>\n<\/div>\n<p>&nbsp;<\/p>\n<div style=\"color: #000000; text-align: left; padding-top: 9px; font-size: 9pt; font-family: Verdana, san-serif;\">\n<p style=\"margin-top: 0px; margin-bottom: 0px;\">On the occasion of the commemoration, on 29 November, of the International Day of Solidarity with the Palestinian People, the Government and people of the Republic of Cuba, through the Committee on the Exercise of the Inalienable Rights of the Palestinian People, wish to convey to that heroic people the expression of their unfailing solidarity.<\/p>\n<\/div>\n<div style=\"color: #000000; text-align: justify; padding-top: 9px; font-size: 9pt; font-family: Verdana, san-serif;\">\n<p style=\"margin-top: 0px; margin-bottom: 0px;\">In times such as these, it is more necessary than ever that the forces dedi\u00adcated to peace and progress, the Arab peoples and the rest of the world, should join together with the PLO, which has been recognized by international organizations as the sole legitimate representative of the Palestinian people, to intensify the struggle to restore the inalienable right of the Palestinian people to independence, self-determination and sovereignty and to establish their own State.<\/p>\n<\/div>\n<div style=\"color: #000000; text-align: justify; padding-top: 9px; font-size: 9pt; font-family: Verdana, san-serif;\">\n<p style=\"margin-top: 0px; margin-bottom: 0px;\">These rights were reaffirmed once again in the most recent report of the General Assembly, which was submitted by the Committee over which you preside, and which also states that the results of the Camp David conference are not in conformity with the resolutions of the United Nations and that no solution to the Middle East problem can be envisaged without taking into account the inte\u00adrests of the Palestinian people.<\/p>\n<\/div>\n<p>&nbsp;<\/p>\n<div style=\"color: #000000; text-align: center; padding-top: 9px; font-size: 9pt; font-family: Verdana, san-serif;\">\n<p style=\"margin-top: 0px; margin-bottom: 0px;\">GUYANA<\/p>\n<\/div>\n<div style=\"color: #000000; text-align: center; padding-top: 9px; font-size: 9pt; font-family: Verdana, san-serif;\">\n<p style=\"margin-top: 0px; margin-bottom: 0px;\"><u>H.E. the Hon. Rashleigh Esmond Jackson, Minister for Foreign Affairs of the Republic of Guyana<\/u><\/p>\n<\/div>\n<p>&nbsp;<\/p>\n<div style=\"color: #000000; text-align: left; padding-top: 9px; font-size: 9pt; font-family: Verdana, san-serif;\">\n<p style=\"margin-top: 0px; margin-bottom: 0px;\">On this International Day of Solidarity with the Palestinian People &#8211; 29 November &#8211; the Government and people of Guyana reaffirm their support for and solidarity with the dispossessed people of Palestine in their just and legitimate struggle for the restoration of their national rights including the right to a homeland.<\/p>\n<\/div>\n<div style=\"color: #000000; text-align: left; padding-top: 9px; font-size: 9pt; font-family: Verdana, san-serif;\">\n<p style=\"margin-top: 0px; margin-bottom: 0px;\">Over the years, Guyana has consistently maintained that at the heart of any search for a just, lasting and comprehensive solution to the complex Middle East situation lies the Palestinian question, i.e. the recovery by the Palestinians of their inalienable national rights.<\/p>\n<\/div>\n<div style=\"color: #000000; text-align: justify; padding-top: 9px; font-size: 9pt; font-family: Verdana, san-serif;\">\n<p style=\"margin-top: 0px; margin-bottom: 0px;\">The attainment of these rights has been frustrated by the intransigence of Israel through <u>inter alia<\/u>\u00a0the continued illegal occupation of Arab territories and by changing their demographic character.<\/p>\n<\/div>\n<div style=\"color: #000000; text-align: left; padding-top: 9px; font-size: 9pt; font-family: Verdana, san-serif;\">\n<p style=\"margin-top: 0px; margin-bottom: 0px;\">In the present circumstances relating to the Middle East, Guyana wishes to reiterate to the Palestinian people, led by their authentic representatives, the Palestine Liberation Organization, (the PLO) of its continuing support until a just and lasting peace is achieved.<\/p>\n<\/div>\n<p>&nbsp;<\/p>\n<div style=\"color: #000000; text-align: center; padding-top: 9px; font-size: 9pt; font-family: Verdana, san-serif;\">\n<p style=\"margin-top: 0px; margin-bottom: 0px;\">INDONESIA<\/p>\n<\/div>\n<div style=\"color: #000000; text-align: center; padding-top: 9px; font-size: 9pt; font-family: Verdana, san-serif;\">\n<p style=\"margin-top: 0px; margin-bottom: 0px;\"><u>H.E. Dr. Mochtar Kusumaatmadja, Minister of Foreign Affairs of the<\/u><\/p>\n<\/div>\n<div style=\"color: #000000; text-align: center; font-size: 9pt; font-family: Verdana, san-serif;\">\n<p style=\"margin-top: 0px; margin-bottom: 0px;\"><u>Republic of Indonesia<\/u><\/p>\n<\/div>\n<p>&nbsp;<\/p>\n<div style=\"color: #000000; text-align: left; padding-top: 9px; font-size: 9pt; font-family: Verdana, san-serif;\">\n<p style=\"margin-top: 0px; margin-bottom: 0px;\">On the occasion of the commemoration of the International Day of Solidarity with the Palestinian People, the Government and people of Indonesia join the other members of the international community in extending their unfaltering support to the determined efforts of the Palestinians to achieve their noble aims and aspirations. At this crucial juncture in their struggle for the achievement of their inalienable rights, this act of solidarity on the part of the international community can go a long way in transforming their aspirations, for which they worked so long and hard, into a reality.<\/p>\n<\/div>\n<div style=\"color: #000000; text-align: left; padding-top: 9px; font-size: 9pt; font-family: Verdana, san-serif;\">\n<p style=\"margin-top: 0px; margin-bottom: 0px;\">Indonesia has always maintained that the question of Palestine is at the heart of the Middle East conflict. Pursuant to that view, Indonesia has always been consistent in its support for the cause of the Palestinians and has maintained that the solution of the Middle East conflict cannot be separated from the elimination of the injustices and humiliation inflicted upon the Palestinians. Furthermore, such injustices cannot be redressed as long as the territories belonging to its rightful owners are under continued occupation by force of arms.<\/p>\n<\/div>\n<div style=\"color: #000000; text-align: left; padding-top: 9px; font-size: 9pt; font-family: Verdana, san-serif;\">\n<p style=\"margin-top: 0px; margin-bottom: 0px;\">The Committee on the Exercise of the Inalienable Rights of the Palestinian People, has made steadfast efforts towards making progress which would serve the interests of all the parties concerned. The Committee can be proud of the very useful work it has accomplished in the past.<\/p>\n<\/div>\n<div style=\"color: #000000; text-align: left; padding-top: 9px; font-size: 9pt; font-family: Verdana, san-serif;\">\n<p style=\"margin-top: 0px; margin-bottom: 0px;\">I am pleased to reaffirm Indonesia&#8217;s support for the people of Palestine and to express the belief that their efforts will inevitably result in the attainment of their sacred goals. On behalf of the Indonesian people and on my own behalf, I reiterate our historic commitment to the cause of the struggle of the Palestinian people for the restitution of their legitimate rights and the restoration of freedom and justice in the Middle East. It is my earnest hope that the day when all Palestinians will enjoy freedom and liberty and take their place in the comity of nations is not far away.<\/p>\n<\/div>\n<p>&nbsp;<\/p>\n<div style=\"color: #000000; text-align: center; padding-top: 9px; font-size: 9pt; font-family: Verdana, san-serif;\">\n<p style=\"margin-top: 0px; margin-bottom: 0px;\">MALAYSIA<\/p>\n<\/div>\n<div style=\"color: #000000; text-align: center; padding-top: 9px; font-size: 9pt; font-family: Verdana, san-serif;\">\n<p style=\"margin-top: 0px; margin-bottom: 0px;\"><u>H.E. Mr. Tengku Ahmad Rithauddeen, Minister of Foreign Affairs of Malaysia<\/u><\/p>\n<\/div>\n<p>&nbsp;<\/p>\n<div style=\"color: #000000; text-align: justify; padding-top: 9px; font-size: 9pt; font-family: Verdana, san-serif;\">\n<p style=\"margin-top: 0px; margin-bottom: 0px;\">The decision of the thirty-second session of the United Nations General Assembly to organize an annual observance of 29 November as the International Day of Solidarity with the Palestinian People is an important step to promote greater awareness of the tragic plight of the Palestinian People. It will also encourage understanding of the efforts of the United Nations to promote the restoration to those unfortunate people of their inalienable rights and the urgency for concrete measures towards that end.<\/p>\n<\/div>\n<div style=\"color: #000000; text-align: left; padding-top: 9px; font-size: 9pt; font-family: Verdana, san-serif;\">\n<p style=\"margin-top: 0px; margin-bottom: 0px;\">Malaysia has long recognized that the question of Palestine lies at the heart of the whole Middle East conflict and hence the importance of the Palestinian role in the overall solution of the problem. There can be no just and comprehensive solution so long as the Palestinian people are robbed of their lands, homes and properties and Israel continues illegally to remain and settle in the occupied Arab territories.<\/p>\n<\/div>\n<div style=\"color: #000000; text-align: left; padding-top: 9px; font-size: 9pt; font-family: Verdana, san-serif;\">\n<p style=\"margin-top: 0px; margin-bottom: 0px;\">Today, on this solemn occasion, I welcome the opportunity to renew once again Malaysia&#8217;s pledge of continued steadfast support for the Palestinian cause and reiterate our firm solidarity with the Palestinian people in their struggle to realize their inalienable national rights to return to their homelands and to achieve self-determination and independence.<\/p>\n<\/div>\n<p>&nbsp;<\/p>\n<div style=\"color: #000000; text-align: center; padding-top: 9px; font-size: 9pt; font-family: Verdana, san-serif;\">\n<p style=\"margin-top: 0px; margin-bottom: 0px;\">OMAN<\/p>\n<\/div>\n<div style=\"color: #000000; text-align: center; padding-top: 9px; font-size: 9pt; font-family: Verdana, san-serif;\">\n<p style=\"margin-top: 0px; margin-bottom: 0px;\"><u>H.E. Mr. Qais Abdul Muneim Al-Zawawi, Minister of State for Foreign Affairs of the Sultanate of Oman<\/u><\/p>\n<\/div>\n<p>&nbsp;<\/p>\n<div style=\"color: #000000; text-align: left; padding-top: 9px; font-size: 9pt; font-family: Verdana, san-serif;\">\n<p style=\"margin-top: 0px; margin-bottom: 0px;\">On the occasion of the commemoration of the International Day of Solidarity with the Palestinian People, I wish to affirm to you and through you the well-known position of Oman and its full solidarity with the hopes of the fraternal Palestinian people for self-determination and for the establishment of their inalienable rights.<\/p>\n<\/div>\n<p>&nbsp;<\/p>\n<div style=\"color: #000000; text-align: center; font-size: 9pt; font-family: Verdana, san-serif;\">\n<p style=\"margin-top: 0px; margin-bottom: 0px;\">SUDAN<\/p>\n<\/div>\n<p>&nbsp;<\/p>\n<div style=\"color: #000000; text-align: center; font-size: 9pt; font-family: Verdana, san-serif;\">\n<p style=\"margin-top: 0px; margin-bottom: 0px;\"><u>H.E. Mr. Rashid Al-Tahir Bakr, Vice-President and Minister for<\/u><\/p>\n<\/div>\n<div style=\"color: #000000; text-align: center; font-size: 9pt; font-family: Verdana, san-serif;\">\n<p style=\"margin-top: 0px; margin-bottom: 0px;\"><u>Foreign Affairs of the Democratic Republic of the Sudan<\/u><\/p>\n<\/div>\n<p>&nbsp;<\/p>\n<div style=\"color: #000000; text-align: left; padding-top: 9px; font-size: 9pt; font-family: Verdana, san-serif;\">\n<p style=\"margin-top: 0px; margin-bottom: 0px;\">I have the honour to convey to you the deepest gratitude and appreciation for the magnificent effort which you are making to affirm the legitimate rights of the Palestinian people. Unquestionably, the fact of your having been honoured with the chairmanship of this Committee is proof of the confidence placed in you and your profound knowledge of the dimensions of the cause of the heroic Palestinian people.<\/p>\n<\/div>\n<div style=\"color: #000000; text-align: left; padding-top: 9px; font-size: 9pt; font-family: Verdana, san-serif;\">\n<p style=\"margin-top: 0px; margin-bottom: 0px;\">All elements of the international family have now begun to realize fully the suffering to which the Palestinian people have been exposed since the establishment of the State of Israel on the territory of Palestine in 1948 and which then took the form of the uprooting of a large number of the people of Palestine, their expulsion from their homeland and the settlement of alien Zionist elements in their homes and on their territory. Since that time, Israel has persisted in pursuing a policy of expansion in the remaining part of the territory of Palestine, to the point where it has imposed its military domination over the whole of Palestine and portions of the territory of the Arab States bordering on Palestine. This expansion has led to the expulsion of ever-increasing numbers of Palesti\u00adnians from their country, so that today two thirds of the Palestinian people are in the position of refugees, living in camps and yearning for the day when they will return to their country. Numerous resolutions have been adopted by the United Nations for the restoration of the rights of the Palestinian people. Indeed, Israel itself, When it joined the United Nations, undertook to implement General Assembly resolutions 394 (V), 181 (II) and 194 (III), which call for the return of the refugees to their homes and the compensation of those who prefer to remain outside Palestine. However, this commitment on the part of the Zionist State has never been carried out, and this State has continued to enjoy membership of the United Nations up to this day. It has, moreover, persisted in following an expansionist racist policy in blatant defiance of the international community and in flagrant and continued violation of the Charter of the United Nations and the Universal Declaration of Human Rights. Israel has endeavoured to remove the Arab population from the Arab territories which it occupied in a series of wars of aggression which it waged on its neighbours during the 1950s and 1960s and to replace that Arab population with immigrants from all parts of the world. I do not think that there is any need on this historic occasion to draw attention to the methods used many times by this racist State to induce the citizens of many countries of the world to leave their homes and emigrate to Israel in circumstances which might at the time have aroused considerable inquiry. In this way, Israel began to expand in size and its population to increase, while the Palestinian people in exile increased in numbers as a result of successive their homes, even after 1967, and Israel&#8217;s continued policy of establishing new settlements in the occupied territories. The international community has endea\u00advoured to affirm the rights of the Palestinian people and their right to return to their homes and to establish their homeland on their territory under the leadership of the Palestine Liberation Organization, around which the Palestinian people have rallied, both in the occupied territories and in exile. However, these efforts have, to date, failed, and the situation in the region now presents a threat of the outbreak of an armed confrontation and may turn into a situation the extend of which cannot yet be estimated. The establishment of the Committee on the Exercise of the Inalienable Rights of the Palestinian People should there\u00adfore help to give the international community a deeper understanding of the dimension of this just cause and thereby promote the adoption of all possible measures to strengthen and support the Palestinian cause by providing effective material aid to the Palestine Liberation Organization, in its capacity as the sole legitimate representative of the Palestinian people, and by condemning and rejecting the alterations which the Zionist entity is endeavouring to introduce in the Palestinian lands under its domination, in an attempt to change their natural, demographic, economic, cultural and religious characteristics.<\/p>\n<\/div>\n<div style=\"color: #000000; text-align: left; padding-top: 9px; font-size: 9pt; font-family: Verdana, san-serif;\">\n<p style=\"margin-top: 0px; margin-bottom: 0px;\">Unquestionably, the selection of this day, 29 November of each year, as an International Day of Solidarity with the Palestinian People will help to remind the peace-loving peoples of the world of the just cause of the heroic Palestinian people and to urge them to aid them in their just struggle for the restoration of their territory and their right to return their homeland. We are confident that the Committee on the Exercise of the Inalienable Rights of the Palestinian People will, through its sincere endeavour, work for the conti\u00adnuation of the effort of the international community to support the Palestinian struggle and to enable the Palestinian people to obtain the restoration of their legitimate riots. The Sudan, for its part, will work for the realization of these lofty goals through the international communities to which it belongs, such as the non-aligned group, the Islamic group, the African group and the Arab group, and will also continue to participate in all international gatherings dedicated to this cause and to give them the necessary moral and political momentum, in order that they may attain the end which we all desire and thereby put an end to the tragedy of the Palestinian people, so that they may recover their rights and dignity and take their place among the peace-loving people of the world.<\/p>\n<\/div>\n<p>&nbsp;<\/p>\n<div style=\"color: #000000; text-align: center; padding-top: 9px; font-size: 9pt; font-family: Verdana, san-serif;\">\n<p style=\"margin-top: 0px; margin-bottom: 0px;\">TURKEY<\/p>\n<\/div>\n<div style=\"color: #000000; text-align: center; padding-top: 9px; font-size: 9pt; font-family: Verdana, san-serif;\">\n<p style=\"margin-top: 0px; margin-bottom: 0px;\"><u>H.E. Mr. <\/u><u>G\u00fcnd\u00fcz \u00d6k\u00e7\u00fcn,<\/u><u>\u00a0Minister of Foreign Affairs of the Republic<\/u><u>\u00a0of <\/u><u>Turkey<\/u><\/p>\n<\/div>\n<p>&nbsp;<\/p>\n<div style=\"color: #000000; text-align: left; padding-top: 9px; font-size: 9pt; font-family: Verdana, san-serif;\">\n<p style=\"margin-top: 0px; margin-bottom: 0px;\">On the occasion of &#8220;International Day of Solidarity with the Palestinian People&#8221; I would like to express, once again, the belief of the Turkish Government that in the achievement of a just and durable peace in the Middle East, the legitimate rights of the Palestinian Arab People, including the right to decide their own future, should be taken into consideration.<\/p>\n<\/div>\n<div style=\"color: #000000; text-align: left; padding-top: 9px; font-size: 9pt; font-family: Verdana, san-serif;\">\n<p style=\"margin-top: 0px; margin-bottom: 0px;\">The Turkish Government recognizes as fundamental the principle of the inadmissibility of the acquisition of territory by force and considers it necessary that all the Arab lands occupied by Israel be returned.<\/p>\n<\/div>\n<div style=\"color: #000000; text-align: left; padding-top: 9px; font-size: 9pt; font-family: Verdana, san-serif;\">\n<p style=\"margin-top: 0px; margin-bottom: 0px;\">Turkey, as a constituent member of the Committee on the Exercise of the Inalienable Rights of the Palestinian People contributes to the valuable efforts undertaken by this Committee for the achievement of their legitimate aspirations.<\/p>\n<\/div>\n<div style=\"color: #000000; text-align: left; padding-top: 9px; font-size: 9pt; font-family: Verdana, san-serif;\">\n<p style=\"margin-top: 0px; margin-bottom: 0px;\">The Turkish people want to see an end brought soon to the long lasting sufferings of the Palestinians and to see justice done in this tragic problem.<\/p>\n<\/div>\n<div style=\"color: #000000; text-align: left; padding-top: 9px; font-size: 9pt; font-family: Verdana, san-serif;\">\n<p style=\"margin-top: 0px; margin-bottom: 0px;\">I avail myself of this opportunity to reiterate the position of my Government in lending support to the right of the Palestinian people to have their own homeland.<\/p>\n<\/div>\n<p>&nbsp;<\/p>\n<div style=\"color: #000000; text-align: center; padding-top: 9px; font-size: 9pt; font-family: Verdana, san-serif;\">\n<p style=\"margin-top: 0px; margin-bottom: 0px;\">VIET NAM<\/p>\n<\/div>\n<div style=\"color: #000000; text-align: center; padding-top: 9px; font-size: 9pt; font-family: Verdana, san-serif;\">\n<p style=\"margin-top: 0px; margin-bottom: 0px;\"><u>H.E. Mr. Nguyen Duy Trinh, Minister for Foreign Affairs of the Socialist Republic of Viet Nam<\/u><\/p>\n<\/div>\n<p>&nbsp;<\/p>\n<div style=\"color: #000000; text-align: left; padding-top: 9px; font-size: 9pt; font-family: Verdana, san-serif;\">\n<p style=\"margin-top: 0px; margin-bottom: 0px;\">On the occasion of the Solidarity Day with the Palestinian People, 29 November 1978, on behalf of the Government and people of the Socialist Republic of Viet Nam, I would like to extend my warm greetings to Your Excellency and, through you, to the Committee on the Exercise of the Inalienable Rights of the Palestinian People.<\/p>\n<\/div>\n<div style=\"color: #000000; text-align: left; padding-top: 9px; font-size: 9pt; font-family: Verdana, san-serif;\">\n<p style=\"margin-top: 0px; margin-bottom: 0px;\">At a time when imperialism and Israeli Zionist aggressors are scheming to ignore the Palestinian people&#8217;s inalienable rights and deny the role played by the Palestinian Liberation Organization (PLO), legitimate representative of the Palestinian people, this Solidarity Day constitutes a great encouragement to the Palestinian people.<\/p>\n<\/div>\n<div style=\"color: #000000; text-align: left; padding-top: 9px; font-size: 9pt; font-family: Verdana, san-serif;\">\n<p style=\"margin-top: 0px; margin-bottom: 0px;\">Together with the progressive people of the world, the Vietnamese people warmly welcome the Solidarity Day with the Palestinian people and reaffirm our resolute support to their struggle for national rights, including the right to establish an independent state on their motherland as well as to the people of Arab countries in their struggle for the recovery of all Israel-occupied territories.<\/p>\n<\/div>\n<div style=\"color: #000000; text-align: justify; padding-top: 9px; font-size: 9pt; font-family: Verdana, san-serif;\">\n<p style=\"margin-top: 0px; margin-bottom: 0px;\">We hold that any correct solution to the Middle Past problem must include Israel withdrawal from all occupied territories and participation of PLO representative.<\/p>\n<\/div>\n<p>&nbsp;<\/p>\n<div style=\"color: #000000; text-align: center; padding-top: 9px; font-size: 9pt; font-family: Verdana, san-serif;\">\n<p style=\"margin-top: 0px; margin-bottom: 0px;\"><u>Messages from Governments <\/u><\/p>\n<\/div>\n<p>&nbsp;<\/p>\n<div style=\"color: #000000; text-align: center; padding-top: 9px; font-size: 9pt; font-family: Verdana, san-serif;\">\n<p style=\"margin-top: 0px; margin-bottom: 0px;\">ANGOLA<\/p>\n<\/div>\n<p>&nbsp;<\/p>\n<div style=\"color: #000000; text-align: center; font-size: 9pt; font-family: Verdana, san-serif;\">\n<p style=\"margin-top: 0px; margin-bottom: 0px;\"><u>H.E. Mr. Elisio Figueiredo, on behalf of the Government, people and <\/u><\/p>\n<\/div>\n<div style=\"color: #000000; text-align: center; font-size: 9pt; font-family: Verdana, san-serif;\">\n<p style=\"margin-top: 0px; margin-bottom: 0px;\"><u>Central Committee of the MPLA-Workers&#8217; Party of the People&#8217;s Republic of Angola<\/u><\/p>\n<\/div>\n<p>&nbsp;<\/p>\n<div style=\"color: #000000; text-align: left; padding-top: 9px; font-size: 9pt; font-family: Verdana, san-serif;\">\n<p style=\"margin-top: 0px; margin-bottom: 0px;\">On behalf of the Government and people of the People&#8217;s Republic of Angola, as well as the Central Committee of the MPLA &#8211; Workers Party, the Permanent Mission of the People&#8217;s Republic of Angola to the United Nations expresses the revolutionary solidarity of all Angolan militants with our Palestinian comrades, led by their sole legitimate liberation movement, the Palestine Liberation Organization.<\/p>\n<\/div>\n<div style=\"color: #000000; text-align: left; padding-top: 9px; font-size: 9pt; font-family: Verdana, san-serif;\">\n<p style=\"margin-top: 0px; margin-bottom: 0px;\">On this day of solidarity with the Palestinian people, it is the duty of the international community, and first and foremost of those of us who have also known a colonial past, to reaffirm our support for the inalienable rights of the Palestinian people to self-determination and independence, their right to return to their homeland.<\/p>\n<\/div>\n<div style=\"color: #000000; text-align: left; padding-top: 9px; font-size: 9pt; font-family: Verdana, san-serif;\">\n<p style=\"margin-top: 0px; margin-bottom: 0px;\">The care of Palestine represents one of the most flagrant contraventions of human and national rights, and the continuing colonization of occupied Arab territory represents one of the most blatant contraventions of international law. We strongly condemn what we are witness to the expulsion of a nation from its ancestral homeland, the racist and colonial rule over occupied territory and its inhabitants, the establishing of illegal colonial settlements on occupied land, and the denial of the right of return to the Arab inhabitants of Palestine. There is no place in the world today for colonialism, least of all settler colonialism, whether in the Middle East or in southern Africa.<\/p>\n<\/div>\n<div style=\"color: #000000; text-align: left; padding-top: 9px; font-size: 9pt; font-family: Verdana, san-serif;\">\n<p style=\"margin-top: 0px; margin-bottom: 0px;\">Till the independence of the people of Palestine, the struggle continues.<\/p>\n<\/div>\n<p>&nbsp;<\/p>\n<div style=\"color: #000000; text-align: center; font-size: 9pt; font-family: Verdana, san-serif;\">\n<p style=\"margin-top: 0px; margin-bottom: 0px;\">THE PALESTINE LIBERATION ORGANIZATION<\/p>\n<\/div>\n<p>&nbsp;<\/p>\n<div style=\"color: #000000; text-align: center; font-size: 9pt; font-family: Verdana, san-serif;\">\n<p style=\"margin-top: 0px; margin-bottom: 0px;\"><u>Mr. Yasser Arafat, Chairman of the Executive Committee and<\/u><\/p>\n<\/div>\n<div style=\"color: #000000; text-align: center; font-size: 9pt; font-family: Verdana, san-serif;\">\n<p style=\"margin-top: 0px; margin-bottom: 0px;\"><u>Commander-in-Chief of the Palestine Revolutionary Forces<\/u><\/p>\n<\/div>\n<p>&nbsp;<\/p>\n<div style=\"color: #000000; text-align: left; padding-top: 9px; font-size: 9pt; font-family: Verdana, san-serif;\">\n<p style=\"margin-top: 0px; margin-bottom: 0px;\">I am addressing you on behalf of Palestine, the Palestine of the past, the present and the future, the Palestine of the Prophets, the martyrs, the displaced persons and those fighting for freedom. I am addressing you on behalf of the territory, land, people and cause of Palestine.<\/p>\n<\/div>\n<div style=\"color: #000000; text-align: left; padding-top: 9px; font-size: 9pt; font-family: Verdana, san-serif;\">\n<p style=\"margin-top: 0px; margin-bottom: 0px;\">I am addressing you from our towns and villages which are being destroyed by Israeli occupation and from the refugee camps which racist imperialist Zionist aggression is turning into test-sites for its weapons.<\/p>\n<\/div>\n<div style=\"color: #000000; text-align: left; padding-top: 9px; font-size: 9pt; font-family: Verdana, san-serif;\">\n<p style=\"margin-top: 0px; margin-bottom: 0px;\">My words to you stem from our people&#8217;s insistence on life and their resolve to repel aggression within our occupied territory and outside it, a resolve which has existed since the first conspiracy to drive them out, which was perpetrated in 1948 with Israeli bayonet points. My words to you stem from our inalienable legitimate right to return to our homeland and our right to self-determination and to establish our independent State.<\/p>\n<\/div>\n<div style=\"color: #000000; text-align: left; padding-top: 9px; font-size: 9pt; font-family: Verdana, san-serif;\">\n<p style=\"margin-top: 0px; margin-bottom: 0px;\">My words to you are based on the position of the leadership of the legitimate struggle of my people, our people&#8217;s patriotic and humanitarian rejection of the conspiracies aimed at their physical, political and moral annihilation and the valiant and just resistance of our people against all forms of settlement away from the soil of our Palestinian homeland. I stress to you, and through you to the world as a whole, that the cause of peace is an indivisible whole and that talk of world peace that is not linked with talk of justice and the removal of oppression is the language of hypocrisy and a disguised call for the continuation of wars and their tragedies. Hence derives the outstanding value of this historic day decreed by the General Assembly of the United Nations for international solidarity with the Palestinian people, as a sincere expression of the true concept of world peace and as a magnificent culmination of the efforts of the peoples of the world in support of the just cause of our people, their solidarity with out people&#8217;s heroic struggle, their affirmation of the justice of our people&#8217;s goals and their acknowledgement of the great injustice inflicted on our people. This historic day marks a serious endeavour whereby the international family expresses its rejection of the perpetration of this injustice and its resolve to strive for its elimination. This day further affirms the respect of the international community for the noble values and mighty achievements realized by mankind through its long and arduous struggle and enshrined in the principles of the Charter of the United Nations. It signifies insistence on these principles and concern to protect them from the efforts of those who seek to impede the course of justice, stem the tide of history and exploit the suffering and oppression of peoples. It affirms the international community&#8217;s loyalty to and support of the political and human rights of oppressed peoples who are deprived of their homeland, freedom, equality, independence and sovereignty.<\/p>\n<\/div>\n<div style=\"color: #000000; text-align: left; padding-top: 9px; font-size: 9pt; font-family: Verdana, san-serif;\">\n<p style=\"margin-top: 0px; margin-bottom: 0px;\">This day is a day of solidarity with all national liberation movements, with which the Palestine Liberation Organization stands together.<\/p>\n<\/div>\n<div style=\"color: #000000; text-align: left; padding-top: 9px; font-size: 9pt; font-family: Verdana, san-serif;\">\n<p style=\"margin-top: 0px; margin-bottom: 0px;\">It is the day on which the United Nations affirms its loyalty to its mission, its defence of its role and the effectiveness of its resolutions and puts forward its concept of just and lasting peace in our region. Its timing comes as an appropriate international response to the approach and accords of Camp David, which aimed at casting into oblivion Palestinian existence and Palestinian rights, tried to sanctify Israeli occupation of the territory of occupied Palestine and violated international legality.<\/p>\n<\/div>\n<div style=\"color: #000000; text-align: left; padding-top: 9px; font-size: 9pt; font-family: Verdana, san-serif;\">\n<p style=\"margin-top: 0px; margin-bottom: 0px;\">This day reflects world solidarity with us, this solidarity which is one of the sources of our strength, together with the strength with which the Arab nation provides us through its solidarity and its historic links with our cause and our people at all levels, both popular and official, both at the base and at the summit. Your solidarity with us, this magnificent and noble world solidarity, is the first harbinger of the triumph and independence of our struggling people.<\/p>\n<\/div>\n<div style=\"color: #000000; text-align: left; padding-top: 9px; font-size: 9pt; font-family: Verdana, san-serif;\">\n<p style=\"margin-top: 0px; margin-bottom: 0px;\">We assure you &#8211; and it is upon the shoulders of you all that the responsibility for the attainment of the aspirations and dreams of the peoples of the world for peace, freedom and national independence, free from oppression and aggression, rests &#8211; that our participation with you in the realization of all these values lies fundamentally in our legitimate, just and persistent struggle for the formulation of the terms for peace, which cannot be established in the Middle East except on the basis of the implementation of the inalienable rights of the&#8217; Palestinian Arab people, these rights whose acknowledgement by the United Nations has served to enlighten the world conscience with a vision of true peace and armed it with the criterion of truth which distinguishes between the process of fake peace engaged in at Blair House and the just peace towards which our people and the peoples of the world as a whole aspire. Any policy which denies the essence of the struggle in the Middle East, namely, Palestine and its people, their rights, their four million individuals, its land and its Liberation Organization, will be nothing but a delusion of world public opinion and the United Nations and a transgression of its resolutions supporting the right of the Palestinian Arab people to return to their right to self-determination and to establish their independent State on their national soil. To divest the concept of peace of the essential component of Palestinian rights is an endeavour to divest the United Nations of the principles of its Charter, its role and the effectiveness of its resolutions.<\/p>\n<\/div>\n<div style=\"color: #000000; text-align: left; padding-top: 9px; font-size: 9pt; font-family: Verdana, san-serif;\">\n<p style=\"margin-top: 0px; margin-bottom: 0px;\">We are a people who are aware of our national and international responsibilities, and we are a part of mankind and benefit from and, in turn, benefit human civilization. We are in solidarity with mankind with regard to its destiny and its aspirations for the consolidation of world peace based on justice and equality. We are the people of the land of peace, the holy land of Palestine, loyal in our patriotism to it and dedicated to its mission. But when the Israeli Prime Minister declares, after the decision to make him co-recipient of the Nobel Peace Prize, that our occupied Palestinian land will remain occupied forever and that Jerusalem will remain the capital of Israel, thereby defying all the resolutions of your international Organization, to which he owes his office and the existence of his State, he thereby sets himself up as a godhead of war and aggression and an enemy of justice and peace. It will not be possible to eradicate Jerusalem from the consciousness of millions of human beings and divest it of its illustrious cultural significance in order to make it a capital of aggression and racism.<\/p>\n<\/div>\n<div style=\"color: #000000; text-align: left; padding-top: 9px; font-size: 9pt; font-family: Verdana, san-serif;\">\n<p style=\"margin-top: 0px; margin-bottom: 0px;\">Jerusalem will continue to be our Jerusalem and the Jerusalem of all of you, a place of pilgrimage for all believers and the capital of its Palestinian people.<\/p>\n<\/div>\n<div style=\"color: #000000; text-align: left; padding-top: 9px; font-size: 9pt; font-family: Verdana, san-serif;\">\n<p style=\"margin-top: 0px; margin-bottom: 0px;\">Our blood in the Middle East is not oil or water; it is the salt of the earth at the time of tilling and its gunpowder at the time of repression.<\/p>\n<\/div>\n<div style=\"color: #000000; text-align: justify; padding-top: 9px; font-size: 9pt; font-family: Verdana, san-serif;\">\n<p style=\"margin-top: 0px; margin-bottom: 0px;\">And when they refuse to accept the ear of grain from our hand, they force a grenade into our other hand. We shall derive strength from the history of our country and brotherhood, from its sanctity, that the land of Palestine may complete the fulfilment of its mission.<\/p>\n<\/div>\n<div style=\"color: #000000; text-align: left; padding-top: 9px; font-size: 9pt; font-family: Verdana, san-serif;\">\n<p style=\"margin-top: 0px; margin-bottom: 0px;\">On behalf of the steadfast Palestinian people in our occupied land and our struggling masses in the land of the diaspora, from the ever-renewed vigour of my people, from their unity and the unity of their land and from the olive-tree whose branch I have borne to you, I bring to you the greetings of our people and extend appreciation to the Secretary-General of the United Nations, Dr. Kurt Waldheim, who is aware that Palestinian peace is fundamental to world peace. I express gratitude also the Chairman and members of the Committee on the Exercise of the Inalienable Rights of the Palestinian People and to all our friends and allies among the non-aligned States, the African States, the Islamic States, the socialist States and the friendly States who support our just struggle and our legitimate and inalienable rights. I renew the commitment of my people, as embodied in its sole legitimate representative, the Palestine Liberation Organization, to the principles of the Charter of the United Nations, offering the requisite participation in the process of creating new norms for relations among nations, norms which are based on freedom, justice, peace and progress.<\/p>\n<\/div>\n<div style=\"color: #000000; text-align: justify; padding-top: 9px; font-size: 9pt; font-family: Verdana, san-serif;\">\n<p style=\"margin-top: 0px; margin-bottom: 0px;\">There is a flag which, must take its place among the flags of the States of the world at the United Nations, namely, the flag of our Palestinian Arab people, the flag of their independent national State. Let us work together to raise this flag over our fine Palestinian land.<\/p>\n<\/div>\n<div style=\"color: #000000; text-align: left; padding-top: 9px; font-size: 9pt; font-family: Verdana, san-serif;\">\n<p style=\"margin-top: 0px; margin-bottom: 0px;\">Long live Palestine.<\/p>\n<\/div>\n<div style=\"color: #000000; text-align: left; padding-top: 9px; font-size: 9pt; font-family: Verdana, san-serif;\">\n<p style=\"margin-top: 0px; margin-bottom: 0px;\">Long live the solidarity of peoples.<\/p>\n<\/div>\n<div style=\"color: #000000; text-align: justify; padding-top: 9px; font-size: 9pt; font-family: Verdana, san-serif;\">\n<p style=\"margin-top: 0px; margin-bottom: 0px;\">Long live freedom. Long live justice. Long live peace.<\/p>\n<\/div>\n<p>&nbsp;<\/p>\n<div style=\"color: #000000; text-align: center; padding-top: 9px; font-size: 9pt; font-family: Verdana, san-serif;\">\n<p style=\"margin-top: 0px; margin-bottom: 0px;\"><u>Statement by a Committee of the General Assembly of the United Nations<\/u><\/p>\n<\/div>\n<p>&nbsp;<\/p>\n<div style=\"color: #000000; text-align: center; padding-top: 9px; font-size: 9pt; font-family: Verdana, san-serif;\">\n<p style=\"margin-top: 0px; margin-bottom: 0px;\"><u>H.E. Mr. Leslie 0. Harriman, Chairman of the Special Committee against Apartheid<\/u><\/p>\n<\/div>\n<p>&nbsp;<\/p>\n<div style=\"color: #000000; text-align: left; padding-top: 9px; font-size: 9pt; font-family: Verdana, san-serif;\">\n<p style=\"margin-top: 0px; margin-bottom: 0px;\">I must confess that I had some trepidations about accepting your invitation to address this special meeting; my fear was that I would have no meaningful contribution to make as Chairman of the United Nations Special Committee against <u>Apartheid<\/u>.\u00a0\u00a0For the Special Committee is concerned with the problem of racist domination and oppression and settler colonialism in South Africa.<\/p>\n<\/div>\n<div style=\"color: #000000; text-align: left; padding-top: 9px; font-size: 9pt; font-family: Verdana, san-serif;\">\n<p style=\"margin-top: 0px; margin-bottom: 0px;\">The more I examine the words I have just utilized, the more I see the relationship between them and the situation in Palestine. I would not wish to go into the details because we all understand them, the Special Committee has, of course, been concerned with the collaboration<\/p>\n<\/div>\n<div style=\"color: #000000; text-align: left; padding-top: 9px; font-size: 9pt; font-family: Verdana, san-serif;\">\n<p style=\"margin-top: 0px; margin-bottom: 0px;\">between Israel and the <u>apartheid<\/u>\u00a0r\u00e9gime in South Africa. It made a further report on the matter to the General Assembly a few days ago.<\/p>\n<\/div>\n<div style=\"color: #000000; text-align: justify; padding-top: 9px; font-size: 9pt; font-family: Verdana, san-serif;\">\n<p style=\"margin-top: 0px; margin-bottom: 0px;\">There is also, on the other hand, the close relationship between the liberation movements of the black people of southern Africa and the Arab people of Palestine because of the common problems they have faced.<\/p>\n<\/div>\n<div style=\"color: #000000; text-align: left; padding-top: 9px; font-size: 9pt; font-family: Verdana, san-serif;\">\n<p style=\"margin-top: 0px; margin-bottom: 0px;\">Again, I need say very little on these aspects which are well-known.<\/p>\n<\/div>\n<div style=\"color: #000000; text-align: left; padding-top: 9px; font-size: 9pt; font-family: Verdana, san-serif;\">\n<p style=\"margin-top: 0px; margin-bottom: 0px;\">I felt compelled to come here again because of the campaign that has been unleashed against this committee and against this particular observance by people who seem to see the very term &#8220;Palestinian Rights&#8221; as a red rag.<\/p>\n<\/div>\n<div style=\"color: #000000; text-align: justify; padding-top: 9px; font-size: 9pt; font-family: Verdana, san-serif;\">\n<p style=\"margin-top: 0px; margin-bottom: 0px;\">The Special Committee against <u>Apartheid<\/u>\u00a0itself experienced similar boycotts and defamation, especially in its early years, and is even now subjected to attacks by some fringe elements.<\/p>\n<\/div>\n<div style=\"color: #000000; text-align: justify; padding-top: 9px; font-size: 9pt; font-family: Verdana, san-serif;\">\n<p style=\"margin-top: 0px; margin-bottom: 0px;\">My colleagues in the Special Committee have felt that the Committee has a duty, as an organ of the United Nations, to share its experience with this Committee on this special occasion.<\/p>\n<\/div>\n<div style=\"color: #000000; text-align: left; padding-top: 9px; font-size: 9pt; font-family: Verdana, san-serif;\">\n<p style=\"margin-top: 0px; margin-bottom: 0px;\">I may recall that when the problem of <u>apartheid<\/u>\u00a0was brought to the United Nations in 1952 by Asian and African States, there was a difficult struggle to get it on the agenda, although the issue was very clear and although the Assembly had already taken up many allegations against other States in a cold war posture and in a cold war context. A commission which was then established to study the problem had to be disbanded after three years because of opposition by Western and other States.<\/p>\n<\/div>\n<div style=\"color: #000000; text-align: left; padding-top: 9px; font-size: 9pt; font-family: Verdana, san-serif;\">\n<p style=\"margin-top: 0px; margin-bottom: 0px;\">I may also recall that no petitioner from the South African liberation movement could be heard in this Assembly until 1963. The President of the African National Congress could only sit in the visitors&#8217; gallery in 1946.<\/p>\n<\/div>\n<div style=\"color: #000000; text-align: left; padding-top: 9px; font-size: 9pt; font-family: Verdana, san-serif;\">\n<p style=\"margin-top: 0px; margin-bottom: 0px;\">A letter by Professor Matthews in 1952, on behalf of the ANC, could not even be issued as a document of the United Nations.<\/p>\n<\/div>\n<div style=\"color: #000000; text-align: left; padding-top: 9px; font-size: 9pt; font-family: Verdana, san-serif;\">\n<p style=\"margin-top: 0px; margin-bottom: 0px;\">When the Special Committee against <u>Apartheid<\/u>\u00a0was established by a General Assembly resolution in 1962, it became the first committee in the United Nations history to be boycotted by the Western Powers.<\/p>\n<\/div>\n<div style=\"color: #000000; text-align: left; padding-top: 9px; font-size: 9pt; font-family: Verdana, san-serif;\">\n<p style=\"margin-top: 0px; margin-bottom: 0px;\">Perhaps there have been more vetoes and threats of vetoes on <u>apartheid<\/u>\u00a0in the Security Council that on any other issue. I have not had time to count.<\/p>\n<\/div>\n<div style=\"color: #000000; text-align: left; padding-top: 9px; font-size: 9pt; font-family: Verdana, san-serif;\">\n<p style=\"margin-top: 0px; margin-bottom: 0px;\">But the Special Committee has carried on its work, in faithfulness to the principles of the Charter, and we have today achieved greater understanding in the world of the inhumanity of <u>apartheid<\/u>\u00a0and of the inalienable rights of the oppressed people of South Africa.<\/p>\n<\/div>\n<div style=\"color: #000000; text-align: left; padding-top: 9px; font-size: 9pt; font-family: Verdana, san-serif;\">\n<p style=\"margin-top: 0px; margin-bottom: 0px;\">I feel that there is an inescapable lesson in this experience of the Special Committee. The United Nations and its committees cannot be dis\u00adheartened by criticism, but must maintain and remain faithful to principles because world opinion will lend its support when it is acquainted with all the facts.<\/p>\n<\/div>\n<div style=\"color: #000000; text-align: left; padding-top: 9px; font-size: 9pt; font-family: Verdana, san-serif;\">\n<p style=\"margin-top: 0px; margin-bottom: 0px;\">One is amazed at the hysterical outbursts in some quarters whenever there is mention of the inalienable rights of an oppressed people &#8211; I fear the word because I cannot pronounce it property but in its true sense &#8211; even today, on the eve of the thirtieth anniversary of the Universal Declaration of Human Rights; I wonder why this is so.<\/p>\n<\/div>\n<div style=\"color: #000000; text-align: left; padding-top: 9px; font-size: 9pt; font-family: Verdana, san-serif;\">\n<p style=\"margin-top: 0px; margin-bottom: 0px;\">When one speaks of the rights of the black people of South Africa who are denied even elementary rights, some people immediately conjure up the image of the white settlers &#8211; their kith and kin &#8211; being thrown into the sea. The fact is, of course, that it is not Africans who are endangering the future of whites in Africa, but the brutality of the racists and the encouragement of the racists which they receive from their friends abroad.<\/p>\n<\/div>\n<div style=\"color: #000000; text-align: left; padding-top: 9px; font-size: 9pt; font-family: Verdana, san-serif;\">\n<p style=\"margin-top: 0px; margin-bottom: 0px;\">felt that I needed to emphasize this fact since I saw that the results of a public opinion poll among Jews in Israel only a few days ago indicated that three quarters of the people agreed that it is impossible to arrive at full and final peace without solving the Palestinian problem. Yet, some people abroad, who profess to be friends of the Jewish people in Israel, do not want even to recognize that there is a Palestinian problem at all or that there are Palestinian rights.<\/p>\n<\/div>\n<div style=\"color: #000000; text-align: left; padding-top: 9px; font-size: 9pt; font-family: Verdana, san-serif;\">\n<p style=\"margin-top: 0px; margin-bottom: 0px;\">In South Africa and in Palestine, there are serious and complicated problems inherited from the past, for which the international community must find solutions.<\/p>\n<\/div>\n<div style=\"color: #000000; text-align: left; padding-top: 9px; font-size: 9pt; font-family: Verdana, san-serif;\">\n<p style=\"margin-top: 0px; margin-bottom: 0px;\">In South Africa, there is the legacy of 300 years of racism, under colonial and settler rule, formalized by the British handing over of power to the white minority 70 years ago and institutionalized with the victory of the <u>apartheid<\/u>\u00a0r\u00e9gime in 1948.<\/p>\n<\/div>\n<div style=\"color: #000000; text-align: left; padding-top: 9px; font-size: 9pt; font-family: Verdana, san-serif;\">\n<p style=\"margin-top: 0px; margin-bottom: 0px;\">In Palestine, there is the legacy of colonialism and the problems arising from the abandonment of the mandate by the same British in 1948.<\/p>\n<\/div>\n<div style=\"color: #000000; text-align: justify; padding-top: 9px; font-size: 9pt; font-family: Verdana, san-serif;\">\n<p style=\"margin-top: 0px; margin-bottom: 0px;\">It is perhaps an accident that the <u>apartheid<\/u>\u00a0r\u00e9gime was established in South Africa two weeks after the State of Israel was proclaimed in Palestine in May 1948.<\/p>\n<\/div>\n<div style=\"color: #000000; text-align: left; padding-top: 9px; font-size: 9pt; font-family: Verdana, san-serif;\">\n<p style=\"margin-top: 0px; margin-bottom: 0px;\">Both problems are difficult, but they must be solved or there will be wider conflict with enormous repercussions. There cannot be a lasting solution unless the international community adheres strictly to principles.<\/p>\n<\/div>\n<div style=\"color: #000000; text-align: left; padding-top: 9px; font-size: 9pt; font-family: Verdana, san-serif;\">\n<p style=\"margin-top: 0px; margin-bottom: 0px;\">A &#8220;kith and kin&#8221; approach, devoid of principle, is disastrous. Especially where this &#8220;kith and kin&#8221; approach is practised across the oceans. It becomes even more difficult and more dangerous.<\/p>\n<\/div>\n<div style=\"color: #000000; text-align: left; padding-top: 9px; font-size: 9pt; font-family: Verdana, san-serif;\">\n<p style=\"margin-top: 0px; margin-bottom: 0px;\">In the case of South Africa, the Special Committee and the liberation movements and African States have recognized and denounced <u>black<\/u>\u00a0traitors. They have, without hesitation, commended <u>whites<\/u>\u00a0who have identified themselves with the liberation struggle. They include Afrikaners, English-speaking people and a number of people of Jewish origin and I myself met several of them on my travels as members of the delegations of the liberation movement.<\/p>\n<\/div>\n<div style=\"color: #000000; text-align: left; padding-top: 9px; font-size: 9pt; font-family: Verdana, san-serif;\">\n<p style=\"margin-top: 0px; margin-bottom: 0px;\">We have commended the Netherlands for its opposition to <u>apartheid<\/u>,\u00a0despite their historic relations with the Afrikaners. They have recognized that the true friends of the Afrikaners are those who persuade them to abandon racism and go for justice and human dignity.<\/p>\n<\/div>\n<div style=\"color: #000000; text-align: left; padding-top: 9px; font-size: 9pt; font-family: Verdana, san-serif;\">\n<p style=\"margin-top: 0px; margin-bottom: 0px;\">The Special Committee against <u>Apartheid<\/u>\u00a0has always recognized that the problem of South Africa should be solved, by the people of the country on a basis of equality. The United Nations, the Member States and non-governmental organizations, can only assist in the process of upholding the principles of justice and lending support to the oppressed people.<\/p>\n<\/div>\n<div style=\"color: #000000; text-align: justify; padding-top: 9px; font-size: 9pt; font-family: Verdana, san-serif;\">\n<p style=\"margin-top: 0px; margin-bottom: 0px;\">The oppressed people have a right to choose their own liberation movement and their own leaders. No one can impose leaders on them and they have a right to choose the means of their own struggle.<\/p>\n<\/div>\n<div style=\"color: #000000; text-align: left; padding-top: 9px; font-size: 9pt; font-family: Verdana, san-serif;\">\n<p style=\"margin-top: 0px; margin-bottom: 0px;\">When we say this, people bring in the problem of terrorism. Our position is simple. All terrorism &#8211; all killing and maiming of innocent people &#8211; by oppressive Governments or against the people they should protect or against neighbouring States or other combatants in a conventional war or in a guerilla war, must be prevented. Genuine liberation movements have always tried to avoid such acts because they are counterproductive.<\/p>\n<\/div>\n<div style=\"color: #000000; text-align: left; padding-top: 9px; font-size: 9pt; font-family: Verdana, san-serif;\">\n<p style=\"margin-top: 0px; margin-bottom: 0px;\">But if we discuss the rule of war rationally, there cannot be a licence to oppressive Governments and restrictions on liberation movements.<\/p>\n<\/div>\n<div style=\"color: #000000; text-align: left; padding-top: 9px; font-size: 9pt; font-family: Verdana, san-serif;\">\n<p style=\"margin-top: 0px; margin-bottom: 0px;\">In South Africa, the racist regime has shown no concern for the lives of the black people and has resorted to inhumanity in dealing with the members of the liberation movements. In addition, there have been numerous acts of terrorism against helpless victims of repression by vigilante groups, very few unknown, and I can only refer to the murder of Professor Richard Turner a year ago by such groups.<\/p>\n<\/div>\n<div style=\"color: #000000; text-align: left; padding-top: 9px; font-size: 9pt; font-family: Verdana, san-serif;\">\n<p style=\"margin-top: 0px; margin-bottom: 0px;\">On the one hand, the national liberation movement has been most careful in avoiding the killing of innocent persons. Yet some people accuse it of terrorism, and the hysteria is likely to grow as the armed struggle develops. I have mentioned some principles because the inalienable rights of the South Africans or of the Palestinians are inextricably linked in the question regarding these principles.<\/p>\n<\/div>\n<div style=\"color: #000000; text-align: left; padding-top: 9px; font-size: 9pt; font-family: Verdana, san-serif;\">\n<p style=\"margin-top: 0px; margin-bottom: 0px;\">Struggles of peoples for their rights may lead to conflicts between nations and become complicated. The resulting conflicts between States may be decided by negotiations among Governments. But no one can impose a solution on a people and expect it to last.<\/p>\n<\/div>\n<div style=\"color: #000000; text-align: left; padding-top: 9px; font-size: 9pt; font-family: Verdana, san-serif;\">\n<p style=\"margin-top: 0px; margin-bottom: 0px;\">The South African regime, I may recall, has often called for dialogue with African States but the African States on principle rejected such dialogue which must start inside the countries involved.<\/p>\n<\/div>\n<div style=\"color: #000000; text-align: left; padding-top: 9px; font-size: 9pt; font-family: Verdana, san-serif;\">\n<p style=\"margin-top: 0px; margin-bottom: 0px;\">The Special Committee has been concerned about the growing collaboration between Israel and South Africa. One of the most pernicious aspects of this collaboration has been the assistance provided to the <u>apartheid<\/u>\u00a0r\u00e9gime by the propaganda apparatus of Israel and its friends &#8211; a propaganda apparatus used not only by South Africa against blacks who seek freedom but against the Palestinians. The Special Committee itself has often been violently attacked.<\/p>\n<\/div>\n<div style=\"color: #000000; text-align: left; padding-top: 9px; font-size: 9pt; font-family: Verdana, san-serif;\">\n<p style=\"margin-top: 0px; margin-bottom: 0px;\">I speak as one who ardently wishes to see a just and lasting peace in the Middle East. I speak as an African, inspired by the vision of the Pan-African leaders for a new world in which all men and women can live as equals, and that includes Jews and Arabs, as much as people of African descent.<\/p>\n<\/div>\n<div style=\"color: #000000; text-align: left; padding-top: 9px; font-size: 9pt; font-family: Verdana, san-serif;\">\n<p style=\"margin-top: 0px; margin-bottom: 0px;\">The Special Committee, however, had to do this its duty in publicizing the collaboration between Israel and South Africa.<\/p>\n<\/div>\n<div style=\"color: #000000; text-align: left; padding-top: 9px; font-size: 9pt; font-family: Verdana, san-serif;\">\n<p style=\"margin-top: 0px; margin-bottom: 0px;\">Moreover, we hoped that the friends of Israel would persuade it not to link its fate with that of the <u>apartheid<\/u>\u00a0r\u00e9gime which is doomed to extinction, but to extricate itself and align with the rest of the world and with justice.<\/p>\n<\/div>\n<div style=\"color: #000000; text-align: left; padding-top: 9px; font-size: 9pt; font-family: Verdana, san-serif;\">\n<p style=\"margin-top: 0px; margin-bottom: 0px;\">I would like to hope that a few recent developments show that the leaders of Israel are not immune to public opinion and especially world opinion.<\/p>\n<\/div>\n<div style=\"color: #000000; text-align: left; padding-top: 9px; font-size: 9pt; font-family: Verdana, san-serif;\">\n<p style=\"margin-top: 0px; margin-bottom: 0px;\">I have in mind their announcement or willingness 51ÁÔÆæ the arms embargo against South Africa; we are yet to see this materialise, and there was the recent refusal of the Israeli ambassador to attend a play at a segregated theatre in Pretoria.<\/p>\n<\/div>\n<div style=\"color: #000000; text-align: left; padding-top: 9px; font-size: 9pt; font-family: Verdana, san-serif;\">\n<p style=\"margin-top: 0px; margin-bottom: 0px;\">We hope this trend is not a red herring!<\/p>\n<\/div>\n<div style=\"color: #000000; text-align: left; padding-top: 9px; font-size: 9pt; font-family: Verdana, san-serif;\">\n<p style=\"margin-top: 0px; margin-bottom: 0px;\">In that same spirit, I would like to express the hope that the efforts of this Committee, and of the Palestinian people themselves, will lead to a greater understanding and support for the inalienable rights of the Palestinian people.<\/p>\n<\/div>\n<p>&nbsp;<\/p>\n<div style=\"color: #000000; text-align: center; padding-top: 9px; font-size: 9pt; font-family: Verdana, san-serif;\">\n<p style=\"margin-top: 0px; margin-bottom: 0px;\"><u>Statements by regional groups of States at the United Nations <\/u><\/p>\n<\/div>\n<p>&nbsp;<\/p>\n<div style=\"color: #000000; text-align: center; padding-top: 9px; font-size: 9pt; font-family: Verdana, san-serif;\">\n<p style=\"margin-top: 0px; margin-bottom: 0px;\"><u>Group of African States <\/u><\/p>\n<\/div>\n<div style=\"color: #000000; text-align: center; padding-top: 9px; font-size: 9pt; font-family: Verdana, san-serif;\">\n<p style=\"margin-top: 0px; margin-bottom: 0px;\">CHAD<\/p>\n<\/div>\n<div style=\"color: #000000; text-align: center; padding-top: 9px; font-size: 9pt; font-family: Verdana, san-serif;\">\n<p style=\"margin-top: 0px; margin-bottom: 0px;\"><u>H.E. Mr. Beadengar Dessande, Permanent Representative to the United Nations<\/u><\/p>\n<\/div>\n<p>&nbsp;<\/p>\n<div style=\"color: #000000; text-align: left; padding-top: 9px; font-size: 9pt; font-family: Verdana, san-serif;\">\n<p style=\"margin-top: 0px; margin-bottom: 0px;\">You have been so kind as to invite me, in my capacity as Chairman of the African Group in the United Nations for the month of November, to join all those gathered here today to commemorate the International Day of Solidarity with the Palestinian People. I should like to express my deep gratitude for having been thus enabled to participate in this solemn meeting, which expresses the wishes of the General Assembly, emphasizes the international community&#8217;s concern and draws the attention of international opinion to the distressing question of Palestine.<\/p>\n<\/div>\n<div style=\"color: #000000; text-align: left; padding-top: 9px; font-size: 9pt; font-family: Verdana, san-serif;\">\n<p style=\"margin-top: 0px; margin-bottom: 0px;\">Once again the question of Palestine is brought before the General Assembly of the United Nations. History bears out our belief that the international community is right today in continuing to express its indignation at the continued occupation of Palestine.<\/p>\n<\/div>\n<div style=\"color: #000000; text-align: left; padding-top: 9px; font-size: 9pt; font-family: Verdana, san-serif;\">\n<p style=\"margin-top: 0px; margin-bottom: 0px;\">Africa as a whole again expresses its grave concern over Israel&#8217;s persistence in its usurpation of Palestine, its flagrant refusal to recognize the inalienable rights of the Palestinian people and its racist and expansionist policy. This attitude constitutes a flagrant defiance of the international community and a constant and consultative violation of the principles of the Charter and of the resolutions of the United Nations and the Universal Declaration of Human Rights.<\/p>\n<\/div>\n<div style=\"color: #000000; text-align: left; padding-top: 9px; font-size: 9pt; font-family: Verdana, san-serif;\">\n<p style=\"margin-top: 0px; margin-bottom: 0px;\">It is hardly necessary to mention on this occasion that the Middle East crisis arose first and foremost from the denial of the Palestinian people&#8217;s right to national existence and that the continued aggravation of the crisis is essentially due to a deliberate desire to ignore the root of the problem, which is the restoration of their national rights to the Palestinian people.<\/p>\n<\/div>\n<div style=\"color: #000000; text-align: justify; padding-top: 9px; font-size: 9pt; font-family: Verdana, san-serif;\">\n<p style=\"margin-top: 0px; margin-bottom: 0px;\">The report of the Commissioner-General of the United Nations Relief and Works Agency for Palestinian Refugees in the Near East (A\/33\/13) highlights this refusal.<\/p>\n<\/div>\n<div style=\"color: #000000; text-align: left; padding-top: 9px; font-size: 9pt; font-family: Verdana, san-serif;\">\n<p style=\"margin-top: 0px; margin-bottom: 0px;\">This informative report well and truly proves that more than 1,757,269 persons registered as refugees with UNRWA, a people who had lived in peace before the creation of the State of Israel are now dispersed throughout the entire world.<\/p>\n<\/div>\n<div style=\"color: #000000; text-align: left; padding-top: 9px; font-size: 9pt; font-family: Verdana, san-serif;\">\n<p style=\"margin-top: 0px; margin-bottom: 0px;\">Practices in the occupied territories show the extent to which the occupying State, in defiance of the Fourth Geneva Convention relative to the Protection of civilian Persons in Time of War, is flagrantly violating natural law.<\/p>\n<\/div>\n<div style=\"color: #000000; text-align: left; padding-top: 9px; font-size: 9pt; font-family: Verdana, san-serif;\">\n<p style=\"margin-top: 0px; margin-bottom: 0px;\">Paragraph 129 of the note by the Secretary-General concerning the report of the Special Committee to Investigate Israeli Practices Affecting the Human Rights of the Population of the Occupied Territories (A\/33\/356 of 13 November 1978) reads :<\/p>\n<\/div>\n<div style=\"color: #000000; text-align: left; padding-top: 9px; font-size: 9pt; font-family: Verdana, san-serif; margin-left: 20px;\">&#8220;The Special Committee has stated, from its very first report, that the fundamental violation of human rights lies in the very fact of occupation. This is itself the direct cause of the day-to-day pattern affecting the life and liberty of the civilians in the occupied territories. Their life is marked with a pattern of incidents involving various forms of violence and repercussions of these incidents. The number of arrests recorded by the Special Committee during the Period covered by the report amounts to 1,192. This is but a minimum figure since it is based on reports on the Israeli press which is subject of censorship. To this number must be added those cases that go unreported and several other reports which refer to the arrest of &#8216;several&#8217; or &#8216;dozens&#8217; or &#8216;a large number&#8217; of persons (the Committee observed over 20 such reports during the year). The same considerations apply to the information concerning incidents: 319 specific reports of incidents were recorded by the Committee. Several of these arrests and trials are the consequence of the incidents referred to, although a large proportion of the trials reported concerned non-violent offences. The pressure caused by the large number of arrests on the military tribunals is evidenced by the fact that a second tribunal has been established in Nablus to reduce the large number of outstanding trials&#8221;.<\/div>\n<div style=\"color: #000000; text-align: left; padding-top: 9px; font-size: 9pt; font-family: Verdana, san-serif;\">\n<p style=\"margin-top: 0px; margin-bottom: 0px;\">Thus, the peoples who are devoted to the cause of peace and liberty are aware that the Palestinians are facing the same sufferings as the Africans in South Africa, such as arbitrary arrests and court decisions. As are the Africans, in South Africa, the Palestinians are tortured and humiliated in Israeli prisons.<\/p>\n<\/div>\n<div style=\"color: #000000; text-align: left; padding-top: 9px; font-size: 9pt; font-family: Verdana, san-serif;\">\n<p style=\"margin-top: 0px; margin-bottom: 0px;\">Africa has long been defining and continues to define its position on the Palestinian problem. Without the satisfaction of the national rights of the Palestinian people and the restoration of all occupied Arab territories, including Jerusalem, non-initiatives directed towards promoting a just solution can be effective. Obviously, the attainment of such a goal requires the compliance of the international community with its own decisions, the restoration of unity in the Arab ranks and the unremitting affirmation of international solidarity on a scale commemorate with the vast conspiracy against the Palestinian people.<\/p>\n<\/div>\n<div style=\"color: #000000; text-align: left; padding-top: 9px; font-size: 9pt; font-family: Verdana, san-serif;\">\n<p style=\"margin-top: 0px; margin-bottom: 0px;\">Africa believes that the key to peace in the Middle East lies in the just solution of the Palestinian issue. The United Nations would achieve this aim if, by imposing respect for the principles of the Charter and by firmly applying its own decisions and recommendations, it allowed all the peoples of the Middle East the opportunity to exercise their inalienable rights to self-determination and national independence and to live in peace within firmly established national boundaries.<\/p>\n<\/div>\n<div style=\"color: #000000; text-align: left; padding-top: 9px; font-size: 9pt; font-family: Verdana, san-serif;\">\n<p style=\"margin-top: 0px; margin-bottom: 0px;\">Before closing I should like, as the representative of Chad, to convey to you, as Chairman and as representative of the sister-country of Senegal, my warmest congratulations on the talent and dedication you have brought to the chairmanship of the Committee on the Exercise of the Inalienable Rights of the Palestinian People. I extend these congratulations also to the members of the Committee for their valuable work under your enlightened guidance, on behalf of the Palestinian people.<\/p>\n<\/div>\n<p>&nbsp;<\/p>\n<div style=\"color: #000000; text-align: center; font-size: 9pt; font-family: Verdana, san-serif;\">\n<p style=\"margin-top: 0px; margin-bottom: 0px;\"><u>Group of Arab States <\/u><\/p>\n<\/div>\n<p>&nbsp;<\/p>\n<div style=\"color: #000000; text-align: center; font-size: 9pt; font-family: Verdana, san-serif;\">\n<p style=\"margin-top: 0px; margin-bottom: 0px;\"><u>H.E. Mr. Mansur Rashid Kikhia, Permanent Representative to the United Nations<\/u><\/p>\n<\/div>\n<p>&nbsp;<\/p>\n<div style=\"color: #000000; text-align: center; font-size: 9pt; font-family: Verdana, san-serif;\">\n<p style=\"margin-top: 0px; margin-bottom: 0px;\">LIBYAN ARAB JAMAHIRIYA<\/p>\n<\/div>\n<p>&nbsp;<\/p>\n<div style=\"color: #000000; text-align: left; padding-top: 9px; font-size: 9pt; font-family: Verdana, san-serif;\">\n<p style=\"margin-top: 0px; margin-bottom: 0px;\">On this day of International Solidarity with the Palestinian People, I would like, on behalf of the Arab Group, to reiterate our full support to the struggle of the Palestinian people and its sole legitimate representative, the Palestine Liberation Organization, in their struggle for their inalienable rights.<\/p>\n<\/div>\n<div style=\"color: #000000; text-align: left; padding-top: 9px; font-size: 9pt; font-family: Verdana, san-serif;\">\n<p style=\"margin-top: 0px; margin-bottom: 0px;\">I would also like to stress the following:<\/p>\n<\/div>\n<div style=\"color: #000000; text-align: left; padding-top: 9px; font-size: 9pt; font-family: Verdana, san-serif;\">\n<p style=\"margin-top: 0px; margin-bottom: 0px;\">First, the just cause of the Palestinian people is at the heart of the Middle East problem; consequently, we stress our belief that no solution in the Middle East can be envisaged which does not fully take into account the legitimate aspirations of the Palestinian people.<\/p>\n<\/div>\n<div style=\"color: #000000; text-align: left; padding-top: 9px; font-size: 9pt; font-family: Verdana, san-serif;\">\n<p style=\"margin-top: 0px; margin-bottom: 0px;\">Secondly, we stress our belief that without the realization of the inalienable rights of the Palestinian people to return to their homes and to self-determination, independence and national sovereignty the Middle East question cannot be solved.<\/p>\n<\/div>\n<div style=\"color: #000000; text-align: left; padding-top: 9px; font-size: 9pt; font-family: Verdana, san-serif;\">\n<p style=\"margin-top: 0px; margin-bottom: 0px;\">Thirdly, we therefore emphasize that the participation of the Palestine Liberation Organization, the representative of the Palestinian people, on an equal footing with all other parties, on the basis of General Assembly resolutions 3236 (XXIX) and 3375 (XXX), is indispensable in all efforts, deliberations and conferences on the Middle East.<\/p>\n<\/div>\n<div style=\"color: #000000; text-align: left; padding-top: 9px; font-size: 9pt; font-family: Verdana, san-serif;\">\n<p style=\"margin-top: 0px; margin-bottom: 0px;\">At this time, when events are taking place on the Middle East question, we should recall the recommendations which the Committee on the Exercise of Inalienable Rights of the Palestinian People has made on the inalienable rights of the Palestinian people, which the General Assembly has already endorsed, as a basis for the solution of the question of Palestine in the last two sessions.<\/p>\n<\/div>\n<div style=\"color: #000000; text-align: left; padding-top: 9px; font-size: 9pt; font-family: Verdana, san-serif;\">\n<p style=\"margin-top: 0px; margin-bottom: 0px;\">I will also seize this opportunity to thank the Committee on the Exercise of the Inalienable Rights of the Palestinian&#8221;People for its efforts to promote the implementation of its recommendations.<\/p>\n<\/div>\n<div style=\"color: #000000; text-align: left; padding-top: 9px; font-size: 9pt; font-family: Verdana, san-serif;\">\n<p style=\"margin-top: 0px; margin-bottom: 0px;\">We thank the United Nations for its decision to organize the annual observance of 29 November as the International Day of Solidarity with the Palestinian People. We thank all those who helped in making this first observance take place today. At the same time, we urge the United Nations, and especially the Security Council, to take more practical measures to stop the aggression of the Zionist entity, this racist entity which was defined as such by the General Assembly in 1975.<\/p>\n<\/div>\n<div style=\"color: #000000; text-align: left; padding-top: 9px; font-size: 9pt; font-family: Verdana, san-serif;\">\n<p style=\"margin-top: 0px; margin-bottom: 0px;\">Our greetings and support to the Palestinian people in its heroic struggle.<\/p>\n<\/div>\n<div style=\"color: #000000; text-align: left; padding-top: 9px; font-size: 9pt; font-family: Verdana, san-serif;\">\n<p style=\"margin-top: 0px; margin-bottom: 0px;\">Our greetings and support to our Palestinian brothers who are suffering under the yoke of occupation.<\/p>\n<\/div>\n<div style=\"color: #000000; text-align: left; padding-top: 9px; font-size: 9pt; font-family: Verdana, san-serif;\">\n<p style=\"margin-top: 0px; margin-bottom: 0px;\">We thank all friendly nations and all peace and freedom loving people of the world for their support to the just cause of the Palestinian people.<\/p>\n<\/div>\n<p>&nbsp;<\/p>\n<div style=\"color: #000000; text-align: center; padding-top: 9px; font-size: 9pt; font-family: Verdana, san-serif;\">\n<p style=\"margin-top: 0px; margin-bottom: 0px;\"><u>Group of <\/u><u>Asian <\/u><u>States <\/u><\/p>\n<\/div>\n<div style=\"color: #000000; text-align: center; padding-top: 9px; font-size: 9pt; font-family: Verdana, san-serif;\">\n<p style=\"margin-top: 0px; margin-bottom: 0px;\">IRAN<\/p>\n<\/div>\n<div style=\"color: #000000; text-align: center; padding-top: 9px; font-size: 9pt; font-family: Verdana, san-serif;\">\n<p style=\"margin-top: 0px; margin-bottom: 0px;\"><u>H.E. Mr. Fereydoun Hoveyda, Permanent Representative to the United Nations<\/u><\/p>\n<\/div>\n<p>&nbsp;<\/p>\n<div style=\"color: #000000; text-align: left; padding-top: 9px; font-size: 9pt; font-family: Verdana, san-serif;\">\n<p style=\"margin-top: 0px; margin-bottom: 0px;\">On the occasion of the first annual observance of the International Day of Solidarity with the Palestinian People, we Member States who comprise the Asian Group declare our spiritual brotherhood with the people of Palestine. We support the legitimate goals and aspirations of Palestinians to exercise their inalienable right to self-determination without external interference and the right to independence and sovereignty as a nation.<\/p>\n<\/div>\n<div style=\"color: #000000; text-align: left; padding-top: 9px; font-size: 9pt; font-family: Verdana, san-serif;\">\n<p style=\"margin-top: 0px; margin-bottom: 0px;\">For 30 years the displaced people of Palestine have suffered the neglect of world opinion. Refugees have endured the squalor and deprivation of a marginal existence with only the intermittent concern of more fortunate states. Since the Israeli occupation of Palestinian territories, Palestinian people have witnessed a concerted effort by that occupying power to establish Jewish settlements on Palestinian lands, to disrupt the social, cultural and political character of the Palestinian traditions and to demoralise a proud and independent population who seek their own unity.<\/p>\n<\/div>\n<div style=\"color: #000000; text-align: left; padding-top: 9px; font-size: 9pt; font-family: Verdana, san-serif;\">\n<p style=\"margin-top: 0px; margin-bottom: 0px;\">In keeping with General Assembly resolution 3236, the Asian Group lends its enthusiastic support to the principles and objectives in that resolution which <u>inter alia<\/u>\u00a0stated:<\/p>\n<\/div>\n<div style=\"color: #000000; text-align: left; padding-top: 9px; font-size: 9pt; font-family: Verdana, san-serif;\">\n<p style=\"margin-top: 0px; margin-bottom: 0px;\">1. Reaffirmation of the inalienable rights of the Palestinian people in Palestine, including the right to self-determination without external interference and the right to national sovereignty;<\/p>\n<\/div>\n<div style=\"color: #000000; text-align: left; padding-top: 9px; font-size: 9pt; font-family: Verdana, san-serif;\">\n<p style=\"margin-top: 0px; margin-bottom: 0px;\">2. Reaffirmation of the inalienable right of the Palestinians to return to their homes and property from which they had been displaced and uprooted;<\/p>\n<\/div>\n<div style=\"color: #000000; text-align: left; padding-top: 9px; font-size: 9pt; font-family: Verdana, san-serif;\">\n<p style=\"margin-top: 0px; margin-bottom: 0px;\">3. Full acknowledgement that only through a realisation of these inalienable rights by the Palestinian people can a just and lasting peace be established in the Middle East;<\/p>\n<\/div>\n<div style=\"color: #000000; text-align: left; padding-top: 9px; font-size: 9pt; font-family: Verdana, san-serif;\">\n<p style=\"margin-top: 0px; margin-bottom: 0px;\">4. Recognition of the right of the Palestinian people to retain its rights in all means in accordance with the principles and purposes of the Charter of the United Nations;<\/p>\n<\/div>\n<div style=\"color: #000000; text-align: left; padding-top: 9px; font-size: 9pt; font-family: Verdana, san-serif;\">\n<p style=\"margin-top: 0px; margin-bottom: 0px;\">5. Appeal to all States and international organizations to extend their support to the Palestinian people in its struggle to restore its rights, in accordance with the Charter of the United Nations.<\/p>\n<\/div>\n<div style=\"color: #000000; text-align: left; padding-top: 9px; font-size: 9pt; font-family: Verdana, san-serif;\">\n<p style=\"margin-top: 0px; margin-bottom: 0px;\">The Member nations of the group of Asian States have experienced a wide variety of struggles to emerge as independent and unified entities. We resolve, in conjunction with these observances of the International Day of Solidarity with the Palestinian People, to commit our moral resources to attaining a full restoration of similar rights to the people of Palestine.<\/p>\n<\/div>\n<div style=\"color: #000000; text-align: left; padding-top: 9px; font-size: 9pt; font-family: Verdana, san-serif;\">\n<p style=\"margin-top: 0px; margin-bottom: 0px;\">In conclusion we applaud the establishment of the annual International Day of Solidarity with the Palestinian People through General Assembly resolution 32\/40 B; the bonds of solidarity between States who seek justice and freedom for their people transcend political and spatial barriers. Those bonds unite us in common pursuit of peace.<\/p>\n<\/div>\n<div style=\"color: #000000; text-align: justify; padding-top: 9px; font-size: 9pt; font-family: Verdana, san-serif;\">\n<p style=\"margin-top: 0px; margin-bottom: 0px;\">And also I wish to commend, Mr. Chairman, your own dedicated efforts and the efforts of the members of the Committee on the Exercise of the Inalienable Rights of the Palestinian People.<\/p>\n<\/div>\n<p>&nbsp;<\/p>\n<div style=\"color: #000000; text-align: center; padding-top: 9px; font-size: 9pt; font-family: Verdana, san-serif;\">\n<p style=\"margin-top: 0px; margin-bottom: 0px;\"><u>Group of Eastern European States <\/u><\/p>\n<\/div>\n<div style=\"color: #000000; text-align: center; padding-top: 9px; font-size: 9pt; font-family: Verdana, san-serif;\">\n<p style=\"margin-top: 0px; margin-bottom: 0px;\">POLAND<\/p>\n<\/div>\n<div style=\"color: #000000; text-align: center; padding-top: 9px; font-size: 9pt; font-family: Verdana, san-serif;\">\n<p style=\"margin-top: 0px; margin-bottom: 0px;\"><u>H.E. Mr. Henryk Jaroszek, Permanent Representative to the United Nations<\/u><\/p>\n<\/div>\n<p>&nbsp;<\/p>\n<div style=\"color: #000000; text-align: justify; padding-top: 9px; font-size: 9pt; font-family: Verdana, san-serif;\">\n<p style=\"margin-top: 0px; margin-bottom: 0px;\">Mr. Chairman, let me first of all express my thanks to you and to the membership of the Committee on the Exercise of the Inalienable Rights of the Palestinian People for having invited me in my capacity as Chairman of the Group of Eastern European States for the month of November to address this special meeting to commemorate the International Day of Solidarity with the Palestinian People.<\/p>\n<\/div>\n<div style=\"color: #000000; text-align: left; padding-top: 9px; font-size: 9pt; font-family: Verdana, san-serif;\">\n<p style=\"margin-top: 0px; margin-bottom: 0px;\">Speaking on this solemn occasion on behalf of a number of socialist States, I wish to reiterate our firm support for the just cause of the Arab people of Palestine, struggling for its national rights, freedom and independence. The socialist countries supported and welcomed General Assembly resolution 32\/40 B, as well as other United Nations activities in favour of the full realization of the inalienable rights of the Palestinian people.<\/p>\n<\/div>\n<div style=\"color: #000000; text-align: left; padding-top: 9px; font-size: 9pt; font-family: Verdana, san-serif;\">\n<p style=\"margin-top: 0px; margin-bottom: 0px;\">The position of the socialist countries on the question of Palestine has been well known. Since the very beginning we have been lending our support to the speedy realization of the legitimate rights of the Palestinian people, including the right to its own independent state. This approach is manifested, among other things, in the active participation of the socialist States in the work of the Committee on the Exercise of the Inalienable Rights of the Palestinian People.<\/p>\n<\/div>\n<div style=\"color: #000000; text-align: left; padding-top: 9px; font-size: 9pt; font-family: Verdana, san-serif;\">\n<p style=\"margin-top: 0px; margin-bottom: 0px;\">It has been widely recognized, also in United Nations resolutions, that the question of Palestine forms the core of the Middle East problem. It has also been proved many a time that the lack of a solution to this pressing international problem continues to aggravate the situation in the Middle East.<\/p>\n<\/div>\n<div style=\"color: #000000; text-align: left; padding-top: 9px; font-size: 9pt; font-family: Verdana, san-serif;\">\n<p style=\"margin-top: 0px; margin-bottom: 0px;\">The main responsibility for this situation is to be borne by Israel which, while ignoring all the rights of the Palestinian people, continues its defiance of United Nations resolutions and disregards the voice of international community.<\/p>\n<\/div>\n<div style=\"color: #000000; text-align: left; padding-top: 9px; font-size: 9pt; font-family: Verdana, san-serif;\">\n<p style=\"margin-top: 0px; margin-bottom: 0px;\">It is our considered view that a just and lasting peace in the Middle East cannot be established without the achievement of a just solution of the problem of Palestine on the basis of attainment of the inalienable rights of the Palestinian people, represented by the Palestine Liberation Organization. In fact, participation of the PLO is essential in all negotiations in which the interests of the Palestinian people are involved.<\/p>\n<\/div>\n<div style=\"color: #000000; text-align: left; padding-top: 9px; font-size: 9pt; font-family: Verdana, san-serif;\">\n<p style=\"margin-top: 0px; margin-bottom: 0px;\">It is also clear that the solution of the problem of Palestine cannot be reached without a political settlement in the Middle East. However, the road to peace in the Middle East leads through a comprehensive solution, including the withdrawal of Israel from all occupied Arab territories, realization of the inalienable rights of the Arab people of Palestine, including its right to an independent state, and safeguarding the right to independent existence and security of all States of that region. The best way of achieving these aims would be the resumption of the Geneva Peace Conference, with the participation of all interested parties, including the Palestine Liberation Organization.<\/p>\n<\/div>\n<div style=\"color: #000000; text-align: left; padding-top: 9px; font-size: 9pt; font-family: Verdana, san-serif;\">\n<p style=\"margin-top: 0px; margin-bottom: 0px;\">In conclusion, I would like to pay tribute to the Committee on the Exercise of the Inalienable Rights of the Palestinian People for its persistent efforts in favour of the speedy attainment of these rights.<\/p>\n<\/div>\n<div style=\"color: #000000; text-align: left; padding-top: 9px; font-size: 9pt; font-family: Verdana, san-serif;\">\n<p style=\"margin-top: 0px; margin-bottom: 0px;\">We rest assured that the International Day of Solidarity with the Palestinian People will further enhance the just cause of and the struggle for the rights of the Palestinians. As the Vice-President of the All-Poland Committee for the National Unity Front put it in his cable to Chairman Yasser Arafat &#8211; &#8220;&#8230;The International Day of Solidarity with the Palestinian People, which is observed under the auspices of the United Nations and is an important event for the Palestinian people, for the Palestine Liberation Organ Organization and the international community, constitutes an emphatic reiteration of the growing world-wide support for the just Palestinian cause&#8221;.<\/p>\n<\/div>\n<div style=\"color: #000000; text-align: left; padding-top: 9px; font-size: 9pt; font-family: Verdana, san-serif;\">\n<p style=\"margin-top: 0px; margin-bottom: 0px;\">We wish that cause all success and stand ready to continue our consistent support for it.<\/p>\n<\/div>\n<p>&nbsp;<\/p>\n<div style=\"color: #000000; text-align: center; padding-top: 9px; font-size: 9pt; font-family: Verdana, san-serif;\">\n<p style=\"margin-top: 0px; margin-bottom: 0px;\"><u>Group of Latin American States<\/u><\/p>\n<\/div>\n<div style=\"color: #000000; text-align: center; padding-top: 9px; font-size: 9pt; font-family: Verdana, san-serif;\">\n<p style=\"margin-top: 0px; margin-bottom: 0px;\">ECUADOR<\/p>\n<\/div>\n<div style=\"color: #000000; text-align: center; padding-top: 9px; font-size: 9pt; font-family: Verdana, san-serif;\">\n<p style=\"margin-top: 0px; margin-bottom: 0px;\"><u>H.E. Dr. Miguel A. Albornoz, Permanent Representative to the United Nations<\/u><\/p>\n<\/div>\n<p>&nbsp;<\/p>\n<div style=\"color: #000000; text-align: left; padding-top: 9px; font-size: 9pt; font-family: Verdana, san-serif;\">\n<p style=\"margin-top: 0px; margin-bottom: 0px;\">The Committee on the Exercise of the Inalienable Rights of the Palestinian People has been so good as to invite the Chairmen of the regional groups to participate in commemorating this International Day.<\/p>\n<\/div>\n<div style=\"color: #000000; text-align: left; padding-top: 9px; font-size: 9pt; font-family: Verdana, san-serif;\">\n<p style=\"margin-top: 0px; margin-bottom: 0px;\">Although the Latin American countries have differing views on the various aspects of this question, our presence at this meeting should be regarded as an expression of our desire to co-operate in the solution of the Palestinian problem in the light of the United Nations resolutions directed towards this end, and does not imply any modification in the positions taken by member countries of the Group.<\/p>\n<\/div>\n<div style=\"color: #000000; text-align: left; padding-top: 9px; font-size: 9pt; font-family: Verdana, san-serif;\">\n<p style=\"margin-top: 0px; margin-bottom: 0px;\">For Latin America, a region of the world in which national and inter\u00adnational life are modelled on principles which have prevailed for over a century and a half of independence, it is of fundamental importance that occupation by force should not confer territorial rights, and that the principle of the self-determination of the peoples should be respected; the Latin American countries therefore believe in the need to work for just and lasting peace in which all States may live in tranquillity. These principles have guided the Latin American countries in the various initiatives they have taken or supported over the past three decades concerning the Middle East as a whole, and the Palestinian people in particular.<\/p>\n<\/div>\n<div style=\"color: #000000; text-align: left; padding-top: 9px; font-size: 9pt; font-family: Verdana, san-serif;\">\n<p style=\"margin-top: 0px; margin-bottom: 0px;\">Our region has at all times expressed its support for the rights of the Palestinian people to self-determination and has advocated just settlements in which all interested parties would participate freely.<\/p>\n<\/div>\n<div style=\"color: #000000; text-align: left; padding-top: 9px; font-size: 9pt; font-family: Verdana, san-serif;\">\n<p style=\"margin-top: 0px; margin-bottom: 0px;\">The United Nations must be the laboratory of peace; its message must be one of justice, not of animosity, and its actions must be of conciliation and co-operation, not violence and condemnation; its language must be the language of brotherhood and, therefore, mutual respect, which also means self-respect and dignity; its purpose must be to reduce tension and not to fan it; its actions must be constantly directed towards seeking for peace, for a just and lasting peace in the Middle East, with the withdrawal of armed forces from the occupied territories and respect for and recognition of the sovereignty, territorial integrity and political independence of all States of the region and their right to live in peace, free from threats or acts of aggression.<\/p>\n<\/div>\n<div style=\"color: #000000; text-align: left; padding-top: 9px; font-size: 9pt; font-family: Verdana, san-serif;\">\n<p style=\"margin-top: 0px; margin-bottom: 0px;\">Thus on this significant date for the countries of the Middle East, a region of primordial importance for the security of the world, we reiterate our hope that peace and justice may reign in the places of the world which are sacred for the peoples of various regions who believe in the religions which originated in them. For the Latin American peoples, places such as Jerusalem, the Mount of Olives, the Hebron road, Jericho, Bethlehem and the Jordan Valley, which are mentioned in United Nations documents, are biblical names which are evoked with veneration in the teachings and prayers of our religions and have a spiritual connotation of love and concord, not of conflict.\u00a0\u00a0These religions which inspire the faith of hundreds of millions of hum beings contain a message which is consonant with the purposes of the United Nations and with the everlasting ideals of mankind.<\/p>\n<\/div>\n<div style=\"color: #000000; text-align: left; padding-top: 9px; font-size: 9pt; font-family: Verdana, san-serif;\">\n<p style=\"margin-top: 0px; margin-bottom: 0px;\">In Latin America there is the especially close link of cowman roots because of the influences of Moslem culture in the fields of arts and sciences Which it received through Spain; all this intensities our cowers about the problems affecting the Arab peoples, as in the case of those relating to the Palestinian people; and on this day we express our best wishes for the peaceful fulfilment of their destiny..<\/p>\n<\/div>\n<p>&nbsp;<\/p>\n<div style=\"color: #000000; text-align: center; padding-top: 9px; font-size: 9pt; font-family: Verdana, san-serif;\">\n<p style=\"margin-top: 0px; margin-bottom: 0px;\"><u>Statements by intergovernmental organizations with observer status at the United Nations <\/u><\/p>\n<\/div>\n<div style=\"color: #000000; text-align: center; padding-top: 9px; font-size: 9pt; font-family: Verdana, san-serif;\">\n<p style=\"margin-top: 0px; margin-bottom: 0px;\">ORGANIZATION OF AFRICAN UNITY<\/p>\n<\/div>\n<div style=\"color: #000000; text-align: center; padding-top: 9px; font-size: 9pt; font-family: Verdana, san-serif;\">\n<p style=\"margin-top: 0px; margin-bottom: 0px;\"><u>H.E. Mr. Dramane Outtara, Executive Secretary<\/u><\/p>\n<\/div>\n<p>&nbsp;<\/p>\n<div style=\"color: #000000; text-align: left; padding-top: 9px; font-size: 9pt; font-family: Verdana, san-serif;\">\n<p style=\"margin-top: 0px; margin-bottom: 0px;\">In its resolution CM\/Res.630 (XXXI), the Council of Ministers of the Organization of African Unity, after reaffirming its support for the decision in United Nations resolution 32\/40 B to commemorate, in solidarity with the Palestinian people, a day to be celebrated on 29 November each year, invited the peoples of the African States, and all peace-loving peoples, to support the Palestinian people in their just struggle to liberate their territory and return to their homeland.<\/p>\n<\/div>\n<div style=\"color: #000000; text-align: left; padding-top: 9px; font-size: 9pt; font-family: Verdana, san-serif;\">\n<p style=\"margin-top: 0px; margin-bottom: 0px;\">This resolution was approved unanimously by the Heads of State and Government of the OAU at their fifteenth Summit Conference held at Khartoum in the Democratic Republic of the Sudan last summer.<\/p>\n<\/div>\n<div style=\"color: #000000; text-align: left; padding-top: 9px; font-size: 9pt; font-family: Verdana, san-serif;\">\n<p style=\"margin-top: 0px; margin-bottom: 0px;\">It is therefore a very agreeable duty, on behalf of the Secretary-General of our organization, to confirm to you, Mr. Chairman, how much we appreciate your invitation to join in the ceremony today. For us your invitation is a tangible expression of the solidarity which links your Committee with the Organization of African Unity in the difficult but noble and exalted task of restoring liberty, dignity and social justice to mankind.<\/p>\n<\/div>\n<div style=\"color: #000000; text-align: left; padding-top: 9px; font-size: 9pt; font-family: Verdana, san-serif;\">\n<p style=\"margin-top: 0px; margin-bottom: 0px;\">Before proceeding further, I should like, Mr. Chairman, to convey to you the sincere congratulations of the Organization of African Unity for the very valuable work which has been carried out and for the commendable efforts which your Committee has made ever since its establishment to contribute to the solution of the Palestinian problem, despite the many enemies and denigrators of the Palestinian cause. The developments which have taken place over the last 12 months quite clearly show how delicate and difficult the task of your Committee is. The enemy delaying tactics in order to perpetuate the deprivation of the Palestinian people and keep them in the permanent refugee status to which imperialist plots have relegated them.<\/p>\n<\/div>\n<div style=\"color: #000000; text-align: left; padding-top: 9px; font-size: 9pt; font-family: Verdana, san-serif;\">\n<p style=\"margin-top: 0px; margin-bottom: 0px;\">Your Committee deserves to be encouraged and congratulated, especially for the work of clarification it has done since its establishment. This has helped thwart the confusion campaigns carried out by the enemy, present to the world the objectives of the struggling Palestinian people and foil the efforts to impose an international conspiracy of silence against the deprived people of Palestine.<\/p>\n<\/div>\n<div style=\"color: #000000; text-align: left; padding-top: 9px; font-size: 9pt; font-family: Verdana, san-serif;\">\n<p style=\"margin-top: 0px; margin-bottom: 0px;\">For some years now, the Organization of African Unity, true to its political philosophy, which embraces the liberation of peoples, the restoration of their dignity and the advent of an era of social justice, has taken a\u00a0position on the Palestinian problem. This position was confirmed once again by the Heads of State and Government of the OAU at their fifteenth Summit Conference last summer, when, after adopting resolution CM\/Res.630 (XXXI), which I have already mentioned, they adopted resolution CM\/Res. 632 (XXXI) on the Palestinian Problem.<\/p>\n<\/div>\n<div style=\"color: #000000; text-align: left; padding-top: 9px; font-size: 9pt; font-family: Verdana, san-serif;\">\n<p style=\"margin-top: 0px; margin-bottom: 0px;\">In the latter resolution, the Heads of State and Government first of all, in the preambular part, recall that the Palestinian problem is the core of the conflict in the Middle East and that the PLO is the sole legitimate representative of the Palestinian people. They reaffirm also the legitimate character of the struggle being waged by the Palestinian people under the leadership of the PLO with a view to recovering their national rights; and they reiterate their conviction that it is impossible to achieve a just and durable peace without Israel&#8217;s withdrawal from all the occupied Arab territories and its recognition of the legitimate rights of the Palestinian people.<\/p>\n<\/div>\n<div style=\"color: #000000; text-align: left; padding-top: 9px; font-size: 9pt; font-family: Verdana, san-serif;\">\n<p style=\"margin-top: 0px; margin-bottom: 0px;\">Still in the preambular part, they denounce the repeated Israeli acts of aggression against the Palestinian people, both inside and outside occupied Palestine, as evidenced by the daily acts of repression and terrorism and by the establishment of settlements and the alteration of geographical, demographic and cultural features, which constitute an overt and glaring violation of the Fourth Geneva Convention relative to the Protection of Civilian Persons in Time of War. These acts of aggression reached their climax when Israel invaded southern Lebanon, thus confirming its aggressive and expansionist nature.<\/p>\n<\/div>\n<div style=\"color: #000000; text-align: left; padding-top: 9px; font-size: 9pt; font-family: Verdana, san-serif;\">\n<p style=\"margin-top: 0px; margin-bottom: 0px;\">In the eight operative paragraphs, the Conference of Heads of State and Government reaffirms its total and effective support for the Palestinian people under the leadership of the PLO, their sole legitimate representative, and their right to return to their homeland, to sovereignty, to self-determination and to the establishment of their own independent State.<\/p>\n<\/div>\n<div style=\"color: #000000; text-align: left; padding-top: 9px; font-size: 9pt; font-family: Verdana, san-serif;\">\n<p style=\"margin-top: 0px; margin-bottom: 0px;\">The Conference also reaffirms its support for the Palestinian people in their legitimate struggle by all available means, including armed combat, for the sake of their recovering usurped rights. It concurs with the recommendations of the United Nations Committee on the Exercise of the Inalienable Rights of the Palestinian People, particularly the right of the Palestinian people to return to their homeland, to self-determination and to the establishment of their independent State.<\/p>\n<\/div>\n<div style=\"color: #000000; text-align: left; padding-top: 9px; font-size: 9pt; font-family: Verdana, san-serif;\">\n<p style=\"margin-top: 0px; margin-bottom: 0px;\">Mr. Chairman, this is the clearly expressed position of the Organization of African Unity on the Palestinian problem. This position is based on the conviction of the African countries that the Palestinian cause is also an African cause.<\/p>\n<\/div>\n<div style=\"color: #000000; text-align: left; padding-top: 9px; font-size: 9pt; font-family: Verdana, san-serif;\">\n<p style=\"margin-top: 0px; margin-bottom: 0px;\">On this Day of Solidarity, neither the Palestinian people, nor the Organization of African Unity, is asking the international community for either pity of charity. They ask and demand that the peace-loving peoples of the world should make every effort to restore justice to a people who have suffered too long and have been sorely injured in body and soul.<\/p>\n<\/div>\n<div style=\"color: #000000; text-align: left; padding-top: 9px; font-size: 9pt; font-family: Verdana, san-serif;\">\n<p style=\"margin-top: 0px; margin-bottom: 0px;\">Thirty years have gone by, and the injustice committed in 1948 is still continuing with the complicity and support of those who, by creating the State of Israel, created this injustice. If 30 years later the State of Israel is still in existence, the Palestinian issue too is a tangible reality; the Palestinian people have survived and have on more than one occasion shown vitality and their strength. Nothing, neither the power of money nor the force of arms, can impose silence on them or make them abandon their goal, which is to regain their usurped rights.<\/p>\n<\/div>\n<div style=\"color: #000000; text-align: left; padding-top: 9px; font-size: 9pt; font-family: Verdana, san-serif;\">\n<p style=\"margin-top: 0px; margin-bottom: 0px;\">It is also futile to cover one&#8217;s eyes or block one&#8217;s ears in the hope that the problem will disappear. It is only by taking full stock of the Palestinian problem and having the moral courage and intellectual honesty to face it that it will be possible to solve it. Thus, on this Day of Solidarity, the international community must undertake to work more forcefully and more vigorously, and also more vigilantly and with more perseverance, to ensure that everyone accepts the reality of Palestine and the rights of the Palestinian people, because this acceptance is the <u>sine qua non<\/u>\u00a0for any settlement of the Middle East problem, of which the Palestinian question is the core.<\/p>\n<\/div>\n<p>&nbsp;<\/p>\n<div style=\"color: #000000; text-align: center; padding-top: 9px; font-size: 9pt; font-family: Verdana, san-serif;\">\n<p style=\"margin-top: 0px; margin-bottom: 0px;\">ISLAMIC CONFERENCE<\/p>\n<\/div>\n<div style=\"color: #000000; text-align: center; padding-top: 9px; font-size: 9pt; font-family: Verdana, san-serif;\">\n<p style=\"margin-top: 0px; margin-bottom: 0px;\"><u>H.E. Dr. Amadou Karim Gaye, Secretary-General<\/u><\/p>\n<\/div>\n<p>&nbsp;<\/p>\n<div style=\"color: #000000; text-align: justify; padding-top: 9px; font-size: 9pt; font-family: Verdana, san-serif;\">\n<p style=\"margin-top: 0px; margin-bottom: 0px;\">More than 30 years ago today, the United Nations, by resolution 181 (II) of 29 November 1947, resolved to create on the ancient soil of Palestine two distinct territorial entities, each having an equal right to exist; it thus gave birth to two sovereign States, a Palestinian Arab State and the State of Israel, both solemnly recognized by the international community.<\/p>\n<\/div>\n<div style=\"color: #000000; text-align: justify; padding-top: 9px; font-size: 9pt; font-family: Verdana, san-serif;\">\n<p style=\"margin-top: 0px; margin-bottom: 0px;\">It is instructive in retrospect to note that General Assembly resolution 273 (III) of 11 May 1949 linked Israel&#8217;s admission to membership in the United Nations to two essential conditions:<\/p>\n<\/div>\n<div style=\"color: #000000; text-align: left; padding-top: 9px; font-size: 9pt; font-family: Verdana, san-serif;\">\n<p style=\"margin-top: 0px; margin-bottom: 0px;\">(i) Israel&#8217;s undertaking to respect the Charter and the&#8217; obligations of the United Nations;<\/p>\n<\/div>\n<div style=\"color: #000000; text-align: left; padding-top: 9px; font-size: 9pt; font-family: Verdana, san-serif;\">\n<p style=\"margin-top: 0px; margin-bottom: 0px;\">(2) Acceptance of that very resolution 181 of 29 November 1947 which provides for the <u>de jure<\/u>\u00a0existence of the Palestinian Arab State.<\/p>\n<\/div>\n<div style=\"color: #000000; text-align: left; padding-top: 9px; font-size: 9pt; font-family: Verdana, san-serif;\">\n<p style=\"margin-top: 0px; margin-bottom: 0px;\">With bitter irony, fate has taught us throughout the last 30 years what store Israel set by those solemn undertakings.<\/p>\n<\/div>\n<div style=\"color: #000000; text-align: left; padding-top: 9px; font-size: 9pt; font-family: Verdana, san-serif;\">\n<p style=\"margin-top: 0px; margin-bottom: 0px;\">Of Arab Palestine, whose existence the United Nations sanctioned in 1947 along with that of the Hebrew State, there remain before our eyes only dislocated, fragmented territories occupied by Israeli forces.<\/p>\n<\/div>\n<div style=\"color: #000000; text-align: justify; padding-top: 9px; font-size: 9pt; font-family: Verdana, san-serif;\">\n<p style=\"margin-top: 0px; margin-bottom: 0px;\">The experience of the Palestinian people in the occupied territories during this long period has been one of oppression practised in disregard of international conventions on the protection of civilian populations in times of armed conflict.<\/p>\n<\/div>\n<div style=\"color: #000000; text-align: left; padding-top: 9px; font-size: 9pt; font-family: Verdana, san-serif;\">\n<p style=\"margin-top: 0px; margin-bottom: 0px;\">Along with oppression, they have endured plundering of their lands, seizure of their property and expulsion from their homeland.<\/p>\n<\/div>\n<div style=\"color: #000000; text-align: left; padding-top: 9px; font-size: 9pt; font-family: Verdana, san-serif;\">\n<p style=\"margin-top: 0px; margin-bottom: 0px;\">What we are witnessing is the application of a policy for which zionism laid the foundations many years ago.<\/p>\n<\/div>\n<div style=\"color: #000000; text-align: left; padding-top: 9px; font-size: 9pt; font-family: Verdana, san-serif;\">\n<p style=\"margin-top: 0px; margin-bottom: 0px;\">Even before the creation of the State of Israel, Ben Gurion had declared without hesitation:<\/p>\n<\/div>\n<div style=\"color: #000000; text-align: left; padding-top: 9px; font-size: 9pt; font-family: Verdana, san-serif; margin-left: 20px;\">&#8220;We can accept the creation of a Jewish State in part of Palestine as a first step; but then, to establish the great Israeli nation &#8230; we shall occupy subsequently all of the remaining areas which, according to our aspirations, constitute the land of Israel.<\/div>\n<div style=\"color: #000000; text-align: left; padding-top: 9px; font-size: 9pt; font-family: Verdana, san-serif; margin-left: 20px;\">&#8220;The land of Israel, for us, includes the whole of Transjordan; the north of the Yarmuk River, as well as the Litani River in the South of Lebanon.&#8221;<\/div>\n<div style=\"color: #000000; text-align: left; padding-top: 9px; font-size: 9pt; font-family: Verdana, san-serif;\">\n<p style=\"margin-top: 0px; margin-bottom: 0px;\">The essential truth, another Zionist figure, Yashik Hoben Forat, recently added, is that there will be no Jewish State without the expulsion of the Arabs and the confiscation of their lands.<\/p>\n<\/div>\n<div style=\"color: #000000; text-align: left; padding-top: 9px; font-size: 9pt; font-family: Verdana, san-serif;\">\n<p style=\"margin-top: 0px; margin-bottom: 0px;\">And we know that, in the course of 1976, 17,000 people because subject to evictions.<\/p>\n<\/div>\n<div style=\"color: #000000; text-align: left; padding-top: 9px; font-size: 9pt; font-family: Verdana, san-serif;\">\n<p style=\"margin-top: 0px; margin-bottom: 0px;\">Similarly, we are daily witnessing the establishment of new Jewish settlements in the occupied territories and in the very heart of Jerusalem.<\/p>\n<\/div>\n<div style=\"color: #000000; text-align: left; padding-top: 9px; font-size: 9pt; font-family: Verdana, san-serif;\">\n<p style=\"margin-top: 0px; margin-bottom: 0px;\">The number of Jews in Jerusalem, which was 10,000 in 1918, reached 290,000 in 1967 in 1967 and 390,000 in 1976. The Israeli authorities already estimate the number at 500,000 in 1980.<\/p>\n<\/div>\n<div style=\"color: #000000; text-align: left; padding-top: 9px; font-size: 9pt; font-family: Verdana, san-serif;\">\n<p style=\"margin-top: 0px; margin-bottom: 0px;\">For them, it is a matter of gradually creating Jewish settlements in adjacent areas in order to give rise, in a geopolitical framework, to a &#8220;material reality&#8221; which can be invoked in justifying a border.<\/p>\n<\/div>\n<div style=\"color: #000000; text-align: left; padding-top: 9px; font-size: 9pt; font-family: Verdana, san-serif;\">\n<p style=\"margin-top: 0px; margin-bottom: 0px;\">The International Day of Solidarity with the Palestinian People, which the international community is celebrating with us today, 29 November 1978, thus becomes a day of law and of justice, a day for affirming the rule of law over force, a day for affirming the perennial nature of justice and law.<\/p>\n<\/div>\n<div style=\"color: #000000; text-align: left; padding-top: 9px; font-size: 9pt; font-family: Verdana, san-serif;\">\n<p style=\"margin-top: 0px; margin-bottom: 0px;\">The United Nations Committee on the Exercise of the Inalienable Rights of the Palestinian People has admirably analysed the decisive steps which may lead to the establishment in the Middle East of a stable peace, that is, a peace based on respect for the legitimate and inalienable rights of the Palestinian people.<\/p>\n<\/div>\n<div style=\"color: #000000; text-align: left; padding-top: 9px; font-size: 9pt; font-family: Verdana, san-serif;\">\n<p style=\"margin-top: 0px; margin-bottom: 0px;\">As you have said, Mr. Chairman, it is for the United Nations, in co\u00adoperation with the States directly concerned and the Palestine Liberation Organization, the sole legitimate representative of the Palestinian people, to take the necessary steps to enable the Palestinians displaced between 1948 and 1967 to exercise their right to return to their homes and recover possession of their property in accordance with United Nations resolutions, particularly General Assembly resolution 194 (III) and Security Council resolution 237 (1967).<\/p>\n<\/div>\n<div style=\"color: #000000; text-align: left; padding-top: 9px; font-size: 9pt; font-family: Verdana, san-serif;\">\n<p style=\"margin-top: 0px; margin-bottom: 0px;\">And, as you have also said, when the Palestinians have returned to their homes, when they have recovered their property, when an independent Palestinian entity has been established, the Palestinian people will then<\/p>\n<\/div>\n<div style=\"color: #000000; text-align: left; padding-top: 9px; font-size: 9pt; font-family: Verdana, san-serif;\">\n<p style=\"margin-top: 0px; margin-bottom: 0px;\">be in a position to exercise their right to self-determination and to decide on the form of Government of their choice, a decision which they must take without foreign interference.<\/p>\n<\/div>\n<div style=\"color: #000000; text-align: left; padding-top: 9px; font-size: 9pt; font-family: Verdana, san-serif;\">\n<p style=\"margin-top: 0px; margin-bottom: 0px;\">In short, let it be said once again, once and for all, that the question is one of restoring and confirming the inalienable national rights of the Palestinian people:<\/p>\n<\/div>\n<div style=\"color: #000000; text-align: left; padding-top: 9px; font-size: 9pt; font-family: Verdana, san-serif;\">\n<p style=\"margin-top: 0px; margin-bottom: 0px;\">Their right to return to Palestine and, fundamentally.<\/p>\n<\/div>\n<div style=\"color: #000000; text-align: left; padding-top: 9px; font-size: 9pt; font-family: Verdana, san-serif;\">\n<p style=\"margin-top: 0px; margin-bottom: 0px;\">Those are the principles which have always guided the activity of the Islamic Conference, from its first Summit at Rabat in 1969 to its Ninth Conference at Dakar from 24 to 28 April 1979.<\/p>\n<\/div>\n<div style=\"color: #000000; text-align: left; padding-top: 9px; font-size: 9pt; font-family: Verdana, san-serif;\">\n<p style=\"margin-top: 0px; margin-bottom: 0px;\">These same principles were recently reaffirmed at the eighth session of the Committee on Jerusalem, held at Jiddah on 19 and 20 November 1978.<\/p>\n<\/div>\n<div style=\"color: #000000; text-align: justify; padding-top: 9px; font-size: 9pt; font-family: Verdana, san-serif;\">\n<p style=\"margin-top: 0px; margin-bottom: 0px;\">The use of brutal force for the last 30 years against the Arab peoples of the region, and especially against the Palestinian people, cannot erase the traces of a long Arab and Moslem history with which Arab Palestine and Al-Quds will always be identified.<\/p>\n<\/div>\n<div style=\"color: #000000; text-align: left; padding-top: 9px; font-size: 9pt; font-family: Verdana, san-serif;\">\n<p style=\"margin-top: 0px; margin-bottom: 0px;\">The policy of avoidance practised by the Zionist authorities cannot lead to a constructive solution to the problem of Jerusalem, Palestine and the occupied Arab territories.<\/p>\n<\/div>\n<div style=\"color: #000000; text-align: left; padding-top: 9px; font-size: 9pt; font-family: Verdana, san-serif;\">\n<p style=\"margin-top: 0px; margin-bottom: 0px;\">Even less can it mask the tragedy which the Palestinian people have been living for more than 30 years.<\/p>\n<\/div>\n<div style=\"color: #000000; text-align: left; padding-top: 9px; font-size: 9pt; font-family: Verdana, san-serif;\">\n<p style=\"margin-top: 0px; margin-bottom: 0px;\">It cannot extinguish the resistance of the people conscious of their rights and their identity.<\/p>\n<\/div>\n<div style=\"color: #000000; text-align: justify; padding-top: 9px; font-size: 9pt; font-family: Verdana, san-serif;\">\n<p style=\"margin-top: 0px; margin-bottom: 0px;\">It cannot alter the faith of a people struggling for their survival. In commemorating this day, the International Day of Solidarity with the Palestinian People, we are commemorating at the same time this unity of destiny which links the Governments of the member States of the Islamic Conference, this unity of destiny which links all justice-loving men and peoples.<\/p>\n<\/div>\n<div style=\"color: #000000; text-align: left; padding-top: 9px; font-size: 9pt; font-family: Verdana, san-serif;\">\n<p style=\"margin-top: 0px; margin-bottom: 0px;\">For Islamic peoples and communities throughout the world it is the Palestinian question which constitutes the essence of the Middle East con\u00adflict.<\/p>\n<\/div>\n<div style=\"color: #000000; text-align: justify; padding-top: 9px; font-size: 9pt; font-family: Verdana, san-serif;\">\n<p style=\"margin-top: 0px; margin-bottom: 0px;\">For the Governments of the Islamic States, as for the international community, to disregard the reality is to place the peace and security of the region in dire jeopardy.<\/p>\n<\/div>\n<div style=\"color: #000000; text-align: justify; padding-top: 9px; font-size: 9pt; font-family: Verdana, san-serif;\">\n<p style=\"margin-top: 0px; margin-bottom: 0px;\">Indeed, Jerusalem and the Palestinian cause have always been the fundamental problems with which the Islamic Conference has been concerned.<\/p>\n<\/div>\n<div style=\"color: #000000; text-align: left; padding-top: 9px; font-size: 9pt; font-family: Verdana, san-serif;\">\n<p style=\"margin-top: 0px; margin-bottom: 0px;\">Any concession on these questions would be inadmissibly at variance with the principles and objectives which led to the creation of the Islamic Conference.<\/p>\n<\/div>\n<div style=\"color: #000000; text-align: left; padding-top: 9px; font-size: 9pt; font-family: Verdana, san-serif;\">\n<p style=\"margin-top: 0px; margin-bottom: 0px;\">To commemorate the International Day of Solidarity with the Palestinian People is, for us, to affirm that no agreement can affect the destiny of the Palestinian people unless it respects the right of the Palestine Liberation Organization to participate as the sole legitimate representative of that people, on an equal footing with other parties, in all meetings held in international or other forums on the question of Palestine and peace in the Middle East.<\/p>\n<\/div>\n<div style=\"color: #000000; text-align: left; padding-top: 9px; font-size: 9pt; font-family: Verdana, san-serif;\">\n<p style=\"margin-top: 0px; margin-bottom: 0px;\">To commemorate the International Day of Solidarity with the Palestinian People is to affirm, with the dispassionate certainty that all just causes inspire, that history offers no example of an entire people committed to a national liberation struggle which has not led to victory over domination based on violence and force.<\/p>\n<\/div>\n<div style=\"color: #000000; text-align: left; padding-top: 9px; font-size: 9pt; font-family: Verdana, san-serif;\">\n<p style=\"margin-top: 0px; margin-bottom: 0px;\">This is the case today for Arab Palestine, and for the Palestine Liberation Organization.<\/p>\n<\/div>\n<div style=\"color: #000000; text-align: left; padding-top: 9px; font-size: 9pt; font-family: Verdana, san-serif;\">\n<p style=\"margin-top: 0px; margin-bottom: 0px;\">This is also the message which the Islamic Conference addresses to the PLO and to occupied Palestine on this International Day of Solidarity with the entire Palestinian people.<\/p>\n<\/div>\n<p>&nbsp;<\/p>\n<div style=\"color: #000000; text-align: center; padding-top: 9px; font-size: 9pt; font-family: Verdana, san-serif;\">\n<p style=\"margin-top: 0px; margin-bottom: 0px;\">LEAGUE OF ARAB STATES<\/p>\n<\/div>\n<div style=\"color: #000000; text-align: center; padding-top: 9px; font-size: 9pt; font-family: Verdana, san-serif;\">\n<p style=\"margin-top: 0px; margin-bottom: 0px;\"><u>H.E. Mr. Amin Helmy II, Permanent Observer to the United Nations<\/u><\/p>\n<\/div>\n<p>&nbsp;<\/p>\n<div style=\"color: #000000; text-align: left; padding-top: 9px; font-size: 9pt; font-family: Verdana, san-serif;\">\n<p style=\"margin-top: 0px; margin-bottom: 0px;\">In view of the expansionist racist policies of Israel, the problem of Palestine is the unique agony of our time.<\/p>\n<\/div>\n<div style=\"color: #000000; text-align: left; padding-top: 9px; font-size: 9pt; font-family: Verdana, san-serif;\">\n<p style=\"margin-top: 0px; margin-bottom: 0px;\">The misery of Palestine is not only a cultural and racial problem but also a dilemma of people uprooted from their national homeland and forced to live in tents under severe and inhuman conditions as refugees. Yet these Palestinian refugees remain the target of indiscriminate brutal attacks by Israel where thousands have been killed in cold blood. The latest Israeli invasion of southern Lebanon where thousands of Palestinians were slaughtered and thousands more displaced is still alive in the memory of all peace-loving nations. As if Israel is not merely satisfied with forcing the Palestinian people to become refugees, it also is trying in vain to demolish the Palestinians identity. To accomplish such atrocities, Israel constantly mobilises the media which is largely influenced by Zionism for their evil interests, distorting the facts and the realities of the Palestinian problem. In so doing, Israel claims that is has inherited biblical rights in Palestine while the Palestinians have no right there. They continue to say that they are bands of terrorists which should be isolated from the international community because they threaten the existence of Israel.<\/p>\n<\/div>\n<div style=\"color: #000000; text-align: left; padding-top: 9px; font-size: 9pt; font-family: Verdana, san-serif;\">\n<p style=\"margin-top: 0px; margin-bottom: 0px;\">This is hypocrisy par excellence. Israel the aggressor is shown as the victim and the real victim, the Palestinian, is depicted as the aggressor.<\/p>\n<\/div>\n<div style=\"color: #000000; text-align: left; padding-top: 9px; font-size: 9pt; font-family: Verdana, san-serif;\">\n<p style=\"margin-top: 0px; margin-bottom: 0px;\">The International community, however, has continually refuted Israel&#8217;s flagrant insults to its intelligence. The world is fully aware now of the core of the problem of Palestine despite all the distortions aimed by the Zionist influenced media. The Palestine Liberation Organization is recognised universally as the authentic legitimate representative of the Palestinian people. The struggle of this Organization has been confirmed as pertinent and legitimate. Moreover, through its consequent resolutions the General Assembly established the scope and dimensions of the inalienable rights of the Palestinian people. To that end the General Assembly also institutionalized these Palestinian rights through the establishment of the Committee on the Exercise of the Inalienable Rights of the Palestinian People. These are more examples of the world community&#8217;s awareness of the sayings of this problem.<\/p>\n<\/div>\n<div style=\"color: #000000; text-align: left; padding-top: 9px; font-size: 9pt; font-family: Verdana, san-serif;\">\n<p style=\"margin-top: 0px; margin-bottom: 0px;\">The just stand of the international community with regard to the Palestinian problem implies without any doubt the insistence of this community that the rebellious conduct of Israel should be corrected and restrained. The role of the Security Council comes to the fore. The Security Council is the only world body empowered to enforce the recommendations of the Committee on the Exercise of the Inalienable Rights of the Palestinian People.<\/p>\n<\/div>\n<div style=\"color: #000000; text-align: left; padding-top: 9px; font-size: 9pt; font-family: Verdana, san-serif;\">\n<p style=\"margin-top: 0px; margin-bottom: 0px;\">Restoring the inalienable rights of the Palestinian people is not merely the concern of the Palestinians but it is equally a vital matter for the international community as well. This is because of the fact that the politics and the economics of the Arab world is the matter of strategic interest to the world and because of the just cause of the Palestinians themselves. In admitting that the Palestinian problem is the core of stability in the area, it is clear that a solution of the Palestinian problem based on justice will not only stabilize the Middle East but also international peace and security.<\/p>\n<\/div>\n<div style=\"color: #000000; text-align: left; padding-top: 9px; font-size: 9pt; font-family: Verdana, san-serif;\">\n<p style=\"margin-top: 0px; margin-bottom: 0px;\">In commemoration with the Day of Solidarity with the Palestinian People, the Arab League would like to re-emphasise that the Arabs and the Palestinians in particular will continue their struggle by all means until the Palestinians regain their usurped national lands, where Muslims, Christians and Jews will live as they have done so before &#8211; in peace, harmony and equity.<\/p>\n<\/div>\n<p>&nbsp;<\/p>\n<div style=\"color: #000000; text-align: center; padding-top: 9px; font-size: 9pt; font-family: Verdana, san-serif;\">\n<p style=\"margin-top: 0px; margin-bottom: 0px;\"><u>Statements by other intergovernmental organizations<\/u><\/p>\n<\/div>\n<p>&nbsp;<\/p>\n<div style=\"color: #000000; text-align: center; padding-top: 9px; font-size: 9pt; font-family: Verdana, san-serif;\">\n<p style=\"margin-top: 0px; margin-bottom: 0px;\">CO-ORDINATING BUREAU OF THE NON-ALIGNED STATES<\/p>\n<\/div>\n<div style=\"color: #000000; text-align: center; padding-top: 9px; font-size: 9pt; font-family: Verdana, san-serif;\">\n<p style=\"margin-top: 0px; margin-bottom: 0px;\"><u>H.E. Mr. B. J. Fernando, Permanent Representative of Sri Lanka to the United Nations<\/u><\/p>\n<\/div>\n<p>&nbsp;<\/p>\n<div style=\"color: #000000; text-align: left; padding-top: 9px; font-size: 9pt; font-family: Verdana, san-serif;\">\n<p style=\"margin-top: 0px; margin-bottom: 0px;\">It is my privilege to make this brief statement on the occasion of the International Day of Solidarity with the Palestinian People on behalf of the Co-ordinating Bureau of Non-Aligned countries. At the Conference of Non-Aligned Foreign Ministers, the Declaration adopted called for an annual commemoration of 29 November was an International Day for Solidarity with the Palestinian people.<\/p>\n<\/div>\n<div style=\"color: #000000; text-align: left; padding-top: 9px; font-size: 9pt; font-family: Verdana, san-serif;\">\n<p style=\"margin-top: 0px; margin-bottom: 0px;\">The Non-Aligned Movement has always steadfastly supported the inherent and inalienable right of the Palestinian people to self-determination, national independence and sovereignty in Palestine. The heads of States of Non-Aligned countries reaffirmed their total and effective support to the Palestinian people in their legitimate struggle to recover their inalienable national rights in Palestine by declaring that those rights constitute:<\/p>\n<\/div>\n<div style=\"color: #000000; text-align: left; padding-top: 9px; font-size: 9pt; font-family: Verdana, san-serif;\">\n<p style=\"margin-top: 0px; margin-bottom: 0px;\">(a) their right to return to their homeland and recover their property as guaranteed by United Nations resolutions;<\/p>\n<\/div>\n<div style=\"color: #000000; text-align: left; padding-top: 9px; font-size: 9pt; font-family: Verdana, san-serif;\">\n<p style=\"margin-top: 0px; margin-bottom: 0px;\">(b) their right to self-determination without any outside interference, in keeping with the principles of the United Nations and the Universal Declaration of Human Rights;<\/p>\n<\/div>\n<div style=\"color: #000000; text-align: left; padding-top: 9px; font-size: 9pt; font-family: Verdana, san-serif;\">\n<p style=\"margin-top: 0px; margin-bottom: 0px;\">(c) their right to freely exercise their sovereignty over their territory:<\/p>\n<\/div>\n<div style=\"color: #000000; text-align: left; padding-top: 9px; font-size: 9pt; font-family: Verdana, san-serif;\">\n<p style=\"margin-top: 0px; margin-bottom: 0px;\">(d) their right to establish their national independent Palestinian authority as an expression of their own will and a confirmation of their national identity.<\/p>\n<\/div>\n<div style=\"color: #000000; text-align: left; padding-top: 9px; font-size: 9pt; font-family: Verdana, san-serif;\">\n<p style=\"margin-top: 0px; margin-bottom: 0px;\">Since the last summit of heads of States or Government of non-aligned countries, all non-aligned gatherings have expressed their unequivocal support of the Palestinian people. At the Conference of Foreign Ministers of Non-Aligned countries held at Belgrade only a few months ago, they decided to call for the convening of a special session of the United Nations consecrated to the study of the Palestine question, with a view to adopting measures leading to the implementation of the United Nations resolutions relevant to the withdrawal from Palestine and Arab-occupied lands and the realisation of the national and inalienable rights of the Palestinian people. At Belgrade, Foreign Ministers affirmed further that a just peace in the region of the Middle East cannot be established except within the framework of a solution based on total Israeli withdrawal from all the occupied Palestinian and Arab territories and on the basis of restoring to the Palestinian people their national, legal and ina\u00adlienable rights and to practice these rights&#8221;.<\/p>\n<\/div>\n<div style=\"color: #000000; text-align: left; padding-top: 9px; font-size: 9pt; font-family: Verdana, san-serif;\">\n<p style=\"margin-top: 0px; margin-bottom: 0px;\">Permanent peace in the Middle East is inextricably linked with the Palestinian question. The question of Palestine is at the core of the struggle in the Middle East and any attempt to ignore this fact will not serve the cause of permanent and durable peace in that region. The Palestinian people have suffered much and long. It is our duty not only to understand their cherished goals but also to take into account the anguish in their hearts and to support all efforts to secure these goals.<\/p>\n<\/div>\n<div style=\"color: #000000; text-align: left; padding-top: 9px; font-size: 9pt; font-family: Verdana, san-serif;\">\n<p style=\"margin-top: 0px; margin-bottom: 0px;\">As a member of the Special Committee to Investigate Israeli Practices in Occupied Territories, it was my sad duty to investigate instances of violations of human rights in occupied territories. That investigation had to be carried out even without the right to visit the occupied territories and without direct testimony from the many Palestinians who continue to suffer there. The rectification of this situation, it is needless for me to add, is a historic duty of the United Nations.<\/p>\n<\/div>\n<div style=\"color: #000000; text-align: left; padding-top: 9px; font-size: 9pt; font-family: Verdana, san-serif;\">\n<p style=\"margin-top: 0px; margin-bottom: 0px;\">Finally, I wish to renew the pledge of the non-aligned countries to totally support the Palestinian people in their legitimate struggle to fully recover their inalienable rights in Palestine.<\/p>\n<\/div>\n<p>&nbsp;<\/p>\n<div style=\"color: #000000; text-align: center; padding-top: 9px; font-size: 9pt; font-family: Verdana, san-serif;\">\n<p style=\"margin-top: 0px; margin-bottom: 0px;\"><u>Messages\u00a0\u00a0and statements from non-governmental organizations with observer\u00a0\u00a0status at the United Nations <\/u><\/p>\n<\/div>\n<p>&nbsp;<\/p>\n<div style=\"color: #000000; text-align: center; padding-top: 9px; font-size: 9pt; font-family: Verdana, san-serif;\">\n<p style=\"margin-top: 0px; margin-bottom: 0px;\">AFRO-ASIAN PEOPLES SOLIDARITY ORGANIZATION<\/p>\n<\/div>\n<div style=\"color: #000000; text-align: center; padding-top: 9px; font-size: 9pt; font-family: Verdana, san-serif;\">\n<p style=\"margin-top: 0px; margin-bottom: 0px;\"><u>Mr. Abdel Rahman El Sharkawi, Secretary-General<\/u><\/p>\n<\/div>\n<p>&nbsp;<\/p>\n<div style=\"color: #000000; text-align: left; padding-top: 9px; font-size: 9pt; font-family: Verdana, san-serif;\">\n<p style=\"margin-top: 0px; margin-bottom: 0px;\">The Afro-Asian Peoples Solidarity Organization warmly welcomes your decision to establish a special unit on the Palestinian rights in the framework of the United Nations Secretariat.<\/p>\n<\/div>\n<div style=\"color: #000000; text-align: left; padding-top: 9px; font-size: 9pt; font-family: Verdana, san-serif;\">\n<p style=\"margin-top: 0px; margin-bottom: 0px;\">The Afro-Asian Peoples Solidarity Organization, on the occasion of the 29 November International Solidarity Day with the Palestinian People, reaffirms its constant stand and unreserved support of the Palestinian people&#8217;s struggle to realise their inalienable rights to establish their own independent sovereign state in their homeland under leadership of the PLO, their sole genuine representative. Peace in the Middle East can only be achieved with the solution of the Palestinian question and complete withdrawal of Israeli troops from occupied Arab territories. AAPSO welcomes the resolution of the United Nations General Assembly ban on the provision or sale of arms to Israel.<\/p>\n<\/div>\n<div style=\"color: #000000; text-align: left; padding-top: 9px; font-size: 9pt; font-family: Verdana, san-serif;\">\n<p style=\"margin-top: 0px; margin-bottom: 0px;\">\n<\/div>\n<p>&nbsp;<\/p>\n<div style=\"color: #000000; text-align: center; padding-top: 9px; font-size: 9pt; font-family: Verdana, san-serif;\">\n<p style=\"margin-top: 0px; margin-bottom: 0px;\">WORLD PEACE COUNCIL<\/p>\n<\/div>\n<p>&nbsp;<\/p>\n<div style=\"color: #000000; text-align: justify; padding-top: 9px; font-size: 9pt; font-family: Verdana, san-serif;\">\n<p style=\"margin-top: 0px; margin-bottom: 0px;\">It is a great honor for the World Peace Council to participate in this ceremony organized by your Committee whose work is so important for the very future of the Palestinian people, for constructing a just and lasting peace in the Middle East and thus for international peace and security.<\/p>\n<\/div>\n<div style=\"color: #000000; text-align: justify; padding-top: 9px; font-size: 9pt; font-family: Verdana, san-serif;\">\n<p style=\"margin-top: 0px; margin-bottom: 0px;\">On this International Day of Solidarity with the Palestinian People, the WPC is proud to reaffirm its unflinching commitment to support the courageous and indomitable Palestinian People in its struggle for its inalienable rights, for self-determination and for national independence.<\/p>\n<\/div>\n<div style=\"color: #000000; text-align: left; padding-top: 9px; font-size: 9pt; font-family: Verdana, san-serif;\">\n<p style=\"margin-top: 0px; margin-bottom: 0px;\">The WPC has called upon its 130 national committees to observe this day on every continent, as part of our ongoing action to focus world public opinion in support of the just cause of the Palestinian People and in support of the pertinent United Nations General Assembly and Security Council resolutions and the United Nations Charter.<\/p>\n<\/div>\n<div style=\"color: #000000; text-align: left; padding-top: 9px; font-size: 9pt; font-family: Verdana, san-serif;\">\n<p style=\"margin-top: 0px; margin-bottom: 0px;\">We have constantly sought to expose the continuous brutally repressive practices perpetrated against the Palestinian People in the occupied territories. The WPC has also protested the continuous aggression of Israel against the Lebanese and Palestinian people and its obstruction of the re-establishment of the authority of the Lebanese Government in southern Lebanon in contravention of Security Council resolution 425.<\/p>\n<\/div>\n<div style=\"color: #000000; text-align: justify; padding-top: 9px; font-size: 9pt; font-family: Verdana, san-serif;\">\n<p style=\"margin-top: 0px; margin-bottom: 0px;\">We are convinced that the cause of the Palestinian people is the cause of the vast majority of humanity who fervently desire peace, national liberation, and an end to imperialism, colonialism, repression and racism in all its forms.<\/p>\n<\/div>\n<div style=\"color: #000000; text-align: left; padding-top: 9px; font-size: 9pt; font-family: Verdana, san-serif;\">\n<p style=\"margin-top: 0px; margin-bottom: 0px;\">The United Nations General Assembly, in its wisdom, has clearly stated that the only way to establish a just and lasting peace in the Middle East at the earliest possible time, is to guarantee the full participation of the Palestinian people through its sole legitimate representative, the PLO, in all deliberations concerning peace in the region.<\/p>\n<\/div>\n<div style=\"color: #000000; text-align: left; padding-top: 9px; font-size: 9pt; font-family: Verdana, san-serif;\">\n<p style=\"margin-top: 0px; margin-bottom: 0px;\">In light of these universally recognized realities, we are gravely concer\u00adned about the results of the Camp David decisions which actually legalize and prolong Israeli occupation of Arab territories, thus increasing the dangers of instability, war and bloodshed in the area. By ignoring the main issues at stake, particularly the inalienable rights of the Palestinians, the causes of the conflict are perpetuated.<\/p>\n<\/div>\n<div style=\"color: #000000; text-align: left; padding-top: 9px; font-size: 9pt; font-family: Verdana, san-serif;\">\n<p style=\"margin-top: 0px; margin-bottom: 0px;\">The Camp David agreements turn the West Bank and the Gaza Strip into official Israeli colonies. They, in effect, sanction the establishment of Israeli settlements. They sanction the continuing oppression and uprooting of the Palestinian population and the confiscating of their land.<\/p>\n<\/div>\n<div style=\"color: #000000; text-align: left; padding-top: 9px; font-size: 9pt; font-family: Verdana, san-serif;\">\n<p style=\"margin-top: 0px; margin-bottom: 0px;\">The deliberate ignoring of the PLO in these negotiations, undermines the fulfillment of the inalienable national rights of the Palestinian people and flies in the face of overwhelming world public opinion, the United Nations Charter and relevant United Nations resolutions.<\/p>\n<\/div>\n<div style=\"color: #000000; text-align: left; padding-top: 9px; font-size: 9pt; font-family: Verdana, san-serif;\">\n<p style=\"margin-top: 0px; margin-bottom: 0px;\">The WPC strongly abhors this legalization of occupation and aggression!<\/p>\n<\/div>\n<div style=\"color: #000000; text-align: left; padding-top: 9px; font-size: 9pt; font-family: Verdana, san-serif;\">\n<p style=\"margin-top: 0px; margin-bottom: 0px;\">On this occasion, we reiterate our unswerving stand that a durable and just peace in the Middle East can only be achieved through complete Israeli withdrawal from occupied Arab territories and the attainment by the Palestinian people of their inalienable national rights including their right to establish their own independent sovereign state as stipulated in the resolution of the UN Security Council and General Assembly. There must be such a comprehensive settlement with the full participation of the PLO. There can be no peace without the Palestinian people! There can be no peace without the PLO.<\/p>\n<\/div>\n<div style=\"color: #000000; text-align: left; padding-top: 9px; font-size: 9pt; font-family: Verdana, san-serif;\">\n<p style=\"margin-top: 0px; margin-bottom: 0px;\">The WPC, as part of its renewed efforts to these ends, is now in the process of preparing an International Conference in Solidarity with the Palestinian people, to be held in the near future. In addition, we are producing a special publication focussing on solidarity with the Palestinian people and on the goal of a just and lasting peace in the Middle East.<\/p>\n<\/div>\n<div style=\"color: #000000; text-align: left; padding-top: 9px; font-size: 9pt; font-family: Verdana, san-serif;\">\n<p style=\"margin-top: 0px; margin-bottom: 0px;\">Mr. Chairman, Ramesh Chandra, President of the WPC has asked me to convey to this meeting that the WPC stands with the Palestinian people until final victory and to assure you of our total support in the crucial and noble efforts of the Committee on the Exercise of the Inalienable Rights of the Palestinian people. We wish you every success.<\/p>\n<\/div>\n<p>&nbsp;<\/p>\n<div style=\"color: #000000; text-align: center; padding-top: 9px; font-size: 9pt; font-family: Verdana, san-serif;\">\n<p style=\"margin-top: 0px; margin-bottom: 0px;\"><u>Statements by other invited speakers<\/u><\/p>\n<\/div>\n<p>&nbsp;<\/p>\n<div style=\"color: #000000; text-align: center; padding-top: 9px; font-size: 9pt; font-family: Verdana, san-serif;\">\n<p style=\"margin-top: 0px; margin-bottom: 0px;\">ARAB-AMERICAN UNIVERSITY GRADUATES (Palestine Human Rights Campaign)<\/p>\n<\/div>\n<div style=\"color: #000000; text-align: center; padding-top: 9px; font-size: 9pt; font-family: Verdana, san-serif;\">\n<p style=\"margin-top: 0px; margin-bottom: 0px;\"><u>Dr. James Zogby<\/u><\/p>\n<\/div>\n<p>&nbsp;<\/p>\n<div style=\"color: #000000; text-align: left; padding-top: 9px; font-size: 9pt; font-family: Verdana, san-serif;\">\n<p style=\"margin-top: 0px; margin-bottom: 0px;\">We thank you for the invitation extended to our Palestine Human Rights Campaign to participate in this Day of Solidarity with the Palestinian people.<\/p>\n<\/div>\n<div style=\"color: #000000; text-align: left; padding-top: 9px; font-size: 9pt; font-family: Verdana, san-serif;\">\n<p style=\"margin-top: 0px; margin-bottom: 0px;\">We meet today to express our support for the rights of the Palestinian people.<\/p>\n<\/div>\n<div style=\"color: #000000; text-align: justify; padding-top: 9px; font-size: 9pt; font-family: Verdana, san-serif;\">\n<p style=\"margin-top: 0px; margin-bottom: 0px;\">The entire modern history of the Middle East has resolved around the systematic denial of the national rights of the Palestinians to exist as a people and live in peace in their own land. \u00a0The Israeli occupation of the West Bank and Gaza Strip regions of Palestine has added yet a new and frightening dimension to this denial of rights involving, as it does, the violation of a broad range of human rights.<\/p>\n<\/div>\n<div style=\"color: #000000; text-align: left; padding-top: 9px; font-size: 9pt; font-family: Verdana, san-serif;\">\n<p style=\"margin-top: 0px; margin-bottom: 0px;\">We meet today to say &#8220;enough&#8221; to this history of injustices.<\/p>\n<\/div>\n<div style=\"color: #000000; text-align: left; padding-top: 9px; font-size: 9pt; font-family: Verdana, san-serif;\">\n<p style=\"margin-top: 0px; margin-bottom: 0px;\">We meet today to express our support for the rights of the Palestinian People:<\/p>\n<\/div>\n<p>&nbsp;<\/p>\n<div style=\"color: #000000; text-align: left; font-size: 9pt; font-family: Verdana, san-serif;\">\n<p style=\"margin-top: 0px; margin-bottom: 0px;\">their right to return to their homes;<\/p>\n<\/div>\n<div style=\"color: #000000; text-align: left; font-size: 9pt; font-family: Verdana, san-serif;\">\n<p style=\"margin-top: 0px; margin-bottom: 0px;\">their right to be represented by their chosen leadership &#8211; the Palestine Liberation Organization;<\/p>\n<\/div>\n<div style=\"color: #000000; text-align: left; font-size: 9pt; font-family: Verdana, san-serif;\">\n<p style=\"margin-top: 0px; margin-bottom: 0px;\">their right to live as a free and independent &#8216;people with full national sovereignty.<\/p>\n<\/div>\n<div style=\"color: #000000; text-align: left; padding-top: 9px; font-size: 9pt; font-family: Verdana, san-serif;\">\n<p style=\"margin-top: 0px; margin-bottom: 0px;\">It is important as we meet today to note the details of this continuing nightmare that is visited daily upon millions of Palestinians.<\/p>\n<\/div>\n<p>&nbsp;<\/p>\n<div style=\"color: #000000; text-align: left; font-size: 9pt; font-family: Verdana, san-serif;\">\n<p style=\"margin-top: 0px; margin-bottom: 0px;\">while we meet &#8211;<\/p>\n<\/div>\n<div style=\"color: #000000; text-align: left; font-size: 9pt; font-family: Verdana, san-serif;\">\n<p style=\"margin-top: 0px; margin-bottom: 0px;\">the wave of arrests that began last Thursday in the West Bank and Gaza continues. Those arrested are mainly young intellectuals.<\/p>\n<\/div>\n<div style=\"color: #000000; text-align: left; font-size: 9pt; font-family: Verdana, san-serif;\">\n<p style=\"margin-top: 0px; margin-bottom: 0px;\">They have been charged with no crime &#8211; but are accused only of speaking out against the &#8220;Camp David Agreements&#8221;.<\/p>\n<\/div>\n<div style=\"color: #000000; text-align: left; font-size: 9pt; font-family: Verdana, san-serif;\">\n<p style=\"margin-top: 0px; margin-bottom: 0px;\">From reports we have received, they are being interrogated and beaten daily.<\/p>\n<\/div>\n<div style=\"color: #000000; text-align: left; padding-top: 9px; font-size: 9pt; font-family: Verdana, san-serif;\">\n<p style=\"margin-top: 0px; margin-bottom: 0px;\">We know the name of about two dozen of these new &#8220;Prisoners&#8221; &#8211; one of them is Mahmoud Ahmed Khalasi. He is a student at Bir Zeit University. He is still recovering from an operation he underwent only one month ago &#8211; in which one of his kidneys was removed.<\/p>\n<\/div>\n<div style=\"color: #000000; text-align: justify; padding-top: 9px; font-size: 9pt; font-family: Verdana, san-serif;\">\n<p style=\"margin-top: 0px; margin-bottom: 0px;\">Mahmoud was arrested three days ago &#8211; he has been treated badly and interrogated daily and has not yet been allowed to sneak with his attorney.<\/p>\n<\/div>\n<div style=\"color: #000000; text-align: left; padding-top: 9px; font-size: 9pt; font-family: Verdana, san-serif;\">\n<p style=\"margin-top: 0px; margin-bottom: 0px;\">and while we meet today &#8211;<\/p>\n<\/div>\n<p>&nbsp;<\/p>\n<div style=\"color: #000000; text-align: left; font-size: 9pt; font-family: Verdana, san-serif; margin-left: 20px;\">Nadel Fayez al Afoury, a young Palestinian from Nablus begins a six-month term as an Administrative Detainee.<\/div>\n<div style=\"color: #000000; text-align: left; font-size: 9pt; font-family: Verdana, san-serif; margin-left: 20px;\">He has already been in prison for three months &#8211; he has been charged with no crime and he will not be brought to trial &#8211; but the Administrative Internment committee has ordered his to be held until April 1979.<\/div>\n<div style=\"color: #000000; text-align: left; font-size: 9pt; font-family: Verdana, san-serif; margin-left: 20px;\">Nadel was a healthy man three months ago &#8211; today he is insane; He cannot speak, nor can he care for his bodily needs.<\/div>\n<div style=\"color: #000000; text-align: left; font-size: 9pt; font-family: Verdana, san-serif; margin-left: 20px;\">His wife, who was only allowed to visit him after two months of internment was shocked and terrified at the sight of her husband who had been so tragically transformed by his captors.<\/div>\n<div style=\"color: #000000; text-align: left; font-size: 9pt; font-family: Verdana, san-serif; margin-left: 20px;\">Nadel is only ode of over 20 such Administrative Detainees.<\/div>\n<div style=\"color: #000000; text-align: left; padding-top: 9px; font-size: 9pt; font-family: Verdana, san-serif;\">\n<p style=\"margin-top: 0px; margin-bottom: 0px;\">and while we meet &#8211;<\/p>\n<\/div>\n<div style=\"color: #000000; text-align: left; padding-top: 9px; font-size: 9pt; font-family: Verdana, san-serif; margin-left: 20px;\">The Kalandia children &#8211; 13 children under 16 years of age whom the Red Cross verified were beaten until they signed confessions and who were imprisoned for six months to one year &#8211; await an Israeli Supreme Court ruling which may prolong their imprisonment.<\/div>\n<div style=\"color: #000000; text-align: left; padding-top: 9px; font-size: 9pt; font-family: Verdana, san-serif;\">\n<p style=\"margin-top: 0px; margin-bottom: 0px;\">and while we meet &#8211;<\/p>\n<\/div>\n<p>&nbsp;<\/p>\n<div style=\"color: #000000; text-align: left; font-size: 9pt; font-family: Verdana, san-serif; margin-left: 20px;\">Dr. Hanna Nasir, President of Bir Zeit University and Abdul Jawad Salah, Mayor of al Bireh sit in exile having been forcibly expelled from their homes by the Israeli military over four years ago. They are only two of over 1,600 Palestinian leaders who were so expelled by the occupation authorities.<\/div>\n<div style=\"color: #000000; text-align: left; font-size: 9pt; font-family: Verdana, san-serif; margin-left: 20px;\">And they are only 1,600 of the over 2,000,000 Palestinians who live in exile today.<\/div>\n<div style=\"color: #000000; text-align: left; padding-top: 9px; font-size: 9pt; font-family: Verdana, san-serif;\">\n<p style=\"margin-top: 0px; margin-bottom: 0px;\">and while we meet &#8211;<\/p>\n<\/div>\n<div style=\"color: #000000; text-align: left; padding-top: 9px; font-size: 9pt; font-family: Verdana, san-serif; margin-left: 20px;\">Palestinian-owned land continues to be confiscated to build &#8220;Jewish-only&#8221; settlements, or &#8220;security areas&#8221;, or roads &#8211; not only in the West Bank and Gaza &#8211; but recently in the Galilee village of Deir Hanna, where Israel continues its three decade-old policy of &#8220;Judaizing&#8221; (i.e. removing Arabs from) the Galilee.<\/div>\n<div style=\"color: #000000; text-align: left; padding-top: 9px; font-size: 9pt; font-family: Verdana, san-serif;\">\n<p style=\"margin-top: 0px; margin-bottom: 0px;\">and while we meet &#8211;<\/p>\n<\/div>\n<p>&nbsp;<\/p>\n<div style=\"color: #000000; text-align: left; font-size: 9pt; font-family: Verdana, san-serif; margin-left: 20px;\">This Palestinian nation of exiles, and captives, and prisoners, continues to resist this oppression and continues its struggle for freedom.<\/div>\n<div style=\"color: #000000; text-align: left; font-size: 9pt; font-family: Verdana, san-serif; margin-left: 20px;\">After decades of machinations that saw their homeland promised to another people; after 30 years of harsh mandate occupation by the<\/div>\n<div style=\"color: #000000; text-align: left; font-size: 9pt; font-family: Verdana, san-serif; margin-left: 20px;\">British military; and after being uprooted from their homes and forced to wait in refugee camp in hopes of being able to return to their homes!<\/div>\n<div style=\"color: #000000; text-align: left; font-size: 9pt; font-family: Verdana, san-serif; margin-left: 20px;\">or after 30 years of life as third class citizens in Israel; and for others, after 11 years of military occupation on the West Bank and<\/div>\n<div style=\"color: #000000; text-align: justify; font-size: 9pt; font-family: Verdana, san-serif; margin-left: 20px;\">Gaza; and after tens of thousands of their kin have become the helpless victims of massacres with their camps and villages being devas\u00adtated by artillery, napalm or simple murder &#8212; after all of this mountain of crimes against them, owing primarily to their courage and their tenacity, still they have not surrendered their demands for their national and human rights.<\/div>\n<div style=\"color: #000000; text-align: left; padding-top: 9px; font-size: 9pt; font-family: Verdana, san-serif;\">\n<p style=\"margin-top: 0px; margin-bottom: 0px;\">As we evidence today, the vast majority of humanity supports these just demands of the Palestinian people.<\/p>\n<\/div>\n<div style=\"color: #000000; text-align: left; padding-top: 9px; font-size: 9pt; font-family: Verdana, san-serif;\">\n<p style=\"margin-top: 0px; margin-bottom: 0px;\">Only a few states led by the United States remain outside of this international consensus.<\/p>\n<\/div>\n<div style=\"color: #000000; text-align: left; padding-top: 9px; font-size: 9pt; font-family: Verdana, san-serif;\">\n<p style=\"margin-top: 0px; margin-bottom: 0px;\">This is why we are here today. To express our support for the just demands of the Palestinian people.<\/p>\n<\/div>\n<div style=\"color: #000000; text-align: left; padding-top: 9px; font-size: 9pt; font-family: Verdana, san-serif;\">\n<p style=\"margin-top: 0px; margin-bottom: 0px;\">And to speak on a loud and clear voice to those states who have up until now not responded to the call.<\/p>\n<\/div>\n<div style=\"color: #000000; text-align: left; padding-top: 9px; font-size: 9pt; font-family: Verdana, san-serif;\">\n<p style=\"margin-top: 0px; margin-bottom: 0px;\">We must say to them,<\/p>\n<\/div>\n<p>&nbsp;<\/p>\n<div style=\"color: #000000; text-align: left; font-size: 9pt; font-family: Verdana, san-serif; margin-left: 20px;\">&#8220;if you are truly concerned for human rights &#8212; how can you ignore the violations of Palestinian human rights<\/div>\n<div style=\"color: #000000; text-align: left; font-size: 9pt; font-family: Verdana, san-serif; margin-left: 20px;\">&#8220;if you truly wish to see peace established in the Middle East &#8212; then you must support the rights of the Palestinians &#8212; for there can be<\/div>\n<div style=\"color: #000000; text-align: left; font-size: 9pt; font-family: Verdana, san-serif; margin-left: 20px;\">no Middle East peace without full Palestinian rights&#8221;.<\/div>\n<div style=\"color: #000000; text-align: left; padding-top: 9px; font-size: 9pt; font-family: Verdana, san-serif;\">\n<p style=\"margin-top: 0px; margin-bottom: 0px;\">We, in the Palestine Human Rights Campaign, address our special attention to the fact that our government has chosen to boycott these meetings.<\/p>\n<\/div>\n<div style=\"color: #000000; text-align: left; padding-top: 9px; font-size: 9pt; font-family: Verdana, san-serif;\">\n<p style=\"margin-top: 0px; margin-bottom: 0px;\">Our Ambassador, Andrew Young, has called this event a &#8220;misuse of United Nations funds&#8221;.<\/p>\n<\/div>\n<div style=\"color: #000000; text-align: left; padding-top: 9px; font-size: 9pt; font-family: Verdana, san-serif;\">\n<p style=\"margin-top: 0px; margin-bottom: 0px;\">In doing so, we feel that the United States has turned a deaf ear to the causes of human rights and peace with it so ardently claims to pursue. This does not surprise us, for while claiming to maintain these goals for the peoples of the Middle East &#8211; evidence of their commitment is difficult to find.<\/p>\n<\/div>\n<div style=\"color: #000000; text-align: justify; padding-top: 9px; font-size: 9pt; font-family: Verdana, san-serif;\">\n<p style=\"margin-top: 0px; margin-bottom: 0px;\">For example, while the U.S. Government called for an investigation into the Israeli practice of torture of Palestinian prisoners &#8211; it allowed Israel to investigate itself and give itself a clean bill of health.<\/p>\n<\/div>\n<div style=\"color: #000000; text-align: justify; padding-top: 9px; font-size: 9pt; font-family: Verdana, san-serif;\">\n<p style=\"margin-top: 0px; margin-bottom: 0px;\">And while there exists a U.S. law which makes it illegal for the U.S. to give military and foreign aid to countries which are violators of human rights and while the U.S. State Department report shows Israel to violate Palestinian rights in at least five significant areas &#8212; still Israel continues to receive the lion&#8217;s share of U.S. military and economic aid.<\/p>\n<\/div>\n<div style=\"color: #000000; text-align: justify; padding-top: 9px; font-size: 9pt; font-family: Verdana, san-serif;\">\n<p style=\"margin-top: 0px; margin-bottom: 0px;\">And while the United States has expressed a concern for &#8220;Palestinian Rights&#8221; it proceeded together with the Egyptian and Israeli governments at Camp David to define away all meaningful Palestinian rights and instead of offer only continued occupation or exile to the Palestinian people.<\/p>\n<\/div>\n<div style=\"color: #000000; text-align: left; padding-top: 9px; font-size: 9pt; font-family: Verdana, san-serif;\">\n<p style=\"margin-top: 0px; margin-bottom: 0px;\">We conclude that it is not only as a result of the racism and expansionism of the Israeli government that Palestinian rights are violated &#8211; but it is also due to the policies of our own government that the Palestinian people are denied their national and human rights.<\/p>\n<\/div>\n<div style=\"color: #000000; text-align: left; padding-top: 9px; font-size: 9pt; font-family: Verdana, san-serif;\">\n<p style=\"margin-top: 0px; margin-bottom: 0px;\">Our Palestine Human Rights Campaign calls on the United States Government to speak and act in one voice:<\/p>\n<\/div>\n<div style=\"color: #000000; text-align: left; padding-top: 9px; font-size: 9pt; font-family: Verdana, san-serif; margin-left: 20px;\">to condemn the recent wave of arrests in the West Bank and Gaza &#8211; and to demand that all those arrested be freed;<\/div>\n<div style=\"color: #000000; text-align: justify; padding-top: 9px; font-size: 9pt; font-family: Verdana, san-serif; margin-left: 20px;\">to condemn the continuing expansion and &#8220;thickening&#8221; of the Israeli settlements in the occupied lands &#8212; and to act in a decisive way to end this illegal Israeli policy :<\/div>\n<div style=\"color: #000000; text-align: left; padding-top: 9px; font-size: 9pt; font-family: Verdana, san-serif; margin-left: 40px;\">to cut off all aid to the State of Israel until it desists in its systematic violation of Palestinian human rights;<\/div>\n<div style=\"color: #000000; text-align: left; padding-top: 9px; font-size: 9pt; font-family: Verdana, san-serif;\">\n<p style=\"margin-top: 0px; margin-bottom: 0px;\">and finally,<\/p>\n<\/div>\n<div style=\"color: #000000; text-align: left; padding-top: 9px; font-size: 9pt; font-family: Verdana, san-serif; margin-left: 20px;\">to commit itself to the recognition of Palestinian rights by :<\/div>\n<div style=\"color: #000000; text-align: left; padding-top: 9px; font-size: 9pt; font-family: Verdana, san-serif; margin-left: 40px;\">recognizing the legitimate rights of the Palestinian people, as outlined in the United Nations resolutions on the Palestine question,<\/div>\n<div style=\"color: #000000; text-align: left; padding-top: 9px; font-size: 9pt; font-family: Verdana, san-serif; margin-left: 40px;\">recognizing the Palestine Liberation Organization as the representative of the Palestinian people, calling on Israel to end its\u00a0\u00a0occupation of Palestinian lands.<\/div>\n<div style=\"color: #000000; text-align: left; padding-top: 9px; font-size: 9pt; font-family: Verdana, san-serif;\">\n<p style=\"margin-top: 0px; margin-bottom: 0px;\">Our Palestine Human Rights Campaign declares its intent to intensify our efforts to build a mass movement of the American people &#8211; to mobilize public pressure to change U.S. policy into a policy committed in both word and deed to human rights and peace.<\/p>\n<\/div>\n<div style=\"color: #000000; text-align: left; padding-top: 9px; font-size: 9pt; font-family: Verdana, san-serif;\">\n<p style=\"margin-top: 0px; margin-bottom: 0px;\">We have no illusions about the difficulties we face &#8211; but we will proceed. The American people have built mass movements before &#8211; evidence:<\/p>\n<\/div>\n<p>&nbsp;<\/p>\n<div style=\"color: #000000; text-align: left; font-size: 9pt; font-family: Verdana, san-serif;\">\n<p style=\"margin-top: 0px; margin-bottom: 0px;\">&#8211; the great struggle of our working-class for the eight hour work day;<\/p>\n<\/div>\n<div style=\"color: #000000; text-align: left; font-size: 9pt; font-family: Verdana, san-serif;\">\n<p style=\"margin-top: 0px; margin-bottom: 0px;\">&#8211; the continuing courageous struggles of our oppressed minorities for civil rights;<\/p>\n<\/div>\n<div style=\"color: #000000; text-align: left; font-size: 9pt; font-family: Verdana, san-serif;\">\n<p style=\"margin-top: 0px; margin-bottom: 0px;\">&#8211; and our anti-&#8220;Vietnam War&#8221; movement.<\/p>\n<\/div>\n<div style=\"color: #000000; text-align: left; padding-top: 9px; font-size: 9pt; font-family: Verdana, san-serif;\">\n<p style=\"margin-top: 0px; margin-bottom: 0px;\">In each instance we overcame great obstacles and produced significant changes.<\/p>\n<\/div>\n<div style=\"color: #000000; text-align: left; padding-top: 9px; font-size: 9pt; font-family: Verdana, san-serif;\">\n<p style=\"margin-top: 0px; margin-bottom: 0px;\">And in this struggle to build a mass movement to defend Palestinian rights I know we shall succeed.<\/p>\n<\/div>\n<div style=\"color: #000000; text-align: left; padding-top: 9px; font-size: 9pt; font-family: Verdana, san-serif;\">\n<p style=\"margin-top: 0px; margin-bottom: 0px;\">Today our numbers are small &#8211; but our movement is growing and our voices shall be heard.<\/p>\n<\/div>\n<div style=\"color: #000000; text-align: left; padding-top: 9px; font-size: 9pt; font-family: Verdana, san-serif;\">\n<p style=\"margin-top: 0px; margin-bottom: 0px;\">And it is our firm intent that not only our voices be heard in the United States &#8211; but more importantly that through our movement the voices of:<\/p>\n<\/div>\n<p>&nbsp;<\/p>\n<div style=\"color: #000000; text-align: justify; font-size: 9pt; font-family: Verdana, san-serif; margin-left: 20px;\">Mahmoud Ahmed<\/div>\n<div style=\"color: #000000; text-align: justify; font-size: 9pt; font-family: Verdana, san-serif; margin-left: 20px;\">Khalasi Nadel Fayez al Afoury<\/div>\n<div style=\"color: #000000; text-align: justify; font-size: 9pt; font-family: Verdana, san-serif; margin-left: 20px;\">Hanna Nasir and Abdul Jawed Salah<\/div>\n<div style=\"color: #000000; text-align: left; font-size: 9pt; font-family: Verdana, san-serif; margin-left: 20px;\">the Kalandia children<\/div>\n<div style=\"color: #000000; text-align: left; font-size: 9pt; font-family: Verdana, san-serif; margin-left: 20px;\">and the people of Deir Hanna<\/div>\n<div style=\"color: #000000; text-align: left; padding-top: 9px; font-size: 9pt; font-family: Verdana, san-serif; margin-left: 60px;\">shall also be heard,<\/div>\n<div style=\"color: #000000; text-align: left; padding-top: 9px; font-size: 9pt; font-family: Verdana, san-serif;\">\n<p style=\"margin-top: 0px; margin-bottom: 0px;\">that is the goal toward which we shall work &#8211;<\/p>\n<\/div>\n<div style=\"color: #000000; text-align: left; padding-top: 9px; font-size: 9pt; font-family: Verdana, san-serif;\">\n<p style=\"margin-top: 0px; margin-bottom: 0px;\">that is why we join with you today &#8211;<\/p>\n<\/div>\n<div style=\"color: #000000; text-align: left; padding-top: 9px; font-size: 9pt; font-family: Verdana, san-serif;\">\n<p style=\"margin-top: 0px; margin-bottom: 0px;\">in the name of peace<\/p>\n<\/div>\n<div style=\"color: #000000; text-align: left; padding-top: 9px; font-size: 9pt; font-family: Verdana, san-serif;\">\n<p style=\"margin-top: 0px; margin-bottom: 0px;\">in the name cf human rights<\/p>\n<\/div>\n<div style=\"color: #000000; text-align: left; padding-top: 9px; font-size: 9pt; font-family: Verdana, san-serif;\">\n<p style=\"margin-top: 0px; margin-bottom: 0px;\">in the name of the national and human rights of the Palestinian People.<\/p>\n<\/div>\n<p>&nbsp;<\/p>\n<div style=\"color: #000000; text-align: center; padding-top: 9px; font-size: 9pt; font-family: Verdana, san-serif;\">\n<p style=\"margin-top: 0px; margin-bottom: 0px;\"><u>Other messages received<\/u><\/p>\n<\/div>\n<p>&nbsp;<\/p>\n<div style=\"color: #000000; text-align: center; padding-top: 9px; font-size: 9pt; font-family: Verdana, san-serif;\">\n<p style=\"margin-top: 0px; margin-bottom: 0px;\">HUNGARY<\/p>\n<\/div>\n<div style=\"color: #000000; text-align: center; padding-top: 9px; font-size: 9pt; font-family: Verdana, san-serif;\">\n<p style=\"margin-top: 0px; margin-bottom: 0px;\"><u>World Federation of Democratic Youth<\/u><\/p>\n<\/div>\n<p>&nbsp;<\/p>\n<div style=\"color: #000000; text-align: left; padding-top: 9px; font-size: 9pt; font-family: Verdana, san-serif;\">\n<p style=\"margin-top: 0px; margin-bottom: 0px;\">On the occasion of 29 November, International Day of Solidarity with the Palestinian people, the World Federation of Democratic Youth, on behalf of millions of young people the world over, reiterates its militant solidarity and full support for the just struggle of the Palestinian people under the leadership of PLO, for their right to self-determination and establishment of their own independent state. We note with great concern that the Camp David agreement prepared, conducted and manipulated by imperialism, Zionism, and Arab reaction, constitutes a dangerous state for the development of the situation in the Middle Nast. It takes more difficult the seeking for a global solution for the conflict and increases possibilities of new Israeli aggression against the Arab countries. We salute all the efforts and positive steps taken by the Arab democratic and progressive forces for the strengthening of their unity and joint action as reflected in the Arab People&#8217;s Conference at Damascus. We call on all democratic and progressive youth to spare no effort to intensify solidarity actions with the Palestinian Arab people in their just struggle.<\/p>\n<\/div>\n<p>&nbsp;<\/p>\n<div style=\"color: #000000; text-align: center; padding-top: 9px; font-size: 9pt; font-family: Verdana, san-serif;\">\n<p style=\"margin-top: 0px; margin-bottom: 0px;\">POLAND<\/p>\n<\/div>\n<p>&nbsp;<\/p>\n<div style=\"color: #000000; text-align: center; font-size: 9pt; font-family: Verdana, san-serif;\">\n<p style=\"margin-top: 0px; margin-bottom: 0px;\"><u>All-Poland Committee for the Nations Unity Front<\/u><\/p>\n<\/div>\n<div style=\"color: #000000; text-align: center; font-size: 9pt; font-family: Verdana, san-serif;\">\n<p style=\"margin-top: 0px; margin-bottom: 0px;\"><u>Mr.<\/u><u>\u00a0Wit Dramich, Vice-President<\/u><\/p>\n<\/div>\n<p>&nbsp;<\/p>\n<div style=\"color: #000000; text-align: left; padding-top: 9px; font-size: 9pt; font-family: Verdana, san-serif;\">\n<p style=\"margin-top: 0px; margin-bottom: 0px;\">On the occasion of the International Day of Solidarity with the Palestinian people, please accept the most heartfelt wishes from the authorities of the Polish People&#8217;s Republic and the people of Poland to the Palestinian people and the Palestine Liberation Organization, under your chairmanship, for the realization of your national aspirations.<\/p>\n<\/div>\n<div style=\"color: #000000; text-align: justify; padding-top: 9px; font-size: 9pt; font-family: Verdana, san-serif;\">\n<p style=\"margin-top: 0px; margin-bottom: 0px;\">Your struggle for an independent existence, enjoying as it does general recognition and support, is particularly close to us of Poland, since in the course of history we have ourselves frequently demonstrated that freedom and independence are of supreme value.<\/p>\n<\/div>\n<div style=\"color: #000000; text-align: justify; padding-top: 9px; font-size: 9pt; font-family: Verdana, san-serif;\">\n<p style=\"margin-top: 0px; margin-bottom: 0px;\">That is why we have been steadfastly stressing that a lasting, just and comprehensive settlement of the Middle East crisis cannot be achieved without the withdrawal of Israeli armed forces from all the Arab territories occupied since 1967 nor without the implementation of the inalienable rights of the Arab people of Palestine, including its rights to self-determination and to its own statehood. Such a goal can only be achieved through collective efforts by all parties concerned, including the Palestine Liberation Organization, as the sole legitimate representative of the Palestinian people. Any unilateral attempts to impose separatist solutions are not bound to bring about lasting peace to serve the genuine interests of all States and peoples of the region and thereby will not eliminate the state of tension, in the Middle East.<\/p>\n<\/div>\n<div style=\"color: #000000; text-align: left; padding-top: 9px; font-size: 9pt; font-family: Verdana, san-serif;\">\n<p style=\"margin-top: 0px; margin-bottom: 0px;\">The International Day of Solidarity with the Palestinian people, which is observed under the auspices of the United Nations and is an important event for the Palestinian people, for the Palestine Liberation Organization and the international community, constitutes an emphatic reiteration of the growing world-wide support for the just Palestinian cause.<\/p>\n<\/div>\n<div style=\"color: #000000; text-align: left; padding-top: 9px; font-size: 9pt; font-family: Verdana, san-serif;\">\n<p style=\"margin-top: 0px; margin-bottom: 0px;\">On this important occasion, which has our full support, may I reiterate the most cordial wishes of the authorities of the Polish People&#8217;s Republic and the Polish people for your heroic struggle to be crowned with the liberation of the Palestinian people and its accession to statehood, in conditions of peace, independence and security.<\/p>\n<\/div>\n<p>&nbsp;<\/p>\n<div style=\"color: #000000; text-align: center; font-size: 9pt; font-family: Verdana, san-serif;\">\n<p style=\"margin-top: 0px; margin-bottom: 0px;\">ASSOCIATION OF MOROCCAN FRIENDS OF THE UNITED NATIONS AND<\/p>\n<\/div>\n<div style=\"color: #000000; text-align: center; font-size: 9pt; font-family: Verdana, san-serif;\">\n<p style=\"margin-top: 0px; margin-bottom: 0px;\">STUDENT MISSION ASSOCIATION (UNESCO CLUB)<\/p>\n<\/div>\n<p>&nbsp;<\/p>\n<div style=\"color: #000000; text-align: center; font-size: 9pt; font-family: Verdana, san-serif;\">\n<p style=\"margin-top: 0px; margin-bottom: 0px;\"><u>Mr. Mustafa Ibn <\/u><u>Maslud, Chairman<\/u><\/p>\n<\/div>\n<p>&nbsp;<\/p>\n<div style=\"color: #000000; text-align: left; padding-top: 9px; font-size: 9pt; font-family: Verdana, san-serif;\">\n<p style=\"margin-top: 0px; margin-bottom: 0px;\">It gives the Association of Moroccan Friends of the United Nations and the Student Mission Association (UNESCO Club) great pleasure to avail themselves of the opportunity of the commemoration of the International Day of Solidarity with the Palestinian People, which was decided upon by the United Nations, to express our strong support for the great efforts being extended to enable the valiant struggling sister Palestinian people to attain their legitimate rights and enjoy, like all peoples, the exercise of the rights laid down in the Universal Declaration of Human Rights and the Charter of the United Nations.<\/p>\n<\/div>\n<div style=\"color: #000000; text-align: left; padding-top: 9px; font-size: 9pt; font-family: Verdana, san-serif;\">\n<p style=\"margin-top: 0px; margin-bottom: 0px;\">Our above-mentioned organizations, which hole the cause of the Palestinian people sacred and which have provided and will provide all means of backing and support for the struggle of the battling Palestinian people so that they may obtain the restoration of their legitimate rights, be enabled to return to their homeland, determine their own future and establish their independent State on their own land, reaffirm their deep-felt belief that the issue of Palestine is the crux of the Middle East problem and that the establishment of peace in that important region will not be attained unless the Palestinian people are enabled to exercise their legitimate rights and to participate in all the efforts expended to establish just and lasting peace, represented by the Palestine Liberation Organization, in its capacity as the legitimate representative of the Palestinian people.<\/p>\n<\/div>\n<div style=\"color: #000000; text-align: left; padding-top: 9px; font-size: 9pt; font-family: Verdana, san-serif;\">\n<p style=\"margin-top: 0px; margin-bottom: 0px;\">On the occasion of this important day, we appeal to all States Members of the United Nations and to all peace- and justice-loving forces to stand by this true Arab people, who have been and are being exposed to the most extreme forms of dispersion and annihilation, so that they may regain their rights and dignity. We call upon them to exert all means of pressure on Israel in order to make it cease building settlements in the occupied Arab territories and renounce its policy of the Judaization of historic and ancient landmarks and holy places &#8211; a policy which aims at effacing the existence and presence of the Palestinian people, in spite of all the resolutions adopted by the United Nations and the other international organizations within the United Nations system.<\/p>\n<\/div>\n<div style=\"color: #000000; text-align: left; padding-top: 9px; font-size: 9pt; font-family: Verdana, san-serif;\">\n<p style=\"margin-top: 0px; margin-bottom: 0px;\">The Palestinian people, who have proclaimed their dedication to peace based on justice and who seek their right to return to their homeland and to self-determination, in accordance with the resolutions of the United Nations, are indeed worthy to have the peace-loving peoples and States of the world commemorate the Day of Solidarity with them, to obtain all their rights and to establish their independent State.<\/p>\n<\/div>\n<p>&nbsp;<\/p>\n<div style=\"color: #000000; text-align: center; padding-top: 9px; font-size: 9pt; font-family: Verdana, san-serif;\">\n<p style=\"margin-top: 0px; margin-bottom: 0px;\">PALESTINE LIBERATION ORGANIZATION<\/p>\n<\/div>\n<div style=\"color: #000000; text-align: center; padding-top: 9px; font-size: 9pt; font-family: Verdana, san-serif;\">\n<p style=\"margin-top: 0px; margin-bottom: 0px;\"><u>Mr. F. Qaddoumi, head of the Political Department<\/u><\/p>\n<\/div>\n<p>&nbsp;<\/p>\n<div style=\"color: #000000; text-align: left; padding-top: 9px; font-size: 9pt; font-family: Verdana, san-serif;\">\n<p style=\"margin-top: 0px; margin-bottom: 0px;\">It gives me a great pleasure to thank all of you, on behalf of the Palestine Liberation Organization, for your participation with us in celebrating this day which our international Organization devoted to the expression of the world&#8217;s States and people&#8217;s solidarity with the just and legitimate struggle of our Palestinian Arab people.<\/p>\n<\/div>\n<div style=\"color: #000000; text-align: left; padding-top: 9px; font-size: 9pt; font-family: Verdana, san-serif;\">\n<p style=\"margin-top: 0px; margin-bottom: 0px;\">Indeed, we believe that our celebration of this day, on this vast level of international participation, truly expresses the extent of increasing international support and backing which the Palestinian people and their sole legitimate representative, the Palestine Liberation Organization enjoy; this people who struggle for the values and principles upheld by the United Nations, namely: their right to liberty, sovereignty and independence, their right to return to their homeland &#8211; Palestine &#8211; their right to self-determination and the establishment of their national independent State on their national soil.<\/p>\n<\/div>\n<div style=\"color: #000000; text-align: left; padding-top: 9px; font-size: 9pt; font-family: Verdana, san-serif;\">\n<p style=\"margin-top: 0px; margin-bottom: 0px;\">On the other hand, our celebration of this day symbolizes the determination of the international community to put an end to all forms of colonialism and domination, and all kinds of racism and racial discrimination, which our Palestinian people and other brotherly African peoples are still undergoing, the way most of the third-world States did in the recent past, and from which they had been liberated thanks to their fight and struggle.<\/p>\n<\/div>\n<div style=\"color: #000000; text-align: left; padding-top: 9px; font-size: 9pt; font-family: Verdana, san-serif;\">\n<p style=\"margin-top: 0px; margin-bottom: 0px;\">Also, this day symbolizes, in the first place the great importance the world&#8217;s peoples, including ours, attach to the United Nations as an appropriate framework to solve international Problems and to establish a just and long-lasting international peace, and a new international economic order based on the respect of sovereignty, justice and equality for all peoples.<\/p>\n<\/div>\n<div style=\"color: #000000; text-align: left; padding-top: 9px; font-size: 9pt; font-family: Verdana, san-serif;\">\n<p style=\"margin-top: 0px; margin-bottom: 0px;\">We have just heard the message that the Chairman of the Palestinian Liberation Organization Executive Committee, Mr. Yasser Arafat, addressed on the occasion we are celebrating. And I had the honour of addressing you, the day before yesterday, in the General Assembly, at the start of the discussion concerning the Palestinian question during this session, as we laid down, with objectivity and clarity, our view of the stage the Palestinian question is going through, and of the situation in the Middle East.<\/p>\n<\/div>\n<div style=\"color: #000000; text-align: left; padding-top: 9px; font-size: 9pt; font-family: Verdana, san-serif;\">\n<p style=\"margin-top: 0px; margin-bottom: 0px;\">Therefore, I shall be brief and will simply dwell on the facts that the United Nations itself continually emphasized in many of its resolutions.<\/p>\n<\/div>\n<div style=\"color: #000000; text-align: left; padding-top: 9px; font-size: 9pt; font-family: Verdana, san-serif;\">\n<p style=\"margin-top: 0px; margin-bottom: 0px;\">It has been universally agreed upon that the Palestinian question is the crux of the so-called Middle East conflict, and it is a question of a people whose land was usurped, whose soil was occupied, and whose members were displaced and deprived of the exercise of their basic political and human rights.<\/p>\n<\/div>\n<div style=\"color: #000000; text-align: left; padding-top: 9px; font-size: 9pt; font-family: Verdana, san-serif;\">\n<p style=\"margin-top: 0px; margin-bottom: 0px;\">Moreover, the question of Palestine is that of every people fighting against colonialism and racism in all its forms. Briefly, it also is a question of freedom and free people everywhere.<\/p>\n<\/div>\n<div style=\"color: #000000; text-align: left; padding-top: 9px; font-size: 9pt; font-family: Verdana, san-serif;\">\n<p style=\"margin-top: 0px; margin-bottom: 0px;\">Our People fought for more than half a century in extremely painful and difficult circumstances, and against the arrogant forces of imperialism and Zionism, which continue to plot against the Palestinian people up to nowadays.<\/p>\n<\/div>\n<div style=\"color: #000000; text-align: left; padding-top: 9px; font-size: 9pt; font-family: Verdana, san-serif;\">\n<p style=\"margin-top: 0px; margin-bottom: 0px;\">The only choice our people have is to maintain the struggle as long as these forces refuse to recognize our people&#8217;s established and legitimate national rights. Also, your continued support and backing within and outside of the United Nations, constitutes a very important and essential factor in the implementation of these rights.<\/p>\n<\/div>\n<div style=\"color: #000000; text-align: left; padding-top: 9px; font-size: 9pt; font-family: Verdana, san-serif;\">\n<p style=\"margin-top: 0px; margin-bottom: 0px;\">Given the fact that the question of liberty in the world is an indivisible one, it follows that the Question of world peace is indivisible too. Hence, achieving peace in the Middle East region is part of the process to achieve peace in the entire world.<\/p>\n<\/div>\n<div style=\"color: #000000; text-align: justify; padding-top: 9px; font-size: 9pt; font-family: Verdana, san-serif;\">\n<p style=\"margin-top: 0px; margin-bottom: 0px;\">The whole world became convinced that this desired, just and lasting peace will come about only if the established national rights of the Palestinian people were recognized, namely: their right to return to their homeland, their right to sovereignty, independence, self-determination as well as to form their own State, led by the Palestinian Liberation Organization on their own soil.<\/p>\n<\/div>\n<div style=\"color: #000000; text-align: left; padding-top: 9px; font-size: 9pt; font-family: Verdana, san-serif;\">\n<p style=\"margin-top: 0px; margin-bottom: 0px;\">Finally, I reiterate our deep thanks for your participation and solidarity with us, and our appreciation of invaluable efforts you are making to serve freedom and peace.<\/p>\n<\/div>\n<p>&nbsp;<\/p>\n<div style=\"color: #000000; text-align: center; font-size: 9pt; font-family: Verdana, san-serif;\">\n<p style=\"margin-top: 0px; margin-bottom: 0px;\">III. OBSERVANCE OF THE FIRST INTERNATIONAL DAY OF SOLIDARITY WITH THE<\/p>\n<\/div>\n<div style=\"color: #000000; text-align: center; font-size: 9pt; font-family: Verdana, san-serif;\">\n<p style=\"margin-top: 0px; margin-bottom: 0px;\">PALESTINIAN PEOPLE BY STATES MEMBERS OF THE UNITED NATIONS<\/p>\n<\/div>\n<p>&nbsp;<\/p>\n<div style=\"color: #000000; text-align: left; padding-top: 9px; font-size: 9pt; font-family: Verdana, san-serif;\">\n<p style=\"margin-top: 0px; margin-bottom: 0px;\">The Secretariat has to date received reports from 35 States Members of the United Nations on the programmes in these countries, both of Governmental involvement and other institutions, including NGOs and support groups. In all instances, the United Nations Information Centres played a central role in both the organization of the International Day of Solidarity with the Palestinian People and the dissemination of information concerning the plight of the Palestinian people.<\/p>\n<\/div>\n<div style=\"color: #000000; text-align: left; padding-top: 9px; font-size: 9pt; font-family: Verdana, san-serif;\">\n<p style=\"margin-top: 0px; margin-bottom: 0px;\">In addition a special commemorative programme was held at Geneva at which meeting His Excellency Ambassador M. Kante of Mali, a member of the Committee on the Exercise of the Inalienable Rights of the Palestinian People, presided.<\/p>\n<\/div>\n<div style=\"color: #000000; text-align: left; padding-top: 9px; font-size: 9pt; font-family: Verdana, san-serif;\">\n<p style=\"margin-top: 0px; margin-bottom: 0px;\">The UNESCO programme held in Paris among others was addressed by its Director-General.<\/p>\n<\/div>\n<div style=\"color: #000000; text-align: left; padding-top: 9px; font-size: 9pt; font-family: Verdana, san-serif;\">\n<p style=\"margin-top: 0px; margin-bottom: 0px;\">His Excellency Ambassador B. Rabetafika of Madagascar, also a member of the Committee on the Exercise of the Inalienable Rights of the Palestinian People, addressed the Commemorative meeting held at Brussels.<\/p>\n<\/div>\n<div style=\"color: #000000; text-align: left; padding-top: 9px; font-size: 9pt; font-family: Verdana, san-serif;\">\n<p style=\"margin-top: 0px; margin-bottom: 0px;\">In all the countries where commemorative programmes were held, the first International Day of Solidarity with the Palestinian People received wide coverage in the press, radio and television. In a significant number of countries, messages from heads of State or Government or other high ranking government officials were read. The diplomatic corps, the national of various countries and their organizations participated in the programmes. At least 12 countries mounted exhibits and screened films concerning the plight of the Palestinian people. Reports of the\u00a0observance have been received from:<\/p>\n<\/div>\n<div style=\"color: #000000; text-align: left; padding-top: 9px; font-size: 9pt; font-family: Verdana, san-serif; margin-left: 20px;\">Australia, Bahrain, Burundi, Byelorussian Soviet Socialist Republic, Cameroon, Chile, Czechoslovakia, Egypt, Ghana, India, Iraq, Italy, Japan, Kenya, Madagascar, Mauritania, Morocco, Peru, Pakistan, Portugal, Romania, Trinidad and Tobago, Tunisia, Turkey, Union of Soviet Socialist Republics, Ukrainian Soviet Socialist Republic, United States of America, United Arab Emirates, Yemen Arab Republic and Yugoslavia.<\/div>\n<p>&nbsp;<\/p>\n<div style=\"text-align: center;\">\n<p style=\"margin-top: 0px; margin-bottom: 0px;\">\n<\/div>\n","protected":false},"excerpt":{"rendered":"<p>PDF SPECIAL BULLETIN ON THE COMMEMORATION &nbsp; OF THE INTERNATIONAL DAY OF SOLIDARITY &nbsp; WITH THE PALESTINIAN PEOPLE &nbsp; 1978 &nbsp; \u00a0 \u00a0 &nbsp; \u00a0 CONTENTS &nbsp; I.\u00a0\u00a0Commemoration of the First International Day of Solidarity with the Palestinian People II. Texts of statements made and messages received on the occasion of the International Day of <a href=\"https:\/\/www.un.org\/unispal\/document\/auto-insert-210103\/\"> [&#8230;]<\/a><\/p>\n","protected":false},"author":193,"featured_media":0,"parent":0,"template":"","meta":{"footnotes":""},"country":[],"document-category":[2469,1323,5861],"document-source":[1753,2173],"committee-meeting":[],"document-subject":[1741,1749,1917,2473],"entity":[1729],"document-language":[6542],"class_list":["post-210103","document","type-document","status-publish","hentry","document-category-bulletin","document-category-report","document-category-special-bulletin","document-source-ceirpp","document-source-division-for-palestinian-rights-dpr","document-subject-human-rights-and-international-humanitarian-law","document-subject-palestine-question","document-subject-situation-in-the-opt-including-jerusalem","document-subject-solidarity-day","entity-united-nations-system","document-language-english"],"_links":{"self":[{"href":"https:\/\/www.un.org\/unispal\/wp-json\/wp\/v2\/document\/210103","targetHints":{"allow":["GET"]}}],"collection":[{"href":"https:\/\/www.un.org\/unispal\/wp-json\/wp\/v2\/document"}],"about":[{"href":"https:\/\/www.un.org\/unispal\/wp-json\/wp\/v2\/types\/document"}],"author":[{"embeddable":true,"href":"https:\/\/www.un.org\/unispal\/wp-json\/wp\/v2\/users\/193"}],"version-history":[{"count":0,"href":"https:\/\/www.un.org\/unispal\/wp-json\/wp\/v2\/document\/210103\/revisions"}],"wp:attachment":[{"href":"https:\/\/www.un.org\/unispal\/wp-json\/wp\/v2\/media?parent=210103"}],"wp:term":[{"taxonomy":"country","embeddable":true,"href":"https:\/\/www.un.org\/unispal\/wp-json\/wp\/v2\/country?post=210103"},{"taxonomy":"document-category","embeddable":true,"href":"https:\/\/www.un.org\/unispal\/wp-json\/wp\/v2\/document-category?post=210103"},{"taxonomy":"document-source","embeddable":true,"href":"https:\/\/www.un.org\/unispal\/wp-json\/wp\/v2\/document-source?post=210103"},{"taxonomy":"committee-meeting","embeddable":true,"href":"https:\/\/www.un.org\/unispal\/wp-json\/wp\/v2\/committee-meeting?post=210103"},{"taxonomy":"document-subject","embeddable":true,"href":"https:\/\/www.un.org\/unispal\/wp-json\/wp\/v2\/document-subject?post=210103"},{"taxonomy":"entity","embeddable":true,"href":"https:\/\/www.un.org\/unispal\/wp-json\/wp\/v2\/entity?post=210103"},{"taxonomy":"document-language","embeddable":true,"href":"https:\/\/www.un.org\/unispal\/wp-json\/wp\/v2\/document-language?post=210103"}],"curies":[{"name":"wp","href":"https:\/\/api.w.org\/{rel}","templated":true}]}}